{"id":5740,"date":"2020-04-20T14:49:14","date_gmt":"2020-04-20T12:49:59","guid":{"rendered":"https:\/\/www.scheer-imc.com\/de\/?page_id=5740"},"modified":"2026-03-06T12:30:44","modified_gmt":"2026-03-06T11:30:44","slug":"elearning-podcast","status":"publish","type":"page","link":"https:\/\/www.scheer-imc.com\/de\/elearning-podcast\/","title":{"rendered":"E-Learning Podcast"},"content":{"rendered":"<div id=\"pl-5740\"  class=\"panel-layout\" ><div id=\"pg-5740-0\"  class=\"panel-grid panel-no-style\"  style=\"--mobile-padding:;\" ><div id=\"pgc-5740-0-0\"  class=\"panel-grid-cell\" ><div id=\"panel-5740-0-0-0\" class=\"so-panel widget widget_zrm-separator panel-first-child panel-last-child\" data-index=\"0\" ><div\n\t\t\t\n\t\t\tclass=\"so-widget-zrm-separator so-widget-zrm-separator-default-d75171398898-5740\"\n\t\t\t\n\t\t><div class=\"widget widget--separator widget--show lg\">\n\t<div class=\"separator\">\n\t\t<div class=\"separator__line\"><\/div>\n\t\t\t\t<div class=\"separator__line\"><\/div>\n\t<\/div>\n<\/div><\/div><\/div><\/div><\/div><div id=\"pg-5740-1\"  class=\"panel-grid panel-no-style\"  style=\"--mobile-padding:;\" ><div id=\"pgc-5740-1-0\"  class=\"panel-grid-cell\" ><div id=\"panel-5740-1-0-0\" class=\"so-panel widget widget_zrm-up-hero panel-first-child panel-last-child\" data-index=\"1\" ><div\n\t\t\t\n\t\t\tclass=\"so-widget-zrm-up-hero so-widget-zrm-up-hero-default-d75171398898-5740\"\n\t\t\t\n\t\t>\n    <div class=\"widget widget--update widget--hero_update widget--show\" style=\"--margins-desktop:60px 0px 120px 0px;--margins-mobile:0px 0px 60px 0px;\">\n        <div class=\"hero\">\n            <div class=\"hero__content\">\n                <div class=\"hero__labels text_small_update bold\">\n                                    <\/div>\n                                <h1 class=\"hero__headline h1_update bold\">Podcast<\/h1>                <div class=\"hero__copy text_medium_update\"><p>We talk learning<\/p>\n<p>&nbsp;<\/p>\n<\/div>\n                <div class=\"hero__links\">\n                                                <a href=\"#Folgen\" title=\"Jetzt abspielen\" target=\"_self\" class=\"button button--update button--red button--normal button--solid hero__link\">\n                                Jetzt abspielen                            <\/a>\n                                            <\/div>\n            <\/div>\n            <div class=\"hero__media\">\n                <img width=\"1024\" height=\"576\" src=\"https:\/\/www.scheer-imc.com\/de\/wp-content\/uploads\/sites\/8\/2024\/09\/eLearningINC_Hero.jpg\" class=\"attachment-large size-large\" alt=\"\" decoding=\"auto\" fetchpriority=\"high\" \/>            <\/div>\n        <\/div>\n    <\/div>\n\n<\/div><\/div><\/div><\/div><div id=\"pg-5740-2\"  class=\"panel-grid panel-no-style\"  style=\"--mobile-padding:;\" ><div id=\"pgc-5740-2-0\"  class=\"panel-grid-cell panel-grid-cell-empty\" ><\/div><div id=\"pgc-5740-2-1\"  class=\"panel-grid-cell panel-grid-cell-mobile-last\" ><div id=\"panel-5740-2-1-0\" class=\"so-panel widget widget_zrm-headline panel-first-child panel-last-child\" data-index=\"2\" ><div\n\t\t\t\n\t\t\tclass=\"so-widget-zrm-headline so-widget-zrm-headline-default-d75171398898-5740\"\n\t\t\t\n\t\t><div class=\"widget widget--headline widget--center widget--show md  \">\n\t<div class=\"preline\"><\/div>\n\t<h1 class=\"headline h1\">elearning INC.<\/h1>\t<div class=\"subline\">Der Corporate Learning Podcast<\/div>\n<\/div>\n<\/div><\/div><\/div><div id=\"pgc-5740-2-2\"  class=\"panel-grid-cell panel-grid-cell-empty\" ><\/div><\/div><div id=\"pg-5740-3\"  class=\"panel-grid panel-no-style\"  style=\"--mobile-padding:;\" ><div id=\"pgc-5740-3-0\"  class=\"panel-grid-cell panel-grid-cell-empty\" ><\/div><div id=\"pgc-5740-3-1\"  class=\"panel-grid-cell panel-grid-cell-mobile-last\" ><div id=\"panel-5740-3-1-0\" class=\"so-panel widget widget_zrm-editor panel-first-child panel-last-child\" data-index=\"3\" ><div\n\t\t\t\n\t\t\tclass=\"so-widget-zrm-editor so-widget-zrm-editor-default-d75171398898-5740\"\n\t\t\t\n\t\t><div class=\"widget widget--editor widget--show md\">\n\t<p style=\"text-align: center;\">In der Podcast-Reihe elearning INC. sprechen L&amp;D-Experten f\u00fchrender Unternehmen \u00fcber digitale Weiterbildung. Es erwarten euch inspirierende Geschichten, exklusive Einblicke und aktuelle Trends. Lernen von den Besten: Monatlich widmet sich der Podcast einem neuen Unternehmen und bietet wertvolle Tipps zur Umsetzung von Trainingsprogrammen.<\/p>\n<\/div><\/div><\/div><\/div><div id=\"pgc-5740-3-2\"  class=\"panel-grid-cell panel-grid-cell-empty\" ><\/div><\/div><div id=\"pg-5740-4\"  class=\"panel-grid panel-no-style\"  style=\"--mobile-padding:;\" ><div id=\"pgc-5740-4-0\"  class=\"panel-grid-cell panel-grid-cell-empty\" ><\/div><div id=\"pgc-5740-4-1\"  class=\"panel-grid-cell panel-grid-cell-mobile-last\" ><div id=\"panel-5740-4-1-0\" class=\"so-panel widget widget_zrm-editor panel-first-child panel-last-child\" data-index=\"4\" ><div\n\t\t\t\n\t\t\tclass=\"so-widget-zrm-editor so-widget-zrm-editor-default-d75171398898-5740\"\n\t\t\t\n\t\t><div class=\"widget widget--editor widget--show md\">\n\t<p><script class=\"podigee-podcast-player\" src=\"https:\/\/player.podigee-cdn.net\/podcast-player\/javascripts\/podigee-podcast-player.js\" data-configuration=\"https:\/\/e-learning-inc-podcast.podigee.io\/t1-trailer\/embed?context=external\"><\/script><\/p>\n<\/div><\/div><\/div><\/div><div id=\"pgc-5740-4-2\"  class=\"panel-grid-cell panel-grid-cell-empty\" ><\/div><\/div><div id=\"pg-5740-5\"  class=\"panel-grid panel-has-style\"  style=\"--mobile-padding:;\" ><div class=\"grey panel-row-style panel-row-style-for-5740-5\" ><div id=\"pgc-5740-5-0\"  class=\"panel-grid-cell panel-grid-cell-empty\" ><\/div><div id=\"pgc-5740-5-1\"  class=\"panel-grid-cell panel-grid-cell-mobile-last\" ><div id=\"panel-5740-5-1-0\" class=\"so-panel widget widget_zrm-paragraph panel-first-child panel-last-child\" data-index=\"5\" ><div\n\t\t\t\n\t\t\tclass=\"so-widget-zrm-paragraph so-widget-zrm-paragraph-default-d75171398898-5740\"\n\t\t\t\n\t\t><div class=\"widget widget--paragraph  paragraph-alignment--center shadow imgright widget--show sm\">\n\t\t\t<div class=\"paragraph__image\">\n\t\t\t<img decoding=\"async\" width=\"1875\" height=\"1875\" src=\"https:\/\/www.scheer-imc.com\/de\/wp-content\/uploads\/sites\/8\/2024\/09\/2024-09-09_eLearningINC_Website-Portrait.jpg\" class=\"attachment-full size-full\" alt=\"\" \/>\t\t<\/div>\n\t\t<div class=\"paragraph__content\">\n\t\t<div class=\"paragraph__wrapper\">\n\t\t\t<h4 class=\"paragraph__headline h3\">Eure Podcast Gastgeberin<\/h4>\n\t\t\t<div class=\"paragraph__copy\"><h3><strong>Vanessa Klaes<br \/>\n<\/strong>Senior Manager Brand Communication<\/h3>\n<p>Seit 2014 im Marketing &amp; Communication-Team bei Scheer IMC, begeistert mich alles rund um Storytelling, spannende Inhalte und digitale Innovationen. Mit dem Podcast elearning INC. zeige ich seit 2019, wie Unternehmen digitale Weiterbildung gestalten. Feedback zum Podcast? Immer gerne an <a href=\"mailto:vanessa.klaes@scheer-imc.de\">vanessa.klaes@scheer-imc.de<\/a>.<\/p>\n<\/div>\n\t\t\t\t\t\t\t\t<\/div>\n\t<\/div>\n<\/div>\n<\/div><\/div><\/div><div id=\"pgc-5740-5-2\"  class=\"panel-grid-cell panel-grid-cell-empty\" ><\/div><\/div><\/div><div id=\"pg-5740-6\"  class=\"panel-grid panel-no-style\"  style=\"--mobile-padding:;\" ><div id=\"pgc-5740-6-0\"  class=\"panel-grid-cell panel-grid-cell-empty\" ><\/div><div id=\"pgc-5740-6-1\"  class=\"panel-grid-cell panel-grid-cell-mobile-last\" ><div id=\"panel-5740-6-1-0\" class=\"so-panel widget widget_zrm-anchortarget panel-first-child\" data-index=\"6\" ><div\n\t\t\t\n\t\t\tclass=\"so-widget-zrm-anchortarget so-widget-zrm-anchortarget-default-d75171398898-5740\"\n\t\t\t\n\t\t><div class=\"widget widget--anchortarget widget--show \">\n\t<div id=\"Folgen\" name=\"Folgen\"><\/div>\n<\/div><\/div><\/div><div id=\"panel-5740-6-1-1\" class=\"so-panel widget widget_zrm-headline panel-last-child\" data-index=\"7\" ><div\n\t\t\t\n\t\t\tclass=\"so-widget-zrm-headline so-widget-zrm-headline-default-d75171398898-5740\"\n\t\t\t\n\t\t><div class=\"widget widget--headline widget--left widget--show md  \">\n\t<div class=\"preline\"><\/div>\n\t<h2 class=\"headline h2\">Podcast Folgen<\/h2>\t<div class=\"subline\"><\/div>\n<\/div>\n<\/div><\/div><\/div><div id=\"pgc-5740-6-2\"  class=\"panel-grid-cell panel-grid-cell-empty\" ><\/div><\/div><div id=\"pg-5740-7\"  class=\"panel-grid panel-no-style\"  style=\"--mobile-padding:;\" ><div id=\"pgc-5740-7-0\"  class=\"panel-grid-cell panel-grid-cell-empty\" ><\/div><div id=\"pgc-5740-7-1\"  class=\"panel-grid-cell panel-grid-cell-mobile-last\" ><div id=\"panel-5740-7-1-0\" class=\"so-panel widget widget_zrm-accordion panel-first-child\" data-index=\"8\" ><div\n\t\t\t\n\t\t\tclass=\"so-widget-zrm-accordion so-widget-zrm-accordion-default-d75171398898-5740\"\n\t\t\t\n\t\t><div class=\"widget widget--accordion widget--hide xl\">\n\t\t\t<div class=\"accordion__item shadow\">\n\t\t\t<div class=\"accordion__header h4\"><div class=\"plus\"><\/div>#49: Mit Nachhaltigkeitstrainings Unternehmenserfolg steigern<\/div>\n\t\t\t<div class=\"accordion__content\">\n\t\t\t\t<div class=\"accordion__image\"><img decoding=\"async\" width=\"217\" height=\"217\" src=\"https:\/\/www.scheer-imc.com\/de\/wp-content\/uploads\/sites\/8\/2024\/05\/217x217_Round.png\" class=\"attachment-full size-full\" alt=\"Foto Andreas Rickert\" \/><\/div>\n\t\t\t\t<div class=\"accordion__copy\"><p>In dieser Podcast-Episode geht es um das Thema Nachhaltigkeitstrainings. Zu Gast ist Dr. Andreas Rickert, Gr\u00fcnder und CEO von Phineo, einem gemeinn\u00fctzigen Analyse- und Beratungshaus f\u00fcr gesellschaftliches Engagement. Andreas ist \u00fcberzeigt: Wenn sich Unternehmen strategisch sinnvoll mit \u00f6kologischen und sozialen Themen auseinandersetzen, kann ihnen das einen langfristigen Wettbewerbsvorteil verschaffen. Er verr\u00e4t, welche Rolle L&amp;D bei der Umsetzung von Nachhaltigkeitszielen spielt.<\/p>\n<\/div>\n\t\t\t\t<div class=\"accordion__cta\">\n\t\t\t\t\t\t\t\t\t\t\t\t\t\t\t\t\t\t\t<a class=\"button button--red button--normal button--solid\" target=\"_self\" title=\"Jetzt reinh\u00f6ren\" href=\"https:\/\/www.scheer-imc.com\/de\/mediencenter\/podcast\/podcast-mit-nachhaltigkeitstrainings-unternehmenserfolg-steigern\/\">\n\t\t\t\t<span class=\"bold\">Jetzt reinh\u00f6ren<\/span>\n\t\t\t<\/a>\n\t\t\t\t\t\t\t<\/div>\n\t\t\t<\/div>\n\t\t<\/div>\n\t\t\t<div class=\"accordion__item shadow\">\n\t\t\t<div class=\"accordion__header h4\"><div class=\"plus\"><\/div>#48: Agile Leadership Training bei BASF<\/div>\n\t\t\t<div class=\"accordion__content\">\n\t\t\t\t<div class=\"accordion__image\"><img decoding=\"async\" width=\"217\" height=\"217\" src=\"https:\/\/www.scheer-imc.com\/de\/wp-content\/uploads\/sites\/8\/2024\/03\/217x217_Round_Tim_Sabine.png\" class=\"attachment-full size-full\" alt=\"Foto Tim und Sabine von BASF\" \/><\/div>\n\t\t\t\t<div class=\"accordion__copy\"><p>In dieser Podcast-Episode dreht sich alles um agile F\u00fchrung in Zeiten struktureller Ver\u00e4nderung. Moderatorin Vanessa hat die beiden agile Enablement-Experten Sabine Rath und Tim Lentschig von BASF zu Gast. Die gegenwertige Energiekrise hat bei dem traditionsreichen Chemiekonzern zu einer agilen Transformation gef\u00fchrt. Sabine und Tim berichten, wie eine agile Transformation gelingt und wie insbesondere agile F\u00fchrungskr\u00e4ftetrainings bei BASF ausgestaltet sind.<\/p>\n<\/div>\n\t\t\t\t<div class=\"accordion__cta\">\n\t\t\t\t\t\t\t\t\t\t\t\t\t\t\t\t\t\t\t<a class=\"button button--red button--normal button--solid\" target=\"_self\" title=\"Jetzt reinh\u00f6ren\" href=\"https:\/\/www.scheer-imc.com\/de\/mediencenter\/podcast\/podcast-agile-leadership-training-bei-basf\/\">\n\t\t\t\t<span class=\"bold\">Jetzt reinh\u00f6ren<\/span>\n\t\t\t<\/a>\n\t\t\t\t\t\t\t<\/div>\n\t\t\t<\/div>\n\t\t<\/div>\n\t\t\t<div class=\"accordion__item shadow\">\n\t\t\t<div class=\"accordion__header h4\"><div class=\"plus\"><\/div>#47: Zukunftsweisende Trends im Learning &amp; Development<\/div>\n\t\t\t<div class=\"accordion__content\">\n\t\t\t\t<div class=\"accordion__image\"><img decoding=\"async\" width=\"217\" height=\"217\" src=\"https:\/\/www.scheer-imc.com\/de\/wp-content\/uploads\/sites\/8\/2024\/02\/217x217_Round_Nadine_Wolfram.png\" class=\"attachment-full size-full\" alt=\"Foto Nadine V\u00f6hringer und Dr. Wolfram Jost\" \/><\/div>\n\t\t\t\t<div class=\"accordion__copy\"><p>In dieser Podcast-Episode sprechen wir mit Nadine V\u00f6hringer, Head of Learning &amp; Development bei Festo, und Dr. Wolfram Jost, Vorstand imc, \u00fcber drei aktuelle Learning &amp; Development Themen: K\u00fcnstliche Intelligenz, Learning Analytics und Selbstgesteuertes Lernen. Erfahrt von Wolfram und Nadine, wie diese Trends erfolgreich im Unternehmen umgesetzt werden k\u00f6nnen und welche Herausforderungen und Chancen damit verbunden sind.<\/p>\n<\/div>\n\t\t\t\t<div class=\"accordion__cta\">\n\t\t\t\t\t\t\t\t\t\t\t\t\t\t\t\t\t\t\t<a class=\"button button--red button--normal button--solid\" target=\"_self\" title=\"Jetzt reinh\u00f6ren\" href=\"https:\/\/www.scheer-imc.com\/de\/mediencenter\/podcast\/47-zukunftsweisende-trends-im-learning-development\/\">\n\t\t\t\t<span class=\"bold\">Jetzt reinh\u00f6ren<\/span>\n\t\t\t<\/a>\n\t\t\t\t\t\t\t<\/div>\n\t\t\t<\/div>\n\t\t<\/div>\n\t\t\t<div class=\"accordion__item shadow\">\n\t\t\t<div class=\"accordion__header h4\"><div class=\"plus\"><\/div>#46: Kulturelle Fusion \u2013 Learning &amp; Development nach einem Unternehmenszusammenschluss<\/div>\n\t\t\t<div class=\"accordion__content\">\n\t\t\t\t<div class=\"accordion__image\"><img decoding=\"async\" width=\"217\" height=\"217\" src=\"https:\/\/www.scheer-imc.com\/de\/wp-content\/uploads\/sites\/8\/2024\/01\/YvonneG-Round-217x217-1.png\" class=\"attachment-full size-full\" alt=\"Yvonne Groebbels\" \/><\/div>\n\t\t\t\t<div class=\"accordion__copy\"><p><span class=\"TextRun SCXW46533629 BCX0\" lang=\"DE-DE\" xml:lang=\"DE-DE\" data-contrast=\"auto\"><span class=\"NormalTextRun SCXW46533629 BCX0\" data-ccp-parastyle=\"Normal (Web)\">In dieser Podcast-<\/span><span class=\"NormalTextRun SCXW46533629 BCX0\" data-ccp-parastyle=\"Normal (Web)\">Episode<\/span><span class=\"NormalTextRun SCXW46533629 BCX0\" data-ccp-parastyle=\"Normal (Web)\"> sprechen wir mit <\/span><span class=\"NormalTextRun SCXW46533629 BCX0\" data-ccp-parastyle=\"Normal (Web)\">Yvonne <\/span><span class=\"NormalTextRun SpellingErrorV2Themed SCXW46533629 BCX0\" data-ccp-parastyle=\"Normal (Web)\">Gr\u00f6bbels<\/span><span class=\"NormalTextRun SCXW46533629 BCX0\" data-ccp-parastyle=\"Normal (Web)\">, <\/span><span class=\"NormalTextRun SpellingErrorV2Themed SCXW46533629 BCX0\" data-ccp-parastyle=\"Normal (Web)\">Director<\/span><span class=\"NormalTextRun SCXW46533629 BCX0\" data-ccp-parastyle=\"Normal (Web)\"> People &amp; Culture bei <\/span><span class=\"NormalTextRun ContextualSpellingAndGrammarErrorV2Themed SCXW46533629 BCX0\" data-ccp-parastyle=\"Normal (Web)\">ZEAL Network<\/span><span class=\"NormalTextRun SCXW46533629 BCX0\" data-ccp-parastyle=\"Normal (Web)\">, dar\u00fcber, <\/span><span class=\"NormalTextRun SCXW46533629 BCX0\" data-ccp-parastyle=\"Normal (Web)\">wie erfolgreiches <\/span><span class=\"NormalTextRun ContextualSpellingAndGrammarErrorV2Themed SCXW46533629 BCX0\" data-ccp-parastyle=\"Normal (Web)\">Change Management<\/span><span class=\"NormalTextRun SCXW46533629 BCX0\" data-ccp-parastyle=\"Normal (Web)\"> gelingt und welche Rolle L<\/span><span class=\"NormalTextRun SCXW46533629 BCX0\" data-ccp-parastyle=\"Normal (Web)\">earning &amp; Development<\/span><span class=\"NormalTextRun SCXW46533629 BCX0\" data-ccp-parastyle=\"Normal (Web)\"> dabei spielt.<\/span> <span class=\"NormalTextRun SCXW46533629 BCX0\" data-ccp-parastyle=\"Normal (Web)\">Yvonne teilt ihre pers\u00f6nlichen Erfahrungen und gibt Einblicke in die kulturellen Herausforderungen und Erfolge bei der \u00dcbernahme der LOTTO24 AG durch ZEAL<\/span><span class=\"NormalTextRun SCXW46533629 BCX0\" data-ccp-parastyle=\"Normal (Web)\"> im Jahr 2019<\/span><span class=\"NormalTextRun SCXW46533629 BCX0\" data-ccp-parastyle=\"Normal (Web)\">.<\/span><\/span><span class=\"EOP SCXW46533629 BCX0\" data-ccp-props=\"{&quot;134233117&quot;:false,&quot;134233118&quot;:false,&quot;201341983&quot;:0,&quot;335551550&quot;:6,&quot;335551620&quot;:6,&quot;335559738&quot;:240,&quot;335559739&quot;:120,&quot;335559740&quot;:240}\">\u00a0<\/span><\/p>\n<\/div>\n\t\t\t\t<div class=\"accordion__cta\">\n\t\t\t\t\t\t\t\t\t\t\t\t\t\t\t\t\t\t\t<a class=\"button button--red button--normal button--solid\" target=\"_self\" title=\"Jetzt reinh\u00f6ren\" href=\"https:\/\/www.scheer-imc.com\/de\/mediencenter\/podcast\/46-kulturelle-fusion\/\">\n\t\t\t\t<span class=\"bold\">Jetzt reinh\u00f6ren<\/span>\n\t\t\t<\/a>\n\t\t\t\t\t\t\t<\/div>\n\t\t\t<\/div>\n\t\t<\/div>\n\t\t\t<div class=\"accordion__item shadow\">\n\t\t\t<div class=\"accordion__header h4\"><div class=\"plus\"><\/div>#45: Wie KI zu mehr Chancengleichheit in der Aus- und Weiterbildung f\u00fchrt<\/div>\n\t\t\t<div class=\"accordion__content\">\n\t\t\t\t<div class=\"accordion__image\"><img decoding=\"async\" width=\"217\" height=\"217\" src=\"https:\/\/www.scheer-imc.com\/de\/wp-content\/uploads\/sites\/8\/2023\/10\/e-learning-inc-KI-Chancengleichheit-06.jpg\" class=\"attachment-full size-full\" alt=\"Sven R. Becker &amp; Ekrem Namazci\" \/><\/div>\n\t\t\t\t<div class=\"accordion__copy\"><p>In dieser Podcast-Episode sprechen wir mit Ekrem Namazci, Gr\u00fcnder der kompetenzbasierten Recruiting-App Liya, und Sven R. Becker, Vorstandsmitglied imc, \u00fcber den Zusammenhang von K\u00fcnstlicher Intelligenz und Divesity &amp; Inclusion. Die beiden Experten erl\u00e4utern, warum die fortschreitende Digitalisierung in Kombination mit KI ein echter Booster f\u00fcr die Chancengleichheit ist.<\/p>\n<\/div>\n\t\t\t\t<div class=\"accordion__cta\">\n\t\t\t\t\t\t\t\t\t\t\t\t\t\t\t\t\t\t\t<a class=\"button button--red button--normal button--solid\" target=\"_self\" title=\"Jetzt reinh\u00f6ren\" href=\"https:\/\/www.scheer-imc.com\/de\/mediencenter\/podcast\/45-wie-ki-zu-mehr-chancengleichheit-in-der-aus-und-weiterbildung-fuehrt\/\">\n\t\t\t\t<span class=\"bold\">Jetzt reinh\u00f6ren<\/span>\n\t\t\t<\/a>\n\t\t\t\t\t\t\t<\/div>\n\t\t\t<\/div>\n\t\t<\/div>\n\t\t\t<div class=\"accordion__item shadow\">\n\t\t\t<div class=\"accordion__header h4\"><div class=\"plus\"><\/div>#44: Wie SAP durch Online-Trainings die Kundenkommunikation verbessert<\/div>\n\t\t\t<div class=\"accordion__content\">\n\t\t\t\t<div class=\"accordion__image\"><img decoding=\"async\" width=\"217\" height=\"217\" src=\"https:\/\/www.scheer-imc.com\/de\/wp-content\/uploads\/sites\/8\/2023\/09\/Foto-Thomas-Madeya-rund.png\" class=\"attachment-full size-full\" alt=\"Thomas Madeya\" \/><\/div>\n\t\t\t\t<div class=\"accordion__copy\"><p>In dieser Podcast-Episode sprechen wir mit Thomas Madeya, einem erfahrenen SAP-Mitarbeiter mit mehr als 27 Jahren im Unternehmen. Thomas arbeitet im Bereich Cloud Success Learning und betreut ein Lernprogramm zur Verbesserung der Kundenkommunikation. In dieser Folge gew\u00e4hrt er uns tiefe Einblicke in dieses Programm und teilt seine Erfahrungen mit uns.<\/p>\n<\/div>\n\t\t\t\t<div class=\"accordion__cta\">\n\t\t\t\t\t\t\t\t\t\t\t\t\t\t\t\t\t\t\t<a class=\"button button--red button--normal button--solid\" target=\"_self\" title=\"Jetzt reinh\u00f6ren\" href=\"https:\/\/www.scheer-imc.com\/de\/mediencenter\/podcast\/44-wie-sap-durch-online-trainings-die-kundenkommunikation-verbessert\/\">\n\t\t\t\t<span class=\"bold\">Jetzt reinh\u00f6ren<\/span>\n\t\t\t<\/a>\n\t\t\t\t\t\t\t<\/div>\n\t\t\t<\/div>\n\t\t<\/div>\n\t\t\t<div class=\"accordion__item shadow\">\n\t\t\t<div class=\"accordion__header h4\"><div class=\"plus\"><\/div>#43: Von Anfang bis Erfolg \u2013 Wie du eine Corporate Academy aufbaust<\/div>\n\t\t\t<div class=\"accordion__content\">\n\t\t\t\t<div class=\"accordion__image\"><img decoding=\"async\" width=\"217\" height=\"217\" src=\"https:\/\/www.scheer-imc.com\/de\/wp-content\/uploads\/sites\/8\/2023\/06\/imc-podcast-kubitschek-02.jpg\" class=\"attachment-full size-full\" alt=\"Dirk Kubitschek\" \/><\/div>\n\t\t\t\t<div class=\"accordion__copy\"><p>In dieser Folge \u201eE-Learning Inc.\u201c verr\u00e4t Dirk Kubitschek, Leiter der Miltenyi University, wie der Aufbau einer Corporate Academy gelingt. Dirk verf\u00fcgt \u00fcber umfangreiche Erfahrungen im Aufbau von Corporate Academies. Zuletzt hat er bei Carl Zeiss eine erfolgreiche Corporate Academy entwickelt.<\/p>\n<\/div>\n\t\t\t\t<div class=\"accordion__cta\">\n\t\t\t\t\t\t\t\t\t\t\t\t\t\t\t\t\t\t\t<a class=\"button button--red button--normal button--solid\" target=\"_self\" title=\"Jetzt reinh\u00f6ren\" href=\"https:\/\/www.scheer-imc.com\/de\/mediencenter\/podcast\/43-von-anfang-bis-erfolg-wie-du-eine-corporate-academy-aufbaust\/\">\n\t\t\t\t<span class=\"bold\">Jetzt reinh\u00f6ren<\/span>\n\t\t\t<\/a>\n\t\t\t\t\t\t\t<\/div>\n\t\t\t<\/div>\n\t\t<\/div>\n\t\t\t<div class=\"accordion__item shadow\">\n\t\t\t<div class=\"accordion__header h4\"><div class=\"plus\"><\/div>#42: Datenbasierte Weiterbildung \u2013 Wie Daten zu besseren Entscheidungen f\u00fchren<\/div>\n\t\t\t<div class=\"accordion__content\">\n\t\t\t\t<div class=\"accordion__image\"><img decoding=\"async\" width=\"217\" height=\"217\" src=\"https:\/\/www.scheer-imc.com\/de\/wp-content\/uploads\/sites\/8\/2023\/05\/imc-Marko-Albrecht-02.png\" class=\"attachment-full size-full\" alt=\"Marko Albrecht\" \/><\/div>\n\t\t\t\t<div class=\"accordion__copy\"><p>In dieser Folge \u201eE-Learning Inc.\u201c sprechen wir mit Marko Albrecht dar\u00fcber, warum eine smarte Datenanalyse die Grundlage f\u00fcr bessere Weiterbildungsentscheidungen ist. Marko ist Gr\u00fcnder und CEO von appose. Eine der appose Hauptaktivit\u00e4ten ist der Aufbau einer multidimensionalen Datenplattform f\u00fcr HR-Daten.<\/p>\n<\/div>\n\t\t\t\t<div class=\"accordion__cta\">\n\t\t\t\t\t\t\t\t\t\t\t\t\t\t\t\t\t\t\t<a class=\"button button--red button--normal button--solid\" target=\"_self\" title=\"Jetzt reinh\u00f6ren\" href=\"https:\/\/www.scheer-imc.com\/de\/mediencenter\/podcast\/42-datenbasierte-weiterbildung-wie-daten-zu-besseren-entscheidungen-fuehren\/\">\n\t\t\t\t<span class=\"bold\">Jetzt reinh\u00f6ren<\/span>\n\t\t\t<\/a>\n\t\t\t\t\t\t\t<\/div>\n\t\t\t<\/div>\n\t\t<\/div>\n\t\t\t<div class=\"accordion__item shadow\">\n\t\t\t<div class=\"accordion__header h4\"><div class=\"plus\"><\/div>#41: Digital Storytelling in der Aus- und Weiterbildung \u2013 TikTok sei Dank!<\/div>\n\t\t\t<div class=\"accordion__content\">\n\t\t\t\t<div class=\"accordion__image\"><img decoding=\"async\" width=\"217\" height=\"217\" src=\"https:\/\/www.scheer-imc.com\/de\/wp-content\/uploads\/sites\/8\/2023\/04\/imc-podcast-nina-muehlens-01.png\" class=\"attachment-full size-full\" alt=\"Foto Nina M\u00fchlens\" \/><\/div>\n\t\t\t\t<div class=\"accordion__copy\"><p>In dieser Folge \u201eE-Learning Inc.\u201c verr\u00e4t Nina M\u00fchlens, was wir von TikTok &amp; Co. f\u00fcr die Aus- und Weiterbildung lernen k\u00f6nnen. Ihr Bildungs-StartUp DigitalSchoolStory begeistert junge Menschen f\u00fcr das Lernen und macht sie von reinen Social Media-Konsumenten zu aktiven Gestaltern. DigitalSchoolstory wird mittlerweile sowohl in Schulen als auch in Hochschulen und Unternehmen praktiziert.<\/p>\n<\/div>\n\t\t\t\t<div class=\"accordion__cta\">\n\t\t\t\t\t\t\t\t\t\t\t\t\t\t\t\t\t\t\t<a class=\"button button--red button--normal button--solid\" target=\"_self\" title=\"Jetzt reinh\u00f6ren\" href=\"https:\/\/www.scheer-imc.com\/de\/mediencenter\/podcast\/41-digital-storytelling-in-der-aus-und-weiterbildung\/\">\n\t\t\t\t<span class=\"bold\">Jetzt reinh\u00f6ren<\/span>\n\t\t\t<\/a>\n\t\t\t\t\t\t\t<\/div>\n\t\t\t<\/div>\n\t\t<\/div>\n\t\t\t<div class=\"accordion__item shadow\">\n\t\t\t<div class=\"accordion__header h4\"><div class=\"plus\"><\/div>#40: Best Practice hybrides Arbeiten &amp; Weiterbildung<\/div>\n\t\t\t<div class=\"accordion__content\">\n\t\t\t\t<div class=\"accordion__image\"><img decoding=\"async\" width=\"217\" height=\"217\" src=\"https:\/\/www.scheer-imc.com\/de\/wp-content\/uploads\/sites\/8\/2023\/03\/MicrosoftTeams-image-2.png\" class=\"attachment-full size-full\" alt=\"Foto Stefan Scheller\" \/><\/div>\n\t\t\t\t<div class=\"accordion__copy\"><p>Das Homeoffice und andere flexible Arbeitsmodelle haben sich in den letzten Jahren weitgehend etabliert. Doch wie ver\u00e4ndert die neue Normalit\u00e4t hybrider Arbeitswelten das Corporate Learning? Dar\u00fcber spricht Host Vanessa in dieser Podcast-Folge mit dem HR Blogger, Fachbuchautor und Podcaster Stefan Scheller. Stefan verr\u00e4t den Zuh\u00f6renden praktische Tipps und Learnings zum Thema hybride Teams trainieren.<\/p>\n<\/div>\n\t\t\t\t<div class=\"accordion__cta\">\n\t\t\t\t\t\t\t\t\t\t\t\t\t\t\t\t\t\t\t<a class=\"button button--red button--normal button--solid\" target=\"_self\" title=\"Jetzt reinh\u00f6ren\" href=\"https:\/\/www.scheer-imc.com\/de\/mediencenter\/podcast\/40-hybride-teams-trainieren\/\">\n\t\t\t\t<span class=\"bold\">Jetzt reinh\u00f6ren<\/span>\n\t\t\t<\/a>\n\t\t\t\t\t\t\t<\/div>\n\t\t\t<\/div>\n\t\t<\/div>\n\t\t\t<div class=\"accordion__item shadow\">\n\t\t\t<div class=\"accordion__header h4\"><div class=\"plus\"><\/div>#39: Cyber Security Awareness Training bei der Swisscom<\/div>\n\t\t\t<div class=\"accordion__content\">\n\t\t\t\t<div class=\"accordion__image\"><img decoding=\"async\" width=\"217\" height=\"217\" src=\"https:\/\/www.scheer-imc.com\/de\/wp-content\/uploads\/sites\/8\/2023\/02\/imc-podcast-markus-beyer.png\" class=\"attachment-full size-full\" alt=\"Foto Marcus Beyer\" srcset=\"https:\/\/www.scheer-imc.com\/de\/wp-content\/uploads\/sites\/8\/2023\/02\/imc-podcast-markus-beyer.png 217w, https:\/\/www.scheer-imc.com\/de\/wp-content\/uploads\/sites\/8\/2023\/02\/imc-podcast-markus-beyer-150x150.png 150w\" sizes=\"(max-width: 217px) 100vw, 217px\" \/><\/div>\n\t\t\t\t<div class=\"accordion__copy\"><p>Marcus Beyer ist Security Awareness Officer bei der Swisscom. In Folge 39 vom Podcast verr\u00e4t er, wie die Swisscom ihre Mitarbeitenden mit Hilfe von Trainings f\u00fcr das Thema Informationssicherheit sensibilisiert. Er stellt die Security Learning Journey vor, die 2022 erfolgreich im Unternehmen eingef\u00fchrt wurde und Highlights wie einen physischen Cyber Security Escape Room beinhaltet. Erfahrt, welche Learnings und Tipps Marcus anderen Unternehmen mit auf den Weg geben m\u00f6chte, die ebenfalls \u00fcber Security Trainings nachdenken.<\/p>\n<\/div>\n\t\t\t\t<div class=\"accordion__cta\">\n\t\t\t\t\t\t\t\t\t\t\t\t\t\t\t\t\t\t\t<a class=\"button button--red button--normal button--solid\" target=\"_self\" title=\"Jetzt reinh\u00f6ren\" href=\"https:\/\/www.scheer-imc.com\/de\/mediencenter\/podcast\/39-cyber-security-awareness-training-bei-der-swisscom\/\">\n\t\t\t\t<span class=\"bold\">Jetzt reinh\u00f6ren<\/span>\n\t\t\t<\/a>\n\t\t\t\t\t\t\t<\/div>\n\t\t\t<\/div>\n\t\t<\/div>\n\t\t\t<div class=\"accordion__item shadow\">\n\t\t\t<div class=\"accordion__header h4\"><div class=\"plus\"><\/div>#38: Re- und Upskilling bei der Deutschen Telekom<\/div>\n\t\t\t<div class=\"accordion__content\">\n\t\t\t\t<div class=\"accordion__image\"><img decoding=\"async\" width=\"217\" height=\"217\" src=\"https:\/\/www.scheer-imc.com\/de\/wp-content\/uploads\/sites\/8\/2023\/01\/imc-podcast-Julia-Ewen-Hoffmann.png\" class=\"attachment-full size-full\" alt=\"Foto Julia Ewen-Hoffmann\" srcset=\"https:\/\/www.scheer-imc.com\/de\/wp-content\/uploads\/sites\/8\/2023\/01\/imc-podcast-Julia-Ewen-Hoffmann.png 217w, https:\/\/www.scheer-imc.com\/de\/wp-content\/uploads\/sites\/8\/2023\/01\/imc-podcast-Julia-Ewen-Hoffmann-150x150.png 150w\" sizes=\"(max-width: 217px) 100vw, 217px\" \/><\/div>\n\t\t\t\t<div class=\"accordion__copy\"><p>Julia Ewen-Hoffmann ist Head of Learning &amp; Development bei der Deutschen Telekom. Das Unternehmen besch\u00e4ftigt sich seit f\u00fcnf Jahren intensiv mit dem Thema Skillmanagement und hat bereits Skillprofile von 80.000 Mitarbeitenden in einem entsprechenden IT-System erfasst. Im Interview verr\u00e4t Julia den Zuh\u00f6rer*innen, wie die Deutsche Telekom Re- und Upskilling betreibt, wie im Unternehmen der Spagat zwischen Lernzeit und Arbeitszeit gelingt und wie K\u00fcnstliche Intelligenz helfen kann, Prozesse weiter zu automatisieren.<\/p>\n<\/div>\n\t\t\t\t<div class=\"accordion__cta\">\n\t\t\t\t\t\t\t\t\t\t\t\t\t\t\t\t\t\t\t<a class=\"button button--red button--normal button--solid\" target=\"_self\" title=\"Jetzt reinh\u00f6ren\" href=\"https:\/\/www.scheer-imc.com\/de\/mediencenter\/podcast\/38-re-und-upskilling-bei-der-deutschen-telekom\/\">\n\t\t\t\t<span class=\"bold\">Jetzt reinh\u00f6ren<\/span>\n\t\t\t<\/a>\n\t\t\t\t\t\t\t<\/div>\n\t\t\t<\/div>\n\t\t<\/div>\n\t\t\t<div class=\"accordion__item shadow\">\n\t\t\t<div class=\"accordion__header h4\"><div class=\"plus\"><\/div>#37: Selbstgesteuertes Lernen bei Mercedes Benz<\/div>\n\t\t\t<div class=\"accordion__content\">\n\t\t\t\t<div class=\"accordion__image\"><img decoding=\"async\" width=\"217\" height=\"217\" src=\"https:\/\/www.scheer-imc.com\/de\/wp-content\/uploads\/sites\/8\/2022\/11\/imc-temme-02.png\" class=\"attachment-full size-full\" alt=\"Foto Michael Temme\" srcset=\"https:\/\/www.scheer-imc.com\/de\/wp-content\/uploads\/sites\/8\/2022\/11\/imc-temme-02.png 217w, https:\/\/www.scheer-imc.com\/de\/wp-content\/uploads\/sites\/8\/2022\/11\/imc-temme-02-150x150.png 150w\" sizes=\"(max-width: 217px) 100vw, 217px\" \/><\/div>\n\t\t\t\t<div class=\"accordion__copy\"><p>Michael Temme ist seit 25 Jahren bei Mercedes Benz Global Training. Den Podcast-H\u00f6rer*innen verr\u00e4t Michael, wie sich das Lernen bei Mercedes Benz in dieser Zeit ver\u00e4ndert hat. Michael ist fest davon \u00fcberzeugt, dass selbstgesteuertes Lernen seit jeher die wichtigste und nachhaltigste Lernform in der betrieblichen Weiterbildung ist. Im Interview spricht Michael dar\u00fcber, warum das so ist und wie selbstgesteuertes Lernen konkret bei Mercedes umgesetzt wird.<\/p>\n<\/div>\n\t\t\t\t<div class=\"accordion__cta\">\n\t\t\t\t\t\t\t\t\t\t\t\t\t\t\t\t\t\t\t<a class=\"button button--red button--normal button--solid\" target=\"_self\" title=\"Jetzt reinh\u00f6ren\" href=\"https:\/\/www.scheer-imc.com\/de\/mediencenter\/podcast\/37-selbstgesteuertes-lernen-bei-mercedes-benz\/\">\n\t\t\t\t<span class=\"bold\">Jetzt reinh\u00f6ren<\/span>\n\t\t\t<\/a>\n\t\t\t\t\t\t\t<\/div>\n\t\t\t<\/div>\n\t\t<\/div>\n\t\t\t<div class=\"accordion__item shadow\">\n\t\t\t<div class=\"accordion__header h4\"><div class=\"plus\"><\/div>#36: Warum es so wichtig ist, M\u00e4dchen f\u00fcr Technologie zu begeistern<\/div>\n\t\t\t<div class=\"accordion__content\">\n\t\t\t\t<div class=\"accordion__image\"><img decoding=\"async\" width=\"217\" height=\"217\" src=\"https:\/\/www.scheer-imc.com\/de\/wp-content\/uploads\/sites\/8\/2022\/10\/imc-podcast-Katharina-Wohlrab-01.png\" class=\"attachment-full size-full\" alt=\"Foto Katharina Wohlrab\" srcset=\"https:\/\/www.scheer-imc.com\/de\/wp-content\/uploads\/sites\/8\/2022\/10\/imc-podcast-Katharina-Wohlrab-01.png 217w, https:\/\/www.scheer-imc.com\/de\/wp-content\/uploads\/sites\/8\/2022\/10\/imc-podcast-Katharina-Wohlrab-01-150x150.png 150w\" sizes=\"(max-width: 217px) 100vw, 217px\" \/><\/div>\n\t\t\t\t<div class=\"accordion__copy\"><p>Kaum ein Unternehmen zweifelt noch daran, dass Diversit\u00e4t einen positiven Einfluss auf Kreativit\u00e4t und Innovation hat. Dennoch ist die IT-Branche noch immer weit davon entfernt und klar m\u00e4nnerdominiert. In dieser Podcast-Folge sprechen wir mit Katharina Wohlrab dar\u00fcber, woher der Gender-Gap kommt und was Unternehmen tun k\u00f6nnen, um ihn zu schlie\u00dfen. Katharina ist Gesch\u00e4ftsf\u00fchrerin von Tech4Girls, einer Non-Profit-Organisation, die Grundsch\u00fclerinnen in Informatik unterrichtet.<\/p>\n<\/div>\n\t\t\t\t<div class=\"accordion__cta\">\n\t\t\t\t\t\t\t\t\t\t\t\t\t\t\t\t\t\t\t<a class=\"button button--red button--normal button--solid\" target=\"_self\" title=\"Jetzt reinh\u00f6ren\" href=\"https:\/\/www.scheer-imc.com\/de\/mediencenter\/podcast\/36-warum-es-so-wichtig-ist-maedchen-fuer-technologie-zu-begeistern\/\">\n\t\t\t\t<span class=\"bold\">Jetzt reinh\u00f6ren<\/span>\n\t\t\t<\/a>\n\t\t\t\t\t\t\t<\/div>\n\t\t\t<\/div>\n\t\t<\/div>\n\t\t\t<div class=\"accordion__item shadow\">\n\t\t\t<div class=\"accordion__header h4\"><div class=\"plus\"><\/div>#35: Tipps f\u00fcr die digitale Lehre \u2013 Wirkungsvoll pr\u00e4sentieren<\/div>\n\t\t\t<div class=\"accordion__content\">\n\t\t\t\t<div class=\"accordion__image\"><img decoding=\"async\" width=\"217\" height=\"217\" src=\"https:\/\/www.scheer-imc.com\/de\/wp-content\/uploads\/sites\/8\/2022\/09\/imc-eugen-02.png\" class=\"attachment-full size-full\" alt=\"Foto Eugen Gerein\" srcset=\"https:\/\/www.scheer-imc.com\/de\/wp-content\/uploads\/sites\/8\/2022\/09\/imc-eugen-02.png 217w, https:\/\/www.scheer-imc.com\/de\/wp-content\/uploads\/sites\/8\/2022\/09\/imc-eugen-02-150x150.png 150w\" sizes=\"(max-width: 217px) 100vw, 217px\" \/><\/div>\n\t\t\t\t<div class=\"accordion__copy\"><p>Online-Pr\u00e4sentationen sind zu einem festen Bestandteil der neuen Arbeits- und Lernmodelle geworden. In dieser Folge \u201eE-Learning Inc.\u201c gibt der Wirkungsberater und Coach Eugen Gerein den H\u00f6rer*innen Tipps, wie es ihnen gelingt, in Online-Settings gelungen und einpr\u00e4gsam Wissen zu vermitteln. Eugen sagt \u00fcber sich selbst: \u201eIch helfe Menschen, in Online-Settings besser zur Wirkung zu kommen.\u201c<\/p>\n<\/div>\n\t\t\t\t<div class=\"accordion__cta\">\n\t\t\t\t\t\t\t\t\t\t\t\t\t\t\t\t\t\t\t<a class=\"button button--red button--normal button--solid\" target=\"_self\" title=\"Jetzt reinh\u00f6ren\" href=\"https:\/\/www.scheer-imc.com\/de\/mediencenter\/podcast\/35-wirkungsvoll-online-praesentieren\/\">\n\t\t\t\t<span class=\"bold\">Jetzt reinh\u00f6ren<\/span>\n\t\t\t<\/a>\n\t\t\t\t\t\t\t<\/div>\n\t\t\t<\/div>\n\t\t<\/div>\n\t\t\t<div class=\"accordion__item shadow\">\n\t\t\t<div class=\"accordion__header h4\"><div class=\"plus\"><\/div>#34: Einsatz einer Lernplattform bei der Ronal Group<\/div>\n\t\t\t<div class=\"accordion__content\">\n\t\t\t\t<div class=\"accordion__image\"><img decoding=\"async\" width=\"217\" height=\"217\" src=\"https:\/\/www.scheer-imc.com\/de\/wp-content\/uploads\/sites\/8\/2022\/05\/imc-Philipp-Leupoldt-02.jpg\" class=\"attachment-full size-full\" alt=\"Philipp Leupoldt, Ronal Group\" srcset=\"https:\/\/www.scheer-imc.com\/de\/wp-content\/uploads\/sites\/8\/2022\/05\/imc-Philipp-Leupoldt-02.jpg 217w, https:\/\/www.scheer-imc.com\/de\/wp-content\/uploads\/sites\/8\/2022\/05\/imc-Philipp-Leupoldt-02-150x150.jpg 150w\" sizes=\"(max-width: 217px) 100vw, 217px\" \/><\/div>\n\t\t\t\t<div class=\"accordion__copy\"><p>In dieser Folge \u201eE-Learning Inc.\u201c berichtet Philipp Leupoldt, Digitalspezialist L&amp;D bei der Ronal Group, wie das produzierende Unternehmen ein Learning Management System nutzt, um sowohl F\u00fchrungskr\u00e4fte zu trainieren als auch Unterweisungen an der Maschine mit Werksmitarbeiter durchzuf\u00fchren. Zudem liefert Philipp anderen Learning &amp; Development Verantwortlichen n\u00fctzliche Tipps f\u00fcr die Einf\u00fchrung einer Lernplattform.<\/p>\n<\/div>\n\t\t\t\t<div class=\"accordion__cta\">\n\t\t\t\t\t\t\t\t\t\t\t\t\t\t\t\t\t\t\t<a class=\"button button--red button--normal button--solid\" target=\"_self\" title=\"Jetzt reinh\u00f6ren\" href=\"https:\/\/www.scheer-imc.com\/de\/mediencenter\/podcast\/34-einsatz-einer-lernplattform-bei-der-ronal-group\/\">\n\t\t\t\t<span class=\"bold\">Jetzt reinh\u00f6ren<\/span>\n\t\t\t<\/a>\n\t\t\t\t\t\t\t<\/div>\n\t\t\t<\/div>\n\t\t<\/div>\n\t\t\t<div class=\"accordion__item shadow\">\n\t\t\t<div class=\"accordion__header h4\"><div class=\"plus\"><\/div>#33: Hybrides Onboarding \u2013 so gelingt der digitale Einstieg<\/div>\n\t\t\t<div class=\"accordion__content\">\n\t\t\t\t<div class=\"accordion__image\"><img decoding=\"async\" width=\"217\" height=\"217\" src=\"https:\/\/www.scheer-imc.com\/de\/wp-content\/uploads\/sites\/8\/2022\/04\/imc-kerstin-steffen-01.png\" class=\"attachment-full size-full\" alt=\"Kerstin Steffen\" srcset=\"https:\/\/www.scheer-imc.com\/de\/wp-content\/uploads\/sites\/8\/2022\/04\/imc-kerstin-steffen-01.png 217w, https:\/\/www.scheer-imc.com\/de\/wp-content\/uploads\/sites\/8\/2022\/04\/imc-kerstin-steffen-01-150x150.png 150w\" sizes=\"(max-width: 217px) 100vw, 217px\" \/><\/div>\n\t\t\t\t<div class=\"accordion__copy\"><p>Die Corona-Pandemie hat die Arbeitswelt aufger\u00fcttelt. Hybrides Arbeiten hat sich durchgesetzt. Hybrides Arbeiten verlangt aber auch ein hybrides Onboarding. In dieser Folge \u201eE-Learning Inc.\u201c spricht Kerstin Steffen, Director Brand Strategy bei imc, dar\u00fcber, wie bei der imc die Umstellung von einem klassischen zu einem hybriden Onboarding-Modell gelungen ist<\/p>\n<\/div>\n\t\t\t\t<div class=\"accordion__cta\">\n\t\t\t\t\t\t\t\t\t\t\t\t\t\t\t\t\t\t\t<a class=\"button button--red button--normal button--solid\" target=\"_self\" title=\"Jetzt reinh\u00f6ren\" href=\"https:\/\/www.scheer-imc.com\/de\/mediencenter\/podcast\/33-hydrides-onboarding-so-gelingt-der-digitale-einstieg\/\">\n\t\t\t\t<span class=\"bold\">Jetzt reinh\u00f6ren<\/span>\n\t\t\t<\/a>\n\t\t\t\t\t\t\t<\/div>\n\t\t\t<\/div>\n\t\t<\/div>\n\t\t\t<div class=\"accordion__item shadow\">\n\t\t\t<div class=\"accordion__header h4\"><div class=\"plus\"><\/div>#32: Digitales Markentraining bei J\u00e4germeister<\/div>\n\t\t\t<div class=\"accordion__content\">\n\t\t\t\t<div class=\"accordion__image\"><img decoding=\"async\" width=\"217\" height=\"217\" src=\"https:\/\/www.scheer-imc.com\/de\/wp-content\/uploads\/sites\/8\/2022\/03\/imc-podcast-Philipp-Terstesse-Vorschau.jpg\" class=\"attachment-full size-full\" alt=\"Foto Pilipp Terstesse\" srcset=\"https:\/\/www.scheer-imc.com\/de\/wp-content\/uploads\/sites\/8\/2022\/03\/imc-podcast-Philipp-Terstesse-Vorschau.jpg 217w, https:\/\/www.scheer-imc.com\/de\/wp-content\/uploads\/sites\/8\/2022\/03\/imc-podcast-Philipp-Terstesse-Vorschau-150x150.jpg 150w\" sizes=\"(max-width: 217px) 100vw, 217px\" \/><\/div>\n\t\t\t\t<div class=\"accordion__copy\"><p>In dieser Folge \u201eE-Learning Inc.\u201c spricht Philipp Terstesse von J\u00e4germeister dar\u00fcber, wie es dem Unternehmen gelingt, das Markengef\u00fchl des Kult-Drinks Mitarbeitenden ebenso wie externen Vertriebspartnern \u00fcber digitale Trainings zu vermitteln. Au\u00dferdem verr\u00e4t Philipp den H\u00f6rerinnen und H\u00f6rern seine drei Tipps f\u00fcr ein gelungenes digitales Brand Training.<\/p>\n<\/div>\n\t\t\t\t<div class=\"accordion__cta\">\n\t\t\t\t\t\t\t\t\t\t\t\t\t\t\t\t\t\t\t<a class=\"button button--red button--normal button--solid\" target=\"_self\" title=\"Jetzt reinh\u00f6ren\" href=\"https:\/\/www.scheer-imc.com\/de\/mediencenter\/podcast\/podcast-digitales-brand-training-bei-jaegermeister\/\">\n\t\t\t\t<span class=\"bold\">Jetzt reinh\u00f6ren<\/span>\n\t\t\t<\/a>\n\t\t\t\t\t\t\t<\/div>\n\t\t\t<\/div>\n\t\t<\/div>\n\t\t\t<div class=\"accordion__item shadow\">\n\t\t\t<div class=\"accordion__header h4\"><div class=\"plus\"><\/div>#31: Gamification in der internationalen Zusammenarbeit<\/div>\n\t\t\t<div class=\"accordion__content\">\n\t\t\t\t<div class=\"accordion__image\"><img decoding=\"async\" width=\"217\" height=\"217\" src=\"https:\/\/www.scheer-imc.com\/de\/wp-content\/uploads\/sites\/8\/2022\/02\/imc-podcast-Philipp-Busch-02.png\" class=\"attachment-full size-full\" alt=\"Dr. Philipp Busch\" srcset=\"https:\/\/www.scheer-imc.com\/de\/wp-content\/uploads\/sites\/8\/2022\/02\/imc-podcast-Philipp-Busch-02.png 217w, https:\/\/www.scheer-imc.com\/de\/wp-content\/uploads\/sites\/8\/2022\/02\/imc-podcast-Philipp-Busch-02-150x150.png 150w\" sizes=\"(max-width: 217px) 100vw, 217px\" \/><\/div>\n\t\t\t\t<div class=\"accordion__copy\"><p>In dieser Folge \u201eE-Learning Inc.\u201c geht es um das Thema Gamification. Gast Philipp Busch ist auf Gamification-Projekte in der internationalen Zusammenarbeit und Entwicklungshilfe spezialisiert. Im Gespr\u00e4ch mit Gastgeberin Vanessa stellt er das von ihm entwickelte Kontext Zoom Modell vor, welches hilft, Gamification-L\u00f6sungen zu kreieren, die zu jedem Nutzer und jeder Kultur passen.<\/p>\n<\/div>\n\t\t\t\t<div class=\"accordion__cta\">\n\t\t\t\t\t\t\t\t\t\t\t\t\t\t\t\t\t\t\t<a class=\"button button--red button--normal button--solid\" target=\"_self\" title=\"Jetzt reinh\u00f6ren\" href=\"https:\/\/www.scheer-imc.com\/de\/mediencenter\/podcast\/podcast-gamification-in-der-internationalen-zusammenarbeit\/\">\n\t\t\t\t<span class=\"bold\">Jetzt reinh\u00f6ren<\/span>\n\t\t\t<\/a>\n\t\t\t\t\t\t\t<\/div>\n\t\t\t<\/div>\n\t\t<\/div>\n\t\t\t<div class=\"accordion__item shadow\">\n\t\t\t<div class=\"accordion__header h4\"><div class=\"plus\"><\/div>#30: Future Skills (Beispiel Automobilindustrie)<\/div>\n\t\t\t<div class=\"accordion__content\">\n\t\t\t\t<div class=\"accordion__image\"><img decoding=\"async\" width=\"217\" height=\"217\" src=\"https:\/\/www.scheer-imc.com\/de\/wp-content\/uploads\/sites\/8\/2022\/01\/imc-podcast-Kathrin-Harteis-01.png\" class=\"attachment-full size-full\" alt=\"Foto Dr. Kathrin Harteis\" srcset=\"https:\/\/www.scheer-imc.com\/de\/wp-content\/uploads\/sites\/8\/2022\/01\/imc-podcast-Kathrin-Harteis-01.png 217w, https:\/\/www.scheer-imc.com\/de\/wp-content\/uploads\/sites\/8\/2022\/01\/imc-podcast-Kathrin-Harteis-01-150x150.png 150w\" sizes=\"(max-width: 217px) 100vw, 217px\" \/><\/div>\n\t\t\t\t<div class=\"accordion__copy\"><p>Die digitalisierte Arbeitswelt verlangt Besch\u00e4ftigten neue Kompetenzen ab, sogenannte Future Skills. Future Skills werden in den n\u00e4chsten f\u00fcnf Jahren f\u00fcr das Berufsleben und\/oder die gesellschaftliche Teilhabe deutlich wichtiger werden \u2013 und zwar branchen\u00fcbergreifend. In dieser Folge \u201eE-Learning Inc.\u201c geht es um die Fragen: Was genau sind die zukunftsentscheidenden Kompetenzen? Und wie k\u00f6nnen wir sie erlernen? Dar\u00fcber sprechen wir mit Dr. Kathrin Harteis, Senior Consultant IT Governance &amp; Strategy bei BMW.<\/p>\n<\/div>\n\t\t\t\t<div class=\"accordion__cta\">\n\t\t\t\t\t\t\t\t\t\t\t\t\t\t\t\t\t\t\t<a class=\"button button--red button--normal button--solid\" target=\"_self\" title=\"Jetzt reinh\u00f6ren\" href=\"https:\/\/www.scheer-imc.com\/de\/mediencenter\/podcast\/30-future-skills-auf-der-jagd-nach-dem-gold-der-zukunft\/\">\n\t\t\t\t<span class=\"bold\">Jetzt reinh\u00f6ren<\/span>\n\t\t\t<\/a>\n\t\t\t\t\t\t\t<\/div>\n\t\t\t<\/div>\n\t\t<\/div>\n\t\t\t<div class=\"accordion__item shadow\">\n\t\t\t<div class=\"accordion__header h4\"><div class=\"plus\"><\/div>#29: Digitaler Unterricht nach neuseel\u00e4ndischem Vorbild<\/div>\n\t\t\t<div class=\"accordion__content\">\n\t\t\t\t<div class=\"accordion__image\"><img decoding=\"async\" width=\"217\" height=\"217\" src=\"https:\/\/www.scheer-imc.com\/de\/wp-content\/uploads\/sites\/8\/2021\/11\/imc-podcast-Verena-Friederike-Hasel.png\" class=\"attachment-full size-full\" alt=\"Foto Verena Friederike Hasel\" srcset=\"https:\/\/www.scheer-imc.com\/de\/wp-content\/uploads\/sites\/8\/2021\/11\/imc-podcast-Verena-Friederike-Hasel.png 217w, https:\/\/www.scheer-imc.com\/de\/wp-content\/uploads\/sites\/8\/2021\/11\/imc-podcast-Verena-Friederike-Hasel-150x150.png 150w\" sizes=\"(max-width: 217px) 100vw, 217px\" \/><\/div>\n\t\t\t\t<div class=\"accordion__copy\"><p>In dieser Folge \u201eE-Learning Inc.\u201c werfen wir einen Blick auf das neuseel\u00e4ndische Bildungswesen. Gast ist Verena Friederike Hasel, Diplom-Psychologin, Journalistin und Autorin. In ihrem Sachbuch \u201eDer tanzende Direktor \u2013 Lernen in der besten Schule der Welt\u201c beschreibt sie den Schulunterricht in Neuseeland in all seiner Farbenpracht. Im Interview verr\u00e4t sie nicht nur, was an neuseel\u00e4ndischen Schulen anders ist als an deutschen Schulen, sondern auch, was wir uns davon abschauen k\u00f6nnen.<\/p>\n<\/div>\n\t\t\t\t<div class=\"accordion__cta\">\n\t\t\t\t\t\t\t\t\t\t\t\t\t\t\t\t\t\t\t<a class=\"button button--red button--normal button--solid\" target=\"_self\" title=\"Jetzt reinh\u00f6ren\" href=\"https:\/\/www.scheer-imc.com\/de\/mediencenter\/podcast\/29-digitaler-unterricht-nach-neuseelaendischem-vorbild\/\">\n\t\t\t\t<span class=\"bold\">Jetzt reinh\u00f6ren<\/span>\n\t\t\t<\/a>\n\t\t\t\t\t\t\t<\/div>\n\t\t\t<\/div>\n\t\t<\/div>\n\t\t\t<div class=\"accordion__item shadow\">\n\t\t\t<div class=\"accordion__header h4\"><div class=\"plus\"><\/div>#28: Cybercrime &amp; Mitarbeitertrainings<\/div>\n\t\t\t<div class=\"accordion__content\">\n\t\t\t\t<div class=\"accordion__image\"><img decoding=\"async\" width=\"217\" height=\"217\" src=\"https:\/\/www.scheer-imc.com\/de\/wp-content\/uploads\/sites\/8\/2021\/10\/imc-podcast-Christoph-Endres-01.png\" class=\"attachment-full size-full\" alt=\"Dr. Christoph Endres\" srcset=\"https:\/\/www.scheer-imc.com\/de\/wp-content\/uploads\/sites\/8\/2021\/10\/imc-podcast-Christoph-Endres-01.png 217w, https:\/\/www.scheer-imc.com\/de\/wp-content\/uploads\/sites\/8\/2021\/10\/imc-podcast-Christoph-Endres-01-150x150.png 150w\" sizes=\"(max-width: 217px) 100vw, 217px\" \/><\/div>\n\t\t\t\t<div class=\"accordion__copy\"><p>Die Corona-Pandemie hat nicht nur die Digitalisierung beschleunigt, sondern auch vermehrt zu Cyberattacken gegen Unternehmen gef\u00fchrt. In Folge 28 von \u201eE-Learning Inc.\u201c sprechen wir dar\u00fcber, wie Unternehmen sich vor Cyberattacken sch\u00fctzen k\u00f6nnen, insbesondere wenn Mitarbeiter im Homeoffice arbeiten, und welche Rolle Mitarbeitertrainings dabei spielen. Gast ist Dr. Christoph Endres, auch bekannt als Dr. Security.<\/p>\n<\/div>\n\t\t\t\t<div class=\"accordion__cta\">\n\t\t\t\t\t\t\t\t\t\t\t\t\t\t\t\t\t\t\t<a class=\"button button--red button--normal button--solid\" target=\"_self\" title=\"Jetzt reinh\u00f6ren\" href=\"https:\/\/www.scheer-imc.com\/de\/mediencenter\/podcast\/28-cybercrime-mitarbeitertrainings-als-waffe-gegen-internetkriminalitaet\/\">\n\t\t\t\t<span class=\"bold\">Jetzt reinh\u00f6ren<\/span>\n\t\t\t<\/a>\n\t\t\t\t\t\t\t<\/div>\n\t\t\t<\/div>\n\t\t<\/div>\n\t\t\t<div class=\"accordion__item shadow\">\n\t\t\t<div class=\"accordion__header h4\"><div class=\"plus\"><\/div>#27: Was Unternehmen von Start-Ups lernen k\u00f6nnen<\/div>\n\t\t\t<div class=\"accordion__content\">\n\t\t\t\t<div class=\"accordion__image\"><img decoding=\"async\" width=\"217\" height=\"217\" src=\"https:\/\/www.scheer-imc.com\/de\/wp-content\/uploads\/sites\/8\/2021\/09\/imc-podcast-startup-02.jpg\" class=\"attachment-full size-full\" alt=\"Dr. Xenia-Isabel Gioia Poppe\" srcset=\"https:\/\/www.scheer-imc.com\/de\/wp-content\/uploads\/sites\/8\/2021\/09\/imc-podcast-startup-02.jpg 217w, https:\/\/www.scheer-imc.com\/de\/wp-content\/uploads\/sites\/8\/2021\/09\/imc-podcast-startup-02-150x150.jpg 150w\" sizes=\"(max-width: 217px) 100vw, 217px\" \/><\/div>\n\t\t\t\t<div class=\"accordion__copy\"><p>In Folge 27 von \u201eE-Learning Inc.\u201c gehen wir der Frage auf den Grund, was sich Unternehmen mit Blick auf Lernen, Wissensweitergabe und Innovationsgenerierung von Start-Ups abschauen k\u00f6nnen. Gast ist Dr. Xenia-Isabel Gioia Poppe. Sie arbeitet bei Plug and Play, der weltgr\u00f6\u00dften Innovationsplattform. Diese hat es sich zur Aufgabe gemacht, die besten Technologie-Start-Ups mit den weltgr\u00f6\u00dften Unternehmen zu vernetzen.<\/p>\n<\/div>\n\t\t\t\t<div class=\"accordion__cta\">\n\t\t\t\t\t\t\t\t\t\t\t\t\t\t\t\t\t\t\t<a class=\"button button--red button--normal button--solid\" target=\"_self\" title=\"Jetzt reinh\u00f6ren\" href=\"https:\/\/www.scheer-imc.com\/de\/mediencenter\/podcast\/27-was-unternehmen-von-start-ups-lernen-koennen\/\">\n\t\t\t\t<span class=\"bold\">Jetzt reinh\u00f6ren<\/span>\n\t\t\t<\/a>\n\t\t\t\t\t\t\t<\/div>\n\t\t\t<\/div>\n\t\t<\/div>\n\t\t\t<div class=\"accordion__item shadow\">\n\t\t\t<div class=\"accordion__header h4\"><div class=\"plus\"><\/div>#26: Tipps &amp; Tricks f\u00fcr konzentriertes E-Learning<\/div>\n\t\t\t<div class=\"accordion__content\">\n\t\t\t\t<div class=\"accordion__image\"><img decoding=\"async\" width=\"217\" height=\"217\" src=\"https:\/\/www.scheer-imc.com\/de\/wp-content\/uploads\/sites\/8\/2021\/08\/Foto-Uebersichtsseite.jpg\" class=\"attachment-full size-full\" alt=\"Podcast Folge 26: Foto Max und Lena\" srcset=\"https:\/\/www.scheer-imc.com\/de\/wp-content\/uploads\/sites\/8\/2021\/08\/Foto-Uebersichtsseite.jpg 217w, https:\/\/www.scheer-imc.com\/de\/wp-content\/uploads\/sites\/8\/2021\/08\/Foto-Uebersichtsseite-150x150.jpg 150w\" sizes=\"(max-width: 217px) 100vw, 217px\" \/><\/div>\n\t\t\t\t<div class=\"accordion__copy\"><p>In dieser Podcast-Folge geht es darum, wie es uns gelingt, auch im digitalen Raum konzentriert zu lernen und uns nicht etwa von eingehenden E-Mails und Anrufen ablenken zu lassen. Die Ged\u00e4chtnistrainerin Lena Wittneben und der Achtsamkeits-Coach Maximilian Schwab geben praktische und einfach umsetzbare Tipps f\u00fcr mehr Fokus und Lernerfolg.<\/p>\n<\/div>\n\t\t\t\t<div class=\"accordion__cta\">\n\t\t\t\t\t\t\t\t\t\t\t\t\t\t\t\t\t\t\t<a class=\"button button--red button--normal button--solid\" target=\"_self\" title=\"Jetzt reinh\u00f6ren\" href=\"https:\/\/www.scheer-imc.com\/de\/mediencenter\/podcast\/26-tipps-und-tricks-fuer-konzentriertes-e-learning\/\">\n\t\t\t\t<span class=\"bold\">Jetzt reinh\u00f6ren<\/span>\n\t\t\t<\/a>\n\t\t\t\t\t\t\t<\/div>\n\t\t\t<\/div>\n\t\t<\/div>\n\t\t\t<div class=\"accordion__item shadow\">\n\t\t\t<div class=\"accordion__header h4\"><div class=\"plus\"><\/div>#25: Game-based Learning<\/div>\n\t\t\t<div class=\"accordion__content\">\n\t\t\t\t<div class=\"accordion__image\"><img decoding=\"async\" width=\"217\" height=\"217\" src=\"https:\/\/www.scheer-imc.com\/de\/wp-content\/uploads\/sites\/8\/2021\/04\/imc-podcast-game-based-learning-01.jpg\" class=\"attachment-full size-full\" alt=\"\u00c7i\u011fdem Uzuno\u011flu und Clemens Hochreiter\" srcset=\"https:\/\/www.scheer-imc.com\/de\/wp-content\/uploads\/sites\/8\/2021\/04\/imc-podcast-game-based-learning-01.jpg 217w, https:\/\/www.scheer-imc.com\/de\/wp-content\/uploads\/sites\/8\/2021\/04\/imc-podcast-game-based-learning-01-150x150.jpg 150w\" sizes=\"(max-width: 217px) 100vw, 217px\" \/><\/div>\n\t\t\t\t<div class=\"accordion__copy\"><p>In dieser Podcast-Folge geht es um die Wissens- und Kompetenzvermittlung dank digitaler Games. \u00c7i\u011fdem Uzuno\u011flu ist Leiterin der Stiftung Digitale Spielekultur. Clemens Hochreiter ist Professor f\u00fcr Gamedesign und Gesch\u00e4ftsf\u00fchrer einer Agentur f\u00fcr Serious Games. Die beiden erl\u00e4utern Praxisbeispiele und geben Weiterbildungsverantwortlichen konkrete Tipps f\u00fcr die Umsetzung von Game-based Learning.<\/p>\n<\/div>\n\t\t\t\t<div class=\"accordion__cta\">\n\t\t\t\t\t\t\t\t\t\t\t\t\t\t\t\t\t\t\t<a class=\"button button--red button--normal button--solid\" target=\"_self\" title=\"Jetzt reinh\u00f6ren\" href=\"https:\/\/www.scheer-imc.com\/de\/mediencenter\/podcast\/25-game-based-learning\/\">\n\t\t\t\t<span class=\"bold\">Jetzt reinh\u00f6ren<\/span>\n\t\t\t<\/a>\n\t\t\t\t\t\t\t<\/div>\n\t\t\t<\/div>\n\t\t<\/div>\n\t\t\t<div class=\"accordion__item shadow\">\n\t\t\t<div class=\"accordion__header h4\"><div class=\"plus\"><\/div>#24: K\u00fcnstliche Intelligenz in der Aus- und Weiterbildung<\/div>\n\t\t\t<div class=\"accordion__content\">\n\t\t\t\t<div class=\"accordion__image\"><img decoding=\"async\" width=\"217\" height=\"217\" src=\"https:\/\/www.scheer-imc.com\/de\/wp-content\/uploads\/sites\/8\/2021\/03\/imc_podcast_wahlster_round.png\" class=\"attachment-full size-full\" alt=\"Prof. Dr. Wolfgang Wahlster\" srcset=\"https:\/\/www.scheer-imc.com\/de\/wp-content\/uploads\/sites\/8\/2021\/03\/imc_podcast_wahlster_round.png 217w, https:\/\/www.scheer-imc.com\/de\/wp-content\/uploads\/sites\/8\/2021\/03\/imc_podcast_wahlster_round-150x150.png 150w\" sizes=\"(max-width: 217px) 100vw, 217px\" \/><\/div>\n\t\t\t\t<div class=\"accordion__copy\"><div>Prof. Dr. Wolfgang Wahlster besch\u00e4ftigt sich schon seit den siebziger Jahren mit dem Thema K\u00fcnstliche Intelligenz (KI). Er begreift KI als Dienstleister f\u00fcr den Menschen. So wird E-Learning beispielsweise dank KI zum intelligenten Privatlehrer. Aber auch die Ausbildung der F\u00fchrungskr\u00e4fte l\u00e4sst sich dank KI intelligenter gestalten. In dieser Podcast-Folge geht der deutsche Informatiker und Hochschullehrer auf die Potenziale und konkrete Einsatzbeispiele von KI ein.<\/div>\n<\/div>\n\t\t\t\t<div class=\"accordion__cta\">\n\t\t\t\t\t\t\t\t\t\t\t\t\t\t\t\t\t\t\t<a class=\"button button--red button--normal button--solid\" target=\"_self\" title=\"Jetzt reinh\u00f6ren\" href=\"https:\/\/www.scheer-imc.com\/de\/mediencenter\/podcast\/24-die-potenziale-von-kuenstlicher-intelligenz-in-der-aus-und-weiterbildung\/\">\n\t\t\t\t<span class=\"bold\">Jetzt reinh\u00f6ren<\/span>\n\t\t\t<\/a>\n\t\t\t\t\t\t\t<\/div>\n\t\t\t<\/div>\n\t\t<\/div>\n\t\t\t<div class=\"accordion__item shadow\">\n\t\t\t<div class=\"accordion__header h4\"><div class=\"plus\"><\/div>#23: Learning Out Loud<\/div>\n\t\t\t<div class=\"accordion__content\">\n\t\t\t\t<div class=\"accordion__image\"><img decoding=\"async\" width=\"217\" height=\"217\" src=\"https:\/\/www.scheer-imc.com\/de\/wp-content\/uploads\/sites\/8\/2021\/02\/imc_image_podcast_martinmax_thumbnail_2021_02_10.png\" class=\"attachment-full size-full\" alt=\"Foto Martin Marx\" srcset=\"https:\/\/www.scheer-imc.com\/de\/wp-content\/uploads\/sites\/8\/2021\/02\/imc_image_podcast_martinmax_thumbnail_2021_02_10.png 217w, https:\/\/www.scheer-imc.com\/de\/wp-content\/uploads\/sites\/8\/2021\/02\/imc_image_podcast_martinmax_thumbnail_2021_02_10-150x150.png 150w\" sizes=\"(max-width: 217px) 100vw, 217px\" \/><\/div>\n\t\t\t\t<div class=\"accordion__copy\"><p>In dieser Podcast-Folge wird es laut \u2013 im \u00fcbertragenen Sinne. Martin Marx hat sich schon immer daf\u00fcr interessiert, wie man sich selbst, aber auch andere kontinuierlich weiterbilden kann. Deswegen gr\u00fcndete er 2018 DIE LERNFUTURISTEN und entwickelte die Learning Out Loud Methode. Mit Gastgeberin Vanessa spricht er dar\u00fcber, wie die Methode funktioniert und welche Rolle User-generated Content dabei spielt.<\/p>\n<\/div>\n\t\t\t\t<div class=\"accordion__cta\">\n\t\t\t\t\t\t\t\t\t\t\t\t\t\t\t\t\t\t\t<a class=\"button button--red button--normal button--solid\" target=\"_self\" title=\"Jetzt reinh\u00f6ren\" href=\"https:\/\/www.scheer-imc.com\/de\/mediencenter\/podcast\/23-learning-out-loud\/\">\n\t\t\t\t<span class=\"bold\">Jetzt reinh\u00f6ren<\/span>\n\t\t\t<\/a>\n\t\t\t\t\t\t\t<\/div>\n\t\t\t<\/div>\n\t\t<\/div>\n\t\t\t<div class=\"accordion__item shadow\">\n\t\t\t<div class=\"accordion__header h4\"><div class=\"plus\"><\/div>#22: Lernen und Zusammenarbeit 2021<\/div>\n\t\t\t<div class=\"accordion__content\">\n\t\t\t\t<div class=\"accordion__image\"><img decoding=\"async\" width=\"217\" height=\"217\" src=\"https:\/\/www.scheer-imc.com\/de\/wp-content\/uploads\/sites\/8\/2021\/01\/imc_image_podcast_janfoelsing_thumbnail_2021_01_15.png\" class=\"attachment-full size-full\" alt=\"Jan Foelsing\" srcset=\"https:\/\/www.scheer-imc.com\/de\/wp-content\/uploads\/sites\/8\/2021\/01\/imc_image_podcast_janfoelsing_thumbnail_2021_01_15.png 217w, https:\/\/www.scheer-imc.com\/de\/wp-content\/uploads\/sites\/8\/2021\/01\/imc_image_podcast_janfoelsing_thumbnail_2021_01_15-150x150.png 150w\" sizes=\"(max-width: 217px) 100vw, 217px\" \/><\/div>\n\t\t\t\t<div class=\"accordion__copy\"><p>In dieser Podcast-Folge liefert Jan Foelsing, Experte f\u00fcr die Themen Lernen und Zusammenarbeit, Aus- und Weiterbildungsverantwortlichen Impulse f\u00fcr den Start ins neue Jahr. Mit Gastgeberin Vanessa schaut er auf das Jahr 2020 und die Reaktionen auf die Krise zur\u00fcck. Die beiden sprechen dar\u00fcber, warum es nun vor allem einen Kulturwandel in Unternehmen braucht und welche Rolle Technologie dabei spielt.<\/p>\n<\/div>\n\t\t\t\t<div class=\"accordion__cta\">\n\t\t\t\t\t\t\t\t\t\t\t\t\t\t\t\t\t\t\t<a class=\"button button--red button--normal button--solid\" target=\"_self\" title=\"Jetzt reinh\u00f6ren\" href=\"https:\/\/www.scheer-imc.com\/de\/mediencenter\/podcast\/e-learning-inc-podcast-22-lernen-und-zusammenarbeit-2021\/\">\n\t\t\t\t<span class=\"bold\">Jetzt reinh\u00f6ren<\/span>\n\t\t\t<\/a>\n\t\t\t\t\t\t\t<\/div>\n\t\t\t<\/div>\n\t\t<\/div>\n\t\t\t<div class=\"accordion__item shadow\">\n\t\t\t<div class=\"accordion__header h4\"><div class=\"plus\"><\/div>#21: Ein New Work Fitnessstudio-Besuch<\/div>\n\t\t\t<div class=\"accordion__content\">\n\t\t\t\t<div class=\"accordion__image\"><img decoding=\"async\" width=\"217\" height=\"217\" src=\"https:\/\/www.scheer-imc.com\/de\/wp-content\/uploads\/sites\/8\/2020\/11\/imc_image_podcast_nadine-jens_2020_11_20.jpg\" class=\"attachment-full size-full\" alt=\"Podcast Nadine Jens\" srcset=\"https:\/\/www.scheer-imc.com\/de\/wp-content\/uploads\/sites\/8\/2020\/11\/imc_image_podcast_nadine-jens_2020_11_20.jpg 217w, https:\/\/www.scheer-imc.com\/de\/wp-content\/uploads\/sites\/8\/2020\/11\/imc_image_podcast_nadine-jens_2020_11_20-150x150.jpg 150w\" sizes=\"(max-width: 217px) 100vw, 217px\" \/><\/div>\n\t\t\t\t<div class=\"accordion__copy\"><p>Nicht nur Menschen m\u00fcssen Sport treiben, um gesund zu bleiben. Auch Unternehmen m\u00fcssen trainieren, um zukunftsfit zu werden. In der letzten Folge \u201eE-Learning Inc.\u201c f\u00fcr 2020 schicken wir Unternehmen daher ins Fitnessstudio. Die Innovationsberater und Buchautoren Jens Springmann und Nadine Krauss verraten den H\u00f6rern, welche typischen Problemzonen Unternehmen haben und welche \u00dcbungen dagegen besonders effektiv sind.<\/p>\n<\/div>\n\t\t\t\t<div class=\"accordion__cta\">\n\t\t\t\t\t\t\t\t\t\t\t\t\t\t\t\t\t\t\t<a class=\"button button--red button--normal button--solid\" target=\"_self\" title=\"Jetzt reinh\u00f6ren\" href=\"https:\/\/www.scheer-imc.com\/de\/mediencenter\/podcast\/e-learning-inc-podcast-21-ein-new-work-fitnessstudio-besuch\/\">\n\t\t\t\t<span class=\"bold\">Jetzt reinh\u00f6ren<\/span>\n\t\t\t<\/a>\n\t\t\t\t\t\t\t<\/div>\n\t\t\t<\/div>\n\t\t<\/div>\n\t\t\t<div class=\"accordion__item shadow\">\n\t\t\t<div class=\"accordion__header h4\"><div class=\"plus\"><\/div>#20: Digitalisierung der Schulen<\/div>\n\t\t\t<div class=\"accordion__content\">\n\t\t\t\t<div class=\"accordion__image\"><img decoding=\"async\" width=\"217\" height=\"217\" src=\"https:\/\/www.scheer-imc.com\/de\/wp-content\/uploads\/sites\/8\/2020\/10\/imc_image_podcast_stephan_2020_10_26.png\" class=\"attachment-full size-full\" alt=\"Foto Stephan Urbanski\" srcset=\"https:\/\/www.scheer-imc.com\/de\/wp-content\/uploads\/sites\/8\/2020\/10\/imc_image_podcast_stephan_2020_10_26.png 217w, https:\/\/www.scheer-imc.com\/de\/wp-content\/uploads\/sites\/8\/2020\/10\/imc_image_podcast_stephan_2020_10_26-150x150.png 150w\" sizes=\"(max-width: 217px) 100vw, 217px\" \/><\/div>\n\t\t\t\t<div class=\"accordion__copy\"><p>Die Corona-Pandemie gilt allerorts als Digitalisierungstreiber. Daher stellt sich die Frage: Wie geht digitaler Unterricht richtig? Gemeinsam mit dem Medienp\u00e4dagogik-Experten Stephan Urbanski sucht Podcast-Gastgeberin Vanessa nach Tipps und Tricks f\u00fcr die digitale Unterrichtsgestaltung \u2013 f\u00fcr Lehrkr\u00e4fte, aber auch f\u00fcr Eltern, die vor der Herausforderung Homeschooling stehen.<\/p>\n<\/div>\n\t\t\t\t<div class=\"accordion__cta\">\n\t\t\t\t\t\t\t\t\t\t\t\t\t\t\t\t\t\t\t<a class=\"button button--red button--normal button--solid\" target=\"_self\" title=\"Jetzt reinh\u00f6ren\" href=\"https:\/\/www.scheer-imc.com\/de\/mediencenter\/podcast\/e-learning-inc-podcast-20-digitalisierung-der-schulen\/\">\n\t\t\t\t<span class=\"bold\">Jetzt reinh\u00f6ren<\/span>\n\t\t\t<\/a>\n\t\t\t\t\t\t\t<\/div>\n\t\t\t<\/div>\n\t\t<\/div>\n\t\t\t<div class=\"accordion__item shadow\">\n\t\t\t<div class=\"accordion__header h4\"><div class=\"plus\"><\/div>#19: Wie Markenbotschafter zum Lernerfolg bei der Telekom beitragen<\/div>\n\t\t\t<div class=\"accordion__content\">\n\t\t\t\t<div class=\"accordion__image\"><img decoding=\"async\" width=\"217\" height=\"217\" src=\"https:\/\/www.scheer-imc.com\/de\/wp-content\/uploads\/sites\/8\/2020\/09\/imc_image_podcast_schindera_2020_09_22.png\" class=\"attachment-full size-full\" alt=\"Foto von Philipp Schindera\" srcset=\"https:\/\/www.scheer-imc.com\/de\/wp-content\/uploads\/sites\/8\/2020\/09\/imc_image_podcast_schindera_2020_09_22.png 217w, https:\/\/www.scheer-imc.com\/de\/wp-content\/uploads\/sites\/8\/2020\/09\/imc_image_podcast_schindera_2020_09_22-150x150.png 150w\" sizes=\"(max-width: 217px) 100vw, 217px\" \/><\/div>\n\t\t\t\t<div class=\"accordion__copy\"><p>Philipp Schindera ist Leiter der Unternehmenskommunikation bei der Deutschen Telekom. In dieser Podcast-Folge teilt er mit Gastgeberin Vanessa seine konkreten Tipps f\u00fcr Lernen nach der Pr\u00e4misse \u201eSharing is Caring\u201c. Au\u00dferdem erl\u00e4utert Philipp, warum gerade in seinem Beruf Weiterbildung eine so gro\u00dfe Rolle spielt und wieso es bei user-generated Content so wichtig ist, zu vertrauen.<\/p>\n<\/div>\n\t\t\t\t<div class=\"accordion__cta\">\n\t\t\t\t\t\t\t\t\t\t\t\t\t\t\t\t\t\t\t<a class=\"button button--red button--normal button--solid\" target=\"_self\" title=\"Jetzt reinh\u00f6ren\" href=\"https:\/\/www.scheer-imc.com\/de\/mediencenter\/podcast\/e-learning-inc-podcast-19-wie-markenbotschafter-zum-lernerfolg-bei-der-telekom-beitragen\/\">\n\t\t\t\t<span class=\"bold\">Jetzt reinh\u00f6ren<\/span>\n\t\t\t<\/a>\n\t\t\t\t\t\t\t<\/div>\n\t\t\t<\/div>\n\t\t<\/div>\n\t\t\t<div class=\"accordion__item shadow\">\n\t\t\t<div class=\"accordion__header h4\"><div class=\"plus\"><\/div>#18: Corporate Learning bei Microsoft<\/div>\n\t\t\t<div class=\"accordion__content\">\n\t\t\t\t<div class=\"accordion__image\"><img decoding=\"async\" width=\"217\" height=\"217\" src=\"https:\/\/www.scheer-imc.com\/de\/wp-content\/uploads\/sites\/8\/2020\/08\/imc_image_podcast_-MohannaAzarmandi_2020_08_24.png\" class=\"attachment-full size-full\" alt=\"Mohanna Azarmandi\" srcset=\"https:\/\/www.scheer-imc.com\/de\/wp-content\/uploads\/sites\/8\/2020\/08\/imc_image_podcast_-MohannaAzarmandi_2020_08_24.png 217w, https:\/\/www.scheer-imc.com\/de\/wp-content\/uploads\/sites\/8\/2020\/08\/imc_image_podcast_-MohannaAzarmandi_2020_08_24-150x150.png 150w\" sizes=\"(max-width: 217px) 100vw, 217px\" \/><\/div>\n\t\t\t\t<div class=\"accordion__copy\"><p>Mohanna Azarmandi investiert jeden Tag mindestens 30 Minuten in ihre pers\u00f6nliche Weiterbildung. Sie ist die erste Chief Learning Officerin bei Microsoft Deutschland. Sie verr\u00e4t den \u201eE-Learning Inc.\u201c-H\u00f6rern nicht nur, welche Informationskan\u00e4le sie daf\u00fcr nutzt und wie es gelingt, Zeit zum Lernen zu finden, sondern auch, was sie als CLO bei Microsoft f\u00fcr die Weiterentwicklung der Mitarbeiter*innen, Kunden, Partner und Gesellschaft tut.<\/p>\n<\/div>\n\t\t\t\t<div class=\"accordion__cta\">\n\t\t\t\t\t\t\t\t\t\t\t\t\t\t\t\t\t\t\t<a class=\"button button--red button--normal button--solid\" target=\"_self\" title=\"Jetzt reinh\u00f6ren\" href=\"https:\/\/www.scheer-imc.com\/de\/mediencenter\/podcast\/e-learning-inc-podcast-18-corporate-learning-bei-microsoft\/\">\n\t\t\t\t<span class=\"bold\">Jetzt reinh\u00f6ren<\/span>\n\t\t\t<\/a>\n\t\t\t\t\t\t\t<\/div>\n\t\t\t<\/div>\n\t\t<\/div>\n\t\t\t<div class=\"accordion__item shadow\">\n\t\t\t<div class=\"accordion__header h4\"><div class=\"plus\"><\/div>#17: Digitale Universit\u00e4ten<\/div>\n\t\t\t<div class=\"accordion__content\">\n\t\t\t\t<div class=\"accordion__image\"><img decoding=\"async\" width=\"217\" height=\"217\" src=\"https:\/\/www.scheer-imc.com\/de\/wp-content\/uploads\/sites\/8\/2020\/07\/imc_image_podcast_doreen-ruf_2020_07_24.jpg\" class=\"attachment-full size-full\" alt=\"Photo of Doreen Hartmann &amp; Prof. Dr. Ruf\" srcset=\"https:\/\/www.scheer-imc.com\/de\/wp-content\/uploads\/sites\/8\/2020\/07\/imc_image_podcast_doreen-ruf_2020_07_24.jpg 217w, https:\/\/www.scheer-imc.com\/de\/wp-content\/uploads\/sites\/8\/2020\/07\/imc_image_podcast_doreen-ruf_2020_07_24-150x150.jpg 150w\" sizes=\"(max-width: 217px) 100vw, 217px\" \/><\/div>\n\t\t\t\t<div class=\"accordion__copy\"><p>Lange hie\u00df es: Die Universit\u00e4ten hinken der Digitalisierung hinterher. Seit Beginn der Corona Krise hat sich aber einiges ge\u00e4ndert. Wie sieht der momentane digitale Unterricht aus? Ein Professor und eine Studentin lassen die H\u00f6rer an ihren Erfahrungen teilhaben. Doreen studiert BWL im Master und w\u00fcnscht sich ein pers\u00f6nlicheres Verh\u00e4ltnis an der Uni. Prof. Ruf lehrt Kommunikationswissenschaften und sieht gerade im digitalen Unterricht einen Weg raus aus der Massenlehre.<\/p>\n<\/div>\n\t\t\t\t<div class=\"accordion__cta\">\n\t\t\t\t\t\t\t\t\t\t\t\t\t\t\t\t\t\t\t<a class=\"button button--red button--normal button--solid\" target=\"_self\" title=\"Jetzt reinh\u00f6ren\" href=\"https:\/\/www.scheer-imc.com\/de\/mediencenter\/podcast\/e-learning-inc-podcast-17-digitale-universitaeten\/\">\n\t\t\t\t<span class=\"bold\">Jetzt reinh\u00f6ren<\/span>\n\t\t\t<\/a>\n\t\t\t\t\t\t\t<\/div>\n\t\t\t<\/div>\n\t\t<\/div>\n\t\t\t<div class=\"accordion__item shadow\">\n\t\t\t<div class=\"accordion__header h4\"><div class=\"plus\"><\/div>#16: Automatisierung im Bereich L&amp;D<\/div>\n\t\t\t<div class=\"accordion__content\">\n\t\t\t\t<div class=\"accordion__image\"><img decoding=\"async\" width=\"217\" height=\"217\" src=\"https:\/\/www.scheer-imc.com\/de\/wp-content\/uploads\/sites\/8\/2020\/06\/imc_image_podcast_2020_06_16.png\" class=\"attachment-full size-full\" alt=\"Photo of Nico and Wolfram\" srcset=\"https:\/\/www.scheer-imc.com\/de\/wp-content\/uploads\/sites\/8\/2020\/06\/imc_image_podcast_2020_06_16.png 217w, https:\/\/www.scheer-imc.com\/de\/wp-content\/uploads\/sites\/8\/2020\/06\/imc_image_podcast_2020_06_16-150x150.png 150w\" sizes=\"(max-width: 217px) 100vw, 217px\" \/><\/div>\n\t\t\t\t<div class=\"accordion__copy\"><h4>Interviewgast: Nico Bitzer, Bots and People &amp; Dr. Wolfram Jost, imc | L\u00e4nge: 30:43 min.<\/h4>\n<p>Laut einer aktuellen Studie zum Thema \u201eFuture of Work\u201c wollen 53% der deutschen Unternehmen in n\u00e4chster Zeit Robotic Prozess Automatisation (RPA) einf\u00fchren. Diese Podcast-Folge gibt Einblicke in das weite Themenfeld der Prozessautomatisierung und erl\u00e4utert konkrete Use Cases f\u00fcr L&amp;D Abteilungen. Zu Gast sind gleich zwei RPA-Experten: Dr. Wolfram Jost, Produktvorstand der imc, und Nico Bitzer von Bots and People.<\/p>\n<\/div>\n\t\t\t\t<div class=\"accordion__cta\">\n\t\t\t\t\t\t\t\t\t\t\t\t\t\t\t\t\t\t\t<a class=\"button button--red button--normal button--solid\" target=\"_self\" title=\"Jetzt reinh\u00f6ren\" href=\"https:\/\/www.scheer-imc.com\/de\/mediencenter\/podcast\/e-learning-inc-podcast-16-automatisierung-im-bereich-ld\/\">\n\t\t\t\t<span class=\"bold\">Jetzt reinh\u00f6ren<\/span>\n\t\t\t<\/a>\n\t\t\t\t\t\t\t<\/div>\n\t\t\t<\/div>\n\t\t<\/div>\n\t\t\t<div class=\"accordion__item shadow\">\n\t\t\t<div class=\"accordion__header h4\"><div class=\"plus\"><\/div>#15: Digitale Transformation bei Daimler<\/div>\n\t\t\t<div class=\"accordion__content\">\n\t\t\t\t<div class=\"accordion__image\"><img decoding=\"async\" width=\"217\" height=\"217\" src=\"https:\/\/www.scheer-imc.com\/de\/wp-content\/uploads\/sites\/8\/2020\/05\/imc_image_podcast_saschapallenberg_2020_05_20.png\" class=\"attachment-full size-full\" alt=\"Sascha Pallenberg\" srcset=\"https:\/\/www.scheer-imc.com\/de\/wp-content\/uploads\/sites\/8\/2020\/05\/imc_image_podcast_saschapallenberg_2020_05_20.png 217w, https:\/\/www.scheer-imc.com\/de\/wp-content\/uploads\/sites\/8\/2020\/05\/imc_image_podcast_saschapallenberg_2020_05_20-150x150.png 150w\" sizes=\"(max-width: 217px) 100vw, 217px\" \/><\/div>\n\t\t\t\t<div class=\"accordion__copy\"><h4>Interviewgast: Sascha Pallenberg, Daimler | L\u00e4nge: 38:55 min.<\/h4>\n<p>Sascha Pallenberg ist einer der bekanntesten Tech-Blogger Deutschlands und seit 2017 Head of Digital Transformation bei Daimler. Er verr\u00e4t den \"E-Learning Inc.\"-H\u00f6rern in dieser Podcast-Folge, wie Daimler die digitale Transformation meistert. Mit Host Vanessa spricht er daf\u00fcr unter anderem \u00fcber aktuelle technologische Trends und warum Aufkl\u00e4rung, Information und Inspiration so bedeutsam f\u00fcr die Mitarbeiterkommunikation bei Daimler sind.<\/p>\n<\/div>\n\t\t\t\t<div class=\"accordion__cta\">\n\t\t\t\t\t\t\t\t\t\t\t\t\t\t\t\t\t\t\t<a class=\"button button--red button--normal button--solid\" target=\"_self\" title=\"Jetzt reinh\u00f6ren\" href=\"https:\/\/www.scheer-imc.com\/de\/mediencenter\/podcast\/e-learning-inc-podcast-15-digitale-transformation-bei-daimler\/\">\n\t\t\t\t<span class=\"bold\">Jetzt reinh\u00f6ren<\/span>\n\t\t\t<\/a>\n\t\t\t\t\t\t\t<\/div>\n\t\t\t<\/div>\n\t\t<\/div>\n\t\t\t<div class=\"accordion__item shadow\">\n\t\t\t<div class=\"accordion__header h4\"><div class=\"plus\"><\/div>#14: E-Learning Brunch<\/div>\n\t\t\t<div class=\"accordion__content\">\n\t\t\t\t<div class=\"accordion__image\"><img decoding=\"async\" width=\"200\" height=\"200\" src=\"https:\/\/www.scheer-imc.com\/de\/wp-content\/uploads\/sites\/8\/2020\/05\/imc_image_podcast_kennethlittlepage_2020_05_08.jpg\" class=\"attachment-full size-full\" alt=\"e-learning podcast guest Kenneth Littlepage\" srcset=\"https:\/\/www.scheer-imc.com\/de\/wp-content\/uploads\/sites\/8\/2020\/05\/imc_image_podcast_kennethlittlepage_2020_05_08.jpg 200w, https:\/\/www.scheer-imc.com\/de\/wp-content\/uploads\/sites\/8\/2020\/05\/imc_image_podcast_kennethlittlepage_2020_05_08-150x150.jpg 150w\" sizes=\"(max-width: 200px) 100vw, 200px\" \/><\/div>\n\t\t\t\t<div class=\"accordion__copy\"><h4>Interviewgast: Kenneth Littlepage, E-Learning Brunch | L\u00e4nge: 20:49 min.<\/h4>\n<p>Folge 14 der Podcast-Reihe \u201eE-Learning Inc.\u201c ist eine Sonderfolge. Ab sofort hat die imc n\u00e4mlich auch einen englischsprachigen Podcast. Dieser hei\u00dft \u201eE-Learning Brunch\u201c und wird von Projektmanager Kenny moderiert. Im Interview mit Vanessa stellt er sich vor und verr\u00e4t, was euch erwartet und was E-Learning f\u00fcr ihn mit einem Brunch zu tun hat. \u201eE-Learning Brunch\u201c gibt es im Moment exklusiv auf <a href=\"https:\/\/open.spotify.com\/show\/21DtvgOF0tyFbxLKBEeexU?si=nOR-dE8QRgaqY7vvAGg9ZA\">Spotify<\/a>.<\/p>\n<\/div>\n\t\t\t\t<div class=\"accordion__cta\">\n\t\t\t\t\t\t\t\t\t\t\t\t\t\t\t\t\t\t\t<a class=\"button button--red button--normal button--solid\" target=\"_blank\" title=\"Jetzt reinh\u00f6ren\" href=\"https:\/\/open.spotify.com\/episode\/545rtFr6hMsab336z1P49B\">\n\t\t\t\t<span class=\"bold\">Jetzt reinh\u00f6ren<\/span>\n\t\t\t<\/a>\n\t\t\t\t\t\t\t<\/div>\n\t\t\t<\/div>\n\t\t<\/div>\n\t\t\t<div class=\"accordion__item shadow\">\n\t\t\t<div class=\"accordion__header h4\"><div class=\"plus\"><\/div>#13: Personal Branding<\/div>\n\t\t\t<div class=\"accordion__content\">\n\t\t\t\t<div class=\"accordion__image\"><img decoding=\"async\" width=\"217\" height=\"217\" src=\"https:\/\/www.scheer-imc.com\/de\/wp-content\/uploads\/sites\/8\/2020\/04\/imc_image_podcast_verenabender_2020_04_28.png\" class=\"attachment-full size-full\" alt=\"Photo of Verena Bender\" srcset=\"https:\/\/www.scheer-imc.com\/de\/wp-content\/uploads\/sites\/8\/2020\/04\/imc_image_podcast_verenabender_2020_04_28.png 217w, https:\/\/www.scheer-imc.com\/de\/wp-content\/uploads\/sites\/8\/2020\/04\/imc_image_podcast_verenabender_2020_04_28-150x150.png 150w\" sizes=\"(max-width: 217px) 100vw, 217px\" \/><\/div>\n\t\t\t\t<div class=\"accordion__copy\"><h4 style=\"text-align: left\">Interviewgast: Verena Bender, Be your brand | L\u00e4nge: 28:35 min.<\/h4>\n<p style=\"text-align: left\">Personal Branding Coach Verena Bender hilft Menschen, ihre Leidenschaft auszuleben und damit in die Sichtbarkeit zu gelangen. In der aktuellen Folge \u201eE-Learning Inc.\u201c verr\u00e4t sie, warum die Digitalisierung eine gro\u00dfe Chance f\u00fcr das Thema Personal Branding ist und wie man sich ein wertvolles digitales Netzwerk aufbaut. Sie erl\u00e4utert, warum Reichweite und Personenmarke nicht unbedingt zusammenh\u00e4ngen und teilt ihre Top 3 Personal Branding Tipps f\u00fcr die digitale Welt. Nat\u00fcrlich geht es in dem Interview auch um Weiterbildung. Die angesprochenen Buchtipps zum Thema Personal Branding findet ihr\u00a0<a href=\"https:\/\/prleben.de\/2020\/02\/18\/8-buecher-zum-thema-personal-branding\/\">hier<\/a>.<\/p>\n<h4 style=\"text-align: left\"><\/h4>\n<\/div>\n\t\t\t\t<div class=\"accordion__cta\">\n\t\t\t\t\t\t\t\t\t\t\t\t\t\t\t\t\t\t\t<a class=\"button button--red button--normal button--solid\" target=\"_self\" title=\"Jetzt reinh\u00f6ren\" href=\"https:\/\/www.scheer-imc.com\/de\/mediencenter\/podcast\/podcast-13-personal-branding\/\">\n\t\t\t\t<span class=\"bold\">Jetzt reinh\u00f6ren<\/span>\n\t\t\t<\/a>\n\t\t\t\t\t\t\t<\/div>\n\t\t\t<\/div>\n\t\t<\/div>\n\t\t\t<div class=\"accordion__item shadow\">\n\t\t\t<div class=\"accordion__header h4\"><div class=\"plus\"><\/div>#12: Social Learning<\/div>\n\t\t\t<div class=\"accordion__content\">\n\t\t\t\t<div class=\"accordion__image\"><img decoding=\"async\" width=\"217\" height=\"217\" src=\"https:\/\/www.scheer-imc.com\/de\/wp-content\/uploads\/sites\/8\/2020\/04\/imc_image_podcast_oliverlorenz_2020_04_28.png\" class=\"attachment-full size-full\" alt=\"Photo of Oliver Lorenz\" srcset=\"https:\/\/www.scheer-imc.com\/de\/wp-content\/uploads\/sites\/8\/2020\/04\/imc_image_podcast_oliverlorenz_2020_04_28.png 217w, https:\/\/www.scheer-imc.com\/de\/wp-content\/uploads\/sites\/8\/2020\/04\/imc_image_podcast_oliverlorenz_2020_04_28-150x150.png 150w\" sizes=\"(max-width: 217px) 100vw, 217px\" \/><\/div>\n\t\t\t\t<div class=\"accordion__copy\"><div id=\"panel-5740-10-2-0\" class=\"so-panel widget widget_zrm-editor panel-first-child\" data-index=\"16\">\n<div class=\"so-widget-zrm-editor so-widget-zrm-editor-default-d75171398898\">\n<div class=\"widget widget--editor widget--show xs\">\n<h4 class=\"headline h5\">Interviewgast: Oliver Lorenz, E&amp;Y | L\u00e4nge: 32:42 min.<\/h4>\n<p>&nbsp;<\/p>\n<p>In Zeiten von Corona, Homeoffice und Remote Work ist das Lernen im Austausch, unterst\u00fctzt durch soziale Medien aktueller denn je. Oliver Lorenz, Senior Strategist Digital Learning bei EY erkl\u00e4rt, wie Social Learning funktioniert, wie Unternehmen es f\u00f6rdern k\u00f6nnen und welche Tools sie daf\u00fcr ben\u00f6tigen. Allen, die momentan zum schnellen Handeln gezwungen sind, liefert er zudem n\u00fctzliche Quick Tipps f\u00fcr Social Learning und Social Collaboration.<\/p>\n<\/div>\n<\/div>\n<\/div>\n<\/div>\n\t\t\t\t<div class=\"accordion__cta\">\n\t\t\t\t\t\t\t\t\t\t\t\t\t\t\t\t\t\t\t<a class=\"button button--red button--normal button--solid\" target=\"_self\" title=\"Jetzt reinh\u00f6ren\" href=\"https:\/\/www.scheer-imc.com\/de\/mediencenter\/podcast\/e-learning-inc-podcast-12-social-learning\/\">\n\t\t\t\t<span class=\"bold\">Jetzt reinh\u00f6ren<\/span>\n\t\t\t<\/a>\n\t\t\t\t\t\t\t<\/div>\n\t\t\t<\/div>\n\t\t<\/div>\n\t\t\t<div class=\"accordion__item shadow\">\n\t\t\t<div class=\"accordion__header h4\"><div class=\"plus\"><\/div>#11: Informationsaufnahme in der digitalen Welt<\/div>\n\t\t\t<div class=\"accordion__content\">\n\t\t\t\t<div class=\"accordion__image\"><img decoding=\"async\" width=\"217\" height=\"217\" src=\"https:\/\/www.scheer-imc.com\/de\/wp-content\/uploads\/sites\/8\/2020\/04\/imc_image_podcast_dwaynewinnikes_2020_04_28.jpg\" class=\"attachment-full size-full\" alt=\"Photo of Dwayne Winnikes\" srcset=\"https:\/\/www.scheer-imc.com\/de\/wp-content\/uploads\/sites\/8\/2020\/04\/imc_image_podcast_dwaynewinnikes_2020_04_28.jpg 217w, https:\/\/www.scheer-imc.com\/de\/wp-content\/uploads\/sites\/8\/2020\/04\/imc_image_podcast_dwaynewinnikes_2020_04_28-150x150.jpg 150w\" sizes=\"(max-width: 217px) 100vw, 217px\" \/><\/div>\n\t\t\t\t<div class=\"accordion__copy\"><div id=\"panel-5740-13-2-0\" class=\"so-panel widget widget_zrm-editor panel-first-child\" data-index=\"20\">\n<div class=\"so-widget-zrm-editor so-widget-zrm-editor-default-d75171398898\">\n<div class=\"widget widget--editor widget--show xs\">\n<h4 class=\"headline h5\">Interviewgast: Dwayne Winnikes, LnD Pro Blog | L\u00e4nge: 23:22 min.<\/h4>\n<p>&nbsp;<\/p>\n<p>In dieser Podcast-Folge geht es darum, wie Informationen heutzutage aufbereitet werden sollten, um (von Lernern) wahrgenommen und verarbeitet zu werden. Daf\u00fcr hat Host Vanessa mit Dwayne Winnikes vom LnD Pro Blog gesprochen. Sie hat ihn auf der LEARNTEC 2020 in Karlsruhe getroffen, wo sie den Podcast gemeinsam aufgezeichnet haben.<\/p>\n<\/div>\n<\/div>\n<\/div>\n<\/div>\n\t\t\t\t<div class=\"accordion__cta\">\n\t\t\t\t\t\t\t\t\t\t\t\t\t\t\t\t\t\t\t<a class=\"button button--red button--normal button--solid\" target=\"_self\" title=\"Jetzt reinh\u00f6ren\" href=\"https:\/\/www.scheer-imc.com\/de\/mediencenter\/podcast\/e-learning-inc-podcast-11-informationsaufnahme-in-der-digitalen-welt\/\">\n\t\t\t\t<span class=\"bold\">Jetzt reinh\u00f6ren<\/span>\n\t\t\t<\/a>\n\t\t\t\t\t\t\t<\/div>\n\t\t\t<\/div>\n\t\t<\/div>\n\t\t\t<div class=\"accordion__item shadow\">\n\t\t\t<div class=\"accordion__header h4\"><div class=\"plus\"><\/div>#10: Hintergr\u00fcnde zum neuen imc Markenauftritt<\/div>\n\t\t\t<div class=\"accordion__content\">\n\t\t\t\t<div class=\"accordion__image\"><img decoding=\"async\" width=\"217\" height=\"217\" src=\"https:\/\/www.scheer-imc.com\/de\/wp-content\/uploads\/sites\/8\/2020\/04\/imc_image_podcast_steffenkiefer_2020_04_28.jpg\" class=\"attachment-full size-full\" alt=\"Photo of Kerstin Steffen and Simone Kiefer\" srcset=\"https:\/\/www.scheer-imc.com\/de\/wp-content\/uploads\/sites\/8\/2020\/04\/imc_image_podcast_steffenkiefer_2020_04_28.jpg 217w, https:\/\/www.scheer-imc.com\/de\/wp-content\/uploads\/sites\/8\/2020\/04\/imc_image_podcast_steffenkiefer_2020_04_28-150x150.jpg 150w\" sizes=\"(max-width: 217px) 100vw, 217px\" \/><\/div>\n\t\t\t\t<div class=\"accordion__copy\"><div id=\"panel-5740-17-2-0\" class=\"so-panel widget widget_zrm-editor panel-first-child\" data-index=\"27\">\n<div class=\"so-widget-zrm-editor so-widget-zrm-editor-default-d75171398898\">\n<div class=\"widget widget--editor widget--show xs\">\n<h4 class=\"headline h5\">Interviewgast: Simone Kiefer, zeit:raum &amp; Kerstin Steffen, imc | L\u00e4nge: 25:24 min.<\/h4>\n<p>&nbsp;<\/p>\n<p>Gastgeberin Vanessa hat in dieser Podcast-Folge die Hauptverantwortlichen f\u00fcr den neuen imc Markenauftritt zu Gast. Simone Kiefer ist Lead Digital Consultant bei der zeit:raum Gruppe. Kerstin Steffen ist Head of Global Marketing and Communication bei imc. Diskutiert werden Erfolgsgaranten f\u00fcr einen Markenrelaunch ebenso wie die Relaunch-begleitende interne und externe Kommunikation.<\/p>\n<\/div>\n<\/div>\n<\/div>\n<\/div>\n\t\t\t\t<div class=\"accordion__cta\">\n\t\t\t\t\t\t\t\t\t\t\t\t\t\t\t\t\t\t\t<a class=\"button button--red button--normal button--solid\" target=\"_self\" title=\"Jetzt reinh\u00f6ren\" href=\"https:\/\/www.scheer-imc.com\/de\/mediencenter\/podcast\/e-learning-inc-podcast-10-rebranding-digital-facelift\/\">\n\t\t\t\t<span class=\"bold\">Jetzt reinh\u00f6ren<\/span>\n\t\t\t<\/a>\n\t\t\t\t\t\t\t<\/div>\n\t\t\t<\/div>\n\t\t<\/div>\n\t\t\t<div class=\"accordion__item shadow\">\n\t\t\t<div class=\"accordion__header h4\"><div class=\"plus\"><\/div>#9: Weiterbildung in der Arbeitswelt der Zukunft<\/div>\n\t\t\t<div class=\"accordion__content\">\n\t\t\t\t<div class=\"accordion__image\"><img decoding=\"async\" width=\"217\" height=\"217\" src=\"https:\/\/www.scheer-imc.com\/de\/wp-content\/uploads\/sites\/8\/2020\/04\/imc_image_podcast_ammaralkassar_2020_04_28.jpg\" class=\"attachment-full size-full\" alt=\"Photo of Ammar Alkassar\" srcset=\"https:\/\/www.scheer-imc.com\/de\/wp-content\/uploads\/sites\/8\/2020\/04\/imc_image_podcast_ammaralkassar_2020_04_28.jpg 217w, https:\/\/www.scheer-imc.com\/de\/wp-content\/uploads\/sites\/8\/2020\/04\/imc_image_podcast_ammaralkassar_2020_04_28-150x150.jpg 150w\" sizes=\"(max-width: 217px) 100vw, 217px\" \/><\/div>\n\t\t\t\t<div class=\"accordion__copy\"><div id=\"panel-5740-20-2-0\" class=\"so-panel widget widget_zrm-editor panel-first-child\" data-index=\"33\">\n<div class=\"so-widget-zrm-editor so-widget-zrm-editor-default-d75171398898\">\n<div class=\"widget widget--editor widget--show xs\">\n<h4 class=\"headline h5\">Interviewgast: Ammar Alkassar, saarl\u00e4ndischer Beauftragte f\u00fcr Innovation und Strategie | L\u00e4nge: 23:11 min.<\/h4>\n<p>&nbsp;<\/p>\n<p>In der letzten Podcast-Folge f\u00fcr 2019 teilt der Politiker, erfolgreiche Start-Up-Gr\u00fcnder und Innovationsexperte Ammar Alkassar mit den H\u00f6rern seine Sicht auf die Arbeitswelt der Zukunft. Er spricht dar\u00fcber, wie ein moderner Arbeitsplatz f\u00fcr ihn aussieht, wie moderne Weiterbildung funktioniert und welche Kompetenzen in der Zukunft eine besonders gro\u00dfe Rolle spielen.<\/p>\n<\/div>\n<\/div>\n<\/div>\n<\/div>\n\t\t\t\t<div class=\"accordion__cta\">\n\t\t\t\t\t\t\t\t\t\t\t\t\t\t\t\t\t\t\t<a class=\"button button--red button--normal button--solid\" target=\"_self\" title=\"Jetzt reinh\u00f6ren\" href=\"https:\/\/www.scheer-imc.com\/de\/mediencenter\/podcast\/e-learning-podcast-zum-thema-modern-workplace\/\">\n\t\t\t\t<span class=\"bold\">Jetzt reinh\u00f6ren<\/span>\n\t\t\t<\/a>\n\t\t\t\t\t\t\t<\/div>\n\t\t\t<\/div>\n\t\t<\/div>\n\t\t\t<div class=\"accordion__item shadow\">\n\t\t\t<div class=\"accordion__header h4\"><div class=\"plus\"><\/div> #8: E-Learning Trends 2020<\/div>\n\t\t\t<div class=\"accordion__content\">\n\t\t\t\t<div class=\"accordion__image\"><img decoding=\"async\" width=\"217\" height=\"217\" src=\"https:\/\/www.scheer-imc.com\/de\/wp-content\/uploads\/sites\/8\/2020\/04\/imc_image_podcast_svenbender_2020_04_28.jpg\" class=\"attachment-full size-full\" alt=\"Photo of Sven Becker\" srcset=\"https:\/\/www.scheer-imc.com\/de\/wp-content\/uploads\/sites\/8\/2020\/04\/imc_image_podcast_svenbender_2020_04_28.jpg 217w, https:\/\/www.scheer-imc.com\/de\/wp-content\/uploads\/sites\/8\/2020\/04\/imc_image_podcast_svenbender_2020_04_28-150x150.jpg 150w\" sizes=\"(max-width: 217px) 100vw, 217px\" \/><\/div>\n\t\t\t\t<div class=\"accordion__copy\"><h4>Interviewgast: Sven R. Becker, imc | L\u00e4nge: 20:21 min.<\/h4>\n<p>KI, Microlearning und Gamification \u2013 im Adventsspecial spricht Podcast-Host Vanessa mit Sven R. Becker \u00fcber die Weiterbildungstrends der Zukunft und das, was heute schon m\u00f6glich ist. Sven hat mehr als 10 Jahre praktische Erfahrung im Bereich digitaler Aus- und Weiterbildung und ist seit Januar im Vorstand der imc.<\/p>\n<\/div>\n\t\t\t\t<div class=\"accordion__cta\">\n\t\t\t\t\t\t\t\t\t\t\t\t\t\t\t\t\t\t\t<a class=\"button button--red button--normal button--solid\" target=\"_self\" title=\"Jetzt reinh\u00f6ren\" href=\"https:\/\/www.scheer-imc.com\/de\/mediencenter\/podcast\/e-learning-inc-podcast-8-e-learning-trends-2020\/\">\n\t\t\t\t<span class=\"bold\">Jetzt reinh\u00f6ren<\/span>\n\t\t\t<\/a>\n\t\t\t\t\t\t\t<\/div>\n\t\t\t<\/div>\n\t\t<\/div>\n\t\t\t<div class=\"accordion__item shadow\">\n\t\t\t<div class=\"accordion__header h4\"><div class=\"plus\"><\/div>#7: Wir wollen lernen<\/div>\n\t\t\t<div class=\"accordion__content\">\n\t\t\t\t<div class=\"accordion__image\"><img decoding=\"async\" width=\"200\" height=\"200\" src=\"https:\/\/www.scheer-imc.com\/de\/wp-content\/uploads\/sites\/8\/2020\/04\/imc_image_podcast_janhossfeld_2020_04_28.jpg\" class=\"attachment-full size-full\" alt=\"Photo of Jan Ho\u00dffeld\" srcset=\"https:\/\/www.scheer-imc.com\/de\/wp-content\/uploads\/sites\/8\/2020\/04\/imc_image_podcast_janhossfeld_2020_04_28.jpg 200w, https:\/\/www.scheer-imc.com\/de\/wp-content\/uploads\/sites\/8\/2020\/04\/imc_image_podcast_janhossfeld_2020_04_28-150x150.jpg 150w\" sizes=\"(max-width: 200px) 100vw, 200px\" \/><\/div>\n\t\t\t\t<div class=\"accordion__copy\"><div id=\"panel-5740-26-2-0\" class=\"so-panel widget widget_zrm-editor panel-first-child\" data-index=\"45\">\n<div class=\"so-widget-zrm-editor so-widget-zrm-editor-default-d75171398898\">\n<div class=\"widget widget--editor widget--show xs\">\n<h4 class=\"headline h5\">Interviewgast: Jan Ho\u00dffeld, INFOsys Kommunal GmbH | L\u00e4nge: 19:29 min.<\/h4>\n<p>&nbsp;<\/p>\n<p>\"Culture eats strategy for breakfast\" - dieser vielzitierte Satz macht deutlich, welchen Einfluss die Kultur auf die Entwicklung und den Erfolg eines Unternehmens hat. Daher sucht Gastgeberin Vanessa in der aktuellen Podcast-Folge nach Tipps zur Etablierung einer Lernkultur. Zu Gast ist der Gesch\u00e4ftsf\u00fchrer, Podcaster und Blogger Jan Ho\u00dffeld.<\/p>\n<\/div>\n<\/div>\n<\/div>\n<\/div>\n\t\t\t\t<div class=\"accordion__cta\">\n\t\t\t\t\t\t\t\t\t\t\t\t\t\t\t\t\t\t\t<a class=\"button button--red button--normal button--solid\" target=\"_self\" title=\"Jetzt reinh\u00f6ren\" href=\"https:\/\/www.scheer-imc.com\/de\/mediencenter\/podcast\/e-learning-inc-podcast-7-lernkultur-wir-wollen-lernen\/\">\n\t\t\t\t<span class=\"bold\">Jetzt reinh\u00f6ren<\/span>\n\t\t\t<\/a>\n\t\t\t\t\t\t\t<\/div>\n\t\t\t<\/div>\n\t\t<\/div>\n\t\t\t<div class=\"accordion__item shadow\">\n\t\t\t<div class=\"accordion__header h4\"><div class=\"plus\"><\/div> #6: Selbstorganisiertes Lernen<\/div>\n\t\t\t<div class=\"accordion__content\">\n\t\t\t\t<div class=\"accordion__image\"><img decoding=\"async\" width=\"200\" height=\"200\" src=\"https:\/\/www.scheer-imc.com\/de\/wp-content\/uploads\/sites\/8\/2020\/04\/imc_image_podcast_benjaminjaksch_2020_04_28.jpg\" class=\"attachment-full size-full\" alt=\"Photo of Benjamin Jaksch\" srcset=\"https:\/\/www.scheer-imc.com\/de\/wp-content\/uploads\/sites\/8\/2020\/04\/imc_image_podcast_benjaminjaksch_2020_04_28.jpg 200w, https:\/\/www.scheer-imc.com\/de\/wp-content\/uploads\/sites\/8\/2020\/04\/imc_image_podcast_benjaminjaksch_2020_04_28-150x150.jpg 150w\" sizes=\"(max-width: 200px) 100vw, 200px\" \/><\/div>\n\t\t\t\t<div class=\"accordion__copy\"><h4>Interviewgast: Benjamin Jaksch, systemischer Coach | L\u00e4nge: 26:47 min.<\/h4>\n<p>Die agile, moderne Arbeitswelt verlangt nach selbstorganisiertem Lernen. Gastgeberin Vanessa spricht daher in dieser Podcast-Folge mit dem Trainer &amp; Speaker Benjamin Jaksch dar\u00fcber, wie wir uns selbst motivieren k\u00f6nnen und wie es uns gelingt, unseren Lernprozess effizient und nachhaltig zu gestalten.<\/p>\n<\/div>\n\t\t\t\t<div class=\"accordion__cta\">\n\t\t\t\t\t\t\t\t\t\t\t\t\t\t\t\t\t\t\t<a class=\"button button--red button--normal button--solid\" target=\"_self\" title=\"Jetzt reinh\u00f6ren\" href=\"https:\/\/www.scheer-imc.com\/de\/mediencenter\/podcast\/e-learning-inc-podcast-6-selbstorganisiertes-lernen\/\">\n\t\t\t\t<span class=\"bold\">Jetzt reinh\u00f6ren<\/span>\n\t\t\t<\/a>\n\t\t\t\t\t\t\t<\/div>\n\t\t\t<\/div>\n\t\t<\/div>\n\t\t\t<div class=\"accordion__item shadow\">\n\t\t\t<div class=\"accordion__header h4\"><div class=\"plus\"><\/div>#5: Phantasie, Kreativit\u00e4t &amp; Innovationen<\/div>\n\t\t\t<div class=\"accordion__content\">\n\t\t\t\t<div class=\"accordion__image\"><img decoding=\"async\" width=\"200\" height=\"200\" src=\"https:\/\/www.scheer-imc.com\/de\/wp-content\/uploads\/sites\/8\/2020\/04\/imc_image_podcast_sebastianblinn_2020_04_28.png\" class=\"attachment-full size-full\" alt=\"Photo of Sebastian Blinn\" srcset=\"https:\/\/www.scheer-imc.com\/de\/wp-content\/uploads\/sites\/8\/2020\/04\/imc_image_podcast_sebastianblinn_2020_04_28.png 200w, https:\/\/www.scheer-imc.com\/de\/wp-content\/uploads\/sites\/8\/2020\/04\/imc_image_podcast_sebastianblinn_2020_04_28-150x150.png 150w\" sizes=\"(max-width: 200px) 100vw, 200px\" \/><\/div>\n\t\t\t\t<div class=\"accordion__copy\"><div id=\"panel-5740-32-2-0\" class=\"so-panel widget widget_zrm-editor panel-first-child\" data-index=\"57\">\n<div class=\"so-widget-zrm-editor so-widget-zrm-editor-default-d75171398898\">\n<div class=\"widget widget--editor widget--show xs\">\n<h4 class=\"headline h5\">Interviewgast: Sebastian Blinn, Smart Unicorn | L\u00e4nge: 28:50 min.<\/h4>\n<p>&nbsp;<\/p>\n<p>Ist Kreativit\u00e4t etwas, das jeder lernen kann? Gastgeberin Vanessa spricht mit dem selbstst\u00e4ndigen Design Thinking Coach Sebastian Blinn \u00fcber kreative Methoden zur L\u00f6sung komplexer Probleme. Methoden wie das Superhelden-Brainstorming werden erl\u00e4utert und die Rolle von Weiterbildung f\u00fcr die Entstehung phantasievoller Ideen diskutiert.<\/p>\n<\/div>\n<\/div>\n<\/div>\n<\/div>\n\t\t\t\t<div class=\"accordion__cta\">\n\t\t\t\t\t\t\t\t\t\t\t\t\t\t\t\t\t\t\t<a class=\"button button--red button--normal button--solid\" target=\"_self\" title=\"Jetzt reinh\u00f6ren\" href=\"https:\/\/www.scheer-imc.com\/de\/mediencenter\/podcast\/e-learning-inc-podcast-5-design-thinking\/\">\n\t\t\t\t<span class=\"bold\">Jetzt reinh\u00f6ren<\/span>\n\t\t\t<\/a>\n\t\t\t\t\t\t\t<\/div>\n\t\t\t<\/div>\n\t\t<\/div>\n\t\t\t<div class=\"accordion__item shadow\">\n\t\t\t<div class=\"accordion__header h4\"><div class=\"plus\"><\/div>#4: Virtuelle Teamarbeit<\/div>\n\t\t\t<div class=\"accordion__content\">\n\t\t\t\t<div class=\"accordion__image\"><img decoding=\"async\" width=\"217\" height=\"217\" src=\"https:\/\/www.scheer-imc.com\/de\/wp-content\/uploads\/sites\/8\/2020\/04\/imc_image_podcast_maltebeinhauer_2020_04_28.jpg\" class=\"attachment-full size-full\" alt=\"Photo of Dr. Malte Beinhauer\" srcset=\"https:\/\/www.scheer-imc.com\/de\/wp-content\/uploads\/sites\/8\/2020\/04\/imc_image_podcast_maltebeinhauer_2020_04_28.jpg 217w, https:\/\/www.scheer-imc.com\/de\/wp-content\/uploads\/sites\/8\/2020\/04\/imc_image_podcast_maltebeinhauer_2020_04_28-150x150.jpg 150w\" sizes=\"(max-width: 217px) 100vw, 217px\" \/><\/div>\n\t\t\t\t<div class=\"accordion__copy\"><h4>Interviewgast: Prof. Dr. Malte Beinhauer, htw Saarbr\u00fccken | L\u00e4nge: 19:41 min.<\/h4>\n<p>&nbsp;<\/p>\n<p>Prof. Dr. Malte Beinhauer ist Professor f\u00fcr Organisation und Unternehmensf\u00fchrung an der htw in Saarbr\u00fccken und hat bereits viel zum Thema Virtual Communities geforscht. Er spricht mit Vanessa dar\u00fcber, wie es in global t\u00e4tigen Unternehmen gelingt, aus einer r\u00e4umlich verstreuten Mannschaft ein virtuelles Team zu formen, das langfristig produktiv zusammenarbeitet.<\/p>\n<\/div>\n\t\t\t\t<div class=\"accordion__cta\">\n\t\t\t\t\t\t\t\t\t\t\t\t\t\t\t\t\t\t\t<a class=\"button button--red button--normal button--solid\" target=\"_self\" title=\"Jetzt reinh\u00f6ren\" href=\"https:\/\/www.scheer-imc.com\/de\/mediencenter\/podcast\/e-learning-inc-podcast-4-virtuelle-teamarbeit\/\">\n\t\t\t\t<span class=\"bold\">Jetzt reinh\u00f6ren<\/span>\n\t\t\t<\/a>\n\t\t\t\t\t\t\t<\/div>\n\t\t\t<\/div>\n\t\t<\/div>\n\t\t\t<div class=\"accordion__item shadow\">\n\t\t\t<div class=\"accordion__header h4\"><div class=\"plus\"><\/div>#3: Digitalisierung braucht Diversity<\/div>\n\t\t\t<div class=\"accordion__content\">\n\t\t\t\t<div class=\"accordion__image\"><img decoding=\"async\" width=\"217\" height=\"217\" src=\"https:\/\/www.scheer-imc.com\/de\/wp-content\/uploads\/sites\/8\/2020\/04\/imc_image_podcast_elkezastrau_2020_04_28.jpg\" class=\"attachment-full size-full\" alt=\"Photo of Elke Zastrau\" srcset=\"https:\/\/www.scheer-imc.com\/de\/wp-content\/uploads\/sites\/8\/2020\/04\/imc_image_podcast_elkezastrau_2020_04_28.jpg 217w, https:\/\/www.scheer-imc.com\/de\/wp-content\/uploads\/sites\/8\/2020\/04\/imc_image_podcast_elkezastrau_2020_04_28-150x150.jpg 150w\" sizes=\"(max-width: 217px) 100vw, 217px\" \/><\/div>\n\t\t\t\t<div class=\"accordion__copy\"><div id=\"panel-5740-38-2-0\" class=\"so-panel widget widget_zrm-editor panel-first-child\" data-index=\"69\">\n<div class=\"so-widget-zrm-editor so-widget-zrm-editor-default-d75171398898\">\n<div class=\"widget widget--editor widget--show xs\">\n<h4 class=\"headline h5\">Interviewgast: Elke Zastrau, imc | L\u00e4nge: 23:40 min.<\/h4>\n<p>&nbsp;<\/p>\n<p>Eine vielf\u00e4ltige Belegschaft kann in unserer schnelllebigen und digitalen Arbeitswelt ein entscheidender Erfolgsfaktor sein. Elke Zastrau ist seit 2010 Head of HR bei imc. P\u00fcnktlich zum deutschen Diversity Day Ende Mai spricht sie mit Vanessa \u00fcber Chancengleichheit, Vielfalt als Katalysator f\u00fcr Kreativit\u00e4t und Innovation und Kompetenzentwicklung in diversen Teams.<\/p>\n<\/div>\n<\/div>\n<\/div>\n<\/div>\n\t\t\t\t<div class=\"accordion__cta\">\n\t\t\t\t\t\t\t\t\t\t\t\t\t\t\t\t\t\t\t<a class=\"button button--red button--normal button--solid\" target=\"_self\" title=\"Jetzt reinh\u00f6ren\" href=\"https:\/\/www.scheer-imc.com\/de\/mediencenter\/podcast\/e-learning-inc-podcast-3-diversitaet-digitalisierung-braucht-diversity\/\">\n\t\t\t\t<span class=\"bold\">Jetzt reinh\u00f6ren<\/span>\n\t\t\t<\/a>\n\t\t\t\t\t\t\t<\/div>\n\t\t\t<\/div>\n\t\t<\/div>\n\t\t\t<div class=\"accordion__item shadow\">\n\t\t\t<div class=\"accordion__header h4\"><div class=\"plus\"><\/div>#2: Bitte (nicht) nachmachen<\/div>\n\t\t\t<div class=\"accordion__content\">\n\t\t\t\t<div class=\"accordion__image\"><img decoding=\"async\" width=\"217\" height=\"217\" src=\"https:\/\/www.scheer-imc.com\/de\/wp-content\/uploads\/sites\/8\/2020\/04\/imc_image_podcast_kaimadsack_2020_04_28.png\" class=\"attachment-full size-full\" alt=\"Photo of Kai Madsack\" srcset=\"https:\/\/www.scheer-imc.com\/de\/wp-content\/uploads\/sites\/8\/2020\/04\/imc_image_podcast_kaimadsack_2020_04_28.png 217w, https:\/\/www.scheer-imc.com\/de\/wp-content\/uploads\/sites\/8\/2020\/04\/imc_image_podcast_kaimadsack_2020_04_28-150x150.png 150w\" sizes=\"(max-width: 217px) 100vw, 217px\" \/><\/div>\n\t\t\t\t<div class=\"accordion__copy\"><div id=\"panel-5740-41-2-0\" class=\"so-panel widget widget_zrm-editor panel-first-child\" data-index=\"75\">\n<div class=\"so-widget-zrm-editor so-widget-zrm-editor-default-d75171398898\">\n<div class=\"widget widget--editor widget--show xs\">\n<h4 class=\"headline h5\">Interviewgast: Kai Madsack, imc | L\u00e4nge: 22:09 min.<\/h4>\n<p>&nbsp;<\/p>\n<p>Kai Madsack ist Key Account Manager bei imc. Zuvor war er viele Jahre im HR-Bereich t\u00e4tig \u2013 mit Schwerpunkt auf Personalentwicklung und E-Learning. Mit den Podcast-H\u00f6rern teilt er Fehlergeschichten aus E-Learning Projekten und verr\u00e4t, was man aus Fehlern lernen kann.<\/p>\n<\/div>\n<\/div>\n<\/div>\n<\/div>\n\t\t\t\t<div class=\"accordion__cta\">\n\t\t\t\t\t\t\t\t\t\t\t\t\t\t\t\t\t\t\t<a class=\"button button--red button--normal button--solid\" target=\"_self\" title=\"Jetzt reinh\u00f6ren\" href=\"https:\/\/www.scheer-imc.com\/de\/mediencenter\/podcast\/e-learning-inc-podcast-2-fehler-in-e-learning-projekten\/\">\n\t\t\t\t<span class=\"bold\">Jetzt reinh\u00f6ren<\/span>\n\t\t\t<\/a>\n\t\t\t\t\t\t\t<\/div>\n\t\t\t<\/div>\n\t\t<\/div>\n\t\t\t<div class=\"accordion__item shadow\">\n\t\t\t<div class=\"accordion__header h4\"><div class=\"plus\"><\/div>#1: Schule im KI-Zeitalter<\/div>\n\t\t\t<div class=\"accordion__content\">\n\t\t\t\t<div class=\"accordion__image\"><img decoding=\"async\" width=\"217\" height=\"217\" src=\"https:\/\/www.scheer-imc.com\/de\/wp-content\/uploads\/sites\/8\/2020\/04\/imc_image_podcast_kistenwessendorf_2020_04_28.jpg\" class=\"attachment-full size-full\" alt=\"Photo of Kisten Wessendorf\" srcset=\"https:\/\/www.scheer-imc.com\/de\/wp-content\/uploads\/sites\/8\/2020\/04\/imc_image_podcast_kistenwessendorf_2020_04_28.jpg 217w, https:\/\/www.scheer-imc.com\/de\/wp-content\/uploads\/sites\/8\/2020\/04\/imc_image_podcast_kistenwessendorf_2020_04_28-150x150.jpg 150w\" sizes=\"(max-width: 217px) 100vw, 217px\" \/><\/div>\n\t\t\t\t<div class=\"accordion__copy\"><h4>Interviewgast: Kirsten Wessendorf, imc | L\u00e4nge: 16:28 min.<\/h4>\n<p>Was hat k\u00fcnstliche Intelligenz in der Bildung verloren? Mit frischen Eindr\u00fccken von der bitkom Bildungskonferenz diskutiert Gastgeberin Vanessa mit der imc Expertin Kirsten Wessendorf \u00fcber den Digitalpakt, Smart Schools und Bildung der Zukunft.<\/p>\n<\/div>\n\t\t\t\t<div class=\"accordion__cta\">\n\t\t\t\t\t\t\t\t\t\t\t\t\t\t\t\t\t\t\t<a class=\"button button--red button--normal button--solid\" target=\"_self\" title=\"Jetzt reinh\u00f6ren\" href=\"https:\/\/www.scheer-imc.com\/de\/mediencenter\/podcast\/e-learning-inc-podcast-1-digitalisierung-schule-im-ki-zeitalter\/\">\n\t\t\t\t<span class=\"bold\">Jetzt reinh\u00f6ren<\/span>\n\t\t\t<\/a>\n\t\t\t\t\t\t\t<\/div>\n\t\t\t<\/div>\n\t\t<\/div>\n\t<\/div>\n<\/div><\/div><div\n\t\t\t\n\t\t\tclass=\"so-widget-zrm-podigee so-widget-zrm-podigee-default-d75171398898-5740\"\n\t\t\t\n\t\t>\n    <div class=\"widget widget--update widget--podigee_update widget--show\"\n         style=\"--margins-desktop:0px 0px 120px 0px;--margins-mobile:0px 0px 60px 0px;\">\n\n        <div class=\"podigee__iframe\">\n            \n                            <a class=\"podigee__linkfix\" href=\"https:\/\/www.scheer-imc.com\/de\/mediencenter\/podcast\/63-die-ki-generation-kommt-mit-welchen-skills-und-luecken-talente-ins-unternehmen-starten\/\"><\/a>\n            \n            <script class=\"podigee-podcast-player\" src=\"https:\/\/player.podigee-cdn.net\/podcast-player\/javascripts\/podigee-podcast-player.js\" data-configuration=\"https:\/\/e-learning-inc-podcast.podigee.io\/64-die-ki-generation-kommt\/embed?context=external\"><\/script>        <\/div>\n\n                                <div class=\"episodes\">\n                                    <div class=\"episodes__chunk\" data-show=\"true\">\n                                                    <div class=\"episodes__podcast\">\n                                <a class=\"podcast\" href=\"https:\/\/www.scheer-imc.com\/de\/mediencenter\/podcast\/62-beyond-genai-praxisnahes-ki-enablement-fuer-die-frontline-bei-dm\/\">\n                                    <div class=\"podcast__image\">\n                                        <img decoding=\"async\" src=\"https:\/\/www.scheer-imc.com\/de\/wp-content\/themes\/imc\/_assets\/img\/podcast_default_de.jpg\">\n                                    <\/div>\n                                    <div class=\"podcast__content\">\n                                        <div class=\"h3 podcast__title\">#62: Beyond GenAI: Praxisnahes KI-Enablement f\u00fcr die Frontline bei dm<\/div>\n                                        <div class=\"podcast__data\">\n                                            <strong>Published:<\/strong>\n                                            <span>23.02.2026<\/span>,\n                                            <strong>Duration:<\/strong>\n                                            <span>39<\/span>\n                                        <\/div>\n                                    <\/div>\n                                <\/a>\n                            <\/div>\n                                                    <div class=\"episodes__podcast\">\n                                <a class=\"podcast\" href=\"https:\/\/www.scheer-imc.com\/de\/mediencenter\/podcast\/61-einstieg-ins-berufsleben-so-onboardet-danone-die-gen-z\/\">\n                                    <div class=\"podcast__image\">\n                                        <img decoding=\"async\" src=\"https:\/\/www.scheer-imc.com\/de\/wp-content\/themes\/imc\/_assets\/img\/podcast_default_de.jpg\">\n                                    <\/div>\n                                    <div class=\"podcast__content\">\n                                        <div class=\"h3 podcast__title\">#61: Einstieg ins Berufsleben: So onboardet Danone die Gen Z<\/div>\n                                        <div class=\"podcast__data\">\n                                            <strong>Published:<\/strong>\n                                            <span>25.01.2026<\/span>,\n                                            <strong>Duration:<\/strong>\n                                            <span><\/span>\n                                        <\/div>\n                                    <\/div>\n                                <\/a>\n                            <\/div>\n                                                    <div class=\"episodes__podcast\">\n                                <a class=\"podcast\" href=\"https:\/\/www.scheer-imc.com\/de\/mediencenter\/podcast\/60-die-transformation-zur-skill-basierten-organisation-bei-ikea-deutschland\/\">\n                                    <div class=\"podcast__image\">\n                                        <img decoding=\"async\" src=\"https:\/\/www.scheer-imc.com\/de\/wp-content\/themes\/imc\/_assets\/img\/podcast_default_de.jpg\">\n                                    <\/div>\n                                    <div class=\"podcast__content\">\n                                        <div class=\"h3 podcast__title\">#60: Die Transformation zur skill-basierten Organisation bei Ikea Deutschland<\/div>\n                                        <div class=\"podcast__data\">\n                                            <strong>Published:<\/strong>\n                                            <span>23.11.2025<\/span>,\n                                            <strong>Duration:<\/strong>\n                                            <span>32<\/span>\n                                        <\/div>\n                                    <\/div>\n                                <\/a>\n                            <\/div>\n                                                    <div class=\"episodes__podcast\">\n                                <a class=\"podcast\" href=\"https:\/\/www.scheer-imc.com\/de\/mediencenter\/podcast\/59-ki-enablement-bei-der-rewe-group\/\">\n                                    <div class=\"podcast__image\">\n                                        <img decoding=\"async\" src=\"https:\/\/www.scheer-imc.com\/de\/wp-content\/themes\/imc\/_assets\/img\/podcast_default_de.jpg\">\n                                    <\/div>\n                                    <div class=\"podcast__content\">\n                                        <div class=\"h3 podcast__title\">#59: KI-Enablement bei der REWE Group<\/div>\n                                        <div class=\"podcast__data\">\n                                            <strong>Published:<\/strong>\n                                            <span>24.10.2025<\/span>,\n                                            <strong>Duration:<\/strong>\n                                            <span>31<\/span>\n                                        <\/div>\n                                    <\/div>\n                                <\/a>\n                            <\/div>\n                                                    <div class=\"episodes__podcast\">\n                                <a class=\"podcast\" href=\"https:\/\/www.scheer-imc.com\/de\/mediencenter\/podcast\/e-learning-podcast-healthy-leadership-bei-der-adecco-group\/\">\n                                    <div class=\"podcast__image\">\n                                        <img decoding=\"async\" src=\"https:\/\/www.scheer-imc.com\/de\/wp-content\/themes\/imc\/_assets\/img\/podcast_default_de.jpg\">\n                                    <\/div>\n                                    <div class=\"podcast__content\">\n                                        <div class=\"h3 podcast__title\">#58: F\u00fchrungskr\u00e4fteentwicklung & Healthy Leadership bei der Adecco Group<\/div>\n                                        <div class=\"podcast__data\">\n                                            <strong>Published:<\/strong>\n                                            <span>08.10.2025<\/span>,\n                                            <strong>Duration:<\/strong>\n                                            <span>33<\/span>\n                                        <\/div>\n                                    <\/div>\n                                <\/a>\n                            <\/div>\n                                            <\/div>\n                                    <div class=\"episodes__chunk\" data-show=\"false\">\n                                                    <div class=\"episodes__podcast\">\n                                <a class=\"podcast\" href=\"https:\/\/www.scheer-imc.com\/de\/mediencenter\/podcast\/57-lernen-erleben-wie-die-autostadt-zukunftskompetenzen-vermittelt\/\">\n                                    <div class=\"podcast__image\">\n                                        <img decoding=\"async\" src=\"https:\/\/www.scheer-imc.com\/de\/wp-content\/themes\/imc\/_assets\/img\/podcast_default_de.jpg\">\n                                    <\/div>\n                                    <div class=\"podcast__content\">\n                                        <div class=\"h3 podcast__title\">#57: Lernen erleben \u2013 wie die Autostadt Zukunftskompetenzen vermittelt<\/div>\n                                        <div class=\"podcast__data\">\n                                            <strong>Published:<\/strong>\n                                            <span>10.06.2025<\/span>,\n                                            <strong>Duration:<\/strong>\n                                            <span>44<\/span>\n                                        <\/div>\n                                    <\/div>\n                                <\/a>\n                            <\/div>\n                                                    <div class=\"episodes__podcast\">\n                                <a class=\"podcast\" href=\"https:\/\/www.scheer-imc.com\/de\/mediencenter\/podcast\/corporate-learning-bei-enbw\/\">\n                                    <div class=\"podcast__image\">\n                                        <img decoding=\"async\" src=\"https:\/\/www.scheer-imc.com\/de\/wp-content\/themes\/imc\/_assets\/img\/podcast_default_de.jpg\">\n                                    <\/div>\n                                    <div class=\"podcast__content\">\n                                        <div class=\"h3 podcast__title\">#56: Wie es bei EnBW gelingt, Mitarbeitende zu Architekt*innen ihrer eigenen Entwicklung zu machen<\/div>\n                                        <div class=\"podcast__data\">\n                                            <strong>Published:<\/strong>\n                                            <span>28.04.2025<\/span>,\n                                            <strong>Duration:<\/strong>\n                                            <span>30:56<\/span>\n                                        <\/div>\n                                    <\/div>\n                                <\/a>\n                            <\/div>\n                                                    <div class=\"episodes__podcast\">\n                                <a class=\"podcast\" href=\"https:\/\/www.scheer-imc.com\/de\/mediencenter\/podcast\/corporate-learning-bei-wuerth-elektronik-its-about-people\/\">\n                                    <div class=\"podcast__image\">\n                                        <img decoding=\"async\" src=\"https:\/\/www.scheer-imc.com\/de\/wp-content\/themes\/imc\/_assets\/img\/podcast_default_de.jpg\">\n                                    <\/div>\n                                    <div class=\"podcast__content\">\n                                        <div class=\"h3 podcast__title\">#55: \u201eIt\u2019s about People\u201c \u2013 warum bei W\u00fcrth Elektronik der Mensch im Mittelpunkt steht<\/div>\n                                        <div class=\"podcast__data\">\n                                            <strong>Published:<\/strong>\n                                            <span>24.03.2025<\/span>,\n                                            <strong>Duration:<\/strong>\n                                            <span>43:02<\/span>\n                                        <\/div>\n                                    <\/div>\n                                <\/a>\n                            <\/div>\n                                                    <div class=\"episodes__podcast\">\n                                <a class=\"podcast\" href=\"https:\/\/www.scheer-imc.com\/de\/mediencenter\/podcast\/54-agiles-learning-development-bei-der-hdi-group\/\">\n                                    <div class=\"podcast__image\">\n                                        <img decoding=\"async\" src=\"https:\/\/www.scheer-imc.com\/de\/wp-content\/themes\/imc\/_assets\/img\/podcast_default_de.jpg\">\n                                    <\/div>\n                                    <div class=\"podcast__content\">\n                                        <div class=\"h3 podcast__title\">#54: Agiles Learning & Development bei der HDI Group<\/div>\n                                        <div class=\"podcast__data\">\n                                            <strong>Published:<\/strong>\n                                            <span>24.02.2025<\/span>,\n                                            <strong>Duration:<\/strong>\n                                            <span>42:12<\/span>\n                                        <\/div>\n                                    <\/div>\n                                <\/a>\n                            <\/div>\n                                                    <div class=\"episodes__podcast\">\n                                <a class=\"podcast\" href=\"https:\/\/www.scheer-imc.com\/de\/mediencenter\/podcast\/53-deloittes-best-practices-fuer-leadership-development\/\">\n                                    <div class=\"podcast__image\">\n                                        <img decoding=\"async\" src=\"https:\/\/www.scheer-imc.com\/de\/wp-content\/themes\/imc\/_assets\/img\/podcast_default_de.jpg\">\n                                    <\/div>\n                                    <div class=\"podcast__content\">\n                                        <div class=\"h3 podcast__title\">#53: Deloittes Best Practices f\u00fcr Leadership Development<\/div>\n                                        <div class=\"podcast__data\">\n                                            <strong>Published:<\/strong>\n                                            <span>24.01.2025<\/span>,\n                                            <strong>Duration:<\/strong>\n                                            <span>42:12<\/span>\n                                        <\/div>\n                                    <\/div>\n                                <\/a>\n                            <\/div>\n                                            <\/div>\n                                    <div class=\"episodes__chunk\" data-show=\"false\">\n                                                    <div class=\"episodes__podcast\">\n                                <a class=\"podcast\" href=\"https:\/\/www.scheer-imc.com\/de\/mediencenter\/podcast\/52-insights-von-der-brigitte-academy\/\">\n                                    <div class=\"podcast__image\">\n                                        <img decoding=\"async\" src=\"https:\/\/www.scheer-imc.com\/de\/wp-content\/themes\/imc\/_assets\/img\/podcast_default_de.jpg\">\n                                    <\/div>\n                                    <div class=\"podcast__content\">\n                                        <div class=\"h3 podcast__title\">#52: Insights von der Brigitte Academy<\/div>\n                                        <div class=\"podcast__data\">\n                                            <strong>Published:<\/strong>\n                                            <span>28.11.2024<\/span>,\n                                            <strong>Duration:<\/strong>\n                                            <span><\/span>\n                                        <\/div>\n                                    <\/div>\n                                <\/a>\n                            <\/div>\n                                                    <div class=\"episodes__podcast\">\n                                <a class=\"podcast\" href=\"https:\/\/www.scheer-imc.com\/de\/mediencenter\/podcast\/51-corporate-learning-bei-ibm\/\">\n                                    <div class=\"podcast__image\">\n                                        <img decoding=\"async\" src=\"https:\/\/www.scheer-imc.com\/de\/wp-content\/themes\/imc\/_assets\/img\/podcast_default_de.jpg\">\n                                    <\/div>\n                                    <div class=\"podcast__content\">\n                                        <div class=\"h3 podcast__title\">#51: Corporate Learning bei IBM<\/div>\n                                        <div class=\"podcast__data\">\n                                            <strong>Published:<\/strong>\n                                            <span>25.10.2024<\/span>,\n                                            <strong>Duration:<\/strong>\n                                            <span>40:55<\/span>\n                                        <\/div>\n                                    <\/div>\n                                <\/a>\n                            <\/div>\n                                                    <div class=\"episodes__podcast\">\n                                <a class=\"podcast\" href=\"https:\/\/www.scheer-imc.com\/de\/mediencenter\/podcast\/corporate-learning-bei-der-oesterreichischen-bundesbahn\/\">\n                                    <div class=\"podcast__image\">\n                                        <img decoding=\"async\" src=\"https:\/\/www.scheer-imc.com\/de\/wp-content\/themes\/imc\/_assets\/img\/podcast_default_de.jpg\">\n                                    <\/div>\n                                    <div class=\"podcast__content\">\n                                        <div class=\"h3 podcast__title\">#50: Corporate Learning bei der \u00d6BB<\/div>\n                                        <div class=\"podcast__data\">\n                                            <strong>Published:<\/strong>\n                                            <span>26.09.2024<\/span>,\n                                            <strong>Duration:<\/strong>\n                                            <span>48:17<\/span>\n                                        <\/div>\n                                    <\/div>\n                                <\/a>\n                            <\/div>\n                                                    <div class=\"episodes__podcast\">\n                                <a class=\"podcast\" href=\"https:\/\/www.scheer-imc.com\/de\/mediencenter\/podcast\/podcast-mit-nachhaltigkeitstrainings-unternehmenserfolg-steigern\/\">\n                                    <div class=\"podcast__image\">\n                                        <img decoding=\"async\" src=\"https:\/\/www.scheer-imc.com\/de\/wp-content\/themes\/imc\/_assets\/img\/podcast_default_de.jpg\">\n                                    <\/div>\n                                    <div class=\"podcast__content\">\n                                        <div class=\"h3 podcast__title\">#49: Mit Nachhaltigkeitstrainings Unternehmenserfolg steigern<\/div>\n                                        <div class=\"podcast__data\">\n                                            <strong>Published:<\/strong>\n                                            <span>07.05.2024<\/span>,\n                                            <strong>Duration:<\/strong>\n                                            <span>31<\/span>\n                                        <\/div>\n                                    <\/div>\n                                <\/a>\n                            <\/div>\n                                                    <div class=\"episodes__podcast\">\n                                <a class=\"podcast\" href=\"https:\/\/www.scheer-imc.com\/de\/mediencenter\/podcast\/podcast-agile-leadership-training-bei-basf\/\">\n                                    <div class=\"podcast__image\">\n                                        <img decoding=\"async\" src=\"https:\/\/www.scheer-imc.com\/de\/wp-content\/themes\/imc\/_assets\/img\/podcast_default_de.jpg\">\n                                    <\/div>\n                                    <div class=\"podcast__content\">\n                                        <div class=\"h3 podcast__title\">#48: Agile Leadership Training bei BASF<\/div>\n                                        <div class=\"podcast__data\">\n                                            <strong>Published:<\/strong>\n                                            <span>25.03.2024<\/span>,\n                                            <strong>Duration:<\/strong>\n                                            <span>50<\/span>\n                                        <\/div>\n                                    <\/div>\n                                <\/a>\n                            <\/div>\n                                            <\/div>\n                                    <div class=\"episodes__chunk\" data-show=\"false\">\n                                                    <div class=\"episodes__podcast\">\n                                <a class=\"podcast\" href=\"https:\/\/www.scheer-imc.com\/de\/mediencenter\/podcast\/47-zukunftsweisende-trends-im-learning-development\/\">\n                                    <div class=\"podcast__image\">\n                                        <img decoding=\"async\" src=\"https:\/\/www.scheer-imc.com\/de\/wp-content\/themes\/imc\/_assets\/img\/podcast_default_de.jpg\">\n                                    <\/div>\n                                    <div class=\"podcast__content\">\n                                        <div class=\"h3 podcast__title\">#47: Zukunftsweisende Trends im Learning &amp; Development<\/div>\n                                        <div class=\"podcast__data\">\n                                            <strong>Published:<\/strong>\n                                            <span>05.03.2024<\/span>,\n                                            <strong>Duration:<\/strong>\n                                            <span>71<\/span>\n                                        <\/div>\n                                    <\/div>\n                                <\/a>\n                            <\/div>\n                                                    <div class=\"episodes__podcast\">\n                                <a class=\"podcast\" href=\"https:\/\/www.scheer-imc.com\/de\/mediencenter\/podcast\/46-kulturelle-fusion\/\">\n                                    <div class=\"podcast__image\">\n                                        <img decoding=\"async\" src=\"https:\/\/www.scheer-imc.com\/de\/wp-content\/themes\/imc\/_assets\/img\/podcast_default_de.jpg\">\n                                    <\/div>\n                                    <div class=\"podcast__content\">\n                                        <div class=\"h3 podcast__title\">#46: Kulturelle Fusion \u2013 Learning and Development nach einem Unternehmenszusammenschluss<\/div>\n                                        <div class=\"podcast__data\">\n                                            <strong>Published:<\/strong>\n                                            <span>19.01.2024<\/span>,\n                                            <strong>Duration:<\/strong>\n                                            <span>47<\/span>\n                                        <\/div>\n                                    <\/div>\n                                <\/a>\n                            <\/div>\n                                                    <div class=\"episodes__podcast\">\n                                <a class=\"podcast\" href=\"https:\/\/www.scheer-imc.com\/de\/mediencenter\/podcast\/45-wie-ki-zu-mehr-chancengleichheit-in-der-aus-und-weiterbildung-fuehrt\/\">\n                                    <div class=\"podcast__image\">\n                                        <img decoding=\"async\" src=\"https:\/\/www.scheer-imc.com\/de\/wp-content\/themes\/imc\/_assets\/img\/podcast_default_de.jpg\">\n                                    <\/div>\n                                    <div class=\"podcast__content\">\n                                        <div class=\"h3 podcast__title\">#45: Wie KI zu mehr Chancengleichheit in der Aus- und Weiterbildung f\u00fchrt<\/div>\n                                        <div class=\"podcast__data\">\n                                            <strong>Published:<\/strong>\n                                            <span>18.10.2023<\/span>,\n                                            <strong>Duration:<\/strong>\n                                            <span>43<\/span>\n                                        <\/div>\n                                    <\/div>\n                                <\/a>\n                            <\/div>\n                                                    <div class=\"episodes__podcast\">\n                                <a class=\"podcast\" href=\"https:\/\/www.scheer-imc.com\/de\/mediencenter\/podcast\/44-wie-sap-durch-online-trainings-die-kundenkommunikation-verbessert\/\">\n                                    <div class=\"podcast__image\">\n                                        <img decoding=\"async\" src=\"https:\/\/www.scheer-imc.com\/de\/wp-content\/themes\/imc\/_assets\/img\/podcast_default_de.jpg\">\n                                    <\/div>\n                                    <div class=\"podcast__content\">\n                                        <div class=\"h3 podcast__title\">#44: Wie SAP durch Online-Trainings die Kundenkommunikation verbessert<\/div>\n                                        <div class=\"podcast__data\">\n                                            <strong>Published:<\/strong>\n                                            <span>25.09.2023<\/span>,\n                                            <strong>Duration:<\/strong>\n                                            <span>35<\/span>\n                                        <\/div>\n                                    <\/div>\n                                <\/a>\n                            <\/div>\n                                                    <div class=\"episodes__podcast\">\n                                <a class=\"podcast\" href=\"https:\/\/www.scheer-imc.com\/de\/mediencenter\/podcast\/43-von-anfang-bis-erfolg-wie-du-eine-corporate-academy-aufbaust\/\">\n                                    <div class=\"podcast__image\">\n                                        <img decoding=\"async\" src=\"https:\/\/www.scheer-imc.com\/de\/wp-content\/themes\/imc\/_assets\/img\/podcast_default_de.jpg\">\n                                    <\/div>\n                                    <div class=\"podcast__content\">\n                                        <div class=\"h3 podcast__title\">#43: Von Anfang bis Erfolg \u2013 Wie du eine Corporate Academy aufbaust<\/div>\n                                        <div class=\"podcast__data\">\n                                            <strong>Published:<\/strong>\n                                            <span>26.06.2023<\/span>,\n                                            <strong>Duration:<\/strong>\n                                            <span>27<\/span>\n                                        <\/div>\n                                    <\/div>\n                                <\/a>\n                            <\/div>\n                                            <\/div>\n                                    <div class=\"episodes__chunk\" data-show=\"false\">\n                                                    <div class=\"episodes__podcast\">\n                                <a class=\"podcast\" href=\"https:\/\/www.scheer-imc.com\/de\/mediencenter\/podcast\/42-datenbasierte-weiterbildung-wie-daten-zu-besseren-entscheidungen-fuehren\/\">\n                                    <div class=\"podcast__image\">\n                                        <img decoding=\"async\" src=\"https:\/\/www.scheer-imc.com\/de\/wp-content\/themes\/imc\/_assets\/img\/podcast_default_de.jpg\">\n                                    <\/div>\n                                    <div class=\"podcast__content\">\n                                        <div class=\"h3 podcast__title\">#42: Datenbasierte Weiterbildung \u2013 Wie Daten zu besseren Entscheidungen f\u00fchren<\/div>\n                                        <div class=\"podcast__data\">\n                                            <strong>Published:<\/strong>\n                                            <span>22.05.2023<\/span>,\n                                            <strong>Duration:<\/strong>\n                                            <span>44<\/span>\n                                        <\/div>\n                                    <\/div>\n                                <\/a>\n                            <\/div>\n                                                    <div class=\"episodes__podcast\">\n                                <a class=\"podcast\" href=\"https:\/\/www.scheer-imc.com\/de\/mediencenter\/podcast\/41-digital-storytelling-in-der-aus-und-weiterbildung\/\">\n                                    <div class=\"podcast__image\">\n                                        <img decoding=\"async\" src=\"https:\/\/www.scheer-imc.com\/de\/wp-content\/themes\/imc\/_assets\/img\/podcast_default_de.jpg\">\n                                    <\/div>\n                                    <div class=\"podcast__content\">\n                                        <div class=\"h3 podcast__title\">#41: Digital Storytelling in der Aus- und Weiterbildung<\/div>\n                                        <div class=\"podcast__data\">\n                                            <strong>Published:<\/strong>\n                                            <span>17.04.2023<\/span>,\n                                            <strong>Duration:<\/strong>\n                                            <span>28<\/span>\n                                        <\/div>\n                                    <\/div>\n                                <\/a>\n                            <\/div>\n                                                    <div class=\"episodes__podcast\">\n                                <a class=\"podcast\" href=\"https:\/\/www.scheer-imc.com\/de\/mediencenter\/podcast\/40-hybride-teams-trainieren\/\">\n                                    <div class=\"podcast__image\">\n                                        <img decoding=\"async\" src=\"https:\/\/www.scheer-imc.com\/de\/wp-content\/themes\/imc\/_assets\/img\/podcast_default_de.jpg\">\n                                    <\/div>\n                                    <div class=\"podcast__content\">\n                                        <div class=\"h3 podcast__title\">#40: Hybride Teams trainieren<\/div>\n                                        <div class=\"podcast__data\">\n                                            <strong>Published:<\/strong>\n                                            <span>27.03.2023<\/span>,\n                                            <strong>Duration:<\/strong>\n                                            <span>37<\/span>\n                                        <\/div>\n                                    <\/div>\n                                <\/a>\n                            <\/div>\n                                                    <div class=\"episodes__podcast\">\n                                <a class=\"podcast\" href=\"https:\/\/www.scheer-imc.com\/de\/mediencenter\/podcast\/39-cyber-security-awareness-training-bei-der-swisscom\/\">\n                                    <div class=\"podcast__image\">\n                                        <img decoding=\"async\" src=\"https:\/\/www.scheer-imc.com\/de\/wp-content\/themes\/imc\/_assets\/img\/podcast_default_de.jpg\">\n                                    <\/div>\n                                    <div class=\"podcast__content\">\n                                        <div class=\"h3 podcast__title\">#39: Cyber Security Awareness Training bei der Swisscom<\/div>\n                                        <div class=\"podcast__data\">\n                                            <strong>Published:<\/strong>\n                                            <span>26.02.2023<\/span>,\n                                            <strong>Duration:<\/strong>\n                                            <span>41<\/span>\n                                        <\/div>\n                                    <\/div>\n                                <\/a>\n                            <\/div>\n                                                    <div class=\"episodes__podcast\">\n                                <a class=\"podcast\" href=\"https:\/\/www.scheer-imc.com\/de\/mediencenter\/podcast\/38-re-und-upskilling-bei-der-deutschen-telekom\/\">\n                                    <div class=\"podcast__image\">\n                                        <img decoding=\"async\" src=\"https:\/\/www.scheer-imc.com\/de\/wp-content\/themes\/imc\/_assets\/img\/podcast_default_de.jpg\">\n                                    <\/div>\n                                    <div class=\"podcast__content\">\n                                        <div class=\"h3 podcast__title\">#38: Re- und Upskilling bei der Deutschen Telekom<\/div>\n                                        <div class=\"podcast__data\">\n                                            <strong>Published:<\/strong>\n                                            <span>23.01.2023<\/span>,\n                                            <strong>Duration:<\/strong>\n                                            <span>30<\/span>\n                                        <\/div>\n                                    <\/div>\n                                <\/a>\n                            <\/div>\n                                            <\/div>\n                                    <div class=\"episodes__chunk\" data-show=\"false\">\n                                                    <div class=\"episodes__podcast\">\n                                <a class=\"podcast\" href=\"https:\/\/www.scheer-imc.com\/de\/mediencenter\/podcast\/37-selbstgesteuertes-lernen-bei-mercedes-benz\/\">\n                                    <div class=\"podcast__image\">\n                                        <img decoding=\"async\" src=\"https:\/\/www.scheer-imc.com\/de\/wp-content\/themes\/imc\/_assets\/img\/podcast_default_de.jpg\">\n                                    <\/div>\n                                    <div class=\"podcast__content\">\n                                        <div class=\"h3 podcast__title\">#37: Selbstgesteuertes Lernen bei Mercedes Benz<\/div>\n                                        <div class=\"podcast__data\">\n                                            <strong>Published:<\/strong>\n                                            <span>27.11.2022<\/span>,\n                                            <strong>Duration:<\/strong>\n                                            <span>44:30<\/span>\n                                        <\/div>\n                                    <\/div>\n                                <\/a>\n                            <\/div>\n                                                    <div class=\"episodes__podcast\">\n                                <a class=\"podcast\" href=\"https:\/\/www.scheer-imc.com\/de\/mediencenter\/podcast\/36-warum-es-so-wichtig-ist-maedchen-fuer-technologie-zu-begeistern\/\">\n                                    <div class=\"podcast__image\">\n                                        <img decoding=\"async\" src=\"https:\/\/www.scheer-imc.com\/de\/wp-content\/themes\/imc\/_assets\/img\/podcast_default_de.jpg\">\n                                    <\/div>\n                                    <div class=\"podcast__content\">\n                                        <div class=\"h3 podcast__title\">#36: Warum es so wichtig ist, M\u00e4dchen f\u00fcr Technologie zu begeistern<\/div>\n                                        <div class=\"podcast__data\">\n                                            <strong>Published:<\/strong>\n                                            <span>21.10.2022<\/span>,\n                                            <strong>Duration:<\/strong>\n                                            <span>32:23<\/span>\n                                        <\/div>\n                                    <\/div>\n                                <\/a>\n                            <\/div>\n                                                    <div class=\"episodes__podcast\">\n                                <a class=\"podcast\" href=\"https:\/\/www.scheer-imc.com\/de\/mediencenter\/podcast\/35-wirkungsvoll-online-praesentieren\/\">\n                                    <div class=\"podcast__image\">\n                                        <img decoding=\"async\" src=\"https:\/\/www.scheer-imc.com\/de\/wp-content\/themes\/imc\/_assets\/img\/podcast_default_de.jpg\">\n                                    <\/div>\n                                    <div class=\"podcast__content\">\n                                        <div class=\"h3 podcast__title\">#35: Tipps f\u00fcr die digitale Lehre: Wirkungsvoll pr\u00e4sentieren<\/div>\n                                        <div class=\"podcast__data\">\n                                            <strong>Published:<\/strong>\n                                            <span>23.09.2022<\/span>,\n                                            <strong>Duration:<\/strong>\n                                            <span>45:40<\/span>\n                                        <\/div>\n                                    <\/div>\n                                <\/a>\n                            <\/div>\n                                                    <div class=\"episodes__podcast\">\n                                <a class=\"podcast\" href=\"https:\/\/www.scheer-imc.com\/de\/mediencenter\/podcast\/34-einsatz-einer-lernplattform-bei-der-ronal-group\/\">\n                                    <div class=\"podcast__image\">\n                                        <img decoding=\"async\" src=\"https:\/\/www.scheer-imc.com\/de\/wp-content\/themes\/imc\/_assets\/img\/podcast_default_de.jpg\">\n                                    <\/div>\n                                    <div class=\"podcast__content\">\n                                        <div class=\"h3 podcast__title\">#34: Einsatz einer Lernplattform bei der Ronal Group<\/div>\n                                        <div class=\"podcast__data\">\n                                            <strong>Published:<\/strong>\n                                            <span>23.05.2022<\/span>,\n                                            <strong>Duration:<\/strong>\n                                            <span>30:06<\/span>\n                                        <\/div>\n                                    <\/div>\n                                <\/a>\n                            <\/div>\n                                                    <div class=\"episodes__podcast\">\n                                <a class=\"podcast\" href=\"https:\/\/www.scheer-imc.com\/de\/mediencenter\/podcast\/33-hydrides-onboarding-so-gelingt-der-digitale-einstieg\/\">\n                                    <div class=\"podcast__image\">\n                                        <img decoding=\"async\" src=\"https:\/\/www.scheer-imc.com\/de\/wp-content\/themes\/imc\/_assets\/img\/podcast_default_de.jpg\">\n                                    <\/div>\n                                    <div class=\"podcast__content\">\n                                        <div class=\"h3 podcast__title\">#33: Hybrides Onboarding \u2013 so gelingt der digitale Einstieg<\/div>\n                                        <div class=\"podcast__data\">\n                                            <strong>Published:<\/strong>\n                                            <span>25.04.2022<\/span>,\n                                            <strong>Duration:<\/strong>\n                                            <span>31:03<\/span>\n                                        <\/div>\n                                    <\/div>\n                                <\/a>\n                            <\/div>\n                                            <\/div>\n                                    <div class=\"episodes__chunk\" data-show=\"false\">\n                                                    <div class=\"episodes__podcast\">\n                                <a class=\"podcast\" href=\"https:\/\/www.scheer-imc.com\/de\/mediencenter\/podcast\/podcast-digitales-brand-training-bei-jaegermeister\/\">\n                                    <div class=\"podcast__image\">\n                                        <img decoding=\"async\" src=\"https:\/\/www.scheer-imc.com\/de\/wp-content\/themes\/imc\/_assets\/img\/podcast_default_de.jpg\">\n                                    <\/div>\n                                    <div class=\"podcast__content\">\n                                        <div class=\"h3 podcast__title\">#32: Digitales Markentraining bei J\u00e4germeister<\/div>\n                                        <div class=\"podcast__data\">\n                                            <strong>Published:<\/strong>\n                                            <span>22.03.2022<\/span>,\n                                            <strong>Duration:<\/strong>\n                                            <span>31:10<\/span>\n                                        <\/div>\n                                    <\/div>\n                                <\/a>\n                            <\/div>\n                                                    <div class=\"episodes__podcast\">\n                                <a class=\"podcast\" href=\"https:\/\/www.scheer-imc.com\/de\/mediencenter\/podcast\/podcast-gamification-in-der-internationalen-zusammenarbeit\/\">\n                                    <div class=\"podcast__image\">\n                                        <img decoding=\"async\" src=\"https:\/\/www.scheer-imc.com\/de\/wp-content\/themes\/imc\/_assets\/img\/podcast_default_de.jpg\">\n                                    <\/div>\n                                    <div class=\"podcast__content\">\n                                        <div class=\"h3 podcast__title\">#31: Gamification in der internationalen Zusammenarbeit<\/div>\n                                        <div class=\"podcast__data\">\n                                            <strong>Published:<\/strong>\n                                            <span>25.02.2022<\/span>,\n                                            <strong>Duration:<\/strong>\n                                            <span>31:41<\/span>\n                                        <\/div>\n                                    <\/div>\n                                <\/a>\n                            <\/div>\n                                                    <div class=\"episodes__podcast\">\n                                <a class=\"podcast\" href=\"https:\/\/www.scheer-imc.com\/de\/mediencenter\/podcast\/30-future-skills-auf-der-jagd-nach-dem-gold-der-zukunft\/\">\n                                    <div class=\"podcast__image\">\n                                        <img decoding=\"async\" src=\"https:\/\/www.scheer-imc.com\/de\/wp-content\/themes\/imc\/_assets\/img\/podcast_default_de.jpg\">\n                                    <\/div>\n                                    <div class=\"podcast__content\">\n                                        <div class=\"h3 podcast__title\">#30: Future Skills \u2013 Auf der Jagd nach dem Gold der Zukunft<\/div>\n                                        <div class=\"podcast__data\">\n                                            <strong>Published:<\/strong>\n                                            <span>21.01.2022<\/span>,\n                                            <strong>Duration:<\/strong>\n                                            <span>44:46<\/span>\n                                        <\/div>\n                                    <\/div>\n                                <\/a>\n                            <\/div>\n                                                    <div class=\"episodes__podcast\">\n                                <a class=\"podcast\" href=\"https:\/\/www.scheer-imc.com\/de\/mediencenter\/podcast\/29-digitaler-unterricht-nach-neuseelaendischem-vorbild\/\">\n                                    <div class=\"podcast__image\">\n                                        <img decoding=\"async\" src=\"https:\/\/www.scheer-imc.com\/de\/wp-content\/themes\/imc\/_assets\/img\/podcast_default_de.jpg\">\n                                    <\/div>\n                                    <div class=\"podcast__content\">\n                                        <div class=\"h3 podcast__title\">#29: Digitaler Unterricht nach neuseel\u00e4ndischem Vorbild<\/div>\n                                        <div class=\"podcast__data\">\n                                            <strong>Published:<\/strong>\n                                            <span>26.11.2021<\/span>,\n                                            <strong>Duration:<\/strong>\n                                            <span>42:36<\/span>\n                                        <\/div>\n                                    <\/div>\n                                <\/a>\n                            <\/div>\n                                                    <div class=\"episodes__podcast\">\n                                <a class=\"podcast\" href=\"https:\/\/www.scheer-imc.com\/de\/mediencenter\/podcast\/28-cybercrime-mitarbeitertrainings-als-waffe-gegen-internetkriminalitaet\/\">\n                                    <div class=\"podcast__image\">\n                                        <img decoding=\"async\" src=\"https:\/\/www.scheer-imc.com\/de\/wp-content\/themes\/imc\/_assets\/img\/podcast_default_de.jpg\">\n                                    <\/div>\n                                    <div class=\"podcast__content\">\n                                        <div class=\"h3 podcast__title\">#28: Cybercrime \u2013 Mitarbeitertrainings als Waffe gegen Internetkriminalit\u00e4t<\/div>\n                                        <div class=\"podcast__data\">\n                                            <strong>Published:<\/strong>\n                                            <span>15.10.2021<\/span>,\n                                            <strong>Duration:<\/strong>\n                                            <span>37:44<\/span>\n                                        <\/div>\n                                    <\/div>\n                                <\/a>\n                            <\/div>\n                                            <\/div>\n                                    <div class=\"episodes__chunk\" data-show=\"false\">\n                                                    <div class=\"episodes__podcast\">\n                                <a class=\"podcast\" href=\"https:\/\/www.scheer-imc.com\/de\/mediencenter\/podcast\/27-was-unternehmen-von-start-ups-lernen-koennen\/\">\n                                    <div class=\"podcast__image\">\n                                        <img decoding=\"async\" src=\"https:\/\/www.scheer-imc.com\/de\/wp-content\/themes\/imc\/_assets\/img\/podcast_default_de.jpg\">\n                                    <\/div>\n                                    <div class=\"podcast__content\">\n                                        <div class=\"h3 podcast__title\">#27: Was Unternehmen von Start-Ups lernen k\u00f6nnen<\/div>\n                                        <div class=\"podcast__data\">\n                                            <strong>Published:<\/strong>\n                                            <span>24.09.2021<\/span>,\n                                            <strong>Duration:<\/strong>\n                                            <span>38:44<\/span>\n                                        <\/div>\n                                    <\/div>\n                                <\/a>\n                            <\/div>\n                                                    <div class=\"episodes__podcast\">\n                                <a class=\"podcast\" href=\"https:\/\/www.scheer-imc.com\/de\/mediencenter\/podcast\/26-tipps-und-tricks-fuer-konzentriertes-e-learning\/\">\n                                    <div class=\"podcast__image\">\n                                        <img decoding=\"async\" src=\"https:\/\/www.scheer-imc.com\/de\/wp-content\/themes\/imc\/_assets\/img\/podcast_default_de.jpg\">\n                                    <\/div>\n                                    <div class=\"podcast__content\">\n                                        <div class=\"h3 podcast__title\">#26: Tipps und Tricks f\u00fcr konzentriertes E-Learning<\/div>\n                                        <div class=\"podcast__data\">\n                                            <strong>Published:<\/strong>\n                                            <span>20.08.2021<\/span>,\n                                            <strong>Duration:<\/strong>\n                                            <span><\/span>\n                                        <\/div>\n                                    <\/div>\n                                <\/a>\n                            <\/div>\n                                                    <div class=\"episodes__podcast\">\n                                <a class=\"podcast\" href=\"https:\/\/www.scheer-imc.com\/de\/mediencenter\/podcast\/25-game-based-learning\/\">\n                                    <div class=\"podcast__image\">\n                                        <img decoding=\"async\" src=\"https:\/\/www.scheer-imc.com\/de\/wp-content\/themes\/imc\/_assets\/img\/podcast_default_de.jpg\">\n                                    <\/div>\n                                    <div class=\"podcast__content\">\n                                        <div class=\"h3 podcast__title\">#25: Game-based Learning<\/div>\n                                        <div class=\"podcast__data\">\n                                            <strong>Published:<\/strong>\n                                            <span>23.04.2021<\/span>,\n                                            <strong>Duration:<\/strong>\n                                            <span>39:29<\/span>\n                                        <\/div>\n                                    <\/div>\n                                <\/a>\n                            <\/div>\n                                                    <div class=\"episodes__podcast\">\n                                <a class=\"podcast\" href=\"https:\/\/www.scheer-imc.com\/de\/mediencenter\/podcast\/24-die-potenziale-von-kuenstlicher-intelligenz-in-der-aus-und-weiterbildung\/\">\n                                    <div class=\"podcast__image\">\n                                        <img decoding=\"async\" src=\"https:\/\/www.scheer-imc.com\/de\/wp-content\/themes\/imc\/_assets\/img\/podcast_default_de.jpg\">\n                                    <\/div>\n                                    <div class=\"podcast__content\">\n                                        <div class=\"h3 podcast__title\">#24: Die Potenziale von K\u00fcnstlicher Intelligenz in der Aus- und Weiterbildung<\/div>\n                                        <div class=\"podcast__data\">\n                                            <strong>Published:<\/strong>\n                                            <span>26.02.2021<\/span>,\n                                            <strong>Duration:<\/strong>\n                                            <span>39:33<\/span>\n                                        <\/div>\n                                    <\/div>\n                                <\/a>\n                            <\/div>\n                                                    <div class=\"episodes__podcast\">\n                                <a class=\"podcast\" href=\"https:\/\/www.scheer-imc.com\/de\/mediencenter\/podcast\/23-learning-out-loud\/\">\n                                    <div class=\"podcast__image\">\n                                        <img decoding=\"async\" src=\"https:\/\/www.scheer-imc.com\/de\/wp-content\/themes\/imc\/_assets\/img\/podcast_default_de.jpg\">\n                                    <\/div>\n                                    <div class=\"podcast__content\">\n                                        <div class=\"h3 podcast__title\">#23: Learning Out Loud<\/div>\n                                        <div class=\"podcast__data\">\n                                            <strong>Published:<\/strong>\n                                            <span>22.02.2021<\/span>,\n                                            <strong>Duration:<\/strong>\n                                            <span>47:59<\/span>\n                                        <\/div>\n                                    <\/div>\n                                <\/a>\n                            <\/div>\n                                            <\/div>\n                                    <div class=\"episodes__chunk\" data-show=\"false\">\n                                                    <div class=\"episodes__podcast\">\n                                <a class=\"podcast\" href=\"https:\/\/www.scheer-imc.com\/de\/mediencenter\/podcast\/e-learning-inc-podcast-22-lernen-und-zusammenarbeit-2021\/\">\n                                    <div class=\"podcast__image\">\n                                        <img decoding=\"async\" src=\"https:\/\/www.scheer-imc.com\/de\/wp-content\/themes\/imc\/_assets\/img\/podcast_default_de.jpg\">\n                                    <\/div>\n                                    <div class=\"podcast__content\">\n                                        <div class=\"h3 podcast__title\">#22: Lernen und Zusammenarbeit 2021<\/div>\n                                        <div class=\"podcast__data\">\n                                            <strong>Published:<\/strong>\n                                            <span>21.01.2021<\/span>,\n                                            <strong>Duration:<\/strong>\n                                            <span>33:33<\/span>\n                                        <\/div>\n                                    <\/div>\n                                <\/a>\n                            <\/div>\n                                                    <div class=\"episodes__podcast\">\n                                <a class=\"podcast\" href=\"https:\/\/www.scheer-imc.com\/de\/mediencenter\/podcast\/e-learning-inc-podcast-21-ein-new-work-fitnessstudio-besuch\/\">\n                                    <div class=\"podcast__image\">\n                                        <img decoding=\"async\" src=\"https:\/\/www.scheer-imc.com\/de\/wp-content\/themes\/imc\/_assets\/img\/podcast_default_de.jpg\">\n                                    <\/div>\n                                    <div class=\"podcast__content\">\n                                        <div class=\"h3 podcast__title\">#21: Ein New Work Fitnessstudio-Besuch<\/div>\n                                        <div class=\"podcast__data\">\n                                            <strong>Published:<\/strong>\n                                            <span>23.11.2020<\/span>,\n                                            <strong>Duration:<\/strong>\n                                            <span><\/span>\n                                        <\/div>\n                                    <\/div>\n                                <\/a>\n                            <\/div>\n                                                    <div class=\"episodes__podcast\">\n                                <a class=\"podcast\" href=\"https:\/\/www.scheer-imc.com\/de\/mediencenter\/podcast\/e-learning-inc-podcast-20-digitalisierung-der-schulen\/\">\n                                    <div class=\"podcast__image\">\n                                        <img decoding=\"async\" src=\"https:\/\/www.scheer-imc.com\/de\/wp-content\/themes\/imc\/_assets\/img\/podcast_default_de.jpg\">\n                                    <\/div>\n                                    <div class=\"podcast__content\">\n                                        <div class=\"h3 podcast__title\">#20: Digitalisierung der Schulen<\/div>\n                                        <div class=\"podcast__data\">\n                                            <strong>Published:<\/strong>\n                                            <span>26.10.2020<\/span>,\n                                            <strong>Duration:<\/strong>\n                                            <span>36:32<\/span>\n                                        <\/div>\n                                    <\/div>\n                                <\/a>\n                            <\/div>\n                                                    <div class=\"episodes__podcast\">\n                                <a class=\"podcast\" href=\"https:\/\/www.scheer-imc.com\/de\/mediencenter\/podcast\/e-learning-inc-podcast-19-wie-markenbotschafter-zum-lernerfolg-bei-der-telekom-beitragen\/\">\n                                    <div class=\"podcast__image\">\n                                        <img decoding=\"async\" src=\"https:\/\/www.scheer-imc.com\/de\/wp-content\/themes\/imc\/_assets\/img\/podcast_default_de.jpg\">\n                                    <\/div>\n                                    <div class=\"podcast__content\">\n                                        <div class=\"h3 podcast__title\">#19: Wie Markenbotschafter zum Lernerfolg bei der Telekom beitragen<\/div>\n                                        <div class=\"podcast__data\">\n                                            <strong>Published:<\/strong>\n                                            <span>28.09.2020<\/span>,\n                                            <strong>Duration:<\/strong>\n                                            <span>37:24<\/span>\n                                        <\/div>\n                                    <\/div>\n                                <\/a>\n                            <\/div>\n                                                    <div class=\"episodes__podcast\">\n                                <a class=\"podcast\" href=\"https:\/\/www.scheer-imc.com\/de\/mediencenter\/podcast\/e-learning-inc-podcast-18-corporate-learning-bei-microsoft\/\">\n                                    <div class=\"podcast__image\">\n                                        <img decoding=\"async\" src=\"https:\/\/www.scheer-imc.com\/de\/wp-content\/themes\/imc\/_assets\/img\/podcast_default_de.jpg\">\n                                    <\/div>\n                                    <div class=\"podcast__content\">\n                                        <div class=\"h3 podcast__title\">#18: Corporate Learning bei Microsoft<\/div>\n                                        <div class=\"podcast__data\">\n                                            <strong>Published:<\/strong>\n                                            <span>21.08.2020<\/span>,\n                                            <strong>Duration:<\/strong>\n                                            <span>46:41<\/span>\n                                        <\/div>\n                                    <\/div>\n                                <\/a>\n                            <\/div>\n                                            <\/div>\n                                    <div class=\"episodes__chunk\" data-show=\"false\">\n                                                    <div class=\"episodes__podcast\">\n                                <a class=\"podcast\" href=\"https:\/\/www.scheer-imc.com\/de\/mediencenter\/podcast\/e-learning-inc-podcast-17-digitale-universitaeten\/\">\n                                    <div class=\"podcast__image\">\n                                        <img decoding=\"async\" src=\"https:\/\/www.scheer-imc.com\/de\/wp-content\/themes\/imc\/_assets\/img\/podcast_default_de.jpg\">\n                                    <\/div>\n                                    <div class=\"podcast__content\">\n                                        <div class=\"h3 podcast__title\">#17: Digitale Universit\u00e4ten<\/div>\n                                        <div class=\"podcast__data\">\n                                            <strong>Published:<\/strong>\n                                            <span>27.07.2020<\/span>,\n                                            <strong>Duration:<\/strong>\n                                            <span>37:45<\/span>\n                                        <\/div>\n                                    <\/div>\n                                <\/a>\n                            <\/div>\n                                                    <div class=\"episodes__podcast\">\n                                <a class=\"podcast\" href=\"https:\/\/www.scheer-imc.com\/de\/mediencenter\/podcast\/e-learning-inc-podcast-16-automatisierung-im-bereich-ld\/\">\n                                    <div class=\"podcast__image\">\n                                        <img decoding=\"async\" src=\"https:\/\/www.scheer-imc.com\/de\/wp-content\/themes\/imc\/_assets\/img\/podcast_default_de.jpg\">\n                                    <\/div>\n                                    <div class=\"podcast__content\">\n                                        <div class=\"h3 podcast__title\">#16: Automatisierung im Bereich L&amp;D<\/div>\n                                        <div class=\"podcast__data\">\n                                            <strong>Published:<\/strong>\n                                            <span>19.06.2020<\/span>,\n                                            <strong>Duration:<\/strong>\n                                            <span>30:34<\/span>\n                                        <\/div>\n                                    <\/div>\n                                <\/a>\n                            <\/div>\n                                                    <div class=\"episodes__podcast\">\n                                <a class=\"podcast\" href=\"https:\/\/www.scheer-imc.com\/de\/mediencenter\/podcast\/e-learning-inc-podcast-15-digitale-transformation-bei-daimler\/\">\n                                    <div class=\"podcast__image\">\n                                        <img decoding=\"async\" src=\"https:\/\/www.scheer-imc.com\/de\/wp-content\/themes\/imc\/_assets\/img\/podcast_default_de.jpg\">\n                                    <\/div>\n                                    <div class=\"podcast__content\">\n                                        <div class=\"h3 podcast__title\">#15: Digitale Transformation bei Daimler<\/div>\n                                        <div class=\"podcast__data\">\n                                            <strong>Published:<\/strong>\n                                            <span>22.05.2020<\/span>,\n                                            <strong>Duration:<\/strong>\n                                            <span>38:55<\/span>\n                                        <\/div>\n                                    <\/div>\n                                <\/a>\n                            <\/div>\n                                                    <div class=\"episodes__podcast\">\n                                <a class=\"podcast\" href=\"https:\/\/www.scheer-imc.com\/de\/mediencenter\/podcast\/podcast-13-personal-branding\/\">\n                                    <div class=\"podcast__image\">\n                                        <img decoding=\"async\" src=\"https:\/\/www.scheer-imc.com\/de\/wp-content\/themes\/imc\/_assets\/img\/podcast_default_de.jpg\">\n                                    <\/div>\n                                    <div class=\"podcast__content\">\n                                        <div class=\"h3 podcast__title\">#13: Personal Branding<\/div>\n                                        <div class=\"podcast__data\">\n                                            <strong>Published:<\/strong>\n                                            <span>24.04.2020<\/span>,\n                                            <strong>Duration:<\/strong>\n                                            <span>28:35<\/span>\n                                        <\/div>\n                                    <\/div>\n                                <\/a>\n                            <\/div>\n                                                    <div class=\"episodes__podcast\">\n                                <a class=\"podcast\" href=\"https:\/\/www.scheer-imc.com\/de\/mediencenter\/podcast\/e-learning-inc-podcast-12-social-learning\/\">\n                                    <div class=\"podcast__image\">\n                                        <img decoding=\"async\" src=\"https:\/\/www.scheer-imc.com\/de\/wp-content\/themes\/imc\/_assets\/img\/podcast_default_de.jpg\">\n                                    <\/div>\n                                    <div class=\"podcast__content\">\n                                        <div class=\"h3 podcast__title\">#12: Social Learning<\/div>\n                                        <div class=\"podcast__data\">\n                                            <strong>Published:<\/strong>\n                                            <span>21.04.2020<\/span>,\n                                            <strong>Duration:<\/strong>\n                                            <span>32:42<\/span>\n                                        <\/div>\n                                    <\/div>\n                                <\/a>\n                            <\/div>\n                                            <\/div>\n                                    <div class=\"episodes__chunk\" data-show=\"false\">\n                                                    <div class=\"episodes__podcast\">\n                                <a class=\"podcast\" href=\"https:\/\/www.scheer-imc.com\/de\/mediencenter\/podcast\/e-learning-inc-podcast-11-informationsaufnahme-in-der-digitalen-welt\/\">\n                                    <div class=\"podcast__image\">\n                                        <img decoding=\"async\" src=\"https:\/\/www.scheer-imc.com\/de\/wp-content\/themes\/imc\/_assets\/img\/podcast_default_de.jpg\">\n                                    <\/div>\n                                    <div class=\"podcast__content\">\n                                        <div class=\"h3 podcast__title\">#11: Informationsaufnahme in der digitalen Welt<\/div>\n                                        <div class=\"podcast__data\">\n                                            <strong>Published:<\/strong>\n                                            <span>21.04.2020<\/span>,\n                                            <strong>Duration:<\/strong>\n                                            <span>23:22<\/span>\n                                        <\/div>\n                                    <\/div>\n                                <\/a>\n                            <\/div>\n                                                    <div class=\"episodes__podcast\">\n                                <a class=\"podcast\" href=\"https:\/\/www.scheer-imc.com\/de\/mediencenter\/podcast\/e-learning-inc-podcast-10-rebranding-digital-facelift\/\">\n                                    <div class=\"podcast__image\">\n                                        <img decoding=\"async\" src=\"https:\/\/www.scheer-imc.com\/de\/wp-content\/themes\/imc\/_assets\/img\/podcast_default_de.jpg\">\n                                    <\/div>\n                                    <div class=\"podcast__content\">\n                                        <div class=\"h3 podcast__title\">#10: Digital Facelift<\/div>\n                                        <div class=\"podcast__data\">\n                                            <strong>Published:<\/strong>\n                                            <span>21.04.2020<\/span>,\n                                            <strong>Duration:<\/strong>\n                                            <span>25:24<\/span>\n                                        <\/div>\n                                    <\/div>\n                                <\/a>\n                            <\/div>\n                                                    <div class=\"episodes__podcast\">\n                                <a class=\"podcast\" href=\"https:\/\/www.scheer-imc.com\/de\/mediencenter\/podcast\/e-learning-podcast-zum-thema-modern-workplace\/\">\n                                    <div class=\"podcast__image\">\n                                        <img decoding=\"async\" src=\"https:\/\/www.scheer-imc.com\/de\/wp-content\/themes\/imc\/_assets\/img\/podcast_default_de.jpg\">\n                                    <\/div>\n                                    <div class=\"podcast__content\">\n                                        <div class=\"h3 podcast__title\">#9: Modern Workplace<\/div>\n                                        <div class=\"podcast__data\">\n                                            <strong>Published:<\/strong>\n                                            <span>21.04.2020<\/span>,\n                                            <strong>Duration:<\/strong>\n                                            <span>23:10<\/span>\n                                        <\/div>\n                                    <\/div>\n                                <\/a>\n                            <\/div>\n                                                    <div class=\"episodes__podcast\">\n                                <a class=\"podcast\" href=\"https:\/\/www.scheer-imc.com\/de\/mediencenter\/podcast\/e-learning-inc-podcast-8-e-learning-trends-2020\/\">\n                                    <div class=\"podcast__image\">\n                                        <img decoding=\"async\" src=\"https:\/\/www.scheer-imc.com\/de\/wp-content\/themes\/imc\/_assets\/img\/podcast_default_de.jpg\">\n                                    <\/div>\n                                    <div class=\"podcast__content\">\n                                        <div class=\"h3 podcast__title\">#8: E-Learning Trends 2020<\/div>\n                                        <div class=\"podcast__data\">\n                                            <strong>Published:<\/strong>\n                                            <span>21.04.2020<\/span>,\n                                            <strong>Duration:<\/strong>\n                                            <span>20:21<\/span>\n                                        <\/div>\n                                    <\/div>\n                                <\/a>\n                            <\/div>\n                                                    <div class=\"episodes__podcast\">\n                                <a class=\"podcast\" href=\"https:\/\/www.scheer-imc.com\/de\/mediencenter\/podcast\/e-learning-inc-podcast-7-lernkultur-wir-wollen-lernen\/\">\n                                    <div class=\"podcast__image\">\n                                        <img decoding=\"async\" src=\"https:\/\/www.scheer-imc.com\/de\/wp-content\/themes\/imc\/_assets\/img\/podcast_default_de.jpg\">\n                                    <\/div>\n                                    <div class=\"podcast__content\">\n                                        <div class=\"h3 podcast__title\">Podcast #7: Wir wollen lernen<\/div>\n                                        <div class=\"podcast__data\">\n                                            <strong>Published:<\/strong>\n                                            <span>21.04.2020<\/span>,\n                                            <strong>Duration:<\/strong>\n                                            <span>19:29<\/span>\n                                        <\/div>\n                                    <\/div>\n                                <\/a>\n                            <\/div>\n                                            <\/div>\n                                    <div class=\"episodes__chunk\" data-show=\"false\">\n                                                    <div class=\"episodes__podcast\">\n                                <a class=\"podcast\" href=\"https:\/\/www.scheer-imc.com\/de\/mediencenter\/podcast\/e-learning-inc-podcast-6-selbstorganisiertes-lernen\/\">\n                                    <div class=\"podcast__image\">\n                                        <img decoding=\"async\" src=\"https:\/\/www.scheer-imc.com\/de\/wp-content\/themes\/imc\/_assets\/img\/podcast_default_de.jpg\">\n                                    <\/div>\n                                    <div class=\"podcast__content\">\n                                        <div class=\"h3 podcast__title\">#6: Selbstorganisiertes Lernen<\/div>\n                                        <div class=\"podcast__data\">\n                                            <strong>Published:<\/strong>\n                                            <span>21.04.2020<\/span>,\n                                            <strong>Duration:<\/strong>\n                                            <span>26:47<\/span>\n                                        <\/div>\n                                    <\/div>\n                                <\/a>\n                            <\/div>\n                                                    <div class=\"episodes__podcast\">\n                                <a class=\"podcast\" href=\"https:\/\/www.scheer-imc.com\/de\/mediencenter\/podcast\/e-learning-inc-podcast-5-design-thinking\/\">\n                                    <div class=\"podcast__image\">\n                                        <img decoding=\"async\" src=\"https:\/\/www.scheer-imc.com\/de\/wp-content\/themes\/imc\/_assets\/img\/podcast_default_de.jpg\">\n                                    <\/div>\n                                    <div class=\"podcast__content\">\n                                        <div class=\"h3 podcast__title\">#5: Design Thinking<\/div>\n                                        <div class=\"podcast__data\">\n                                            <strong>Published:<\/strong>\n                                            <span>21.04.2020<\/span>,\n                                            <strong>Duration:<\/strong>\n                                            <span><\/span>\n                                        <\/div>\n                                    <\/div>\n                                <\/a>\n                            <\/div>\n                                                    <div class=\"episodes__podcast\">\n                                <a class=\"podcast\" href=\"https:\/\/www.scheer-imc.com\/de\/mediencenter\/podcast\/e-learning-inc-podcast-4-virtuelle-teamarbeit\/\">\n                                    <div class=\"podcast__image\">\n                                        <img decoding=\"async\" src=\"https:\/\/www.scheer-imc.com\/de\/wp-content\/themes\/imc\/_assets\/img\/podcast_default_de.jpg\">\n                                    <\/div>\n                                    <div class=\"podcast__content\">\n                                        <div class=\"h3 podcast__title\">#4: Virtuelle Teamarbeit<\/div>\n                                        <div class=\"podcast__data\">\n                                            <strong>Published:<\/strong>\n                                            <span>21.04.2020<\/span>,\n                                            <strong>Duration:<\/strong>\n                                            <span>19:41<\/span>\n                                        <\/div>\n                                    <\/div>\n                                <\/a>\n                            <\/div>\n                                                    <div class=\"episodes__podcast\">\n                                <a class=\"podcast\" href=\"https:\/\/www.scheer-imc.com\/de\/mediencenter\/podcast\/e-learning-inc-podcast-3-diversitaet-digitalisierung-braucht-diversity\/\">\n                                    <div class=\"podcast__image\">\n                                        <img decoding=\"async\" src=\"https:\/\/www.scheer-imc.com\/de\/wp-content\/themes\/imc\/_assets\/img\/podcast_default_de.jpg\">\n                                    <\/div>\n                                    <div class=\"podcast__content\">\n                                        <div class=\"h3 podcast__title\">#3: Digitalisierung braucht Diversity<\/div>\n                                        <div class=\"podcast__data\">\n                                            <strong>Published:<\/strong>\n                                            <span>21.04.2020<\/span>,\n                                            <strong>Duration:<\/strong>\n                                            <span>23:40<\/span>\n                                        <\/div>\n                                    <\/div>\n                                <\/a>\n                            <\/div>\n                                                    <div class=\"episodes__podcast\">\n                                <a class=\"podcast\" href=\"https:\/\/www.scheer-imc.com\/de\/mediencenter\/podcast\/e-learning-inc-podcast-2-fehler-in-e-learning-projekten\/\">\n                                    <div class=\"podcast__image\">\n                                        <img decoding=\"async\" src=\"https:\/\/www.scheer-imc.com\/de\/wp-content\/themes\/imc\/_assets\/img\/podcast_default_de.jpg\">\n                                    <\/div>\n                                    <div class=\"podcast__content\">\n                                        <div class=\"h3 podcast__title\">#2: Bitte (nicht) nachmachen<\/div>\n                                        <div class=\"podcast__data\">\n                                            <strong>Published:<\/strong>\n                                            <span>21.04.2020<\/span>,\n                                            <strong>Duration:<\/strong>\n                                            <span>22:09<\/span>\n                                        <\/div>\n                                    <\/div>\n                                <\/a>\n                            <\/div>\n                                            <\/div>\n                                    <div class=\"episodes__chunk\" data-show=\"false\">\n                                                    <div class=\"episodes__podcast\">\n                                <a class=\"podcast\" href=\"https:\/\/www.scheer-imc.com\/de\/mediencenter\/podcast\/e-learning-inc-podcast-1-digitalisierung-schule-im-ki-zeitalter\/\">\n                                    <div class=\"podcast__image\">\n                                        <img decoding=\"async\" src=\"https:\/\/www.scheer-imc.com\/de\/wp-content\/themes\/imc\/_assets\/img\/podcast_default_de.jpg\">\n                                    <\/div>\n                                    <div class=\"podcast__content\">\n                                        <div class=\"h3 podcast__title\">#1: Schule im KI Zeitalter<\/div>\n                                        <div class=\"podcast__data\">\n                                            <strong>Published:<\/strong>\n                                            <span>21.04.2020<\/span>,\n                                            <strong>Duration:<\/strong>\n                                            <span>16:28<\/span>\n                                        <\/div>\n                                    <\/div>\n                                <\/a>\n                            <\/div>\n                                            <\/div>\n                            <\/div>\n        \n        <div class=\"podigee__button\">\n            <div class=\"button button--update button--red button--normal button--solid load_more_episodes\"\n                 data-index=\"1\">\n                <span>Load older episodes<\/span>\n            <\/div>\n        <\/div>\n\n    <\/div>\n\n<\/div><\/div><div id=\"pgc-5740-7-2\"  class=\"panel-grid-cell panel-grid-cell-empty\" ><\/div><\/div><div id=\"pg-5740-8\"  class=\"panel-grid panel-no-style\"  style=\"--mobile-padding:;\" ><div id=\"pgc-5740-8-0\"  class=\"panel-grid-cell panel-grid-cell-empty\" ><\/div><div id=\"pgc-5740-8-1\"  class=\"panel-grid-cell panel-grid-cell-mobile-last\" ><div id=\"panel-5740-8-1-0\" class=\"so-panel widget widget_zrm-headline panel-first-child\" data-index=\"10\" ><div\n\t\t\t\n\t\t\tclass=\"so-widget-zrm-headline so-widget-zrm-headline-default-d75171398898-5740\"\n\t\t\t\n\t\t><div class=\"widget widget--headline widget--left widget--show sm  \">\n\t<div class=\"preline\"><\/div>\n\t<h2 class=\"headline h2\">Ihr k\u00f6nnt den E-Learning Podcast direkt in der Podcast-App eurer Wahl abonnieren<\/h2>\t<div class=\"subline\"><\/div>\n<\/div>\n<\/div><\/div><div id=\"panel-5740-8-1-1\" class=\"so-panel widget widget_zrm-editor\" data-index=\"11\" ><div\n\t\t\t\n\t\t\tclass=\"so-widget-zrm-editor so-widget-zrm-editor-default-d75171398898-5740\"\n\t\t\t\n\t\t><div class=\"widget widget--editor widget--show sm\">\n\t<\/div><\/div><\/div><div id=\"panel-5740-8-1-2\" class=\"so-panel widget widget_zrm-icongrid panel-last-child\" data-index=\"12\" ><div\n\t\t\t\n\t\t\tclass=\"so-widget-zrm-icongrid so-widget-zrm-icongrid-default-d75171398898-5740\"\n\t\t\t\n\t\t>\n\n<div class=\"widget widget--icongrid widget--center widget--show lg widget--flexgap_3\">\n\t\t\t\t\t<div class=\"iconcard newcard shadow\" data-card=\"iconcard\">\n\t\t\t<div class=\"iconcard__top newcard__top\">\n\t\t\t\t<div class=\"iconcard__icon newcard__img\">\n\t\t\t\t\t<img decoding=\"async\" width=\"200\" height=\"200\" src=\"https:\/\/www.scheer-imc.com\/de\/wp-content\/uploads\/sites\/8\/2020\/04\/imc_image_podcast_spotify_2020_04_28-1.png\" class=\"attachment-full size-full\" alt=\"Spotify Logo\" srcset=\"https:\/\/www.scheer-imc.com\/de\/wp-content\/uploads\/sites\/8\/2020\/04\/imc_image_podcast_spotify_2020_04_28-1.png 200w, https:\/\/www.scheer-imc.com\/de\/wp-content\/uploads\/sites\/8\/2020\/04\/imc_image_podcast_spotify_2020_04_28-1-150x150.png 150w\" sizes=\"(max-width: 200px) 100vw, 200px\" \/>\t\t\t\t<\/div>\n\t\t\t\t<div class=\"iconcard__headline newcard__headline fitty\">Spotify<\/div>\n\t\t\t\t<div class=\"line\"><\/div>\n\t\t\t<\/div>\n\t\t\t<div class=\"iconcard__bottom newcard__bottom\">\n\t\t\t\t<div class=\"iconcard__copy newcard__copy\">\n\t\t\t\t\t\t\t\t\t<\/div>\n\t\t\t\t<div class=\"iconcard__mobile newcard__mobile\">\n\t\t\t\t\t<div class=\"iconcard__plus newcard__plus\">\n\t\t\t\t\t\t\t\t\t\t\t\t<svg fill=\"none\" height=\"66\" viewBox=\"0 0 66 66\" width=\"66\" xmlns=\"http:\/\/www.w3.org\/2000\/svg\"><g stroke=\"#d0d0d0\" stroke-width=\"2\"><circle cx=\"33\" cy=\"33\" fill=\"#fff\" fill-opacity=\".75\" r=\"32\"\/><g stroke-linecap=\"round\"><path d=\"m23.2129 42.7992 19.799-19.799\"\/><path d=\"m42.7987 42.2134-19.799-19.799\"\/><\/g><\/g><\/svg>\n\t\t\t\t\t<\/div>\n\t\t\t\t<\/div>\n\t\t\t\t\t\t\t\t\t<div class=\"iconcard__cta newcard__cta\">\n\t\t\t\t\t\t\t\t\t\t\t\t\t\t\t\t\t\t\t\t\t\t\t\t\t\t<a class=\"button button--red button--normal button--solid\" target=\"_self\" title=\"Abonnieren\" href=\"https:\/\/open.spotify.com\/show\/1UDQgVDyunUkKk1fnjeL1U\">\n\t\t\t\t<span class=\"bold\">Abonnieren<\/span>\n\t\t\t<\/a>\n\t\t\t\t\t\t\t\t<\/div>\n\t\t\t\t\t\t\t<\/div>\n\t\t<\/div>\n\t\t\t\t\t<div class=\"iconcard newcard shadow\" data-card=\"iconcard\">\n\t\t\t<div class=\"iconcard__top newcard__top\">\n\t\t\t\t<div class=\"iconcard__icon newcard__img\">\n\t\t\t\t\t<img decoding=\"async\" width=\"200\" height=\"200\" src=\"https:\/\/www.scheer-imc.com\/de\/wp-content\/uploads\/sites\/8\/2020\/04\/imc_image_podcast_applepodcast_2020_04_28-1.png\" class=\"attachment-full size-full\" alt=\"Apple Podcast Logo\" srcset=\"https:\/\/www.scheer-imc.com\/de\/wp-content\/uploads\/sites\/8\/2020\/04\/imc_image_podcast_applepodcast_2020_04_28-1.png 200w, https:\/\/www.scheer-imc.com\/de\/wp-content\/uploads\/sites\/8\/2020\/04\/imc_image_podcast_applepodcast_2020_04_28-1-150x150.png 150w\" sizes=\"(max-width: 200px) 100vw, 200px\" \/>\t\t\t\t<\/div>\n\t\t\t\t<div class=\"iconcard__headline newcard__headline fitty\">Apple Podcast<\/div>\n\t\t\t\t<div class=\"line\"><\/div>\n\t\t\t<\/div>\n\t\t\t<div class=\"iconcard__bottom newcard__bottom\">\n\t\t\t\t<div class=\"iconcard__copy newcard__copy\">\n\t\t\t\t\t\t\t\t\t<\/div>\n\t\t\t\t<div class=\"iconcard__mobile newcard__mobile\">\n\t\t\t\t\t<div class=\"iconcard__plus newcard__plus\">\n\t\t\t\t\t\t\t\t\t\t\t\t<svg fill=\"none\" height=\"66\" viewBox=\"0 0 66 66\" width=\"66\" xmlns=\"http:\/\/www.w3.org\/2000\/svg\"><g stroke=\"#d0d0d0\" stroke-width=\"2\"><circle cx=\"33\" cy=\"33\" fill=\"#fff\" fill-opacity=\".75\" r=\"32\"\/><g stroke-linecap=\"round\"><path d=\"m23.2129 42.7992 19.799-19.799\"\/><path d=\"m42.7987 42.2134-19.799-19.799\"\/><\/g><\/g><\/svg>\n\t\t\t\t\t<\/div>\n\t\t\t\t<\/div>\n\t\t\t\t\t\t\t\t\t<div class=\"iconcard__cta newcard__cta\">\n\t\t\t\t\t\t\t\t\t\t\t\t\t\t\t\t\t\t\t\t\t\t\t\t\t\t<a class=\"button button--red button--normal button--solid\" target=\"_self\" title=\"Abonnieren\" href=\"https:\/\/podcasts.apple.com\/de\/podcast\/expertenwissen-digitale-aus-weiterbildung\/id1314854881?mt=2\">\n\t\t\t\t<span class=\"bold\">Abonnieren<\/span>\n\t\t\t<\/a>\n\t\t\t\t\t\t\t\t<\/div>\n\t\t\t\t\t\t\t<\/div>\n\t\t<\/div>\n\t\t\t\t\t<div class=\"iconcard newcard shadow\" data-card=\"iconcard\">\n\t\t\t<div class=\"iconcard__top newcard__top\">\n\t\t\t\t<div class=\"iconcard__icon newcard__img\">\n\t\t\t\t\t<img decoding=\"async\" width=\"200\" height=\"200\" src=\"https:\/\/www.scheer-imc.com\/de\/wp-content\/uploads\/sites\/8\/2020\/04\/imc_image_podcast_rss_2020_04_28-1.png\" class=\"attachment-full size-full\" alt=\"RSS Feed Logo\" srcset=\"https:\/\/www.scheer-imc.com\/de\/wp-content\/uploads\/sites\/8\/2020\/04\/imc_image_podcast_rss_2020_04_28-1.png 200w, https:\/\/www.scheer-imc.com\/de\/wp-content\/uploads\/sites\/8\/2020\/04\/imc_image_podcast_rss_2020_04_28-1-150x150.png 150w\" sizes=\"(max-width: 200px) 100vw, 200px\" \/>\t\t\t\t<\/div>\n\t\t\t\t<div class=\"iconcard__headline newcard__headline fitty\">RSS Feed<\/div>\n\t\t\t\t<div class=\"line\"><\/div>\n\t\t\t<\/div>\n\t\t\t<div class=\"iconcard__bottom newcard__bottom\">\n\t\t\t\t<div class=\"iconcard__copy newcard__copy\">\n\t\t\t\t\t\t\t\t\t<\/div>\n\t\t\t\t<div class=\"iconcard__mobile newcard__mobile\">\n\t\t\t\t\t<div class=\"iconcard__plus newcard__plus\">\n\t\t\t\t\t\t\t\t\t\t\t\t<svg fill=\"none\" height=\"66\" viewBox=\"0 0 66 66\" width=\"66\" xmlns=\"http:\/\/www.w3.org\/2000\/svg\"><g stroke=\"#d0d0d0\" stroke-width=\"2\"><circle cx=\"33\" cy=\"33\" fill=\"#fff\" fill-opacity=\".75\" r=\"32\"\/><g stroke-linecap=\"round\"><path d=\"m23.2129 42.7992 19.799-19.799\"\/><path d=\"m42.7987 42.2134-19.799-19.799\"\/><\/g><\/g><\/svg>\n\t\t\t\t\t<\/div>\n\t\t\t\t<\/div>\n\t\t\t\t\t\t\t\t\t<div class=\"iconcard__cta newcard__cta\">\n\t\t\t\t\t\t\t\t\t\t\t\t\t\t\t\t\t\t\t\t\t\t\t\t\t\t<a class=\"button button--red button--normal button--solid\" target=\"_self\" title=\"Abonnieren\" href=\"https:\/\/e-learning-inc-podcast.podigee.io\/feed\/mp3\">\n\t\t\t\t<span class=\"bold\">Abonnieren<\/span>\n\t\t\t<\/a>\n\t\t\t\t\t\t\t\t<\/div>\n\t\t\t\t\t\t\t<\/div>\n\t\t<\/div>\n\t \n<\/div>\n<\/div><\/div><\/div><div id=\"pgc-5740-8-2\"  class=\"panel-grid-cell panel-grid-cell-empty\" ><\/div><\/div><div id=\"pg-5740-9\"  class=\"panel-grid panel-no-style\"  style=\"--mobile-padding:;\" ><div id=\"pgc-5740-9-0\"  class=\"panel-grid-cell panel-grid-cell-empty\" ><\/div><div id=\"pgc-5740-9-1\"  class=\"panel-grid-cell panel-grid-cell-mobile-last\" ><div id=\"panel-5740-9-1-0\" class=\"so-panel widget panel-first-child\" data-index=\"13\" ><\/div><div id=\"panel-5740-9-1-1\" class=\"so-panel widget widget_imc-2026-popup-widget panel-last-child\" data-index=\"14\" ><div\n\t\t\t\n\t\t\tclass=\"so-widget-imc-2026-popup-widget so-widget-imc-2026-popup-widget-default-d75171398898-5740\"\n\t\t\t\n\t\t><div\n\tclass=\"imc-popup-widget\"\n\tdata-page-id=\"5740\"\n\tdata-cookie-key=\"imc_popup_5740\"\n\tstyle=\"display:none;\"\n\trole=\"dialog\"\n\taria-modal=\"false\"\n\taria-label=\"Lust auf mehr Insights? \"\n>\n\t<a class=\"imc-popup-widget__inner\" href=\"https:\/\/www.scheer-imc.com\/de\/elearning-insights-newsletter\/\" target=\"_blank\" rel=\"noopener noreferrer\">\n\n\t\t<div class=\"imc-popup-widget__header\">\n\t\t\t\t\t\t\t<span class=\"imc-popup-widget__headline\">Lust auf mehr Insights? <\/span>\n\t\t\t\t\t\t\t\t\t\t<!-- <p class=\"imc-popup-widget__text\">&lt;p&gt;Erhalten Sie monatlich aktuelle Trends, Experten-Interviews und direkt umsetzbare L&amp;D-Strategien bequem in Ihrem Postfach. Jetzt abonnieren!&lt;\/p&gt;<br \/>\n<\/p> -->\n\t\t\t\t<div class=\"imc-popup-widget__text\"><p>Erhalten Sie monatlich aktuelle Trends, Experten-Interviews und direkt umsetzbare L&amp;D-Strategien bequem in Ihrem Postfach. Jetzt abonnieren!<\/p>\n<\/div>\n\t\t\t\t\t<\/div>\n\n\t\t\t\t\t<div class=\"imc-popup-widget__image\">\n\t\t\t\t<img\n\t\t\t\t\tsrc=\"https:\/\/www.scheer-imc.com\/de\/wp-content\/uploads\/sites\/8\/2026\/03\/eLearning-Insights-Newsletter-LD.jpg\"\n\t\t\t\t\talt=\"Lust auf mehr Insights? \"\n\t\t\t\t\tloading=\"lazy\"\n\t\t\t\t>\n\t\t\t<\/div>\n\t\t\n\t\t<button\n\t\t\tclass=\"imc-popup-widget__close\"\n\t\t\ttype=\"button\"\n\t\t\taria-label=\"Close popup\"\n\t\t>\n\t\t\t<svg viewBox=\"0 0 18 18\" fill=\"none\" xmlns=\"http:\/\/www.w3.org\/2000\/svg\" aria-hidden=\"true\">\n\t\t\t\t<circle cx=\"9\" cy=\"9\" r=\"8.5\" stroke=\"white\" stroke-width=\"1\"\/>\n\t\t\t\t<path d=\"M5.5 5.5L12.5 12.5M12.5 5.5L5.5 12.5\" stroke=\"white\" stroke-width=\"1.5\" stroke-linecap=\"round\"\/>\n\t\t\t<\/svg>\n\t\t<\/button>\n\n\t<\/a>\n<\/div>\n<\/div><\/div><\/div><div id=\"pgc-5740-9-2\"  class=\"panel-grid-cell panel-grid-cell-empty\" ><\/div><\/div><\/div>","protected":false},"excerpt":{"rendered":"<p>Podcast We talk learning &nbsp; Jetzt abspielen elearning INC. Der Corporate Learning Podcast In der Podcast-Reihe elearning INC. sprechen L&amp;D-Experten f\u00fchrender Unternehmen \u00fcber digitale Weiterbildung. Es erwarten euch inspirierende Geschichten, exklusive Einblicke und aktuelle Trends. Lernen von den Besten: Monatlich widmet sich der Podcast einem neuen Unternehmen und bietet wertvolle Tipps zur Umsetzung von Trainingsprogrammen. [&hellip;]<\/p>\n","protected":false},"author":7,"featured_media":21818,"parent":0,"menu_order":14,"comment_status":"closed","ping_status":"closed","template":"","meta":{"_acf_changed":false,"content-type":"","footnotes":""},"class_list":["post-5740","page","type-page","status-publish","has-post-thumbnail","hentry"],"acf":[],"yoast_head":"<!-- This site is optimized with the Yoast SEO plugin v25.5 - https:\/\/yoast.com\/wordpress\/plugins\/seo\/ -->\n<title>E-Learning Podcast f\u00fcr die digitale Aus- und Weiterbildung<\/title>\n<meta name=\"description\" content=\"Im imc Podcast \u201eelearning INC.\u201c teilen f\u00fchrende Unternehmen ihre Best Practices zur Weiterbildung und Digitalisierung.\" \/>\n<meta name=\"robots\" content=\"index, follow, max-snippet:-1, max-image-preview:large, max-video-preview:-1\" \/>\n<link rel=\"canonical\" href=\"https:\/\/www.scheer-imc.com\/de\/elearning-podcast\/\" \/>\n<meta property=\"og:locale\" content=\"de_DE\" \/>\n<meta property=\"og:type\" content=\"article\" \/>\n<meta property=\"og:title\" content=\"E-Learning Podcast f\u00fcr die digitale Aus- und Weiterbildung\" \/>\n<meta property=\"og:description\" content=\"Im imc Podcast \u201eelearning INC.\u201c teilen f\u00fchrende Unternehmen ihre Best Practices zur Weiterbildung und Digitalisierung.\" \/>\n<meta property=\"og:url\" content=\"https:\/\/www.scheer-imc.com\/de\/elearning-podcast\/\" \/>\n<meta property=\"og:site_name\" content=\"Scheer IMC\" \/>\n<meta property=\"article:publisher\" content=\"https:\/\/www.facebook.com\/imcLearning\" \/>\n<meta property=\"article:modified_time\" content=\"2026-03-06T11:30:44+00:00\" \/>\n<meta property=\"og:image\" content=\"https:\/\/www.scheer-imc.com\/de\/wp-content\/uploads\/sites\/8\/2024\/10\/eLearningINC_Cover.jpg\" \/>\n\t<meta property=\"og:image:width\" content=\"1400\" \/>\n\t<meta property=\"og:image:height\" content=\"1400\" \/>\n\t<meta property=\"og:image:type\" content=\"image\/jpeg\" \/>\n<meta name=\"twitter:card\" content=\"summary_large_image\" \/>\n<meta name=\"twitter:site\" content=\"@imc_learning\" \/>\n<meta name=\"twitter:label1\" content=\"Gesch\u00e4tzte Lesezeit\" \/>\n\t<meta name=\"twitter:data1\" content=\"46\u00a0Minuten\" \/>\n<script type=\"application\/ld+json\" class=\"yoast-schema-graph\">{\"@context\":\"https:\/\/schema.org\",\"@graph\":[{\"@type\":\"WebPage\",\"@id\":\"https:\/\/www.scheer-imc.com\/de\/elearning-podcast\/\",\"url\":\"https:\/\/www.scheer-imc.com\/de\/elearning-podcast\/\",\"name\":\"E-Learning Podcast f\u00fcr die digitale Aus- und Weiterbildung\",\"isPartOf\":{\"@id\":\"https:\/\/www.scheer-imc.com\/de\/#website\"},\"primaryImageOfPage\":{\"@id\":\"https:\/\/www.scheer-imc.com\/de\/elearning-podcast\/#primaryimage\"},\"image\":{\"@id\":\"https:\/\/www.scheer-imc.com\/de\/elearning-podcast\/#primaryimage\"},\"thumbnailUrl\":\"https:\/\/www.scheer-imc.com\/de\/wp-content\/uploads\/sites\/8\/2024\/10\/eLearningINC_Cover.jpg\",\"datePublished\":\"2020-04-20T12:49:59+00:00\",\"dateModified\":\"2026-03-06T11:30:44+00:00\",\"description\":\"Im imc Podcast \u201eelearning INC.\u201c teilen f\u00fchrende Unternehmen ihre Best Practices zur Weiterbildung und Digitalisierung.\",\"breadcrumb\":{\"@id\":\"https:\/\/www.scheer-imc.com\/de\/elearning-podcast\/#breadcrumb\"},\"inLanguage\":\"de\",\"potentialAction\":[{\"@type\":\"ReadAction\",\"target\":[\"https:\/\/www.scheer-imc.com\/de\/elearning-podcast\/\"]}]},{\"@type\":\"ImageObject\",\"inLanguage\":\"de\",\"@id\":\"https:\/\/www.scheer-imc.com\/de\/elearning-podcast\/#primaryimage\",\"url\":\"https:\/\/www.scheer-imc.com\/de\/wp-content\/uploads\/sites\/8\/2024\/10\/eLearningINC_Cover.jpg\",\"contentUrl\":\"https:\/\/www.scheer-imc.com\/de\/wp-content\/uploads\/sites\/8\/2024\/10\/eLearningINC_Cover.jpg\",\"width\":1400,\"height\":1400,\"caption\":\"Podcast Cover elearning INC.\"},{\"@type\":\"BreadcrumbList\",\"@id\":\"https:\/\/www.scheer-imc.com\/de\/elearning-podcast\/#breadcrumb\",\"itemListElement\":[{\"@type\":\"ListItem\",\"position\":1,\"name\":\"Startseite\",\"item\":\"https:\/\/www.scheer-imc.com\/de\/\"},{\"@type\":\"ListItem\",\"position\":2,\"name\":\"E-Learning Podcast\"}]},{\"@type\":\"WebSite\",\"@id\":\"https:\/\/www.scheer-imc.com\/de\/#website\",\"url\":\"https:\/\/www.scheer-imc.com\/de\/\",\"name\":\"Scheer IMC\",\"description\":\"Wir verwandeln Lernstrategien in echten Unternehmens\u00aderfolg\",\"potentialAction\":[{\"@type\":\"SearchAction\",\"target\":{\"@type\":\"EntryPoint\",\"urlTemplate\":\"https:\/\/www.scheer-imc.com\/de\/?s={search_term_string}\"},\"query-input\":{\"@type\":\"PropertyValueSpecification\",\"valueRequired\":true,\"valueName\":\"search_term_string\"}}],\"inLanguage\":\"de\"}]}<\/script>\n<!-- \/ Yoast SEO plugin. -->","yoast_head_json":{"title":"E-Learning Podcast f\u00fcr die digitale Aus- und Weiterbildung","description":"Im imc Podcast \u201eelearning INC.\u201c teilen f\u00fchrende Unternehmen ihre Best Practices zur Weiterbildung und Digitalisierung.","robots":{"index":"index","follow":"follow","max-snippet":"max-snippet:-1","max-image-preview":"max-image-preview:large","max-video-preview":"max-video-preview:-1"},"canonical":"https:\/\/www.scheer-imc.com\/de\/elearning-podcast\/","og_locale":"de_DE","og_type":"article","og_title":"E-Learning Podcast f\u00fcr die digitale Aus- und Weiterbildung","og_description":"Im imc Podcast \u201eelearning INC.\u201c teilen f\u00fchrende Unternehmen ihre Best Practices zur Weiterbildung und Digitalisierung.","og_url":"https:\/\/www.scheer-imc.com\/de\/elearning-podcast\/","og_site_name":"Scheer IMC","article_publisher":"https:\/\/www.facebook.com\/imcLearning","article_modified_time":"2026-03-06T11:30:44+00:00","og_image":[{"width":1400,"height":1400,"url":"https:\/\/www.scheer-imc.com\/de\/wp-content\/uploads\/sites\/8\/2024\/10\/eLearningINC_Cover.jpg","type":"image\/jpeg"}],"twitter_card":"summary_large_image","twitter_site":"@imc_learning","twitter_misc":{"Gesch\u00e4tzte Lesezeit":"46\u00a0Minuten"},"schema":{"@context":"https:\/\/schema.org","@graph":[{"@type":"WebPage","@id":"https:\/\/www.scheer-imc.com\/de\/elearning-podcast\/","url":"https:\/\/www.scheer-imc.com\/de\/elearning-podcast\/","name":"E-Learning Podcast f\u00fcr die digitale Aus- und Weiterbildung","isPartOf":{"@id":"https:\/\/www.scheer-imc.com\/de\/#website"},"primaryImageOfPage":{"@id":"https:\/\/www.scheer-imc.com\/de\/elearning-podcast\/#primaryimage"},"image":{"@id":"https:\/\/www.scheer-imc.com\/de\/elearning-podcast\/#primaryimage"},"thumbnailUrl":"https:\/\/www.scheer-imc.com\/de\/wp-content\/uploads\/sites\/8\/2024\/10\/eLearningINC_Cover.jpg","datePublished":"2020-04-20T12:49:59+00:00","dateModified":"2026-03-06T11:30:44+00:00","description":"Im imc Podcast \u201eelearning INC.\u201c teilen f\u00fchrende Unternehmen ihre Best Practices zur Weiterbildung und Digitalisierung.","breadcrumb":{"@id":"https:\/\/www.scheer-imc.com\/de\/elearning-podcast\/#breadcrumb"},"inLanguage":"de","potentialAction":[{"@type":"ReadAction","target":["https:\/\/www.scheer-imc.com\/de\/elearning-podcast\/"]}]},{"@type":"ImageObject","inLanguage":"de","@id":"https:\/\/www.scheer-imc.com\/de\/elearning-podcast\/#primaryimage","url":"https:\/\/www.scheer-imc.com\/de\/wp-content\/uploads\/sites\/8\/2024\/10\/eLearningINC_Cover.jpg","contentUrl":"https:\/\/www.scheer-imc.com\/de\/wp-content\/uploads\/sites\/8\/2024\/10\/eLearningINC_Cover.jpg","width":1400,"height":1400,"caption":"Podcast Cover elearning INC."},{"@type":"BreadcrumbList","@id":"https:\/\/www.scheer-imc.com\/de\/elearning-podcast\/#breadcrumb","itemListElement":[{"@type":"ListItem","position":1,"name":"Startseite","item":"https:\/\/www.scheer-imc.com\/de\/"},{"@type":"ListItem","position":2,"name":"E-Learning Podcast"}]},{"@type":"WebSite","@id":"https:\/\/www.scheer-imc.com\/de\/#website","url":"https:\/\/www.scheer-imc.com\/de\/","name":"Scheer IMC","description":"Wir verwandeln Lernstrategien in echten Unternehmens\u00aderfolg","potentialAction":[{"@type":"SearchAction","target":{"@type":"EntryPoint","urlTemplate":"https:\/\/www.scheer-imc.com\/de\/?s={search_term_string}"},"query-input":{"@type":"PropertyValueSpecification","valueRequired":true,"valueName":"search_term_string"}}],"inLanguage":"de"}]}},"_links":{"self":[{"href":"https:\/\/www.scheer-imc.com\/de\/wp-json\/wp\/v2\/pages\/5740","targetHints":{"allow":["GET"]}}],"collection":[{"href":"https:\/\/www.scheer-imc.com\/de\/wp-json\/wp\/v2\/pages"}],"about":[{"href":"https:\/\/www.scheer-imc.com\/de\/wp-json\/wp\/v2\/types\/page"}],"author":[{"embeddable":true,"href":"https:\/\/www.scheer-imc.com\/de\/wp-json\/wp\/v2\/users\/7"}],"replies":[{"embeddable":true,"href":"https:\/\/www.scheer-imc.com\/de\/wp-json\/wp\/v2\/comments?post=5740"}],"version-history":[{"count":8,"href":"https:\/\/www.scheer-imc.com\/de\/wp-json\/wp\/v2\/pages\/5740\/revisions"}],"predecessor-version":[{"id":26120,"href":"https:\/\/www.scheer-imc.com\/de\/wp-json\/wp\/v2\/pages\/5740\/revisions\/26120"}],"wp:featuredmedia":[{"embeddable":true,"href":"https:\/\/www.scheer-imc.com\/de\/wp-json\/wp\/v2\/media\/21818"}],"wp:attachment":[{"href":"https:\/\/www.scheer-imc.com\/de\/wp-json\/wp\/v2\/media?parent=5740"}],"curies":[{"name":"wp","href":"https:\/\/api.w.org\/{rel}","templated":true}]}}