{"id":3515,"date":"2020-04-21T15:45:56","date_gmt":"2020-04-21T13:45:56","guid":{"rendered":"https:\/\/www.scheer-imc.com\/de\/?page_id=3515"},"modified":"2023-12-01T14:25:44","modified_gmt":"2023-12-01T13:25:44","slug":"scheer-holding","status":"publish","type":"page","link":"https:\/\/www.scheer-imc.com\/de\/unternehmen\/scheer-holding\/","title":{"rendered":"Scheer Holding"},"content":{"rendered":"<div id=\"pl-3515\"  class=\"panel-layout\" ><div id=\"pg-3515-0\"  class=\"panel-grid panel-no-style\"  style=\"--mobile-padding:;\" ><div id=\"pgc-3515-0-0\"  class=\"panel-grid-cell\" ><div id=\"panel-3515-0-0-0\" class=\"so-panel widget widget_zrm-hero panel-first-child panel-last-child\" data-index=\"0\" ><div\n\t\t\t\n\t\t\tclass=\"so-widget-zrm-hero so-widget-zrm-hero-default-d75171398898-3515\"\n\t\t\t\n\t\t><div class=\"widget widget--hero widget--left widget--show lg\">\n\t\t\t<div class=\"hero__image\">\n\t\t\t<div class=\"hero__darken\"><\/div>\t\t\t<img decoding=\"async\" width=\"1920\" height=\"1080\" src=\"https:\/\/www.scheer-imc.com\/de\/wp-content\/uploads\/sites\/8\/2020\/04\/imc_image_Scheer_hero_2020_04_16-1.jpg\" class=\"attachment-full size-full\" alt=\"imc AG als Teil der Scheer Holding\" srcset=\"https:\/\/www.scheer-imc.com\/de\/wp-content\/uploads\/sites\/8\/2020\/04\/imc_image_Scheer_hero_2020_04_16-1.jpg 1920w, https:\/\/www.scheer-imc.com\/de\/wp-content\/uploads\/sites\/8\/2020\/04\/imc_image_Scheer_hero_2020_04_16-1-300x169.jpg 300w, https:\/\/www.scheer-imc.com\/de\/wp-content\/uploads\/sites\/8\/2020\/04\/imc_image_Scheer_hero_2020_04_16-1-1024x576.jpg 1024w, https:\/\/www.scheer-imc.com\/de\/wp-content\/uploads\/sites\/8\/2020\/04\/imc_image_Scheer_hero_2020_04_16-1-768x432.jpg 768w, https:\/\/www.scheer-imc.com\/de\/wp-content\/uploads\/sites\/8\/2020\/04\/imc_image_Scheer_hero_2020_04_16-1-1536x864.jpg 1536w\" sizes=\"(max-width: 1920px) 100vw, 1920px\" \/>\t\t<\/div>\n\t\t<div class=\"hero__container\">\n\t\t<div class=\"hero__headline bold\">\n\t\t\t<div class=\"firstline\">Scheer Holding - <\/div>\n\t\t\t<div class=\"secondline\">The Innovation Network<\/div>\n\t\t<\/div>\n\t\t\t\t<div class=\"hero__content hero__content--normal\">\n\t\t\t<div class=\"hero__text\">\n\t\t\t\t\t\t\t\t\t\t\t\t\t\t\t\t\t<div class=\"hero__cta\">\n\t\t\t\t\t\t\t\t\t\t\t\t\t\t\t\t\t<\/div>\n\t\t\t\t\t\t\t<\/div>\n\t\t<\/div>\n\t<\/div>\n<\/div>\n<\/div><\/div><\/div><\/div><div id=\"pg-3515-1\"  class=\"panel-grid panel-no-style\"  style=\"--mobile-padding:;\" ><div id=\"pgc-3515-1-0\"  class=\"panel-grid-cell panel-grid-cell-empty\" ><\/div><div id=\"pgc-3515-1-1\"  class=\"panel-grid-cell panel-grid-cell-mobile-last\" ><div id=\"panel-3515-1-1-0\" class=\"so-panel widget widget_zrm-headline panel-first-child\" data-index=\"1\" ><div\n\t\t\t\n\t\t\tclass=\"so-widget-zrm-headline so-widget-zrm-headline-default-d75171398898-3515\"\n\t\t\t\n\t\t><div class=\"widget widget--headline widget--center widget--show md  \">\n\t<div class=\"preline\"><\/div>\n\t<h2 class=\"headline h2\">imc AG als Teil der Scheer Holding<\/h2>\t<div class=\"subline\"><\/div>\n<\/div>\n<\/div><\/div><div id=\"panel-3515-1-1-1\" class=\"so-panel widget widget_zrm-editor panel-last-child\" data-index=\"2\" ><div\n\t\t\t\n\t\t\tclass=\"so-widget-zrm-editor so-widget-zrm-editor-default-d75171398898-3515\"\n\t\t\t\n\t\t><div class=\"widget widget--editor widget--show lg\">\n\t<p style=\"text-align: center;\"><span data-contrast=\"auto\">Die\u00a0<\/span><span data-contrast=\"auto\">Scheer Holding<\/span><span data-contrast=\"auto\">\u00a0bildet das verl\u00e4ssliche Dach \u00fcber dem\u00a0<\/span><span data-contrast=\"auto\">Unternehmensnetzwerk<\/span><span data-contrast=\"auto\">. Sie f\u00f6rdert und st\u00e4rkt die Zusammenarbeit der Netzwerkunternehmen, um den Mehrwert f\u00fcr Kunden zu erh\u00f6hen und zugleich den\u00a0<\/span><span data-contrast=\"auto\">Netzwerkpartnern<\/span><span data-contrast=\"auto\">\u00a0den Zugang zu neuen M\u00e4rkten zu erleichtern. Dabei unterst\u00fctzt die\u00a0<\/span><span data-contrast=\"auto\">Scheer Holding<\/span><span data-contrast=\"auto\">\u00a0die Netzwerkunternehmen, die aus der deutschsprachigen Region stammen, sowohl bei ihrem Engagement in internationalen M\u00e4rkten als auch bei Neugr\u00fcndungen aus dem bestehenden Netzwerk heraus.<\/span><span data-ccp-props=\"{&quot;201341983&quot;:0,&quot;335559740&quot;:259}\" data-wac-het=\"1\">\u00a0<\/span><\/p>\n<p><span data-ccp-props=\"{&quot;201341983&quot;:0,&quot;335559740&quot;:259}\" data-wac-het=\"1\">\u00a0<\/span><\/p>\n<\/div><\/div><\/div><\/div><div id=\"pgc-3515-1-2\"  class=\"panel-grid-cell panel-grid-cell-empty\" ><\/div><\/div><div id=\"pg-3515-2\"  class=\"panel-grid panel-no-style\"  style=\"--mobile-padding:;\" ><div id=\"pgc-3515-2-0\"  class=\"panel-grid-cell panel-grid-cell-empty\" ><\/div><div id=\"pgc-3515-2-1\"  class=\"panel-grid-cell panel-grid-cell-mobile-last\" ><div id=\"panel-3515-2-1-0\" class=\"so-panel widget widget_zrm-separator panel-first-child panel-last-child\" data-index=\"3\" ><div\n\t\t\t\n\t\t\tclass=\"so-widget-zrm-separator so-widget-zrm-separator-default-d75171398898-3515\"\n\t\t\t\n\t\t><div class=\"widget widget--separator widget--show md\">\n\t<div class=\"separator\">\n\t\t<div class=\"separator__line\"><\/div>\n\t\t<span class=\"separator__text\">GEMEINSAM MEHR EREICHEN<\/span>\t\t<div class=\"separator__line\"><\/div>\n\t<\/div>\n<\/div><\/div><\/div><\/div><div id=\"pgc-3515-2-2\"  class=\"panel-grid-cell panel-grid-cell-empty\" ><\/div><\/div><div id=\"pg-3515-3\"  class=\"panel-grid panel-no-style\"  style=\"--mobile-padding:;\" ><div id=\"pgc-3515-3-0\"  class=\"panel-grid-cell panel-grid-cell-empty\" ><\/div><div id=\"pgc-3515-3-1\"  class=\"panel-grid-cell panel-grid-cell-mobile-last\" ><div id=\"panel-3515-3-1-0\" class=\"so-panel widget widget_zrm-editor panel-first-child\" data-index=\"4\" ><div\n\t\t\t\n\t\t\tclass=\"so-widget-zrm-editor so-widget-zrm-editor-default-d75171398898-3515\"\n\t\t\t\n\t\t><div class=\"widget widget--editor widget--show md\">\n\t<p style=\"text-align: center;\"><span class=\"TextRun BCX0 SCXW16020166\" lang=\"DE-DE\" xml:lang=\"DE-DE\" data-contrast=\"auto\"><span class=\"NormalTextRun BCX0 SCXW16020166\" data-wac-het=\"1\">Als Gr\u00fcnder der\u00a0<\/span><\/span><span class=\"TextRun BCX0 SCXW16020166\" lang=\"DE-DE\" xml:lang=\"DE-DE\" data-contrast=\"auto\"><span class=\"NormalTextRun BCX0 SCXW16020166\" data-wac-het=\"1\">Scheer<\/span><\/span><span class=\"TextRun BCX0 SCXW16020166\" lang=\"DE-DE\" xml:lang=\"DE-DE\" data-contrast=\"auto\"><span class=\"NormalTextRun BCX0 SCXW16020166\" data-wac-het=\"1\">\u00a0Holding ist Professor August-Wilhelm Scheer an den Netzwerkunternehmen finanziell beteiligt. Er f\u00f6rdert sie zudem durch seine langj\u00e4hrige Erfahrung in der IT-Branche. Professor<\/span><\/span><span class=\"TextRun BCX0 SCXW16020166\" lang=\"DE-DE\" xml:lang=\"DE-DE\" data-contrast=\"auto\"><span class=\"NormalTextRun BCX0 SCXW16020166\" data-wac-het=\"1\">\u00a0<\/span><\/span><span class=\"TextRun BCX0 SCXW16020166\" lang=\"DE-DE\" xml:lang=\"DE-DE\" data-contrast=\"auto\"><span class=\"NormalTextRun BCX0 SCXW16020166\" data-wac-het=\"1\">Scheer, der mit dem ARIS-Konzept eine der international erfolgreichsten Methoden des Gesch\u00e4ftsprozessmanagements entwickelt hat, m\u00f6chte im Scheer Holding Netzwerk die besten Ideen und die klugen K\u00f6pfe dahinter zusammenf\u00fchren. Ziel ist es, die Unternehmen mit einem klaren Blick auf den Kundenmehrwert bei Wachstum und Internationalisierung zu unterst\u00fctzen<\/span><\/span><\/p>\n<p><span data-ccp-props=\"{&quot;201341983&quot;:0,&quot;335559740&quot;:259}\" data-wac-het=\"1\">\u00a0<\/span><\/p>\n<\/div><\/div><\/div><div id=\"panel-3515-3-1-1\" class=\"so-panel widget widget_zrm-button panel-last-child\" data-index=\"5\" ><div\n\t\t\t\n\t\t\tclass=\"so-widget-zrm-button so-widget-zrm-button-default-d75171398898-3515\"\n\t\t\t\n\t\t>\n\n<div class=\"widget widget--button center widget--show xl\">\n\t\t\t\t\t\t\t\t\t\t\t\t\t\t\t\t<a class=\"button button--red button--normal button--solid\" target=\"_self\" title=\"Zur Scheer Holding\" href=\"https:\/\/scheer-holding.com\/\">\n\t\t\t\t<span class=\"bold\">Zur Scheer Holding<\/span>\n\t\t\t<\/a>\n\t\t\t<\/div>\n<\/div><\/div><\/div><div id=\"pgc-3515-3-2\"  class=\"panel-grid-cell panel-grid-cell-empty\" ><\/div><\/div><div id=\"pg-3515-4\"  class=\"panel-grid panel-no-style\"  style=\"--mobile-padding:;\" ><div id=\"pgc-3515-4-0\"  class=\"panel-grid-cell panel-grid-cell-empty\" ><\/div><div id=\"pgc-3515-4-1\"  class=\"panel-grid-cell panel-grid-cell-mobile-last\" ><div id=\"panel-3515-4-1-0\" class=\"so-panel widget widget_zrm-separator panel-first-child panel-last-child\" data-index=\"6\" ><div\n\t\t\t\n\t\t\tclass=\"so-widget-zrm-separator so-widget-zrm-separator-default-d75171398898-3515\"\n\t\t\t\n\t\t><div class=\"widget widget--separator widget--show md\">\n\t<div class=\"separator\">\n\t\t<div class=\"separator__line\"><\/div>\n\t\t<span class=\"separator__text\">Prof. Dr. August-Wilhelm Scheer<\/span>\t\t<div class=\"separator__line\"><\/div>\n\t<\/div>\n<\/div><\/div><\/div><\/div><div id=\"pgc-3515-4-2\"  class=\"panel-grid-cell panel-grid-cell-empty\" ><\/div><\/div><div id=\"pg-3515-5\"  class=\"panel-grid panel-no-style\"  style=\"--mobile-padding:;\" ><div id=\"pgc-3515-5-0\"  class=\"panel-grid-cell panel-grid-cell-empty\" ><\/div><div id=\"pgc-3515-5-1\"  class=\"panel-grid-cell\" ><div id=\"panel-3515-5-1-0\" class=\"so-panel widget widget_zrm-forward panel-first-child panel-last-child\" data-index=\"7\" ><div\n\t\t\t\n\t\t\tclass=\"so-widget-zrm-forward so-widget-zrm-forward-default-d75171398898-3515\"\n\t\t\t\n\t\t>\n\n<div class=\"widget widget--forward widget--show lg\">\n\t<img decoding=\"async\" class=\"forward__image\" src=\"https:\/\/www.scheer-imc.com\/de\/wp-content\/uploads\/sites\/8\/2020\/05\/Scheer-288x300.png\" \/>\n\t<div class=\"forward__darken\"><\/div>\n\t<div class=\"square\">\n\t\t<div class=\"square__inner forward__content\">\n\t\t\t<div class=\"forward__headline bold\"> Vision\u00e4r, Vordenker, Unternehmer und Musiker<\/div>\n\t\t\t<div class=\"forward__copy\"><p>Hier blogt Prof. Dr. August-Wilhelm Scheer<\/p>\n<\/div>\n\t\t\t<div class=\"forward__link\">\n\t\t\t\t\t\t\t\t\t\t\t\t\t\t\t\t\t\t<a class=\"button button--red button--normal button--solid\" target=\"_self\" title=\"Zum Blog\" href=\"http:\/\/www.august-wilhelm-scheer.com\/\">\n\t\t\t\t<span class=\"bold\">Zum Blog<\/span>\n\t\t\t<\/a>\n\t\t\t\t\t\t<\/div>\n\t\t<\/div>\n\t<\/div>\n<\/div>\n<\/div><\/div><\/div><div id=\"pgc-3515-5-2\"  class=\"panel-grid-cell panel-grid-cell-mobile-last\" ><div id=\"panel-3515-5-2-0\" class=\"so-panel widget widget_zrm-forward panel-first-child panel-last-child\" data-index=\"8\" ><div\n\t\t\t\n\t\t\tclass=\"so-widget-zrm-forward so-widget-zrm-forward-default-d75171398898-3515\"\n\t\t\t\n\t\t>\n\n<div class=\"widget widget--forward widget--show lg\">\n\t<img decoding=\"async\" class=\"forward__image\" src=\"https:\/\/www.scheer-imc.com\/de\/wp-content\/uploads\/sites\/8\/2020\/05\/Scheer-300x168.jpg\" \/>\n\t<div class=\"forward__darken\"><\/div>\n\t<div class=\"square\">\n\t\t<div class=\"square__inner forward__content\">\n\t\t\t<div class=\"forward__headline bold\">Unternehmertum bedeutet: Eine Idee quasi aus dem Nichts realisieren<\/div>\n\t\t\t<div class=\"forward__copy\"><p>Ein Vortrag von Prof. Dr. August-Wilhelm Scheer<\/p>\n<\/div>\n\t\t\t<div class=\"forward__link\">\n\t\t\t\t\t\t\t\t\t\t\t\t\t\t\t\t\t\t<a class=\"button button--red button--normal button--solid\" target=\"_self\" title=\"Zum Vortrag\" href=\"https:\/\/www.scheer-group.com\/scheer-news\/unternehmertum-bedeutet\/\">\n\t\t\t\t<span class=\"bold\">Zum Vortrag<\/span>\n\t\t\t<\/a>\n\t\t\t\t\t\t<\/div>\n\t\t<\/div>\n\t<\/div>\n<\/div>\n<\/div><\/div><\/div><div id=\"pgc-3515-5-3\"  class=\"panel-grid-cell panel-grid-cell-empty\" ><\/div><\/div><\/div>","protected":false},"excerpt":{"rendered":"<p>Scheer Holding &#8211; The Innovation Network imc AG als Teil der Scheer Holding Die\u00a0Scheer Holding\u00a0bildet das verl\u00e4ssliche Dach \u00fcber dem\u00a0Unternehmensnetzwerk. Sie f\u00f6rdert und st\u00e4rkt die Zusammenarbeit der Netzwerkunternehmen, um den Mehrwert f\u00fcr Kunden zu erh\u00f6hen und zugleich den\u00a0Netzwerkpartnern\u00a0den Zugang zu neuen M\u00e4rkten zu erleichtern. Dabei unterst\u00fctzt die\u00a0Scheer Holding\u00a0die Netzwerkunternehmen, die aus der deutschsprachigen Region stammen, [&hellip;]<\/p>\n","protected":false},"author":7,"featured_media":7528,"parent":1156,"menu_order":7,"comment_status":"closed","ping_status":"closed","template":"","meta":{"_acf_changed":false,"content-type":"","footnotes":""},"class_list":["post-3515","page","type-page","status-publish","has-post-thumbnail","hentry"],"acf":[],"yoast_head":"<!-- This site is optimized with the Yoast SEO plugin v25.5 - https:\/\/yoast.com\/wordpress\/plugins\/seo\/ -->\n<title>Das Innovations Netzwerk: imc AG als Teil der Scheer Holding<\/title>\n<meta name=\"description\" content=\"Scheer Holding: Erfahren Sie mehr \u00fcber den Unternehmensverbund, seine Gr\u00fcnder, Leistungen und Erfolge, alle Partner und deren Zusammenarbeit.\" \/>\n<meta name=\"robots\" content=\"index, follow, max-snippet:-1, max-image-preview:large, max-video-preview:-1\" \/>\n<link rel=\"canonical\" href=\"https:\/\/www.scheer-imc.com\/de\/unternehmen\/scheer-holding\/\" \/>\n<meta property=\"og:locale\" content=\"de_DE\" \/>\n<meta property=\"og:type\" content=\"article\" \/>\n<meta property=\"og:title\" content=\"Das Innovations Netzwerk: imc AG als Teil der Scheer Holding\" \/>\n<meta property=\"og:description\" content=\"Scheer Holding: Erfahren Sie mehr \u00fcber den Unternehmensverbund, seine Gr\u00fcnder, Leistungen und Erfolge, alle Partner und deren Zusammenarbeit.\" \/>\n<meta property=\"og:url\" content=\"https:\/\/www.scheer-imc.com\/de\/unternehmen\/scheer-holding\/\" \/>\n<meta property=\"og:site_name\" content=\"Scheer IMC\" \/>\n<meta property=\"article:publisher\" content=\"https:\/\/www.facebook.com\/imcLearning\" \/>\n<meta property=\"article:modified_time\" content=\"2023-12-01T13:25:44+00:00\" \/>\n<meta property=\"og:image\" content=\"https:\/\/images.scheer-imc.com\/wp-content\/uploads\/sites\/8\/2020\/04\/imc_image_Scheer_hero_2020_04_16-1.jpg\" \/>\n\t<meta property=\"og:image:width\" content=\"1920\" \/>\n\t<meta property=\"og:image:height\" content=\"1080\" \/>\n\t<meta property=\"og:image:type\" content=\"image\/jpeg\" \/>\n<meta name=\"twitter:card\" content=\"summary_large_image\" \/>\n<meta name=\"twitter:site\" content=\"@imc_learning\" \/>\n<meta name=\"twitter:label1\" content=\"Gesch\u00e4tzte Lesezeit\" \/>\n\t<meta name=\"twitter:data1\" content=\"1\u00a0Minute\" \/>\n<script type=\"application\/ld+json\" class=\"yoast-schema-graph\">{\"@context\":\"https:\/\/schema.org\",\"@graph\":[{\"@type\":\"WebPage\",\"@id\":\"https:\/\/www.scheer-imc.com\/de\/unternehmen\/scheer-holding\/\",\"url\":\"https:\/\/www.scheer-imc.com\/de\/unternehmen\/scheer-holding\/\",\"name\":\"Das Innovations Netzwerk: imc AG als Teil der Scheer Holding\",\"isPartOf\":{\"@id\":\"https:\/\/www.scheer-imc.com\/de\/#website\"},\"primaryImageOfPage\":{\"@id\":\"https:\/\/www.scheer-imc.com\/de\/unternehmen\/scheer-holding\/#primaryimage\"},\"image\":{\"@id\":\"https:\/\/www.scheer-imc.com\/de\/unternehmen\/scheer-holding\/#primaryimage\"},\"thumbnailUrl\":\"https:\/\/www.scheer-imc.com\/de\/wp-content\/uploads\/sites\/8\/2020\/04\/imc_image_Scheer_hero_2020_04_16-1.jpg\",\"datePublished\":\"2020-04-21T13:45:56+00:00\",\"dateModified\":\"2023-12-01T13:25:44+00:00\",\"description\":\"Scheer Holding: Erfahren Sie mehr \u00fcber den Unternehmensverbund, seine Gr\u00fcnder, Leistungen und Erfolge, alle Partner und deren Zusammenarbeit.\",\"breadcrumb\":{\"@id\":\"https:\/\/www.scheer-imc.com\/de\/unternehmen\/scheer-holding\/#breadcrumb\"},\"inLanguage\":\"de\",\"potentialAction\":[{\"@type\":\"ReadAction\",\"target\":[\"https:\/\/www.scheer-imc.com\/de\/unternehmen\/scheer-holding\/\"]}]},{\"@type\":\"ImageObject\",\"inLanguage\":\"de\",\"@id\":\"https:\/\/www.scheer-imc.com\/de\/unternehmen\/scheer-holding\/#primaryimage\",\"url\":\"https:\/\/www.scheer-imc.com\/de\/wp-content\/uploads\/sites\/8\/2020\/04\/imc_image_Scheer_hero_2020_04_16-1.jpg\",\"contentUrl\":\"https:\/\/www.scheer-imc.com\/de\/wp-content\/uploads\/sites\/8\/2020\/04\/imc_image_Scheer_hero_2020_04_16-1.jpg\",\"width\":1920,\"height\":1080,\"caption\":\"hero image for scheer page\"},{\"@type\":\"BreadcrumbList\",\"@id\":\"https:\/\/www.scheer-imc.com\/de\/unternehmen\/scheer-holding\/#breadcrumb\",\"itemListElement\":[{\"@type\":\"ListItem\",\"position\":1,\"name\":\"Startseite\",\"item\":\"https:\/\/www.scheer-imc.com\/de\/\"},{\"@type\":\"ListItem\",\"position\":2,\"name\":\"Unternehmen\",\"item\":\"https:\/\/www.scheer-imc.com\/de\/unternehmen\/\"},{\"@type\":\"ListItem\",\"position\":3,\"name\":\"Scheer Holding\"}]},{\"@type\":\"WebSite\",\"@id\":\"https:\/\/www.scheer-imc.com\/de\/#website\",\"url\":\"https:\/\/www.scheer-imc.com\/de\/\",\"name\":\"Scheer IMC\",\"description\":\"Wir verwandeln Lernstrategien in echten Unternehmens\u00aderfolg\",\"potentialAction\":[{\"@type\":\"SearchAction\",\"target\":{\"@type\":\"EntryPoint\",\"urlTemplate\":\"https:\/\/www.scheer-imc.com\/de\/?s={search_term_string}\"},\"query-input\":{\"@type\":\"PropertyValueSpecification\",\"valueRequired\":true,\"valueName\":\"search_term_string\"}}],\"inLanguage\":\"de\"}]}<\/script>\n<!-- \/ Yoast SEO plugin. -->","yoast_head_json":{"title":"Das Innovations Netzwerk: imc AG als Teil der Scheer Holding","description":"Scheer Holding: Erfahren Sie mehr \u00fcber den Unternehmensverbund, seine Gr\u00fcnder, Leistungen und Erfolge, alle Partner und deren Zusammenarbeit.","robots":{"index":"index","follow":"follow","max-snippet":"max-snippet:-1","max-image-preview":"max-image-preview:large","max-video-preview":"max-video-preview:-1"},"canonical":"https:\/\/www.scheer-imc.com\/de\/unternehmen\/scheer-holding\/","og_locale":"de_DE","og_type":"article","og_title":"Das Innovations Netzwerk: imc AG als Teil der Scheer Holding","og_description":"Scheer Holding: Erfahren Sie mehr \u00fcber den Unternehmensverbund, seine Gr\u00fcnder, Leistungen und Erfolge, alle Partner und deren Zusammenarbeit.","og_url":"https:\/\/www.scheer-imc.com\/de\/unternehmen\/scheer-holding\/","og_site_name":"Scheer IMC","article_publisher":"https:\/\/www.facebook.com\/imcLearning","article_modified_time":"2023-12-01T13:25:44+00:00","og_image":[{"width":1920,"height":1080,"url":"https:\/\/images.scheer-imc.com\/wp-content\/uploads\/sites\/8\/2020\/04\/imc_image_Scheer_hero_2020_04_16-1.jpg","type":"image\/jpeg"}],"twitter_card":"summary_large_image","twitter_site":"@imc_learning","twitter_misc":{"Gesch\u00e4tzte Lesezeit":"1\u00a0Minute"},"schema":{"@context":"https:\/\/schema.org","@graph":[{"@type":"WebPage","@id":"https:\/\/www.scheer-imc.com\/de\/unternehmen\/scheer-holding\/","url":"https:\/\/www.scheer-imc.com\/de\/unternehmen\/scheer-holding\/","name":"Das Innovations Netzwerk: imc AG als Teil der Scheer Holding","isPartOf":{"@id":"https:\/\/www.scheer-imc.com\/de\/#website"},"primaryImageOfPage":{"@id":"https:\/\/www.scheer-imc.com\/de\/unternehmen\/scheer-holding\/#primaryimage"},"image":{"@id":"https:\/\/www.scheer-imc.com\/de\/unternehmen\/scheer-holding\/#primaryimage"},"thumbnailUrl":"https:\/\/www.scheer-imc.com\/de\/wp-content\/uploads\/sites\/8\/2020\/04\/imc_image_Scheer_hero_2020_04_16-1.jpg","datePublished":"2020-04-21T13:45:56+00:00","dateModified":"2023-12-01T13:25:44+00:00","description":"Scheer Holding: Erfahren Sie mehr \u00fcber den Unternehmensverbund, seine Gr\u00fcnder, Leistungen und Erfolge, alle Partner und deren Zusammenarbeit.","breadcrumb":{"@id":"https:\/\/www.scheer-imc.com\/de\/unternehmen\/scheer-holding\/#breadcrumb"},"inLanguage":"de","potentialAction":[{"@type":"ReadAction","target":["https:\/\/www.scheer-imc.com\/de\/unternehmen\/scheer-holding\/"]}]},{"@type":"ImageObject","inLanguage":"de","@id":"https:\/\/www.scheer-imc.com\/de\/unternehmen\/scheer-holding\/#primaryimage","url":"https:\/\/www.scheer-imc.com\/de\/wp-content\/uploads\/sites\/8\/2020\/04\/imc_image_Scheer_hero_2020_04_16-1.jpg","contentUrl":"https:\/\/www.scheer-imc.com\/de\/wp-content\/uploads\/sites\/8\/2020\/04\/imc_image_Scheer_hero_2020_04_16-1.jpg","width":1920,"height":1080,"caption":"hero image for scheer page"},{"@type":"BreadcrumbList","@id":"https:\/\/www.scheer-imc.com\/de\/unternehmen\/scheer-holding\/#breadcrumb","itemListElement":[{"@type":"ListItem","position":1,"name":"Startseite","item":"https:\/\/www.scheer-imc.com\/de\/"},{"@type":"ListItem","position":2,"name":"Unternehmen","item":"https:\/\/www.scheer-imc.com\/de\/unternehmen\/"},{"@type":"ListItem","position":3,"name":"Scheer Holding"}]},{"@type":"WebSite","@id":"https:\/\/www.scheer-imc.com\/de\/#website","url":"https:\/\/www.scheer-imc.com\/de\/","name":"Scheer IMC","description":"Wir verwandeln Lernstrategien in echten Unternehmens\u00aderfolg","potentialAction":[{"@type":"SearchAction","target":{"@type":"EntryPoint","urlTemplate":"https:\/\/www.scheer-imc.com\/de\/?s={search_term_string}"},"query-input":{"@type":"PropertyValueSpecification","valueRequired":true,"valueName":"search_term_string"}}],"inLanguage":"de"}]}},"_links":{"self":[{"href":"https:\/\/www.scheer-imc.com\/de\/wp-json\/wp\/v2\/pages\/3515","targetHints":{"allow":["GET"]}}],"collection":[{"href":"https:\/\/www.scheer-imc.com\/de\/wp-json\/wp\/v2\/pages"}],"about":[{"href":"https:\/\/www.scheer-imc.com\/de\/wp-json\/wp\/v2\/types\/page"}],"author":[{"embeddable":true,"href":"https:\/\/www.scheer-imc.com\/de\/wp-json\/wp\/v2\/users\/7"}],"replies":[{"embeddable":true,"href":"https:\/\/www.scheer-imc.com\/de\/wp-json\/wp\/v2\/comments?post=3515"}],"version-history":[{"count":1,"href":"https:\/\/www.scheer-imc.com\/de\/wp-json\/wp\/v2\/pages\/3515\/revisions"}],"predecessor-version":[{"id":12677,"href":"https:\/\/www.scheer-imc.com\/de\/wp-json\/wp\/v2\/pages\/3515\/revisions\/12677"}],"up":[{"embeddable":true,"href":"https:\/\/www.scheer-imc.com\/de\/wp-json\/wp\/v2\/pages\/1156"}],"wp:featuredmedia":[{"embeddable":true,"href":"https:\/\/www.scheer-imc.com\/de\/wp-json\/wp\/v2\/media\/7528"}],"wp:attachment":[{"href":"https:\/\/www.scheer-imc.com\/de\/wp-json\/wp\/v2\/media?parent=3515"}],"curies":[{"name":"wp","href":"https:\/\/api.w.org\/{rel}","templated":true}]}}