{"id":25899,"date":"2026-03-23T16:53:23","date_gmt":"2026-03-23T15:53:23","guid":{"rendered":"https:\/\/www.scheer-imc.com\/de\/?page_id=25899"},"modified":"2026-04-22T15:01:13","modified_gmt":"2026-04-22T13:01:13","slug":"learntec-2026","status":"publish","type":"page","link":"https:\/\/www.scheer-imc.com\/de\/events-webinare\/learntec-2026\/","title":{"rendered":"LEARNTEC 2026"},"content":{"rendered":"<div id=\"pl-25899\"  class=\"panel-layout\" ><div id=\"pg-25899-0\"  class=\"panel-grid panel-no-style\"  style=\"--mobile-padding:;\" ><div id=\"pgc-25899-0-0\"  class=\"panel-grid-cell\" ><div id=\"panel-25899-0-0-0\" class=\"so-panel widget widget_zrm-up-hero panel-first-child panel-last-child\" data-index=\"0\" ><div\n\t\t\t\n\t\t\tclass=\"so-widget-zrm-up-hero so-widget-zrm-up-hero-default-d75171398898-25899\"\n\t\t\t\n\t\t>\n    <div class=\"widget widget--update widget--hero_update widget--show\" style=\"--margins-desktop:0px 0px 120px 0px;--margins-mobile:0px 0px 60px 0px;\">\n        <div class=\"hero\">\n            <div class=\"hero__content\">\n                <div class=\"hero__labels text_small_update bold\">\n                                    <\/div>\n                                <h1 class=\"hero__headline h2_update bold\">Scheer IMC bei der #LEARNTEC26<\/h1>                <div class=\"hero__copy text_medium_update\">Lernen neu gedacht: Skills, KI und LMS in einem steuerbaren Ecosystem.<\/div>\n                <div class=\"hero__links\">\n                                                <a href=\"#Termin\" title=\"gratis Ticket sichern\" target=\"_self\" class=\"button button--update button--red button--normal button--solid hero__link\">\n                                gratis Ticket sichern                            <\/a>\n                                            <\/div>\n            <\/div>\n            <div class=\"hero__media\">\n                <img width=\"800\" height=\"448\" src=\"https:\/\/www.scheer-imc.com\/de\/wp-content\/uploads\/sites\/8\/2025\/03\/AdobeStock_790856154.jpeg\" class=\"attachment-large size-large\" alt=\"\" decoding=\"auto\" fetchpriority=\"high\" srcset=\"https:\/\/www.scheer-imc.com\/de\/wp-content\/uploads\/sites\/8\/2025\/03\/AdobeStock_790856154.jpeg 800w, https:\/\/www.scheer-imc.com\/de\/wp-content\/uploads\/sites\/8\/2025\/03\/AdobeStock_790856154-300x168.jpeg 300w, https:\/\/www.scheer-imc.com\/de\/wp-content\/uploads\/sites\/8\/2025\/03\/AdobeStock_790856154-768x430.jpeg 768w\" sizes=\"(max-width: 800px) 100vw, 800px\" \/>            <\/div>\n        <\/div>\n    <\/div>\n\n<\/div><\/div><\/div><\/div><div id=\"pg-25899-1\"  class=\"panel-grid panel-no-style\"  style=\"--mobile-padding:;\" ><div id=\"pgc-25899-1-0\"  class=\"panel-grid-cell panel-grid-cell-empty\" ><\/div><div id=\"pgc-25899-1-1\"  class=\"panel-grid-cell panel-grid-cell-mobile-last\" ><div id=\"panel-25899-1-1-0\" class=\"so-panel widget widget_zrm-editor panel-first-child\" data-index=\"1\" ><div\n\t\t\t\n\t\t\tclass=\"so-widget-zrm-editor so-widget-zrm-editor-default-d75171398898-25899\"\n\t\t\t\n\t\t><div class=\"widget widget--editor widget--show xs\">\n\t<p>Von Skill Mapping \u00fcber Learning Journeys bis KI\u2011gest\u00fctzte Content\u2011Erstellung: Erleben Sie, wie die imc Learning Suite L&amp;D\u2011Teams bef\u00e4higt, schneller zu handeln, smarter zu planen und Kompetenzen gezielt aufzubauen.<\/p>\n<p>&nbsp;<\/p>\n<p>Auf der <a href=\"https:\/\/www.learntec.de\/de\/\">LEARNTEC 2026<\/a> zeigen wir, wie die imc Learning Suite als integriertes Learning Ecosystem Skill Management endlich praktikabel macht: mit klaren Kompetenzarchitekturen, automatisierten Workflows und smarten KI\u2011Tools wie imc Express und DialogueGPT. Erleben Sie vor Ort, wie Skill Gaps sichtbar werden, Lernprozesse einfacher werden und Kompetenzentwicklung messbar gesteuert werden kann.<\/p>\n<p>&nbsp;<\/p>\n<p>Interessiert an einem Austausch zu diesen Themen? Buchen Sie jetzt Ihren Termin mit uns und erhalten Sie ein kostenloses Besucherticket.<\/p>\n<p>&nbsp;<\/p>\n<\/div><\/div><\/div><div id=\"panel-25899-1-1-1\" class=\"so-panel widget widget_zrm-editor\" data-index=\"2\" ><div\n\t\t\t\n\t\t\tclass=\"so-widget-zrm-editor so-widget-zrm-editor-default-d75171398898-25899\"\n\t\t\t\n\t\t><div class=\"widget widget--editor widget--show xs\">\n\t<p style=\"text-align: center;\"><strong>05.-07. Mai 2026 | <\/strong><strong>Messe Karlsruhe<\/strong><\/p>\n<p style=\"text-align: center;\"><strong>Halle 1, Stand E30<\/strong><\/p>\n<\/div><\/div><\/div><div id=\"panel-25899-1-1-2\" class=\"so-panel widget widget_zrm-button panel-last-child\" data-index=\"3\" ><div\n\t\t\t\n\t\t\tclass=\"so-widget-zrm-button so-widget-zrm-button-default-d75171398898-25899\"\n\t\t\t\n\t\t>\n\n<div class=\"widget widget--button center widget--show lg\">\n\t\t\t\t\t\t\t\t\t\t\t\t\t\t\t\t<a class=\"button button--red button--normal button--solid\" target=\"_self\" title=\"Termin buchen + Gratis-Ticket sichern\" href=\"#Termin\">\n\t\t\t\t<span class=\"bold\">Termin buchen + Gratis-Ticket sichern<\/span>\n\t\t\t<\/a>\n\t\t\t<\/div>\n<\/div><\/div><\/div><div id=\"pgc-25899-1-2\"  class=\"panel-grid-cell panel-grid-cell-empty\" ><\/div><\/div><div id=\"pg-25899-2\"  class=\"panel-grid panel-no-style\"  style=\"--mobile-padding:;\" ><div id=\"pgc-25899-2-0\"  class=\"panel-grid-cell\" ><div id=\"panel-25899-2-0-0\" class=\"so-panel widget widget_zrm-separator panel-first-child panel-last-child\" data-index=\"4\" ><div\n\t\t\t\n\t\t\tclass=\"so-widget-zrm-separator so-widget-zrm-separator-default-d75171398898-25899\"\n\t\t\t\n\t\t><div class=\"widget widget--separator widget--show lg\">\n\t<div class=\"separator\">\n\t\t<div class=\"separator__line\"><\/div>\n\t\t<span class=\"separator__text\">DARAUF K\u00d6NNEN SIE SICH FREUEN<\/span>\t\t<div class=\"separator__line\"><\/div>\n\t<\/div>\n<\/div><\/div><\/div><\/div><\/div><div id=\"pg-25899-3\"  class=\"panel-grid panel-no-style\"  style=\"--mobile-padding:;\" ><div id=\"pgc-25899-3-0\"  class=\"panel-grid-cell panel-grid-cell-empty\" ><\/div><div id=\"pgc-25899-3-1\"  class=\"panel-grid-cell\" ><div id=\"panel-25899-3-1-0\" class=\"so-panel widget widget_zrm-image panel-first-child panel-last-child\" data-index=\"5\" ><div\n\t\t\t\n\t\t\tclass=\"so-widget-zrm-image so-widget-zrm-image-default-d75171398898-25899\"\n\t\t\t\n\t\t>\n<div class=\"widget widget--image  widget--left widget--show lg\">\n\t<div class=\"image__file normalsize noshadow\"><img decoding=\"async\" src=\"https:\/\/www.scheer-imc.com\/de\/wp-content\/uploads\/sites\/8\/2026\/03\/Scheer_Icon_organigram_01_black.svg\" class=\"attachment-full size-full\" alt=\"\" \/><\/div>\n\t<\/div><\/div><\/div><\/div><div id=\"pgc-25899-3-2\"  class=\"panel-grid-cell panel-grid-cell-mobile-last\" ><div id=\"panel-25899-3-2-0\" class=\"so-panel widget widget_zrm-headline panel-first-child\" data-index=\"6\" ><div\n\t\t\t\n\t\t\tclass=\"so-widget-zrm-headline so-widget-zrm-headline-default-d75171398898-25899\"\n\t\t\t\n\t\t><div class=\"widget widget--headline widget--left widget--show xs  \">\n\t<div class=\"preline\"><\/div>\n\t<h4 class=\"headline h4\">Das Learning Ecosystem aus einer Hand<\/h4>\t<div class=\"subline\"><\/div>\n<\/div>\n<\/div><\/div><div id=\"panel-25899-3-2-1\" class=\"so-panel widget widget_zrm-editor panel-last-child\" data-index=\"7\" ><div\n\t\t\t\n\t\t\tclass=\"so-widget-zrm-editor so-widget-zrm-editor-default-d75171398898-25899\"\n\t\t\t\n\t\t><div class=\"widget widget--editor widget--show lg\">\n\t<p><strong>Wenn Lernprozesse \u00fcber viele Systeme verstreut sind, wird jeder Schritt komplexer als n\u00f6tig.<\/strong><br \/>\nEin integrierter Ansatz bringt alle Bausteine zusammen: Skills, Inhalte, Journeys und Rollenmodelle. So behalten Sie den \u00dcberblick, reduzieren Reibungsverluste und schaffen konsistente Lernprozesse \u00fcber alle Ebenen hinweg.<\/p>\n<\/div><\/div><\/div><\/div><div id=\"pgc-25899-3-3\"  class=\"panel-grid-cell panel-grid-cell-empty\" ><\/div><\/div><div id=\"pg-25899-4\"  class=\"panel-grid panel-no-style\"  style=\"--mobile-padding:;\" ><div id=\"pgc-25899-4-0\"  class=\"panel-grid-cell panel-grid-cell-empty\" ><\/div><div id=\"pgc-25899-4-1\"  class=\"panel-grid-cell\" ><div id=\"panel-25899-4-1-0\" class=\"so-panel widget widget_zrm-image panel-first-child panel-last-child\" data-index=\"8\" ><div\n\t\t\t\n\t\t\tclass=\"so-widget-zrm-image so-widget-zrm-image-default-d75171398898-25899\"\n\t\t\t\n\t\t>\n<div class=\"widget widget--image  widget--left widget--show lg\">\n\t<div class=\"image__file normalsize noshadow\"><img decoding=\"async\" width=\"600\" height=\"600\" src=\"https:\/\/www.scheer-imc.com\/de\/wp-content\/uploads\/sites\/8\/2026\/02\/Scheer_Icon_scalable.png\" class=\"attachment-full size-full\" alt=\"\" srcset=\"https:\/\/www.scheer-imc.com\/de\/wp-content\/uploads\/sites\/8\/2026\/02\/Scheer_Icon_scalable.png 600w, https:\/\/www.scheer-imc.com\/de\/wp-content\/uploads\/sites\/8\/2026\/02\/Scheer_Icon_scalable-300x300.png 300w, https:\/\/www.scheer-imc.com\/de\/wp-content\/uploads\/sites\/8\/2026\/02\/Scheer_Icon_scalable-150x150.png 150w\" sizes=\"(max-width: 600px) 100vw, 600px\" \/><\/div>\n\t<\/div><\/div><\/div><\/div><div id=\"pgc-25899-4-2\"  class=\"panel-grid-cell panel-grid-cell-mobile-last\" ><div id=\"panel-25899-4-2-0\" class=\"so-panel widget widget_zrm-headline panel-first-child\" data-index=\"9\" ><div\n\t\t\t\n\t\t\tclass=\"so-widget-zrm-headline so-widget-zrm-headline-default-d75171398898-25899\"\n\t\t\t\n\t\t><div class=\"widget widget--headline widget--left widget--show xs  \">\n\t<div class=\"preline\"><\/div>\n\t<h4 class=\"headline h4\">Das passende LMS f\u00fcr Ihre Organisation<\/h4>\t<div class=\"subline\"><\/div>\n<\/div>\n<\/div><\/div><div id=\"panel-25899-4-2-1\" class=\"so-panel widget widget_zrm-editor panel-last-child\" data-index=\"10\" ><div\n\t\t\t\n\t\t\tclass=\"so-widget-zrm-editor so-widget-zrm-editor-default-d75171398898-25899\"\n\t\t\t\n\t\t><div class=\"widget widget--editor widget--show lg\">\n\t<p><strong>Organisationen ver\u00e4ndern sich \u2013 Lernplattformen m\u00fcssen mitwachsen.<\/strong><br \/>\nSkalierbare Prozesse, flexible Rollenmodelle und modular aufgebaute Funktionen sorgen daf\u00fcr, dass Lernlandschaften stabil bleiben, selbst wenn Teams wachsen, Standorte dazukommen oder Strukturen sich ver\u00e4ndern.<\/p>\n<\/div><\/div><\/div><\/div><div id=\"pgc-25899-4-3\"  class=\"panel-grid-cell panel-grid-cell-empty\" ><\/div><\/div><div id=\"pg-25899-5\"  class=\"panel-grid panel-no-style\"  style=\"--mobile-padding:;\" ><div id=\"pgc-25899-5-0\"  class=\"panel-grid-cell panel-grid-cell-empty\" ><\/div><div id=\"pgc-25899-5-1\"  class=\"panel-grid-cell\" ><div id=\"panel-25899-5-1-0\" class=\"so-panel widget widget_zrm-image panel-first-child panel-last-child\" data-index=\"11\" ><div\n\t\t\t\n\t\t\tclass=\"so-widget-zrm-image so-widget-zrm-image-default-d75171398898-25899\"\n\t\t\t\n\t\t>\n<div class=\"widget widget--image  widget--left widget--show lg\">\n\t<div class=\"image__file normalsize noshadow\"><img decoding=\"async\" src=\"https:\/\/www.scheer-imc.com\/de\/wp-content\/uploads\/sites\/8\/2026\/03\/Scheer_Icon_person_custom_consulting_black.svg\" class=\"attachment-full size-full\" alt=\"\" \/><\/div>\n\t<\/div><\/div><\/div><\/div><div id=\"pgc-25899-5-2\"  class=\"panel-grid-cell panel-grid-cell-mobile-last\" ><div id=\"panel-25899-5-2-0\" class=\"so-panel widget widget_zrm-headline panel-first-child\" data-index=\"12\" ><div\n\t\t\t\n\t\t\tclass=\"so-widget-zrm-headline so-widget-zrm-headline-default-d75171398898-25899\"\n\t\t\t\n\t\t><div class=\"widget widget--headline widget--left widget--show xs  \">\n\t<div class=\"preline\"><\/div>\n\t<h4 class=\"headline h4\">Skill Management, das wirklich funktioniert<\/h4>\t<div class=\"subline\"><\/div>\n<\/div>\n<\/div><\/div><div id=\"panel-25899-5-2-1\" class=\"so-panel widget widget_zrm-editor panel-last-child\" data-index=\"13\" ><div\n\t\t\t\n\t\t\tclass=\"so-widget-zrm-editor so-widget-zrm-editor-default-d75171398898-25899\"\n\t\t\t\n\t\t><div class=\"widget widget--editor widget--show lg\">\n\t<p><strong>Endlich wissen, welche Skills im Unternehmen vorhanden sind \u2013 und welche fehlen.<\/strong><br \/>\nMit einer klaren Skill-Architektur machen Sie Kompetenzen sichtbar, verbinden Skills nicht nur mit Rollen, sondern auch mit Projekten, und leiten Ma\u00dfnahmen dort ab, wo sie Wirkung entfalten. So gestalten Sie Ihre Skill-Entwicklung planbar und strategisch.<\/p>\n<\/div><\/div><\/div><\/div><div id=\"pgc-25899-5-3\"  class=\"panel-grid-cell panel-grid-cell-empty\" ><\/div><\/div><div id=\"pg-25899-6\"  class=\"panel-grid panel-no-style\"  style=\"--mobile-padding:;\" ><div id=\"pgc-25899-6-0\"  class=\"panel-grid-cell panel-grid-cell-empty\" ><\/div><div id=\"pgc-25899-6-1\"  class=\"panel-grid-cell\" ><div id=\"panel-25899-6-1-0\" class=\"so-panel widget widget_zrm-image panel-first-child panel-last-child\" data-index=\"14\" ><div\n\t\t\t\n\t\t\tclass=\"so-widget-zrm-image so-widget-zrm-image-default-d75171398898-25899\"\n\t\t\t\n\t\t>\n<div class=\"widget widget--image  widget--left widget--show lg\">\n\t<div class=\"image__file normalsize noshadow\"><img decoding=\"async\" width=\"600\" height=\"600\" src=\"https:\/\/www.scheer-imc.com\/de\/wp-content\/uploads\/sites\/8\/2026\/02\/Scheer_Icon_content_AI.png\" class=\"attachment-full size-full\" alt=\"\" srcset=\"https:\/\/www.scheer-imc.com\/de\/wp-content\/uploads\/sites\/8\/2026\/02\/Scheer_Icon_content_AI.png 600w, https:\/\/www.scheer-imc.com\/de\/wp-content\/uploads\/sites\/8\/2026\/02\/Scheer_Icon_content_AI-300x300.png 300w, https:\/\/www.scheer-imc.com\/de\/wp-content\/uploads\/sites\/8\/2026\/02\/Scheer_Icon_content_AI-150x150.png 150w\" sizes=\"(max-width: 600px) 100vw, 600px\" \/><\/div>\n\t<\/div><\/div><\/div><\/div><div id=\"pgc-25899-6-2\"  class=\"panel-grid-cell panel-grid-cell-mobile-last\" ><div id=\"panel-25899-6-2-0\" class=\"so-panel widget widget_zrm-headline panel-first-child\" data-index=\"15\" ><div\n\t\t\t\n\t\t\tclass=\"so-widget-zrm-headline so-widget-zrm-headline-default-d75171398898-25899\"\n\t\t\t\n\t\t><div class=\"widget widget--headline widget--left widget--show xs  \">\n\t<div class=\"preline\"><\/div>\n\t<h4 class=\"headline h4\">Learning &amp; KI: mehr Wirkung, weniger Aufwand<\/h4>\t<div class=\"subline\"><\/div>\n<\/div>\n<\/div><\/div><div id=\"panel-25899-6-2-1\" class=\"so-panel widget widget_zrm-editor panel-last-child\" data-index=\"16\" ><div\n\t\t\t\n\t\t\tclass=\"so-widget-zrm-editor so-widget-zrm-editor-default-d75171398898-25899\"\n\t\t\t\n\t\t><div class=\"widget widget--editor widget--show lg\">\n\t<p><strong>Content\u2011Erstellung und Training kosten Zeit \u2013 oft mehr als Teams haben.<\/strong><br \/>\nMit imc Express unterst\u00fctzen generative KI\u2011Funktionen die schnelle Erstellung von Texten, \u00dcbersetzungen und Video\u2011Untertiteln. So entstehen in wenigen Klicks hochwertige Lerninhalte, konsistent, markenkonform und bis zu 80\u202f% schneller.<\/p>\n<\/div><\/div><\/div><\/div><div id=\"pgc-25899-6-3\"  class=\"panel-grid-cell panel-grid-cell-empty\" ><\/div><\/div><div id=\"pg-25899-7\"  class=\"panel-grid panel-no-style\"  style=\"--mobile-padding:;\" ><div id=\"pgc-25899-7-0\"  class=\"panel-grid-cell panel-grid-cell-empty\" ><\/div><div id=\"pgc-25899-7-1\"  class=\"panel-grid-cell\" ><div id=\"panel-25899-7-1-0\" class=\"so-panel widget widget_zrm-image panel-first-child panel-last-child\" data-index=\"17\" ><div\n\t\t\t\n\t\t\tclass=\"so-widget-zrm-image so-widget-zrm-image-default-d75171398898-25899\"\n\t\t\t\n\t\t>\n<div class=\"widget widget--image  widget--left widget--show lg\">\n\t<div class=\"image__file normalsize noshadow\"><img decoding=\"async\" width=\"600\" height=\"600\" src=\"https:\/\/www.scheer-imc.com\/de\/wp-content\/uploads\/sites\/8\/2026\/02\/Scheer_Icon_AI_Chat.png\" class=\"attachment-full size-full\" alt=\"\" srcset=\"https:\/\/www.scheer-imc.com\/de\/wp-content\/uploads\/sites\/8\/2026\/02\/Scheer_Icon_AI_Chat.png 600w, https:\/\/www.scheer-imc.com\/de\/wp-content\/uploads\/sites\/8\/2026\/02\/Scheer_Icon_AI_Chat-300x300.png 300w, https:\/\/www.scheer-imc.com\/de\/wp-content\/uploads\/sites\/8\/2026\/02\/Scheer_Icon_AI_Chat-150x150.png 150w\" sizes=\"(max-width: 600px) 100vw, 600px\" \/><\/div>\n\t<\/div><\/div><\/div><\/div><div id=\"pgc-25899-7-2\"  class=\"panel-grid-cell panel-grid-cell-mobile-last\" ><div id=\"panel-25899-7-2-0\" class=\"so-panel widget widget_zrm-headline panel-first-child\" data-index=\"18\" ><div\n\t\t\t\n\t\t\tclass=\"so-widget-zrm-headline so-widget-zrm-headline-default-d75171398898-25899\"\n\t\t\t\n\t\t><div class=\"widget widget--headline widget--left widget--show xs  \">\n\t<div class=\"preline\"><\/div>\n\t<h4 class=\"headline h4\">Kommunikationstraining neu erleben<\/h4>\t<div class=\"subline\"><\/div>\n<\/div>\n<\/div><\/div><div id=\"panel-25899-7-2-1\" class=\"so-panel widget widget_zrm-editor panel-last-child\" data-index=\"19\" ><div\n\t\t\t\n\t\t\tclass=\"so-widget-zrm-editor so-widget-zrm-editor-default-d75171398898-25899\"\n\t\t\t\n\t\t><div class=\"widget widget--editor widget--show lg\">\n\t<p><strong>Realistische Dialogsimulationen mit DialogueGPT<\/strong><br \/>\nDialogueGPT bietet KI\u2011gest\u00fctzte Dialogsimulationen mit Echtzeit\u2011Feedback, die sich an Rolle, Niveau und Alltagssituationen anpassen. So verbessern Mitarbeitende in kommunikationsintensiven Berufen ihre Gespr\u00e4chskompetenz gezielt und nachhaltig.<\/p>\n<\/div><\/div><\/div><\/div><div id=\"pgc-25899-7-3\"  class=\"panel-grid-cell panel-grid-cell-empty\" ><\/div><\/div><div id=\"pg-25899-8\"  class=\"panel-grid panel-no-style\"  style=\"--mobile-padding:;\" ><div id=\"pgc-25899-8-0\"  class=\"panel-grid-cell\" ><div id=\"panel-25899-8-0-0\" class=\"so-panel widget widget_zrm-separator panel-first-child panel-last-child\" data-index=\"20\" ><div\n\t\t\t\n\t\t\tclass=\"so-widget-zrm-separator so-widget-zrm-separator-default-d75171398898-25899\"\n\t\t\t\n\t\t><div class=\"widget widget--separator widget--show md\">\n\t<div class=\"separator\">\n\t\t<div class=\"separator__line\"><\/div>\n\t\t<span class=\"separator__text\">INNOVATION &amp; IMPULSE<\/span>\t\t<div class=\"separator__line\"><\/div>\n\t<\/div>\n<\/div><\/div><\/div><\/div><\/div><div id=\"pg-25899-9\"  class=\"panel-grid panel-no-style\"  style=\"--mobile-padding:;\" ><div id=\"pgc-25899-9-0\"  class=\"panel-grid-cell panel-grid-cell-empty\" ><\/div><div id=\"pgc-25899-9-1\"  class=\"panel-grid-cell panel-grid-cell-mobile-last\" ><div id=\"panel-25899-9-1-0\" class=\"so-panel widget widget_zrm-headline panel-first-child panel-last-child\" data-index=\"21\" ><div\n\t\t\t\n\t\t\tclass=\"so-widget-zrm-headline so-widget-zrm-headline-default-d75171398898-25899\"\n\t\t\t\n\t\t><div class=\"widget widget--headline widget--center widget--show md  \">\n\t<div class=\"preline\"><\/div>\n\t<h2 class=\"headline h2\">Unsere Speaker auf der #LEARNTEC26<\/h2>\t<div class=\"subline\"><\/div>\n<\/div>\n<\/div><\/div><\/div><div id=\"pgc-25899-9-2\"  class=\"panel-grid-cell panel-grid-cell-empty\" ><\/div><\/div><div id=\"pg-25899-10\"  class=\"panel-grid panel-no-style\"  style=\"--mobile-padding:;\" ><div id=\"pgc-25899-10-0\"  class=\"panel-grid-cell panel-grid-cell-empty\" ><\/div><div id=\"pgc-25899-10-1\"  class=\"panel-grid-cell panel-grid-cell-mobile-last\" ><div id=\"panel-25899-10-1-0\" class=\"so-panel widget widget_zrm-headline panel-first-child\" data-index=\"22\" ><div\n\t\t\t\n\t\t\tclass=\"so-widget-zrm-headline so-widget-zrm-headline-default-d75171398898-25899\"\n\t\t\t\n\t\t><div class=\"widget widget--headline widget--left widget--show xs  \">\n\t<div class=\"preline\">Mi., 06.05.  -  13:00-13:45 Uhr  -  Stand 10.1 (Halle 2)<\/div>\n\t<h4 class=\"headline h4\">Jedes Gespr\u00e4ch z\u00e4hlt - Wie KI-Simulationen Gespr\u00e4chstraining in jedem Kontext neu definieren<\/h4>\t<div class=\"subline\"><\/div>\n<\/div>\n<\/div><\/div><div id=\"panel-25899-10-1-1\" class=\"so-panel widget widget_zrm-editor\" data-index=\"23\" ><div\n\t\t\t\n\t\t\tclass=\"so-widget-zrm-editor so-widget-zrm-editor-default-d75171398898-25899\"\n\t\t\t\n\t\t><div class=\"widget widget--editor widget--show sm\">\n\t<p>Ob f\u00fcr Verkaufsgespr\u00e4che, F\u00fchrungssituationen oder Kundenkontakte: In Unternehmen gibt es unz\u00e4hlige Momente, in denen das richtige Gespr\u00e4ch entscheidend ist. Doch skalierbares, praxisnahes Training bleibt f\u00fcr die meisten Bereiche schwer umsetzbar. Diese Session zeigt, wie KI-gest\u00fctzte Gespr\u00e4chssimulationen flexibel auf unterschiedlichste Szenarien und Branchen zugeschnitten werden k\u00f6nnen, mit unmittelbarem Feedback, individueller Anpassung und messbarem Lernfortschritt, unabh\u00e4ngig von Rolle, Thema oder Unternehmensgr\u00f6\u00dfe.<\/p>\n<p>&nbsp;<\/p>\n<p><strong>Speaker<\/strong>: Falk Hegewald (imc Studios)<\/p>\n<\/div><\/div><\/div><div id=\"panel-25899-10-1-2\" class=\"so-panel widget widget_zrm-separator\" data-index=\"24\" ><div\n\t\t\t\n\t\t\tclass=\"so-widget-zrm-separator so-widget-zrm-separator-default-d75171398898-25899\"\n\t\t\t\n\t\t><div class=\"widget widget--separator widget--show md\">\n\t<div class=\"separator\">\n\t\t<div class=\"separator__line\"><\/div>\n\t\t\t\t<div class=\"separator__line\"><\/div>\n\t<\/div>\n<\/div><\/div><\/div><div id=\"panel-25899-10-1-3\" class=\"so-panel widget widget_zrm-headline\" data-index=\"25\" ><div\n\t\t\t\n\t\t\tclass=\"so-widget-zrm-headline so-widget-zrm-headline-default-d75171398898-25899\"\n\t\t\t\n\t\t><div class=\"widget widget--headline widget--left widget--show xs  \">\n\t<div class=\"preline\">Mi., 06.05.  -  15:00-15:20 Uhr  -  Exhibitor Stage <\/div>\n\t<h4 class=\"headline h4\">Navigating the Skill Jungle - Upskilling technisch umsetzen mit Scheer IMC<\/h4>\t<div class=\"subline\"><\/div>\n<\/div>\n<\/div><\/div><div id=\"panel-25899-10-1-4\" class=\"so-panel widget widget_zrm-editor\" data-index=\"26\" ><div\n\t\t\t\n\t\t\tclass=\"so-widget-zrm-editor so-widget-zrm-editor-default-d75171398898-25899\"\n\t\t\t\n\t\t><div class=\"widget widget--editor widget--show sm\">\n\t<p>Wie die IMC Learning Suite Kompetenzmodelle abbildet, die im Alltag funktionieren: einfach administrierbar, flexibel, mit echtem Mehrwert. Mit Live-Screenshots, Beispielszenarien und Einblick in die Systemarchitektur.<\/p>\n<p>&nbsp;<\/p>\n<p><strong>Speaker<\/strong>: Eva Kalvoda &amp; Elena Sarcletti (VTU Group, Graz)<\/p>\n<\/div><\/div><\/div><div id=\"panel-25899-10-1-5\" class=\"so-panel widget widget_zrm-separator\" data-index=\"27\" ><div\n\t\t\t\n\t\t\tclass=\"so-widget-zrm-separator so-widget-zrm-separator-default-d75171398898-25899\"\n\t\t\t\n\t\t><div class=\"widget widget--separator widget--show md\">\n\t<div class=\"separator\">\n\t\t<div class=\"separator__line\"><\/div>\n\t\t\t\t<div class=\"separator__line\"><\/div>\n\t<\/div>\n<\/div><\/div><\/div><div id=\"panel-25899-10-1-6\" class=\"so-panel widget widget_zrm-headline\" data-index=\"28\" ><div\n\t\t\t\n\t\t\tclass=\"so-widget-zrm-headline so-widget-zrm-headline-default-d75171398898-25899\"\n\t\t\t\n\t\t><div class=\"widget widget--headline widget--left widget--show xs  \">\n\t<div class=\"preline\">Do., 07.05.  -  15:00-15:45 Uhr  -  Kongresssaal <\/div>\n\t<h4 class=\"headline h4\">Upskilling entfaltet strategische Wirkung - Ein Technologieunternehmen am Wendepunkt<\/h4>\t<div class=\"subline\"><\/div>\n<\/div>\n<\/div><\/div><div id=\"panel-25899-10-1-7\" class=\"so-panel widget widget_zrm-editor panel-last-child\" data-index=\"29\" ><div\n\t\t\t\n\t\t\tclass=\"so-widget-zrm-editor so-widget-zrm-editor-default-d75171398898-25899\"\n\t\t\t\n\t\t><div class=\"widget widget--editor widget--show lg\">\n\t<p>VTU zeigt den Weg von der Idee bis zur fl\u00e4chendeckenden Umsetzung eines unternehmensweiten Skill Managements in 7 L\u00e4ndern mit \u00fcber 1.000 Mitarbeitenden. Reifegradentwicklung, Top Learnings und die n\u00e4chsten Schritte: Skill-basiertes Projekt-Staffing und Future Skills.<\/p>\n<p>&nbsp;<\/p>\n<p><strong>Speaker<\/strong>: Eva Kalvoda &amp; Elena Sarcletti (VTU Group, Graz)<\/p>\n<\/div><\/div><\/div><\/div><div id=\"pgc-25899-10-2\"  class=\"panel-grid-cell panel-grid-cell-empty\" ><\/div><\/div><div id=\"pg-25899-11\"  class=\"panel-grid panel-no-style\"  style=\"--mobile-padding:;\" ><div id=\"pgc-25899-11-0\"  class=\"panel-grid-cell panel-grid-cell-empty\" ><\/div><div id=\"pgc-25899-11-1\"  class=\"panel-grid-cell panel-grid-cell-mobile-last\" ><div id=\"panel-25899-11-1-0\" class=\"so-panel widget widget_zrm-headline panel-first-child\" data-index=\"30\" ><div\n\t\t\t\n\t\t\tclass=\"so-widget-zrm-headline so-widget-zrm-headline-default-d75171398898-25899\"\n\t\t\t\n\t\t><div class=\"widget widget--headline widget--left widget--show xs  \">\n\t<div class=\"preline\"><\/div>\n\t<h4 class=\"headline h4\">Alle Referentinnen und Referenten im \u00dcberblick<\/h4>\t<div class=\"subline\"><\/div>\n<\/div>\n<\/div><\/div><div id=\"panel-25899-11-1-1\" class=\"so-panel widget widget_zrm-accordion panel-last-child\" data-index=\"31\" ><div\n\t\t\t\n\t\t\tclass=\"so-widget-zrm-accordion so-widget-zrm-accordion-default-d75171398898-25899\"\n\t\t\t\n\t\t><div class=\"widget widget--accordion widget--show lg\">\n\t\t\t<div class=\"accordion__item shadow-small\">\n\t\t\t<div class=\"accordion__header h4\"><div class=\"plus\"><\/div>Falk Hegewald - Business Unit Director, imc Studios<\/div>\n\t\t\t<div class=\"accordion__content\">\n\t\t\t\t<div class=\"accordion__image\"><\/div>\n\t\t\t\t<div class=\"accordion__copy\"><p>Mit mehr als 13 Jahren Erfahrung im Bereich E-Learning bei Scheer IMC ist <strong>Falk Hegewald<\/strong> f\u00fcr die imc Studios verantwortlich und leitet die Erstellung und Koordination von wirkungsvollen, ma\u00dfgeschneiderten Lerninhalten.<\/p>\n<\/div>\n\t\t\t\t<div class=\"accordion__cta\">\n\t\t\t\t\t\t\t\t\t\t\t\t\t\t\t<\/div>\n\t\t\t<\/div>\n\t\t<\/div>\n\t\t\t<div class=\"accordion__item shadow-small\">\n\t\t\t<div class=\"accordion__header h4\"><div class=\"plus\"><\/div>Eva Kalvoda - Head of People Development, VTU Group <\/div>\n\t\t\t<div class=\"accordion__content\">\n\t\t\t\t<div class=\"accordion__image\"><\/div>\n\t\t\t\t<div class=\"accordion__copy\"><p>Als Head of People Development bei der VTU Group und promovierte Verfahrenstechnikerin verbindet <strong>Eva Kalvoda<\/strong> Kompetenzanforderungen, Projektrealit\u00e4t und Unternehmensstrategie zu einem wirksamen Gesamtbild.<\/p>\n<\/div>\n\t\t\t\t<div class=\"accordion__cta\">\n\t\t\t\t\t\t\t\t\t\t\t\t\t\t\t<\/div>\n\t\t\t<\/div>\n\t\t<\/div>\n\t\t\t<div class=\"accordion__item shadow-small\">\n\t\t\t<div class=\"accordion__header h4\"><div class=\"plus\"><\/div>Elena Sarcletti - Senior HR Manager People Development, VTU Group <\/div>\n\t\t\t<div class=\"accordion__content\">\n\t\t\t\t<div class=\"accordion__image\"><\/div>\n\t\t\t\t<div class=\"accordion__copy\"><p><strong>Elena Sarcletti<\/strong> ist Senior HR Manager People Development bei der VTU Group und als Psychologin mit wirtschaftswissenschaftlichem Hintergrund Expertin f\u00fcr Kompetenzarchitekturen und nachhaltige Organisationsentwicklung.<\/p>\n<\/div>\n\t\t\t\t<div class=\"accordion__cta\">\n\t\t\t\t\t\t\t\t\t\t\t\t\t\t\t<\/div>\n\t\t\t<\/div>\n\t\t<\/div>\n\t<\/div>\n<\/div><\/div><\/div><div id=\"pgc-25899-11-2\"  class=\"panel-grid-cell panel-grid-cell-empty\" ><\/div><\/div><div id=\"pg-25899-12\"  class=\"panel-grid panel-no-style\"  style=\"--mobile-padding:;\" ><div id=\"pgc-25899-12-0\"  class=\"panel-grid-cell panel-grid-cell-empty\" ><\/div><div id=\"pgc-25899-12-1\"  class=\"panel-grid-cell panel-grid-cell-mobile-last\" ><div id=\"panel-25899-12-1-0\" class=\"so-panel widget widget_zrm-headline panel-first-child panel-last-child\" data-index=\"32\" ><div\n\t\t\t\n\t\t\tclass=\"so-widget-zrm-headline so-widget-zrm-headline-default-d75171398898-25899\"\n\t\t\t\n\t\t><div class=\"widget widget--headline widget--center widget--hide sm  \">\n\t<div class=\"preline\"><\/div>\n\t<h2 class=\"headline h2\">Roundtables f\u00fcr Ihren Branchenfokus<\/h2>\t<div class=\"subline\"><\/div>\n<\/div>\n<\/div><\/div><\/div><div id=\"pgc-25899-12-2\"  class=\"panel-grid-cell panel-grid-cell-empty\" ><\/div><\/div><div id=\"pg-25899-13\"  class=\"panel-grid panel-no-style\"  style=\"--mobile-padding:;\" ><div id=\"pgc-25899-13-0\"  class=\"panel-grid-cell panel-grid-cell-empty\" ><\/div><div id=\"pgc-25899-13-1\"  class=\"panel-grid-cell\" ><div id=\"panel-25899-13-1-0\" class=\"so-panel widget widget_zrm-headline panel-first-child\" data-index=\"33\" ><div\n\t\t\t\n\t\t\tclass=\"so-widget-zrm-headline so-widget-zrm-headline-default-d75171398898-25899\"\n\t\t\t\n\t\t><div class=\"widget widget--headline widget--left widget--hide xs  \">\n\t<div class=\"preline\"><\/div>\n\t<h4 class=\"headline h4\">Dienstag, 05.05. <\/h4>\t<div class=\"subline\"><\/div>\n<\/div>\n<\/div><\/div><div id=\"panel-25899-13-1-1\" class=\"so-panel widget widget_zrm-editor panel-last-child\" data-index=\"34\" ><div\n\t\t\t\n\t\t\tclass=\"so-widget-zrm-editor so-widget-zrm-editor-default-d75171398898-25899\"\n\t\t\t\n\t\t><div class=\"widget widget--editor widget--hide sm\">\n\t<p>\ud83d\udd51\u00a0 TBD<\/p>\n<p>Sektor TBD<\/p>\n<p>&nbsp;<\/p>\n<p>Kunde TBD<\/p>\n<p>&nbsp;<\/p>\n<p>Raum TBD<\/p>\n<p>&nbsp;<\/p>\n<hr \/>\n<\/div><\/div><\/div><\/div><div id=\"pgc-25899-13-2\"  class=\"panel-grid-cell\" ><div id=\"panel-25899-13-2-0\" class=\"so-panel widget widget_zrm-headline panel-first-child\" data-index=\"35\" ><div\n\t\t\t\n\t\t\tclass=\"so-widget-zrm-headline so-widget-zrm-headline-default-d75171398898-25899\"\n\t\t\t\n\t\t><div class=\"widget widget--headline widget--left widget--hide xs  \">\n\t<div class=\"preline\"><\/div>\n\t<h4 class=\"headline h4\">Mittwoch, 06.05.<\/h4>\t<div class=\"subline\"><\/div>\n<\/div>\n<\/div><\/div><div id=\"panel-25899-13-2-1\" class=\"so-panel widget widget_zrm-editor panel-last-child\" data-index=\"36\" ><div\n\t\t\t\n\t\t\tclass=\"so-widget-zrm-editor so-widget-zrm-editor-default-d75171398898-25899\"\n\t\t\t\n\t\t><div class=\"widget widget--editor widget--hide sm\">\n\t<p>\ud83d\udd51\u00a0 TBD<\/p>\n<p>Sektor TBD<\/p>\n<p>&nbsp;<\/p>\n<p>Kunde TBD<\/p>\n<p>&nbsp;<\/p>\n<p>Raum TBD<\/p>\n<p>&nbsp;<\/p>\n<hr \/>\n<\/div><\/div><\/div><\/div><div id=\"pgc-25899-13-3\"  class=\"panel-grid-cell panel-grid-cell-mobile-last\" ><div id=\"panel-25899-13-3-0\" class=\"so-panel widget widget_zrm-headline panel-first-child\" data-index=\"37\" ><div\n\t\t\t\n\t\t\tclass=\"so-widget-zrm-headline so-widget-zrm-headline-default-d75171398898-25899\"\n\t\t\t\n\t\t><div class=\"widget widget--headline widget--left widget--hide xs  \">\n\t<div class=\"preline\"><\/div>\n\t<h4 class=\"headline h4\">Donnerstag, 07.05.<\/h4>\t<div class=\"subline\"><\/div>\n<\/div>\n<\/div><\/div><div id=\"panel-25899-13-3-1\" class=\"so-panel widget widget_zrm-editor panel-last-child\" data-index=\"38\" ><div\n\t\t\t\n\t\t\tclass=\"so-widget-zrm-editor so-widget-zrm-editor-default-d75171398898-25899\"\n\t\t\t\n\t\t><div class=\"widget widget--editor widget--hide sm\">\n\t<p>\ud83d\udd51\u00a0 TBD<\/p>\n<p>Sektor TBD<\/p>\n<p>&nbsp;<\/p>\n<p>Kunde TBD<\/p>\n<p>&nbsp;<\/p>\n<p>Raum TBD<\/p>\n<p>&nbsp;<\/p>\n<hr \/>\n<\/div><\/div><\/div><\/div><div id=\"pgc-25899-13-4\"  class=\"panel-grid-cell panel-grid-cell-empty\" ><\/div><\/div><div id=\"pg-25899-14\"  class=\"panel-grid panel-no-style\"  style=\"--mobile-padding:;\" ><div id=\"pgc-25899-14-0\"  class=\"panel-grid-cell panel-grid-cell-empty\" ><\/div><div id=\"pgc-25899-14-1\"  class=\"panel-grid-cell panel-grid-cell-mobile-last\" ><div id=\"panel-25899-14-1-0\" class=\"so-panel widget widget_zrm-anchortarget panel-first-child\" data-index=\"39\" ><div\n\t\t\t\n\t\t\tclass=\"so-widget-zrm-anchortarget so-widget-zrm-anchortarget-default-d75171398898-25899\"\n\t\t\t\n\t\t><div class=\"widget widget--anchortarget widget--show \">\n\t<div id=\"Termin\" name=\"Termin\"><\/div>\n<\/div><\/div><\/div><div id=\"panel-25899-14-1-1\" class=\"so-panel widget widget_zrm-headline\" data-index=\"40\" ><div\n\t\t\t\n\t\t\tclass=\"so-widget-zrm-headline so-widget-zrm-headline-default-d75171398898-25899\"\n\t\t\t\n\t\t><div class=\"widget widget--headline widget--center widget--show sm  \">\n\t<div class=\"preline\">Termin sichern und kostenloses Messeticket erhalten<\/div>\n\t<h2 class=\"headline h2\">Ihr Gratisticket zur LEARNTEC<\/h2>\t<div class=\"subline\"><\/div>\n<\/div>\n<\/div><\/div><div id=\"panel-25899-14-1-2\" class=\"so-panel widget widget_zrm-editor\" data-index=\"41\" ><div\n\t\t\t\n\t\t\tclass=\"so-widget-zrm-editor so-widget-zrm-editor-default-d75171398898-25899\"\n\t\t\t\n\t\t><div class=\"widget widget--editor widget--show no\">\n\t<p style=\"text-align: center;\">W\u00e4hlen Sie einfach unten ein Datum und einen verf\u00fcgbaren Zeitslot an unserem Stand aus.<br \/>\nWir freuen uns darauf, uns pers\u00f6nlich mit Ihnen auszutauschen!<\/p>\n<\/div><\/div><\/div><div id=\"panel-25899-14-1-3\" class=\"so-panel widget widget_zrm-hubspotcalendar panel-last-child\" data-index=\"42\" ><div\n\t\t\t\n\t\t\tclass=\"so-widget-zrm-hubspotcalendar so-widget-zrm-hubspotcalendar-default-d75171398898-25899\"\n\t\t\t\n\t\t><div class=\"widget widget--hubspotcalendar widget--show lg\">\n\t<div class=\"hubspotcalendar\">\n\t\t<div class=\"hubspotcalendar__col hubspotcalendar__col--small\">\n\t\t\t<h4 class=\"h2\"><\/h4>\n\t\t\t<div class=\"hubspotcalendar__copy\"><\/div>\n\t\t<\/div>\n\t\t<div class=\"hubspotcalendar__col hubspotcalendar__col--large\">\n\t\t\t<div class=\"meetings-iframe-container\" data-src=\"https:\/\/insights.scheer-imc.com\/meetings\/imcevent\/meeting-mit-der-scheer-group-auf-der-hannover-messe-2025?embed=true\"><\/div>\t\t<\/div>\n\t<\/div>\n<\/div>\n\n<\/div><\/div><\/div><div id=\"pgc-25899-14-2\"  class=\"panel-grid-cell panel-grid-cell-empty\" ><\/div><\/div><div id=\"pg-25899-15\"  class=\"panel-grid panel-no-style\"  style=\"--mobile-padding:;\" ><div id=\"pgc-25899-15-0\"  class=\"panel-grid-cell\" ><div id=\"panel-25899-15-0-0\" class=\"so-panel widget widget_zrm-separator panel-first-child panel-last-child\" data-index=\"43\" ><div\n\t\t\t\n\t\t\tclass=\"so-widget-zrm-separator so-widget-zrm-separator-default-d75171398898-25899\"\n\t\t\t\n\t\t><div class=\"widget widget--separator widget--show md\">\n\t<div class=\"separator\">\n\t\t<div class=\"separator__line\"><\/div>\n\t\t<span class=\"separator__text\">ANFAHRT &amp; KONTAKT<\/span>\t\t<div class=\"separator__line\"><\/div>\n\t<\/div>\n<\/div><\/div><\/div><\/div><\/div><div id=\"pg-25899-16\"  class=\"panel-grid panel-no-style\"  style=\"--mobile-padding:;\" ><div id=\"pgc-25899-16-0\"  class=\"panel-grid-cell panel-grid-cell-empty\" ><\/div><div id=\"pgc-25899-16-1\"  class=\"panel-grid-cell\" ><div id=\"panel-25899-16-1-0\" class=\"so-panel widget widget_zrm-editor panel-first-child panel-last-child\" data-index=\"44\" ><div\n\t\t\t\n\t\t\tclass=\"so-widget-zrm-editor so-widget-zrm-editor-default-d75171398898-25899\"\n\t\t\t\n\t\t><div class=\"widget widget--editor widget--show md\">\n\t<p>&nbsp;<\/p>\n<p>Veranstaltungsort der LEARNTEC 2026 ist die Messe Karlsruhe. Parkpl\u00e4tze sind auf dem Messegel\u00e4nde ausreichend vorhanden.<\/p>\n<p>&nbsp;<\/p>\n<p>Weitere Informationen zur Anreise finden Sie auf der <a href=\"https:\/\/www.learntec.de\/de\/messe-planen\/fuer-besucher\/anfahrt\/\" target=\"_blank\" rel=\"noopener\">LEARNTEC Eventseite<\/a>.<\/p>\n<\/div><\/div><\/div><\/div><div id=\"pgc-25899-16-2\"  class=\"panel-grid-cell panel-grid-cell-mobile-last\" ><div id=\"panel-25899-16-2-0\" class=\"so-panel widget widget_zrm-anchortarget panel-first-child\" data-index=\"45\" ><div\n\t\t\t\n\t\t\tclass=\"so-widget-zrm-anchortarget so-widget-zrm-anchortarget-default-d75171398898-25899\"\n\t\t\t\n\t\t><div class=\"widget widget--anchortarget widget--show \">\n\t<div id=\"kontakt\" name=\"kontakt\"><\/div>\n<\/div><\/div><\/div><div id=\"panel-25899-16-2-1\" class=\"so-panel widget widget_zrm-contact panel-last-child\" data-index=\"46\" ><div\n\t\t\t\n\t\t\tclass=\"so-widget-zrm-contact so-widget-zrm-contact-default-d75171398898-25899\"\n\t\t\t\n\t\t><div class=\"widget widget--contact widget--center shadow widget--show lg\">\n\t<div class=\"contact__data\">\n\t\t\t\t\t<div class=\"contact__avatar\"><img decoding=\"async\" width=\"300\" height=\"300\" src=\"https:\/\/www.scheer-imc.com\/de\/wp-content\/uploads\/sites\/8\/2023\/04\/Melanie-Abmeier-300x300.jpg\" class=\"attachment-medium size-medium\" alt=\"\" srcset=\"https:\/\/www.scheer-imc.com\/de\/wp-content\/uploads\/sites\/8\/2023\/04\/Melanie-Abmeier-300x300.jpg 300w, https:\/\/www.scheer-imc.com\/de\/wp-content\/uploads\/sites\/8\/2023\/04\/Melanie-Abmeier-150x150.jpg 150w, https:\/\/www.scheer-imc.com\/de\/wp-content\/uploads\/sites\/8\/2023\/04\/Melanie-Abmeier-768x768.jpg 768w, https:\/\/www.scheer-imc.com\/de\/wp-content\/uploads\/sites\/8\/2023\/04\/Melanie-Abmeier.jpg 800w\" sizes=\"(max-width: 300px) 100vw, 300px\" \/><\/div>\n\t\t\t\t<div class=\"contact__name h4\">Melanie Abmeier<\/div>\n\t\t<div class=\"contact__position\">Global Events Manager<\/div>\n\t\t<div class=\"line\"><\/div>\n\t\t<div class=\"contact__mail hasicon\">\n\t\t\t<div class=\"show-1078-up\">\n\t\t\t\t<a href=\"mailto:melanie.abmeier@scheer-imc.de\">melanie.abmeier@scheer-imc.de<\/a>\n\t\t\t<\/div>\n\t\t\t<div class=\"show-1078-down\">\n\t\t\t\t<a href=\"mailto:melanie.abmeier@scheer-imc.de\">Send E-Mail<\/a>\n\t\t\t<\/div>\n\t\t<\/div>\n\t\t<div class=\"contact__phone hasicon\">\n\t\t\t<div class=\"show-1078-up\">\n\t\t\t\t<a href=\"tel:+49 172 7682268\">+49 172 7682268<\/a>\n\t\t\t<\/div>\n\t\t\t<div class=\"show-1078-down\">\n\t\t\t\t<a href=\"tel:+49 172 7682268\">Voice Call<\/a>\n\t\t\t<\/div>\t\n\t\t<\/div>\n\t<\/div>\n\t<div class=\"contact__social shadow\">\n\t\t<div class=\"contact__headline h6\">\n\t\t\t<span>Social Media<\/span>\n\t\t<\/div>\n\t\t<div class=\"contact__icons\">\n\t\t\t\t\t\t\t\t\t<a class=\"contact__icon contact__icon--linkedin\" href=\"https:\/\/www.linkedin.com\/in\/melanie-abmeier\/\"><\/a>\t\t\t\t\t<\/div>\n\t<\/div>\n<\/div><\/div><\/div><\/div><div id=\"pgc-25899-16-3\"  class=\"panel-grid-cell panel-grid-cell-empty\" ><\/div><\/div><\/div>","protected":false},"excerpt":{"rendered":"<p>Scheer IMC bei der #LEARNTEC26 Lernen neu gedacht: Skills, KI und LMS in einem steuerbaren Ecosystem. gratis Ticket sichern Von Skill Mapping \u00fcber Learning Journeys bis KI\u2011gest\u00fctzte Content\u2011Erstellung: Erleben Sie, wie die imc Learning Suite L&amp;D\u2011Teams bef\u00e4higt, schneller zu handeln, smarter zu planen und Kompetenzen gezielt aufzubauen. &nbsp; Auf der LEARNTEC 2026 zeigen wir, wie [&hellip;]<\/p>\n","protected":false},"author":79,"featured_media":21115,"parent":5533,"menu_order":5,"comment_status":"closed","ping_status":"closed","template":"","meta":{"_acf_changed":false,"content-type":"","footnotes":""},"class_list":["post-25899","page","type-page","status-publish","has-post-thumbnail","hentry"],"acf":[],"yoast_head":"<!-- This site is optimized with the Yoast SEO plugin v25.5 - https:\/\/yoast.com\/wordpress\/plugins\/seo\/ -->\n<title>LEARNTEC 2026: Jetzt Gratis-Ticket sichern \u00fcber Scheer IMC<\/title>\n<meta name=\"description\" content=\"Treffen Sie uns auf der LEARNTEC 2026 und erleben Sie komplette Lernl\u00f6sungen f\u00fcr maximalen Lernerfolg. Jetzt kostenloses Messeticket sichern.\" \/>\n<meta name=\"robots\" content=\"index, follow, max-snippet:-1, max-image-preview:large, max-video-preview:-1\" \/>\n<link rel=\"canonical\" href=\"https:\/\/www.scheer-imc.com\/de\/events-webinare\/learntec-2026\/\" \/>\n<meta property=\"og:locale\" content=\"de_DE\" \/>\n<meta property=\"og:type\" content=\"article\" \/>\n<meta property=\"og:title\" content=\"LEARNTEC 2026: Jetzt Gratis-Ticket sichern \u00fcber Scheer IMC\" \/>\n<meta property=\"og:description\" content=\"Treffen Sie uns auf der LEARNTEC 2026 und erleben Sie komplette Lernl\u00f6sungen f\u00fcr maximalen Lernerfolg. Jetzt kostenloses Messeticket sichern.\" \/>\n<meta property=\"og:url\" content=\"https:\/\/www.scheer-imc.com\/de\/events-webinare\/learntec-2026\/\" \/>\n<meta property=\"og:site_name\" content=\"Scheer IMC\" \/>\n<meta property=\"article:publisher\" content=\"https:\/\/www.facebook.com\/imcLearning\" \/>\n<meta property=\"article:modified_time\" content=\"2026-04-22T13:01:13+00:00\" \/>\n<meta property=\"og:image\" content=\"https:\/\/www.scheer-imc.com\/de\/wp-content\/uploads\/sites\/8\/2024\/03\/imc_featured_image_learntec_2024.jpg\" \/>\n\t<meta property=\"og:image:width\" content=\"1200\" \/>\n\t<meta property=\"og:image:height\" content=\"630\" \/>\n\t<meta property=\"og:image:type\" content=\"image\/jpeg\" \/>\n<meta name=\"twitter:card\" content=\"summary_large_image\" \/>\n<meta name=\"twitter:site\" content=\"@imc_learning\" \/>\n<meta name=\"twitter:label1\" content=\"Gesch\u00e4tzte Lesezeit\" \/>\n\t<meta name=\"twitter:data1\" content=\"6\u00a0Minuten\" \/>\n<script type=\"application\/ld+json\" class=\"yoast-schema-graph\">{\"@context\":\"https:\/\/schema.org\",\"@graph\":[{\"@type\":\"WebPage\",\"@id\":\"https:\/\/www.scheer-imc.com\/de\/events-webinare\/learntec-2026\/\",\"url\":\"https:\/\/www.scheer-imc.com\/de\/events-webinare\/learntec-2026\/\",\"name\":\"LEARNTEC 2026: Jetzt Gratis-Ticket sichern \u00fcber Scheer IMC\",\"isPartOf\":{\"@id\":\"https:\/\/www.scheer-imc.com\/de\/#website\"},\"primaryImageOfPage\":{\"@id\":\"https:\/\/www.scheer-imc.com\/de\/events-webinare\/learntec-2026\/#primaryimage\"},\"image\":{\"@id\":\"https:\/\/www.scheer-imc.com\/de\/events-webinare\/learntec-2026\/#primaryimage\"},\"thumbnailUrl\":\"https:\/\/www.scheer-imc.com\/de\/wp-content\/uploads\/sites\/8\/2024\/03\/imc_featured_image_learntec_2024.jpg\",\"datePublished\":\"2026-03-23T15:53:23+00:00\",\"dateModified\":\"2026-04-22T13:01:13+00:00\",\"description\":\"Treffen Sie uns auf der LEARNTEC 2026 und erleben Sie komplette Lernl\u00f6sungen f\u00fcr maximalen Lernerfolg. Jetzt kostenloses Messeticket sichern.\",\"breadcrumb\":{\"@id\":\"https:\/\/www.scheer-imc.com\/de\/events-webinare\/learntec-2026\/#breadcrumb\"},\"inLanguage\":\"de\",\"potentialAction\":[{\"@type\":\"ReadAction\",\"target\":[\"https:\/\/www.scheer-imc.com\/de\/events-webinare\/learntec-2026\/\"]}]},{\"@type\":\"ImageObject\",\"inLanguage\":\"de\",\"@id\":\"https:\/\/www.scheer-imc.com\/de\/events-webinare\/learntec-2026\/#primaryimage\",\"url\":\"https:\/\/www.scheer-imc.com\/de\/wp-content\/uploads\/sites\/8\/2024\/03\/imc_featured_image_learntec_2024.jpg\",\"contentUrl\":\"https:\/\/www.scheer-imc.com\/de\/wp-content\/uploads\/sites\/8\/2024\/03\/imc_featured_image_learntec_2024.jpg\",\"width\":1200,\"height\":630,\"caption\":\"hand holding symbols associated with ai\"},{\"@type\":\"BreadcrumbList\",\"@id\":\"https:\/\/www.scheer-imc.com\/de\/events-webinare\/learntec-2026\/#breadcrumb\",\"itemListElement\":[{\"@type\":\"ListItem\",\"position\":1,\"name\":\"Startseite\",\"item\":\"https:\/\/www.scheer-imc.com\/de\/\"},{\"@type\":\"ListItem\",\"position\":2,\"name\":\"Events und Webinare\",\"item\":\"https:\/\/www.scheer-imc.com\/de\/events-webinare\/\"},{\"@type\":\"ListItem\",\"position\":3,\"name\":\"LEARNTEC 2026\"}]},{\"@type\":\"WebSite\",\"@id\":\"https:\/\/www.scheer-imc.com\/de\/#website\",\"url\":\"https:\/\/www.scheer-imc.com\/de\/\",\"name\":\"Scheer IMC\",\"description\":\"Wir verwandeln Lernstrategien in echten Unternehmens\u00aderfolg\",\"potentialAction\":[{\"@type\":\"SearchAction\",\"target\":{\"@type\":\"EntryPoint\",\"urlTemplate\":\"https:\/\/www.scheer-imc.com\/de\/?s={search_term_string}\"},\"query-input\":{\"@type\":\"PropertyValueSpecification\",\"valueRequired\":true,\"valueName\":\"search_term_string\"}}],\"inLanguage\":\"de\"}]}<\/script>\n<!-- \/ Yoast SEO plugin. -->","yoast_head_json":{"title":"LEARNTEC 2026: Jetzt Gratis-Ticket sichern \u00fcber Scheer IMC","description":"Treffen Sie uns auf der LEARNTEC 2026 und erleben Sie komplette Lernl\u00f6sungen f\u00fcr maximalen Lernerfolg. Jetzt kostenloses Messeticket sichern.","robots":{"index":"index","follow":"follow","max-snippet":"max-snippet:-1","max-image-preview":"max-image-preview:large","max-video-preview":"max-video-preview:-1"},"canonical":"https:\/\/www.scheer-imc.com\/de\/events-webinare\/learntec-2026\/","og_locale":"de_DE","og_type":"article","og_title":"LEARNTEC 2026: Jetzt Gratis-Ticket sichern \u00fcber Scheer IMC","og_description":"Treffen Sie uns auf der LEARNTEC 2026 und erleben Sie komplette Lernl\u00f6sungen f\u00fcr maximalen Lernerfolg. Jetzt kostenloses Messeticket sichern.","og_url":"https:\/\/www.scheer-imc.com\/de\/events-webinare\/learntec-2026\/","og_site_name":"Scheer IMC","article_publisher":"https:\/\/www.facebook.com\/imcLearning","article_modified_time":"2026-04-22T13:01:13+00:00","og_image":[{"width":1200,"height":630,"url":"https:\/\/www.scheer-imc.com\/de\/wp-content\/uploads\/sites\/8\/2024\/03\/imc_featured_image_learntec_2024.jpg","type":"image\/jpeg"}],"twitter_card":"summary_large_image","twitter_site":"@imc_learning","twitter_misc":{"Gesch\u00e4tzte Lesezeit":"6\u00a0Minuten"},"schema":{"@context":"https:\/\/schema.org","@graph":[{"@type":"WebPage","@id":"https:\/\/www.scheer-imc.com\/de\/events-webinare\/learntec-2026\/","url":"https:\/\/www.scheer-imc.com\/de\/events-webinare\/learntec-2026\/","name":"LEARNTEC 2026: Jetzt Gratis-Ticket sichern \u00fcber Scheer IMC","isPartOf":{"@id":"https:\/\/www.scheer-imc.com\/de\/#website"},"primaryImageOfPage":{"@id":"https:\/\/www.scheer-imc.com\/de\/events-webinare\/learntec-2026\/#primaryimage"},"image":{"@id":"https:\/\/www.scheer-imc.com\/de\/events-webinare\/learntec-2026\/#primaryimage"},"thumbnailUrl":"https:\/\/www.scheer-imc.com\/de\/wp-content\/uploads\/sites\/8\/2024\/03\/imc_featured_image_learntec_2024.jpg","datePublished":"2026-03-23T15:53:23+00:00","dateModified":"2026-04-22T13:01:13+00:00","description":"Treffen Sie uns auf der LEARNTEC 2026 und erleben Sie komplette Lernl\u00f6sungen f\u00fcr maximalen Lernerfolg. Jetzt kostenloses Messeticket sichern.","breadcrumb":{"@id":"https:\/\/www.scheer-imc.com\/de\/events-webinare\/learntec-2026\/#breadcrumb"},"inLanguage":"de","potentialAction":[{"@type":"ReadAction","target":["https:\/\/www.scheer-imc.com\/de\/events-webinare\/learntec-2026\/"]}]},{"@type":"ImageObject","inLanguage":"de","@id":"https:\/\/www.scheer-imc.com\/de\/events-webinare\/learntec-2026\/#primaryimage","url":"https:\/\/www.scheer-imc.com\/de\/wp-content\/uploads\/sites\/8\/2024\/03\/imc_featured_image_learntec_2024.jpg","contentUrl":"https:\/\/www.scheer-imc.com\/de\/wp-content\/uploads\/sites\/8\/2024\/03\/imc_featured_image_learntec_2024.jpg","width":1200,"height":630,"caption":"hand holding symbols associated with ai"},{"@type":"BreadcrumbList","@id":"https:\/\/www.scheer-imc.com\/de\/events-webinare\/learntec-2026\/#breadcrumb","itemListElement":[{"@type":"ListItem","position":1,"name":"Startseite","item":"https:\/\/www.scheer-imc.com\/de\/"},{"@type":"ListItem","position":2,"name":"Events und Webinare","item":"https:\/\/www.scheer-imc.com\/de\/events-webinare\/"},{"@type":"ListItem","position":3,"name":"LEARNTEC 2026"}]},{"@type":"WebSite","@id":"https:\/\/www.scheer-imc.com\/de\/#website","url":"https:\/\/www.scheer-imc.com\/de\/","name":"Scheer IMC","description":"Wir verwandeln Lernstrategien in echten Unternehmens\u00aderfolg","potentialAction":[{"@type":"SearchAction","target":{"@type":"EntryPoint","urlTemplate":"https:\/\/www.scheer-imc.com\/de\/?s={search_term_string}"},"query-input":{"@type":"PropertyValueSpecification","valueRequired":true,"valueName":"search_term_string"}}],"inLanguage":"de"}]}},"_links":{"self":[{"href":"https:\/\/www.scheer-imc.com\/de\/wp-json\/wp\/v2\/pages\/25899","targetHints":{"allow":["GET"]}}],"collection":[{"href":"https:\/\/www.scheer-imc.com\/de\/wp-json\/wp\/v2\/pages"}],"about":[{"href":"https:\/\/www.scheer-imc.com\/de\/wp-json\/wp\/v2\/types\/page"}],"author":[{"embeddable":true,"href":"https:\/\/www.scheer-imc.com\/de\/wp-json\/wp\/v2\/users\/79"}],"replies":[{"embeddable":true,"href":"https:\/\/www.scheer-imc.com\/de\/wp-json\/wp\/v2\/comments?post=25899"}],"version-history":[{"count":76,"href":"https:\/\/www.scheer-imc.com\/de\/wp-json\/wp\/v2\/pages\/25899\/revisions"}],"predecessor-version":[{"id":26622,"href":"https:\/\/www.scheer-imc.com\/de\/wp-json\/wp\/v2\/pages\/25899\/revisions\/26622"}],"up":[{"embeddable":true,"href":"https:\/\/www.scheer-imc.com\/de\/wp-json\/wp\/v2\/pages\/5533"}],"wp:featuredmedia":[{"embeddable":true,"href":"https:\/\/www.scheer-imc.com\/de\/wp-json\/wp\/v2\/media\/21115"}],"wp:attachment":[{"href":"https:\/\/www.scheer-imc.com\/de\/wp-json\/wp\/v2\/media?parent=25899"}],"curies":[{"name":"wp","href":"https:\/\/api.w.org\/{rel}","templated":true}]}}