{"id":24871,"date":"2025-12-04T13:52:09","date_gmt":"2025-12-04T12:52:09","guid":{"rendered":"https:\/\/www.scheer-imc.com\/de\/?page_id=24871"},"modified":"2026-04-24T10:17:31","modified_gmt":"2026-04-24T08:17:31","slug":"branchentag-fertigung","status":"publish","type":"page","link":"https:\/\/www.scheer-imc.com\/de\/events-webinare\/branchentag-fertigung\/","title":{"rendered":"Branchentag Fertigung 2026"},"content":{"rendered":"<div id=\"pl-24871\"  class=\"panel-layout\" ><div id=\"pg-24871-0\"  class=\"panel-grid panel-no-style\"  style=\"--mobile-padding:;\" ><div id=\"pgc-24871-0-0\"  class=\"panel-grid-cell\" ><div id=\"panel-24871-0-0-0\" class=\"so-panel widget widget_zrm-up-hero panel-first-child panel-last-child\" data-index=\"0\" ><div\n\t\t\t\n\t\t\tclass=\"so-widget-zrm-up-hero so-widget-zrm-up-hero-default-d75171398898-24871\"\n\t\t\t\n\t\t>\n    <div class=\"widget widget--update widget--hero_update widget--show\" style=\"--margins-desktop:0px 0px 120px 0px;--margins-mobile:0px 0px 60px 0px;\">\n        <div class=\"hero\">\n            <div class=\"hero__content\">\n                <div class=\"hero__labels text_small_update bold\">\n                                            <span class=\"hero__label\">Branchentag Fertigung 2026<\/span>                                    <\/div>\n                                <h1 class=\"hero__headline h2_update bold\">Die Zukunft der Produktion gemeinsam gestalten<\/h1>                <div class=\"hero__copy text_medium_update\"><p>Wie Industrieunternehmen Lernen, Technologie und Menschen erfolgreich verbinden \u2013 von der Fertigung bis zur F\u00fchrungsebene.<\/p>\n<p>&nbsp;<\/p>\n<p><span data-teams=\"true\">Exklusiv: <strong>Nur 30 Teilnehmerpl\u00e4tze<\/strong> \u2013 jetzt sichern.<\/span><\/p>\n<\/div>\n                <div class=\"hero__links\">\n                                    <\/div>\n            <\/div>\n            <div class=\"hero__media\">\n                <img width=\"1024\" height=\"576\" src=\"https:\/\/www.scheer-imc.com\/de\/wp-content\/uploads\/sites\/8\/2025\/12\/2025_12_IMC_Branchentag-Maschinenbau_Website-Header-1-1024x576.jpg\" class=\"attachment-large size-large\" alt=\"Zwei Maschinenbauarbeiter im Gespr\u00e4ch\" decoding=\"auto\" fetchpriority=\"high\" srcset=\"https:\/\/www.scheer-imc.com\/de\/wp-content\/uploads\/sites\/8\/2025\/12\/2025_12_IMC_Branchentag-Maschinenbau_Website-Header-1-1024x576.jpg 1024w, https:\/\/www.scheer-imc.com\/de\/wp-content\/uploads\/sites\/8\/2025\/12\/2025_12_IMC_Branchentag-Maschinenbau_Website-Header-1-300x169.jpg 300w, https:\/\/www.scheer-imc.com\/de\/wp-content\/uploads\/sites\/8\/2025\/12\/2025_12_IMC_Branchentag-Maschinenbau_Website-Header-1-768x432.jpg 768w, https:\/\/www.scheer-imc.com\/de\/wp-content\/uploads\/sites\/8\/2025\/12\/2025_12_IMC_Branchentag-Maschinenbau_Website-Header-1.jpg 1189w\" sizes=\"(max-width: 1024px) 100vw, 1024px\" \/>            <\/div>\n        <\/div>\n    <\/div>\n\n<\/div><\/div><\/div><\/div><div id=\"pg-24871-1\"  class=\"panel-grid panel-no-style\"  style=\"--mobile-padding:;\" ><div id=\"pgc-24871-1-0\"  class=\"panel-grid-cell panel-grid-cell-empty\" ><\/div><div id=\"pgc-24871-1-1\"  class=\"panel-grid-cell panel-grid-cell-mobile-last\" ><div id=\"panel-24871-1-1-0\" class=\"so-panel widget widget_zrm-headline panel-first-child\" data-index=\"1\" ><div\n\t\t\t\n\t\t\tclass=\"so-widget-zrm-headline so-widget-zrm-headline-default-d75171398898-24871\"\n\t\t\t\n\t\t><div class=\"widget widget--headline widget--center widget--show xs  \">\n\t<div class=\"preline\"><\/div>\n\t<h2 class=\"headline h2\">Seien Sie dabei! <\/h2>\t<div class=\"subline\"><\/div>\n<\/div>\n<\/div><\/div><div id=\"panel-24871-1-1-1\" class=\"so-panel widget widget_zrm-editor\" data-index=\"2\" ><div\n\t\t\t\n\t\t\tclass=\"so-widget-zrm-editor so-widget-zrm-editor-default-d75171398898-24871\"\n\t\t\t\n\t\t><div class=\"widget widget--editor widget--show xs\">\n\t<p><span data-contrast=\"auto\">Erleben\u00a0Sie\u00a0p<\/span><span data-contrast=\"auto\">raxisnahe Einblicke, innovative Lernstrategien, neue Technologien und Best Practices f\u00fcr die Industrie von morgen.<\/span><span data-contrast=\"auto\"> Wir laden Sie zu einem\u00a0exklusiven Branchentag rund um die digitale Transformation im Maschinen- und Anlagenbau\u00a0ein.<\/span><\/p>\n<p>&nbsp;<\/p>\n<p><span data-contrast=\"auto\">Tauschen Sie sich mit f\u00fchrenden Industrieunternehmen aus und erfahren Sie, wie Digitalisierung, Automatisierung und KI die\u00a0Weiterbildung und Schulungen\u00a0von morgen gestalten.\u00a0Freuen Sie sich auf inspirierende Kundenvortr\u00e4ge, praxisnahe Beispiele und wertvolle Networking-Gelegenheiten in einer einmaligen Location.<\/span><span data-ccp-props=\"{}\">\u00a0<\/span><\/p>\n<p>&nbsp;<\/p>\n<p style=\"text-align: center;\">\n<\/p><\/div><\/div><\/div><div id=\"panel-24871-1-1-2\" class=\"so-panel widget widget_zrm-button\" data-index=\"3\" ><div\n\t\t\t\n\t\t\tclass=\"so-widget-zrm-button so-widget-zrm-button-default-d75171398898-24871\"\n\t\t\t\n\t\t>\n\n<div class=\"widget widget--button center widget--show lg\">\n\t\t\t\t\t\t\t\t\t\t\t\t\t\t\t\t<a class=\"button button--red button--normal button--solid\" target=\"_self\" title=\"Jetzt anmelden\" href=\"#form\">\n\t\t\t\t<span class=\"bold\">Jetzt anmelden<\/span>\n\t\t\t<\/a>\n\t\t\t<\/div>\n<\/div><\/div><div id=\"panel-24871-1-1-3\" class=\"so-panel widget widget_zrm-headline panel-last-child\" data-index=\"4\" ><div\n\t\t\t\n\t\t\tclass=\"so-widget-zrm-headline so-widget-zrm-headline-default-d75171398898-24871\"\n\t\t\t\n\t\t><div class=\"widget widget--headline widget--left widget--show sm  \">\n\t<div class=\"preline\"><\/div>\n\t<h4 class=\"headline h4\">Themen-Highlights<\/h4>\t<div class=\"subline\"><\/div>\n<\/div>\n<\/div><\/div><\/div><div id=\"pgc-24871-1-2\"  class=\"panel-grid-cell panel-grid-cell-empty\" ><\/div><\/div><div id=\"pg-24871-2\"  class=\"panel-grid panel-no-style\"  style=\"--mobile-padding:;\" ><div id=\"pgc-24871-2-0\"  class=\"panel-grid-cell panel-grid-cell-empty\" ><\/div><div id=\"pgc-24871-2-1\"  class=\"panel-grid-cell\" ><div id=\"panel-24871-2-1-0\" class=\"so-panel widget widget_zrm-image panel-first-child\" data-index=\"5\" ><div\n\t\t\t\n\t\t\tclass=\"so-widget-zrm-image so-widget-zrm-image-default-d75171398898-24871\"\n\t\t\t\n\t\t>\n<div class=\"widget widget--image  widget--center widget--show sm\">\n\t<div class=\"image__file normalsize noshadow\"><img decoding=\"async\" width=\"128\" height=\"128\" src=\"https:\/\/www.scheer-imc.com\/de\/wp-content\/uploads\/sites\/8\/2024\/01\/imc_icon_like_black-1.png\" class=\"attachment-full size-full\" alt=\"\" \/><\/div>\n\t<\/div><\/div><\/div><div id=\"panel-24871-2-1-1\" class=\"so-panel widget widget_zrm-editor panel-last-child\" data-index=\"6\" ><div\n\t\t\t\n\t\t\tclass=\"so-widget-zrm-editor so-widget-zrm-editor-default-d75171398898-24871\"\n\t\t\t\n\t\t><div class=\"widget widget--editor widget--show lg\">\n\t<p style=\"text-align: center;\"><strong>Erfolgsgeschichten aus der Praxis<\/strong><\/p>\n<p>&nbsp;<\/p>\n<p style=\"text-align: center;\">Einblicke von f\u00fchrenden Marken und L&amp;D Experten (wie STIHL, D\u00fcrr, Wirtgen, Liebherr und Festo)<\/p>\n<\/div><\/div><\/div><\/div><div id=\"pgc-24871-2-2\"  class=\"panel-grid-cell panel-grid-cell-empty\" ><\/div><div id=\"pgc-24871-2-3\"  class=\"panel-grid-cell\" ><div id=\"panel-24871-2-3-0\" class=\"so-panel widget widget_zrm-image panel-first-child\" data-index=\"7\" ><div\n\t\t\t\n\t\t\tclass=\"so-widget-zrm-image so-widget-zrm-image-default-d75171398898-24871\"\n\t\t\t\n\t\t>\n<div class=\"widget widget--image  widget--center widget--show sm\">\n\t<div class=\"image__file normalsize noshadow\"><img decoding=\"async\" width=\"128\" height=\"128\" src=\"https:\/\/www.scheer-imc.com\/de\/wp-content\/uploads\/sites\/8\/2024\/02\/imc_icon_automation_black.png\" class=\"attachment-full size-full\" alt=\"Symbol mit Pfeilen, die ein Zahnrad umkreisen\" \/><\/div>\n\t<\/div><\/div><\/div><div id=\"panel-24871-2-3-1\" class=\"so-panel widget widget_zrm-editor panel-last-child\" data-index=\"8\" ><div\n\t\t\t\n\t\t\tclass=\"so-widget-zrm-editor so-widget-zrm-editor-default-d75171398898-24871\"\n\t\t\t\n\t\t><div class=\"widget widget--editor widget--show lg\">\n\t<p style=\"text-align: center;\"><strong>Neue Technologien &amp;<br \/>\nInnovationen erleben<\/strong><\/p>\n<p>&nbsp;<\/p>\n<p style=\"text-align: center;\">Digitalisierung, sichere KI- Anwendungen und Nachhaltigkeit durch gezielten Einsatz von neuen Technologien<\/p>\n<\/div><\/div><\/div><\/div><div id=\"pgc-24871-2-4\"  class=\"panel-grid-cell panel-grid-cell-empty\" ><\/div><div id=\"pgc-24871-2-5\"  class=\"panel-grid-cell\" ><div id=\"panel-24871-2-5-0\" class=\"so-panel widget widget_zrm-image panel-first-child\" data-index=\"9\" ><div\n\t\t\t\n\t\t\tclass=\"so-widget-zrm-image so-widget-zrm-image-default-d75171398898-24871\"\n\t\t\t\n\t\t>\n<div class=\"widget widget--image  widget--center widget--show sm\">\n\t<div class=\"image__file normalsize noshadow\"><img decoding=\"async\" width=\"128\" height=\"128\" src=\"https:\/\/www.scheer-imc.com\/de\/wp-content\/uploads\/sites\/8\/2024\/06\/imc_icon_global_black.png\" class=\"attachment-full size-full\" alt=\"\" \/><\/div>\n\t<\/div><\/div><\/div><div id=\"panel-24871-2-5-1\" class=\"so-panel widget widget_zrm-editor panel-last-child\" data-index=\"10\" ><div\n\t\t\t\n\t\t\tclass=\"so-widget-zrm-editor so-widget-zrm-editor-default-d75171398898-24871\"\n\t\t\t\n\t\t><div class=\"widget widget--editor widget--show lg\">\n\t<p style=\"text-align: center;\"><strong><span class=\"TextRun SCXW113966674 BCX0\" lang=\"DE-DE\" xml:lang=\"DE-DE\" data-contrast=\"auto\"><span class=\"NormalTextRun CommentStart CommentHighlightPipeClicked CommentHighlightClicked SCXW113966674 BCX0\">Lokale &amp; globale Szenarien<\/span><\/span><\/strong><span class=\"LineBreakBlob BlobObject DragDrop CommentBlobHighlightClicked SCXW113966674 BCX0\"><br class=\"SCXW113966674 BCX0\" \/><\/span><\/p>\n<p>&nbsp;<\/p>\n<p style=\"text-align: center;\">Eine Mischung verschiedener Lernszenarien und Herausforderungen werden diskutiert und praxisnahe Best Practice Einblicke gegeben<\/p>\n<\/div><\/div><\/div><\/div><div id=\"pgc-24871-2-6\"  class=\"panel-grid-cell panel-grid-cell-empty\" ><\/div><div id=\"pgc-24871-2-7\"  class=\"panel-grid-cell panel-grid-cell-mobile-last\" ><div id=\"panel-24871-2-7-0\" class=\"so-panel widget widget_zrm-image panel-first-child\" data-index=\"11\" ><div\n\t\t\t\n\t\t\tclass=\"so-widget-zrm-image so-widget-zrm-image-default-d75171398898-24871\"\n\t\t\t\n\t\t>\n<div class=\"widget widget--image  widget--center widget--show sm\">\n\t<div class=\"image__file normalsize noshadow\"><img decoding=\"async\" width=\"128\" height=\"128\" src=\"https:\/\/www.scheer-imc.com\/de\/wp-content\/uploads\/sites\/8\/2024\/06\/imc_icon_counselling_black.png\" class=\"attachment-full size-full\" alt=\"\" \/><\/div>\n\t<\/div><\/div><\/div><div id=\"panel-24871-2-7-1\" class=\"so-panel widget widget_zrm-editor panel-last-child\" data-index=\"12\" ><div\n\t\t\t\n\t\t\tclass=\"so-widget-zrm-editor so-widget-zrm-editor-default-d75171398898-24871\"\n\t\t\t\n\t\t><div class=\"widget widget--editor widget--show lg\">\n\t<p style=\"text-align: center;\"><strong><span class=\"TextRun SCXW148719607 BCX0\" lang=\"DE-DE\" xml:lang=\"DE-DE\" data-contrast=\"auto\"><span class=\"NormalTextRun SCXW148719607 BCX0\">Networking &amp; Austausch<\/span><\/span><\/strong><\/p>\n<p>&nbsp;<\/p>\n<p style=\"text-align: center;\">Treffen Sie Branchenkollegen und Experten und tauschen Sie sich \u00fcber aktuelle Trends und Branchenentwicklungen aus<\/p>\n<\/div><\/div><\/div><\/div><div id=\"pgc-24871-2-8\"  class=\"panel-grid-cell panel-grid-cell-empty\" ><\/div><\/div><div id=\"pg-24871-3\"  class=\"panel-grid panel-no-style\"  style=\"--mobile-padding:;\" ><div id=\"pgc-24871-3-0\"  class=\"panel-grid-cell\" ><div id=\"panel-24871-3-0-0\" class=\"so-panel widget widget_zrm-separator panel-first-child panel-last-child\" data-index=\"13\" ><div\n\t\t\t\n\t\t\tclass=\"so-widget-zrm-separator so-widget-zrm-separator-default-d75171398898-24871\"\n\t\t\t\n\t\t><div class=\"widget widget--separator widget--show lg\">\n\t<div class=\"separator\">\n\t\t<div class=\"separator__line\"><\/div>\n\t\t\t\t<div class=\"separator__line\"><\/div>\n\t<\/div>\n<\/div><\/div><\/div><\/div><\/div><div id=\"pg-24871-4\"  class=\"panel-grid panel-no-style\"  style=\"--mobile-padding:;\" ><div id=\"pgc-24871-4-0\"  class=\"panel-grid-cell panel-grid-cell-empty\" ><\/div><div id=\"pgc-24871-4-1\"  class=\"panel-grid-cell panel-grid-cell-mobile-last\" ><div id=\"panel-24871-4-1-0\" class=\"so-panel widget widget_zrm-headline panel-first-child panel-last-child\" data-index=\"14\" ><div\n\t\t\t\n\t\t\tclass=\"so-widget-zrm-headline so-widget-zrm-headline-default-d75171398898-24871\"\n\t\t\t\n\t\t><div class=\"widget widget--headline widget--left widget--show sm  \">\n\t<div class=\"preline\"><\/div>\n\t<h4 class=\"headline h4\">Event-Details<\/h4>\t<div class=\"subline\"><\/div>\n<\/div>\n<\/div><\/div><\/div><div id=\"pgc-24871-4-2\"  class=\"panel-grid-cell panel-grid-cell-empty\" ><\/div><\/div><div id=\"pg-24871-5\"  class=\"panel-grid panel-no-style\"  style=\"--mobile-padding:;\" ><div id=\"pgc-24871-5-0\"  class=\"panel-grid-cell panel-grid-cell-empty\" ><\/div><div id=\"pgc-24871-5-1\"  class=\"panel-grid-cell\" ><div id=\"panel-24871-5-1-0\" class=\"so-panel widget widget_zrm-headline panel-first-child\" data-index=\"15\" ><div\n\t\t\t\n\t\t\tclass=\"so-widget-zrm-headline so-widget-zrm-headline-default-d75171398898-24871\"\n\t\t\t\n\t\t><div class=\"widget widget--headline widget--left widget--show sm  \">\n\t<div class=\"preline\">26. Mai 2026 13:30 \u2013 18:00 Uhr<\/div>\n\t<h2 class=\"headline h2\">D\u00fcrr AG<\/h2>\t<div class=\"subline\">Bietigheim-Bissingen (bei Stuttgart)<\/div>\n<\/div>\n<\/div><\/div><div id=\"panel-24871-5-1-1\" class=\"so-panel widget widget_zrm-editor panel-last-child\" data-index=\"16\" ><div\n\t\t\t\n\t\t\tclass=\"so-widget-zrm-editor so-widget-zrm-editor-default-d75171398898-24871\"\n\t\t\t\n\t\t><div class=\"widget widget--editor widget--show lg\">\n\t<p><span class=\"TextRun SCXW21640627 BCX0\" lang=\"DE-DE\" xml:lang=\"DE-DE\" data-contrast=\"auto\"><span class=\"NormalTextRun SCXW21640627 BCX0\">Freuen Sie sich auf einen Nachmittag voller Inspiration und konkreter Anwendungsbeispiele. Nach den Vortr\u00e4gen laden wir Sie zu einem Get-together mit Snacks und Drinks ein.<\/span><\/span><\/p>\n<p>&nbsp;<\/p>\n<\/div><\/div><\/div><\/div><div id=\"pgc-24871-5-2\"  class=\"panel-grid-cell panel-grid-cell-mobile-last\" ><div id=\"panel-24871-5-2-0\" class=\"so-panel widget widget_zrm-accordion panel-first-child\" data-index=\"17\" ><div\n\t\t\t\n\t\t\tclass=\"so-widget-zrm-accordion so-widget-zrm-accordion-default-d75171398898-24871\"\n\t\t\t\n\t\t><div class=\"widget widget--accordion widget--show no\">\n\t\t\t<div class=\"accordion__item shadow\">\n\t\t\t<div class=\"accordion__header h4\"><div class=\"plus\"><\/div>Agenda<\/div>\n\t\t\t<div class=\"accordion__content\">\n\t\t\t\t<div class=\"accordion__image\"><\/div>\n\t\t\t\t<div class=\"accordion__copy\"><p><strong>14:00 Uhr | Begr\u00fc\u00dfung<\/strong><\/p>\n<p>&nbsp;<\/p>\n<p>&nbsp;<\/p>\n<p><strong>14:15 \u2013 14:45 Uhr | Vortrag I<br \/>\n<\/strong><strong data-renderer-mark=\"true\">Weltweites Lernen<br \/>\n<\/strong><em>Melanie Singer, People Development &amp; Change, D\u00fcrr Aktiengesellschaft<\/em><\/p>\n<p>&nbsp;<\/p>\n<p>Der D\u00fcrr-Konzern vereint mit D\u00fcrr, Schenck und HOMAG drei internationale Marken unter einem Dach \u2013 mit rund 18.000 Mitarbeitenden an \u00fcber 120 Standorten in 32 L\u00e4ndern. Die Herausforderung: Lernen konsequent in die Produktion zu integrieren \u2013 \u00fcber Landesgrenzen, Divisionen und Blue-Collar-Zielgruppen hinweg. Erfahren Sie, wie der Konzern mit der imc Learning Suite eine gemeinsame, skalierbare Lerninfrastruktur f\u00fcr all diese Marken aufgebaut hat und welche Erfolgsfaktoren dabei den Unterschied gemacht haben.<\/p>\n<p>&nbsp;<\/p>\n<p>&nbsp;<\/p>\n<p><strong>14:45 \u2013 15:15 Uhr | Vortrag II<br \/>\n<\/strong><strong data-renderer-mark=\"true\">KI-basiertes Lernen bei Festo: Kommunikationstraining f\u00fcr Vertrieb &amp; Service und vieles mehr<br \/>\n<\/strong><em>Manuel Schmidt, Learning Innovation &amp; Communication, Festo<\/em><strong data-renderer-mark=\"true\"><br \/>\n<\/strong><\/p>\n<p>&nbsp;<\/p>\n<p>DialogueGPT erm\u00f6glicht KI-gest\u00fctztes Kommunikationstraining f\u00fcr realistische Szenarien \u2013 von Vertrieb bis Service und dar\u00fcber hinaus. Am Beispiel von Festo zeigen wir, wie Mitarbeitende gezielt auf anspruchsvolle Gespr\u00e4chssituationen vorbereitet werden. Erfahren Sie au\u00dferdem, wie sich DialogueGPT flexibel an individuelle Unternehmensanforderungen anpassen l\u00e4sst.<\/p>\n<p>&nbsp;<\/p>\n<p>&nbsp;<\/p>\n<p><strong>15:15 \u2013 15:45 Uhr | Vortrag III<br \/>\nSicherheitsunterweisungen f\u00fcr Besucher \u2013 schon vor dem Besuch des Werkgel\u00e4ndes alles sicherstellen und effizient dokumentieren<br \/>\n<\/strong><em>Lukas Adam, Produktionsspezialist E-Learning, GROB-WERKE GmbH &amp; Co. KG<\/em><strong><br \/>\n<\/strong><\/p>\n<p>&nbsp;<\/p>\n<p>Die Sicherheitsunterweisung von mehr als 1.000 Besuchern des Werkgel\u00e4ndes ist eine logistische und dokumentarische Herausforderung. GROB-WERKE zeigt, wie dieser Prozess mithilfe der imc Learning Suite \u2013 mit Selbstregistrierung, GROB-eigenen Registrierungscodes, sofort verf\u00fcgbaren Trainingsmaterialien und automatischer Dokumentation \u2013 wirksam, funktional und ressourcenschonend gel\u00f6st wurde.<\/p>\n<p>&nbsp;<\/p>\n<p>&nbsp;<\/p>\n<p><strong>15:45 \u2013 16:30 Uhr | Kaffeepause<\/strong><\/p>\n<p>&nbsp;<\/p>\n<p>&nbsp;<\/p>\n<p><strong>16:30 \u2013 17:00 Uhr | Vortrag IV<br \/>\nVon Saba zur imc Learning Suite<br \/>\n<\/strong><em>Marcel Keller, Application Engineer Learning Management Solutions, Liebherr-IT Services GmbH<\/em><\/p>\n<p>&nbsp;<\/p>\n<p>Liebherr migrierte sein bestehendes Lernmanagement f\u00fcr Vertrieb und Service erfolgreich auf die imc Learning Suite. Dabei wurde die komplexe, globale Lerninfrastruktur konsolidiert und in eine skalierbare, zukunftssichere Plattform \u00fcberf\u00fchrt. Die Migration schuf die Grundlage f\u00fcr effizientere Prozesse und eine moderne, nutzerzentrierte Lernumgebung.<\/p>\n<p>&nbsp;<\/p>\n<p>&nbsp;<\/p>\n<p><strong>ab 17:00 Uhr |<\/strong> <strong>Austausch und Netzwerken mit Snacks<\/strong><\/p>\n<p>&nbsp;<\/p>\n<\/div>\n\t\t\t\t<div class=\"accordion__cta\">\n\t\t\t\t\t\t\t\t\t\t\t\t\t\t\t<\/div>\n\t\t\t<\/div>\n\t\t<\/div>\n\t<\/div>\n<\/div><\/div><div id=\"panel-24871-5-2-1\" class=\"so-panel widget widget_zrm-accordion\" data-index=\"18\" ><div\n\t\t\t\n\t\t\tclass=\"so-widget-zrm-accordion so-widget-zrm-accordion-default-d75171398898-24871\"\n\t\t\t\n\t\t><div class=\"widget widget--accordion widget--show sm\">\n\t\t\t<div class=\"accordion__item shadow\">\n\t\t\t<div class=\"accordion__header h4\"><div class=\"plus\"><\/div>Location <\/div>\n\t\t\t<div class=\"accordion__content\">\n\t\t\t\t<div class=\"accordion__image\"><\/div>\n\t\t\t\t<div class=\"accordion__copy\"><p data-prosemirror-content-type=\"node\" data-prosemirror-node-name=\"paragraph\" data-prosemirror-node-block=\"true\" data-pm-slice=\"1 1 []\"><strong>D\u00fcrr AG<\/strong><\/p>\n<p data-prosemirror-content-type=\"node\" data-prosemirror-node-name=\"paragraph\" data-prosemirror-node-block=\"true\" data-pm-slice=\"1 1 []\"><strong>Carl-Benz-Stra\u00dfe 34<\/strong><\/p>\n<p data-prosemirror-content-type=\"node\" data-prosemirror-node-name=\"paragraph\" data-prosemirror-node-block=\"true\" data-pm-slice=\"1 1 []\"><strong>74321 Bietigheim-Bissingen<\/strong><\/p>\n<p data-prosemirror-content-type=\"node\" data-prosemirror-node-name=\"paragraph\" data-prosemirror-node-block=\"true\" data-pm-slice=\"1 1 []\"><strong>Deutschland<\/strong><\/p>\n<p data-prosemirror-content-type=\"node\" data-prosemirror-node-name=\"paragraph\" data-prosemirror-node-block=\"true\" data-pm-slice=\"1 1 []\">\n<\/p><p><iframe style=\"border: 0;\" src=\"https:\/\/www.google.com\/maps\/embed?pb=!1m18!1m12!1m3!1d2620.713878226808!2d9.124669976759723!3d48.939891294967204!2m3!1f0!2f0!3f0!3m2!1i1024!2i768!4f13.1!3m3!1m2!1s0x4799d40b92f36737%3A0x3e5c2024fa2080da!2zRMO8cnIgQUc!5e0!3m2!1sen!2sde!4v1764316271864!5m2!1sen!2sde\" width=\"400\" height=\"300\" allowfullscreen=\"allowfullscreen\"><\/iframe><\/p>\n<\/div>\n\t\t\t\t<div class=\"accordion__cta\">\n\t\t\t\t\t\t\t\t\t\t\t\t\t\t\t<\/div>\n\t\t\t<\/div>\n\t\t<\/div>\n\t<\/div>\n<\/div><\/div><div id=\"panel-24871-5-2-2\" class=\"so-panel widget widget_zrm-button panel-last-child\" data-index=\"19\" ><div\n\t\t\t\n\t\t\tclass=\"so-widget-zrm-button so-widget-zrm-button-default-d75171398898-24871\"\n\t\t\t\n\t\t>\n\n<div class=\"widget widget--button left widget--show lg\">\n\t\t\t\t\t\t\t\t\t\t\t\t\t\t\t\t<a class=\"button button--red button--normal button--solid\" target=\"_self\" title=\"Jetzt anmelden\" href=\"#form\">\n\t\t\t\t<span class=\"bold\">Jetzt anmelden<\/span>\n\t\t\t<\/a>\n\t\t\t<\/div>\n<\/div><\/div><\/div><div id=\"pgc-24871-5-3\"  class=\"panel-grid-cell panel-grid-cell-empty\" ><\/div><\/div><div id=\"pg-24871-6\"  class=\"panel-grid panel-no-style\"  style=\"--mobile-padding:;\" ><div id=\"pgc-24871-6-0\"  class=\"panel-grid-cell\" ><div id=\"panel-24871-6-0-0\" class=\"so-panel widget widget_zrm-image panel-first-child panel-last-child\" data-index=\"20\" ><div\n\t\t\t\n\t\t\tclass=\"so-widget-zrm-image so-widget-zrm-image-default-d75171398898-24871\"\n\t\t\t\n\t\t>\n<div class=\"widget widget--image  widget--left widget--show lg\">\n\t<div class=\"image__file fullsize shadow\"><img decoding=\"async\" width=\"2000\" height=\"440\" src=\"https:\/\/www.scheer-imc.com\/de\/wp-content\/uploads\/sites\/8\/2024\/02\/imc_image_banner_manufacturing_2023.jpg\" class=\"attachment-full size-full\" alt=\"photos of manufacturing workers\" \/><\/div>\n\t<\/div><\/div><\/div><\/div><\/div><div id=\"pg-24871-7\"  class=\"panel-grid panel-no-style\"  style=\"--mobile-padding:;\" ><div id=\"pgc-24871-7-0\"  class=\"panel-grid-cell panel-grid-cell-empty\" ><\/div><div id=\"pgc-24871-7-1\"  class=\"panel-grid-cell panel-grid-cell-mobile-last\" ><div id=\"panel-24871-7-1-0\" class=\"so-panel widget widget_zrm-headline panel-first-child\" data-index=\"21\" ><div\n\t\t\t\n\t\t\tclass=\"so-widget-zrm-headline so-widget-zrm-headline-default-d75171398898-24871\"\n\t\t\t\n\t\t><div class=\"widget widget--headline widget--center widget--show sm  \">\n\t<div class=\"preline\"><\/div>\n\t<h2 class=\"headline h2\">Sichern Sie sich jetzt Ihren Platz!<\/h2>\t<div class=\"subline\"><\/div>\n<\/div>\n<\/div><\/div><div id=\"panel-24871-7-1-1\" class=\"so-panel widget widget_zrm-editor\" data-index=\"22\" ><div\n\t\t\t\n\t\t\tclass=\"so-widget-zrm-editor so-widget-zrm-editor-default-d75171398898-24871\"\n\t\t\t\n\t\t><div class=\"widget widget--editor widget--show sm\">\n\t<p id=\"hs_cos_wrapper_module_1587024506569122_title\" class=\"hs_cos_wrapper form-title\" style=\"text-align: center;\" data-hs-cos-general-type=\"widget_field\" data-hs-cos-type=\"text\">Melden Sie sich kostenlos an und sichern Sie sich einen der <strong>30 exklusiven Pl\u00e4tze<\/strong> f\u00fcr einen inspirierenden und praxisnahen Tag f\u00fcr die Industrie.<\/p>\n<\/div><\/div><\/div><div id=\"panel-24871-7-1-2\" class=\"so-panel widget widget_zrm-anchortarget\" data-index=\"23\" ><div\n\t\t\t\n\t\t\tclass=\"so-widget-zrm-anchortarget so-widget-zrm-anchortarget-default-d75171398898-24871\"\n\t\t\t\n\t\t><div class=\"widget widget--anchortarget widget--show \">\n\t<div id=\"form\" name=\"form\"><\/div>\n<\/div><\/div><\/div><div id=\"panel-24871-7-1-3\" class=\"so-panel widget widget_zrm-headline\" data-index=\"24\" ><div\n\t\t\t\n\t\t\tclass=\"so-widget-zrm-headline so-widget-zrm-headline-default-d75171398898-24871\"\n\t\t\t\n\t\t><div class=\"widget widget--headline widget--center widget--hide md  \">\n\t<div class=\"preline\"><\/div>\n\t<h2 class=\"headline h2\">Jetzt anmelden<\/h2>\t<div class=\"subline\"><\/div>\n<\/div>\n<\/div><\/div><div id=\"panel-24871-7-1-4\" class=\"so-panel widget widget_zrm-hubspot panel-last-child\" data-index=\"25\" ><div\n\t\t\t\n\t\t\tclass=\"so-widget-zrm-hubspot so-widget-zrm-hubspot-default-d75171398898-24871\"\n\t\t\t\n\t\t><div class=\"widget widget--hubspot widget--show lg\">\n\t\n\t\t\t\t\t\t<script>\n\t\t\t\t\t\t\twindow.hsFormsOnReady = window.hsFormsOnReady || [];\n\t\t\t\t\t\t\twindow.hsFormsOnReady.push(()=>{\n\t\t\t\t\t\t\t\thbspt.forms.create({\n\t\t\t\t\t\t\t\t\tportalId: 4291460,\n\t\t\t\t\t\t\t\t\tformId: \"ddc00454-8429-42eb-a750-c4168e4713af\",\n\t\t\t\t\t\t\t\t\ttarget: \"#hbspt-form-1777398009000-8854323998\",\n\t\t\t\t\t\t\t\t\tregion: \"eu1\",\n\t\t\t\t\t\t\t\t\t\n\t\t\t\t\t\t\t})});\n\t\t\t\t\t\t<\/script>\n\t\t\t\t\t\t<div class=\"hbspt-form\" id=\"hbspt-form-1777398009000-8854323998\"><\/div><\/div><\/div><\/div><\/div><div id=\"pgc-24871-7-2\"  class=\"panel-grid-cell panel-grid-cell-empty\" ><\/div><\/div><div id=\"pg-24871-8\"  class=\"panel-grid panel-no-style\"  style=\"--mobile-padding:;\" ><div id=\"pgc-24871-8-0\"  class=\"panel-grid-cell\" ><div id=\"panel-24871-8-0-0\" class=\"so-panel widget widget_zrm-separator panel-first-child panel-last-child\" data-index=\"26\" ><div\n\t\t\t\n\t\t\tclass=\"so-widget-zrm-separator so-widget-zrm-separator-default-d75171398898-24871\"\n\t\t\t\n\t\t><div class=\"widget widget--separator widget--show lg\">\n\t<div class=\"separator\">\n\t\t<div class=\"separator__line\"><\/div>\n\t\t<span class=\"separator__text\">DER SCHNELLE KONTAKT<\/span>\t\t<div class=\"separator__line\"><\/div>\n\t<\/div>\n<\/div><\/div><\/div><\/div><\/div><div id=\"pg-24871-9\"  class=\"panel-grid panel-no-style\"  style=\"--mobile-padding:;\" ><div id=\"pgc-24871-9-0\"  class=\"panel-grid-cell panel-grid-cell-empty\" ><\/div><div id=\"pgc-24871-9-1\"  class=\"panel-grid-cell\" ><div id=\"panel-24871-9-1-0\" class=\"so-panel widget widget_zrm-editor panel-first-child panel-last-child\" data-index=\"27\" ><div\n\t\t\t\n\t\t\tclass=\"so-widget-zrm-editor so-widget-zrm-editor-default-d75171398898-24871\"\n\t\t\t\n\t\t><div class=\"widget widget--editor widget--show xl\">\n\t<p>Sie haben organisatorische Fragen zu diesem Branchentag? Kontaktieren Sie uns gerne.<\/p>\n<\/div><\/div><\/div><\/div><div id=\"pgc-24871-9-2\"  class=\"panel-grid-cell panel-grid-cell-mobile-last\" ><div id=\"panel-24871-9-2-0\" class=\"so-panel widget widget_zrm-contact panel-first-child panel-last-child\" data-index=\"28\" ><div\n\t\t\t\n\t\t\tclass=\"so-widget-zrm-contact so-widget-zrm-contact-default-d75171398898-24871\"\n\t\t\t\n\t\t><div class=\"widget widget--contact widget--center shadow widget--show lg\">\n\t<div class=\"contact__data\">\n\t\t\t\t\t<div class=\"contact__avatar\"><img decoding=\"async\" width=\"300\" height=\"300\" src=\"https:\/\/www.scheer-imc.com\/de\/wp-content\/uploads\/sites\/8\/2023\/04\/Melanie-Abmeier-300x300.jpg\" class=\"attachment-medium size-medium\" alt=\"\" srcset=\"https:\/\/www.scheer-imc.com\/de\/wp-content\/uploads\/sites\/8\/2023\/04\/Melanie-Abmeier-300x300.jpg 300w, https:\/\/www.scheer-imc.com\/de\/wp-content\/uploads\/sites\/8\/2023\/04\/Melanie-Abmeier-150x150.jpg 150w, https:\/\/www.scheer-imc.com\/de\/wp-content\/uploads\/sites\/8\/2023\/04\/Melanie-Abmeier-768x768.jpg 768w, https:\/\/www.scheer-imc.com\/de\/wp-content\/uploads\/sites\/8\/2023\/04\/Melanie-Abmeier.jpg 800w\" sizes=\"(max-width: 300px) 100vw, 300px\" \/><\/div>\n\t\t\t\t<div class=\"contact__name h4\">Melanie Abmeier<\/div>\n\t\t<div class=\"contact__position\">Global Events Manager<\/div>\n\t\t<div class=\"line\"><\/div>\n\t\t<div class=\"contact__mail hasicon\">\n\t\t\t<div class=\"show-1078-up\">\n\t\t\t\t<a href=\"mailto:melanie.abmeier@scheer-imc.de\">melanie.abmeier@scheer-imc.de<\/a>\n\t\t\t<\/div>\n\t\t\t<div class=\"show-1078-down\">\n\t\t\t\t<a href=\"mailto:melanie.abmeier@scheer-imc.de\">Send E-Mail<\/a>\n\t\t\t<\/div>\n\t\t<\/div>\n\t\t<div class=\"contact__phone hasicon\">\n\t\t\t<div class=\"show-1078-up\">\n\t\t\t\t<a href=\"tel:+49 172 7682268\">+49 172 7682268<\/a>\n\t\t\t<\/div>\n\t\t\t<div class=\"show-1078-down\">\n\t\t\t\t<a href=\"tel:+49 172 7682268\">Voice Call<\/a>\n\t\t\t<\/div>\t\n\t\t<\/div>\n\t<\/div>\n\t<div class=\"contact__social shadow\">\n\t\t<div class=\"contact__headline h6\">\n\t\t\t<span>Social Media<\/span>\n\t\t<\/div>\n\t\t<div class=\"contact__icons\">\n\t\t\t\t\t\t\t\t\t<a class=\"contact__icon contact__icon--linkedin\" href=\"https:\/\/www.linkedin.com\/in\/melanie-abmeier\/\"><\/a>\t\t\t\t\t<\/div>\n\t<\/div>\n<\/div><\/div><\/div><\/div><div id=\"pgc-24871-9-3\"  class=\"panel-grid-cell panel-grid-cell-empty\" ><\/div><\/div><div id=\"pg-24871-10\"  class=\"panel-grid panel-no-style\"  style=\"--mobile-padding:;\" ><div id=\"pgc-24871-10-0\"  class=\"panel-grid-cell panel-grid-cell-empty\" ><\/div><div id=\"pgc-24871-10-1\"  class=\"panel-grid-cell panel-grid-cell-mobile-last\" ><div id=\"panel-24871-10-1-0\" class=\"so-panel widget widget_zrm-share panel-first-child panel-last-child\" data-index=\"29\" ><div\n\t\t\t\n\t\t\tclass=\"so-widget-zrm-share so-widget-zrm-share-default-d75171398898-24871\"\n\t\t\t\n\t\t><div class=\"widget widget--share noshadow widget--show lg\">\n        <div class=\"share__button-group\">\n        <div class=\"shariff\"><ul class=\"shariff-buttons theme-default orientation-horizontal buttonsize-medium\"><li class=\"shariff-button twitter shariff-nocustomcolor\" style=\"background-color:#32bbf5\"><a href=\"https:\/\/twitter.com\/share?url=https%3A%2F%2Fwww.scheer-imc.com%2Fde%2Fevents-webinare%2Fbranchentag-fertigung%2F&text=Branchentag%20Fertigung%202026\" title=\"Bei Twitter teilen\" aria-label=\"Bei Twitter teilen\" role=\"button\" rel=\"noopener nofollow\" class=\"shariff-link\" style=\"; background-color:#55acee; color:#fff\" target=\"_blank\"><span class=\"shariff-icon\" style=\"\"><svg width=\"32px\" height=\"20px\" xmlns=\"http:\/\/www.w3.org\/2000\/svg\" viewBox=\"0 0 30 32\"><path fill=\"#55acee\" d=\"M29.7 6.8q-1.2 1.8-3 3.1 0 0.3 0 0.8 0 2.5-0.7 4.9t-2.2 4.7-3.5 4-4.9 2.8-6.1 1q-5.1 0-9.3-2.7 0.6 0.1 1.5 0.1 4.3 0 7.6-2.6-2-0.1-3.5-1.2t-2.2-3q0.6 0.1 1.1 0.1 0.8 0 1.6-0.2-2.1-0.4-3.5-2.1t-1.4-3.9v-0.1q1.3 0.7 2.8 0.8-1.2-0.8-2-2.2t-0.7-2.9q0-1.7 0.8-3.1 2.3 2.8 5.5 4.5t7 1.9q-0.2-0.7-0.2-1.4 0-2.5 1.8-4.3t4.3-1.8q2.7 0 4.5 1.9 2.1-0.4 3.9-1.5-0.7 2.2-2.7 3.4 1.8-0.2 3.5-0.9z\"\/><\/svg><\/span><span class=\"shariff-text\">twittern<\/span>&nbsp;<\/a><\/li><li class=\"shariff-button facebook shariff-nocustomcolor\" style=\"background-color:#4273c8\"><a href=\"https:\/\/www.facebook.com\/sharer\/sharer.php?u=https%3A%2F%2Fwww.scheer-imc.com%2Fde%2Fevents-webinare%2Fbranchentag-fertigung%2F\" title=\"Bei Facebook teilen\" aria-label=\"Bei Facebook teilen\" role=\"button\" rel=\"nofollow\" class=\"shariff-link\" style=\"; background-color:#3b5998; color:#fff\" target=\"_blank\"><span class=\"shariff-icon\" style=\"\"><svg width=\"32px\" height=\"20px\" xmlns=\"http:\/\/www.w3.org\/2000\/svg\" viewBox=\"0 0 18 32\"><path fill=\"#3b5998\" d=\"M17.1 0.2v4.7h-2.8q-1.5 0-2.1 0.6t-0.5 1.9v3.4h5.2l-0.7 5.3h-4.5v13.6h-5.5v-13.6h-4.5v-5.3h4.5v-3.9q0-3.3 1.9-5.2t5-1.8q2.6 0 4.1 0.2z\"\/><\/svg><\/span><span class=\"shariff-text\">teilen<\/span>&nbsp;<\/a><\/li><li class=\"shariff-button linkedin shariff-nocustomcolor\" style=\"background-color:#1488bf\"><a href=\"https:\/\/www.linkedin.com\/shareArticle?mini=true&url=https%3A%2F%2Fwww.scheer-imc.com%2Fde%2Fevents-webinare%2Fbranchentag-fertigung%2F&title=Branchentag%20Fertigung%202026\" title=\"Bei LinkedIn teilen\" aria-label=\"Bei LinkedIn teilen\" role=\"button\" rel=\"noopener nofollow\" class=\"shariff-link\" style=\"; background-color:#0077b5; color:#fff\" target=\"_blank\"><span class=\"shariff-icon\" style=\"\"><svg width=\"32px\" height=\"20px\" xmlns=\"http:\/\/www.w3.org\/2000\/svg\" viewBox=\"0 0 27 32\"><path fill=\"#0077b5\" d=\"M6.2 11.2v17.7h-5.9v-17.7h5.9zM6.6 5.7q0 1.3-0.9 2.2t-2.4 0.9h0q-1.5 0-2.4-0.9t-0.9-2.2 0.9-2.2 2.4-0.9 2.4 0.9 0.9 2.2zM27.4 18.7v10.1h-5.9v-9.5q0-1.9-0.7-2.9t-2.3-1.1q-1.1 0-1.9 0.6t-1.2 1.5q-0.2 0.5-0.2 1.4v9.9h-5.9q0-7.1 0-11.6t0-5.3l0-0.9h5.9v2.6h0q0.4-0.6 0.7-1t1-0.9 1.6-0.8 2-0.3q3 0 4.9 2t1.9 6z\"\/><\/svg><\/span><span class=\"shariff-text\">mitteilen<\/span>&nbsp;<\/a><\/li><li class=\"shariff-button xing shariff-nocustomcolor\" style=\"background-color:#29888a\"><a href=\"https:\/\/www.xing.com\/spi\/shares\/new?url=https%3A%2F%2Fwww.scheer-imc.com%2Fde%2Fevents-webinare%2Fbranchentag-fertigung%2F\" title=\"Bei XING teilen\" aria-label=\"Bei XING teilen\" role=\"button\" rel=\"noopener nofollow\" class=\"shariff-link\" style=\"; background-color:#126567; color:#fff\" target=\"_blank\"><span class=\"shariff-icon\" style=\"\"><svg width=\"32px\" height=\"20px\" xmlns=\"http:\/\/www.w3.org\/2000\/svg\" viewBox=\"0 0 25 32\"><path fill=\"#126567\" d=\"M10.7 11.9q-0.2 0.3-4.6 8.2-0.5 0.8-1.2 0.8h-4.3q-0.4 0-0.5-0.3t0-0.6l4.5-8q0 0 0 0l-2.9-5q-0.2-0.4 0-0.7 0.2-0.3 0.5-0.3h4.3q0.7 0 1.2 0.8zM25.1 0.4q0.2 0.3 0 0.7l-9.4 16.7 6 11q0.2 0.4 0 0.6-0.2 0.3-0.6 0.3h-4.3q-0.7 0-1.2-0.8l-6-11.1q0.3-0.6 9.5-16.8 0.4-0.8 1.2-0.8h4.3q0.4 0 0.5 0.3z\"\/><\/svg><\/span><span class=\"shariff-text\">teilen<\/span>&nbsp;<\/a><\/li><\/ul><\/div>    <\/div>\n<\/div><\/div><\/div><\/div><div id=\"pgc-24871-10-2\"  class=\"panel-grid-cell panel-grid-cell-empty\" ><\/div><\/div><\/div>","protected":false},"excerpt":{"rendered":"<p>Branchentag Fertigung 2026 Die Zukunft der Produktion gemeinsam gestalten Wie Industrieunternehmen Lernen, Technologie und Menschen erfolgreich verbinden \u2013 von der Fertigung bis zur F\u00fchrungsebene. &nbsp; Exklusiv: Nur 30 Teilnehmerpl\u00e4tze \u2013 jetzt sichern. Seien Sie dabei! Erleben\u00a0Sie\u00a0praxisnahe Einblicke, innovative Lernstrategien, neue Technologien und Best Practices f\u00fcr die Industrie von morgen. Wir laden Sie zu einem\u00a0exklusiven Branchentag [&hellip;]<\/p>\n","protected":false},"author":79,"featured_media":24878,"parent":5533,"menu_order":1,"comment_status":"closed","ping_status":"closed","template":"","meta":{"_acf_changed":false,"content-type":"","footnotes":""},"class_list":["post-24871","page","type-page","status-publish","has-post-thumbnail","hentry"],"acf":[],"yoast_head":"<!-- This site is optimized with the Yoast SEO plugin v25.5 - https:\/\/yoast.com\/wordpress\/plugins\/seo\/ -->\n<title>Branchentag Fertigung 2026<\/title>\n<meta name=\"description\" content=\"Erleben Sie die Zukunft der Industrie bei unserem Branchentag Manufacturing 2026 \u2013 Einblicke, Innovationen, und Networking. Jetzt anmelden Sie!\" \/>\n<meta name=\"robots\" content=\"noindex, nofollow\" \/>\n<meta property=\"og:locale\" content=\"de_DE\" \/>\n<meta property=\"og:type\" content=\"article\" \/>\n<meta property=\"og:title\" content=\"Branchentag Fertigung 2026\" \/>\n<meta property=\"og:description\" content=\"Erleben Sie die Zukunft der Industrie bei unserem Branchentag Manufacturing 2026 \u2013 Einblicke, Innovationen, und Networking. Jetzt anmelden Sie!\" \/>\n<meta property=\"og:url\" content=\"https:\/\/www.scheer-imc.com\/de\/events-webinare\/branchentag-fertigung\/\" \/>\n<meta property=\"og:site_name\" content=\"Scheer IMC\" \/>\n<meta property=\"article:publisher\" content=\"https:\/\/www.facebook.com\/imcLearning\" \/>\n<meta property=\"article:modified_time\" content=\"2026-04-24T08:17:31+00:00\" \/>\n<meta property=\"og:image\" content=\"https:\/\/www.scheer-imc.com\/de\/wp-content\/uploads\/sites\/8\/2025\/11\/imc_image_banner_manufacturing_Branchentag_2026_Header.jpg\" \/>\n\t<meta property=\"og:image:width\" content=\"977\" \/>\n\t<meta property=\"og:image:height\" content=\"440\" \/>\n\t<meta property=\"og:image:type\" content=\"image\/jpeg\" \/>\n<meta name=\"twitter:card\" content=\"summary_large_image\" \/>\n<meta name=\"twitter:site\" content=\"@imc_learning\" \/>\n<meta name=\"twitter:label1\" content=\"Gesch\u00e4tzte Lesezeit\" \/>\n\t<meta name=\"twitter:data1\" content=\"5\u00a0Minuten\" \/>\n<script type=\"application\/ld+json\" class=\"yoast-schema-graph\">{\"@context\":\"https:\/\/schema.org\",\"@graph\":[{\"@type\":\"WebPage\",\"@id\":\"https:\/\/www.scheer-imc.com\/de\/events-webinare\/branchentag-fertigung\/\",\"url\":\"https:\/\/www.scheer-imc.com\/de\/events-webinare\/branchentag-fertigung\/\",\"name\":\"Branchentag Fertigung 2026\",\"isPartOf\":{\"@id\":\"https:\/\/www.scheer-imc.com\/de\/#website\"},\"primaryImageOfPage\":{\"@id\":\"https:\/\/www.scheer-imc.com\/de\/events-webinare\/branchentag-fertigung\/#primaryimage\"},\"image\":{\"@id\":\"https:\/\/www.scheer-imc.com\/de\/events-webinare\/branchentag-fertigung\/#primaryimage\"},\"thumbnailUrl\":\"https:\/\/www.scheer-imc.com\/de\/wp-content\/uploads\/sites\/8\/2025\/11\/imc_image_banner_manufacturing_Branchentag_2026_Header.jpg\",\"datePublished\":\"2025-12-04T12:52:09+00:00\",\"dateModified\":\"2026-04-24T08:17:31+00:00\",\"description\":\"Erleben Sie die Zukunft der Industrie bei unserem Branchentag Manufacturing 2026 \u2013 Einblicke, Innovationen, und Networking. Jetzt anmelden Sie!\",\"breadcrumb\":{\"@id\":\"https:\/\/www.scheer-imc.com\/de\/events-webinare\/branchentag-fertigung\/#breadcrumb\"},\"inLanguage\":\"de\",\"potentialAction\":[{\"@type\":\"ReadAction\",\"target\":[\"https:\/\/www.scheer-imc.com\/de\/events-webinare\/branchentag-fertigung\/\"]}]},{\"@type\":\"ImageObject\",\"inLanguage\":\"de\",\"@id\":\"https:\/\/www.scheer-imc.com\/de\/events-webinare\/branchentag-fertigung\/#primaryimage\",\"url\":\"https:\/\/www.scheer-imc.com\/de\/wp-content\/uploads\/sites\/8\/2025\/11\/imc_image_banner_manufacturing_Branchentag_2026_Header.jpg\",\"contentUrl\":\"https:\/\/www.scheer-imc.com\/de\/wp-content\/uploads\/sites\/8\/2025\/11\/imc_image_banner_manufacturing_Branchentag_2026_Header.jpg\",\"width\":977,\"height\":440},{\"@type\":\"BreadcrumbList\",\"@id\":\"https:\/\/www.scheer-imc.com\/de\/events-webinare\/branchentag-fertigung\/#breadcrumb\",\"itemListElement\":[{\"@type\":\"ListItem\",\"position\":1,\"name\":\"Startseite\",\"item\":\"https:\/\/www.scheer-imc.com\/de\/\"},{\"@type\":\"ListItem\",\"position\":2,\"name\":\"Events und Webinare\",\"item\":\"https:\/\/www.scheer-imc.com\/de\/events-webinare\/\"},{\"@type\":\"ListItem\",\"position\":3,\"name\":\"Branchentag Fertigung 2026\"}]},{\"@type\":\"WebSite\",\"@id\":\"https:\/\/www.scheer-imc.com\/de\/#website\",\"url\":\"https:\/\/www.scheer-imc.com\/de\/\",\"name\":\"Scheer IMC\",\"description\":\"Wir verwandeln Lernstrategien in echten Unternehmens\u00aderfolg\",\"potentialAction\":[{\"@type\":\"SearchAction\",\"target\":{\"@type\":\"EntryPoint\",\"urlTemplate\":\"https:\/\/www.scheer-imc.com\/de\/?s={search_term_string}\"},\"query-input\":{\"@type\":\"PropertyValueSpecification\",\"valueRequired\":true,\"valueName\":\"search_term_string\"}}],\"inLanguage\":\"de\"}]}<\/script>\n<!-- \/ Yoast SEO plugin. -->","yoast_head_json":{"title":"Branchentag Fertigung 2026","description":"Erleben Sie die Zukunft der Industrie bei unserem Branchentag Manufacturing 2026 \u2013 Einblicke, Innovationen, und Networking. Jetzt anmelden Sie!","robots":{"index":"noindex","follow":"nofollow"},"og_locale":"de_DE","og_type":"article","og_title":"Branchentag Fertigung 2026","og_description":"Erleben Sie die Zukunft der Industrie bei unserem Branchentag Manufacturing 2026 \u2013 Einblicke, Innovationen, und Networking. Jetzt anmelden Sie!","og_url":"https:\/\/www.scheer-imc.com\/de\/events-webinare\/branchentag-fertigung\/","og_site_name":"Scheer IMC","article_publisher":"https:\/\/www.facebook.com\/imcLearning","article_modified_time":"2026-04-24T08:17:31+00:00","og_image":[{"width":977,"height":440,"url":"https:\/\/www.scheer-imc.com\/de\/wp-content\/uploads\/sites\/8\/2025\/11\/imc_image_banner_manufacturing_Branchentag_2026_Header.jpg","type":"image\/jpeg"}],"twitter_card":"summary_large_image","twitter_site":"@imc_learning","twitter_misc":{"Gesch\u00e4tzte Lesezeit":"5\u00a0Minuten"},"schema":{"@context":"https:\/\/schema.org","@graph":[{"@type":"WebPage","@id":"https:\/\/www.scheer-imc.com\/de\/events-webinare\/branchentag-fertigung\/","url":"https:\/\/www.scheer-imc.com\/de\/events-webinare\/branchentag-fertigung\/","name":"Branchentag Fertigung 2026","isPartOf":{"@id":"https:\/\/www.scheer-imc.com\/de\/#website"},"primaryImageOfPage":{"@id":"https:\/\/www.scheer-imc.com\/de\/events-webinare\/branchentag-fertigung\/#primaryimage"},"image":{"@id":"https:\/\/www.scheer-imc.com\/de\/events-webinare\/branchentag-fertigung\/#primaryimage"},"thumbnailUrl":"https:\/\/www.scheer-imc.com\/de\/wp-content\/uploads\/sites\/8\/2025\/11\/imc_image_banner_manufacturing_Branchentag_2026_Header.jpg","datePublished":"2025-12-04T12:52:09+00:00","dateModified":"2026-04-24T08:17:31+00:00","description":"Erleben Sie die Zukunft der Industrie bei unserem Branchentag Manufacturing 2026 \u2013 Einblicke, Innovationen, und Networking. Jetzt anmelden Sie!","breadcrumb":{"@id":"https:\/\/www.scheer-imc.com\/de\/events-webinare\/branchentag-fertigung\/#breadcrumb"},"inLanguage":"de","potentialAction":[{"@type":"ReadAction","target":["https:\/\/www.scheer-imc.com\/de\/events-webinare\/branchentag-fertigung\/"]}]},{"@type":"ImageObject","inLanguage":"de","@id":"https:\/\/www.scheer-imc.com\/de\/events-webinare\/branchentag-fertigung\/#primaryimage","url":"https:\/\/www.scheer-imc.com\/de\/wp-content\/uploads\/sites\/8\/2025\/11\/imc_image_banner_manufacturing_Branchentag_2026_Header.jpg","contentUrl":"https:\/\/www.scheer-imc.com\/de\/wp-content\/uploads\/sites\/8\/2025\/11\/imc_image_banner_manufacturing_Branchentag_2026_Header.jpg","width":977,"height":440},{"@type":"BreadcrumbList","@id":"https:\/\/www.scheer-imc.com\/de\/events-webinare\/branchentag-fertigung\/#breadcrumb","itemListElement":[{"@type":"ListItem","position":1,"name":"Startseite","item":"https:\/\/www.scheer-imc.com\/de\/"},{"@type":"ListItem","position":2,"name":"Events und Webinare","item":"https:\/\/www.scheer-imc.com\/de\/events-webinare\/"},{"@type":"ListItem","position":3,"name":"Branchentag Fertigung 2026"}]},{"@type":"WebSite","@id":"https:\/\/www.scheer-imc.com\/de\/#website","url":"https:\/\/www.scheer-imc.com\/de\/","name":"Scheer IMC","description":"Wir verwandeln Lernstrategien in echten Unternehmens\u00aderfolg","potentialAction":[{"@type":"SearchAction","target":{"@type":"EntryPoint","urlTemplate":"https:\/\/www.scheer-imc.com\/de\/?s={search_term_string}"},"query-input":{"@type":"PropertyValueSpecification","valueRequired":true,"valueName":"search_term_string"}}],"inLanguage":"de"}]}},"_links":{"self":[{"href":"https:\/\/www.scheer-imc.com\/de\/wp-json\/wp\/v2\/pages\/24871","targetHints":{"allow":["GET"]}}],"collection":[{"href":"https:\/\/www.scheer-imc.com\/de\/wp-json\/wp\/v2\/pages"}],"about":[{"href":"https:\/\/www.scheer-imc.com\/de\/wp-json\/wp\/v2\/types\/page"}],"author":[{"embeddable":true,"href":"https:\/\/www.scheer-imc.com\/de\/wp-json\/wp\/v2\/users\/79"}],"replies":[{"embeddable":true,"href":"https:\/\/www.scheer-imc.com\/de\/wp-json\/wp\/v2\/comments?post=24871"}],"version-history":[{"count":90,"href":"https:\/\/www.scheer-imc.com\/de\/wp-json\/wp\/v2\/pages\/24871\/revisions"}],"predecessor-version":[{"id":26652,"href":"https:\/\/www.scheer-imc.com\/de\/wp-json\/wp\/v2\/pages\/24871\/revisions\/26652"}],"up":[{"embeddable":true,"href":"https:\/\/www.scheer-imc.com\/de\/wp-json\/wp\/v2\/pages\/5533"}],"wp:featuredmedia":[{"embeddable":true,"href":"https:\/\/www.scheer-imc.com\/de\/wp-json\/wp\/v2\/media\/24878"}],"wp:attachment":[{"href":"https:\/\/www.scheer-imc.com\/de\/wp-json\/wp\/v2\/media?parent=24871"}],"curies":[{"name":"wp","href":"https:\/\/api.w.org\/{rel}","templated":true}]}}