{"id":20905,"date":"2024-01-26T15:33:45","date_gmt":"2024-01-26T14:33:45","guid":{"rendered":"https:\/\/www.scheer-imc.com\/de\/?page_id=20905"},"modified":"2024-01-31T13:49:12","modified_gmt":"2024-01-31T12:49:12","slug":"datenschutzhinweis-fuer-das-hinweisgebersystem","status":"publish","type":"page","link":"https:\/\/www.scheer-imc.com\/de\/datenschutzhinweis-fuer-das-hinweisgebersystem\/","title":{"rendered":"Datenschutzhinweis f\u00fcr das Hinweisgebersystem"},"content":{"rendered":"<div id=\"pl-20905\"  class=\"panel-layout\" ><div id=\"pg-20905-0\"  class=\"panel-grid panel-no-style\"  style=\"--mobile-padding:;\" ><div id=\"pgc-20905-0-0\"  class=\"panel-grid-cell\" ><div id=\"panel-20905-0-0-0\" class=\"so-panel widget widget_zrm-hero panel-first-child panel-last-child\" data-index=\"0\" ><div\n\t\t\t\n\t\t\tclass=\"so-widget-zrm-hero so-widget-zrm-hero-default-d75171398898-20905\"\n\t\t\t\n\t\t><div class=\"widget widget--hero widget--left widget--show xl\">\n\t\t\t<div class=\"hero__image\">\n\t\t\t<div class=\"hero__darken\"><\/div>\t\t\t<img decoding=\"async\" width=\"800\" height=\"373\" src=\"https:\/\/www.scheer-imc.com\/de\/wp-content\/uploads\/sites\/8\/2020\/03\/compliance.jpg\" class=\"attachment-full size-full\" alt=\"\" srcset=\"https:\/\/www.scheer-imc.com\/de\/wp-content\/uploads\/sites\/8\/2020\/03\/compliance.jpg 800w, https:\/\/www.scheer-imc.com\/de\/wp-content\/uploads\/sites\/8\/2020\/03\/compliance-300x140.jpg 300w, https:\/\/www.scheer-imc.com\/de\/wp-content\/uploads\/sites\/8\/2020\/03\/compliance-768x358.jpg 768w\" sizes=\"(max-width: 800px) 100vw, 800px\" \/>\t\t<\/div>\n\t\t<div class=\"hero__container\">\n\t\t<div class=\"hero__headline bold\">\n\t\t\t<div class=\"firstline\">Datenschutzhinweis<\/div>\n\t\t\t<div class=\"secondline\"><\/div>\n\t\t<\/div>\n\t\t\t\t<div class=\"hero__content hero__content--normal\">\n\t\t\t<div class=\"hero__text\">\n\t\t\t\t<div class=\"hero__subline bold h3\">f\u00fcr das Hinweisgebersystem<\/div>\t\t\t\t\t\t\t\t\t\t\t\t\t<div class=\"hero__cta\">\n\t\t\t\t\t\t\t\t\t\t\t\t\t\t\t\t\t<\/div>\n\t\t\t\t\t\t\t<\/div>\n\t\t<\/div>\n\t<\/div>\n<\/div>\n<\/div><\/div><\/div><\/div><div id=\"pg-20905-1\"  class=\"panel-grid panel-no-style\"  style=\"--mobile-padding:;\" ><div id=\"pgc-20905-1-0\"  class=\"panel-grid-cell panel-grid-cell-empty\" ><\/div><div id=\"pgc-20905-1-1\"  class=\"panel-grid-cell panel-grid-cell-mobile-last\" ><div id=\"panel-20905-1-1-0\" class=\"so-panel widget widget_zrm-editor panel-first-child panel-last-child\" data-index=\"1\" ><div\n\t\t\t\n\t\t\tclass=\"so-widget-zrm-editor so-widget-zrm-editor-default-d75171398898-20905\"\n\t\t\t\n\t\t><div class=\"widget widget--editor widget--show lg\">\n\t<p>Im Folgenden informieren wir gem\u00e4\u00df Art. 13 DS-GVO dar\u00fcber, wie die imc information multimedia communication AG (im Folgenden als \u201eimc\u201c bezeichnet) personenbezogene Daten im Rahmen des Meldesystems verarbeitet sowie \u00fcber die damit verbundenen datenschutzrechtlichen Regelungen, Anspr\u00fcche und Rechte.<\/p>\n<p>&nbsp;<\/p>\n<p>Die imc setzt eine webbasierte Software ein, eine in Deutschland gehostete Cloud-L\u00f6sung, die bei der Aufdeckung betrieblicher Missst\u00e4nde unterst\u00fctzt. Durch die Einf\u00fchrung eines solchen Systems k\u00f6nnen kriminelle, illegale, moralisch verwerfliche oder unlautere Handlungen fr\u00fchzeitig aufgedeckt und verhindert sowie nicht kalkulierbare materielle und immaterielle Sch\u00e4den sowie Reputationsverluste abgewendet werden.<\/p>\n<\/div><\/div><\/div><\/div><div id=\"pgc-20905-1-2\"  class=\"panel-grid-cell panel-grid-cell-empty\" ><\/div><\/div><div id=\"pg-20905-2\"  class=\"panel-grid panel-no-style\"  style=\"--mobile-padding:;\" ><div id=\"pgc-20905-2-0\"  class=\"panel-grid-cell\" ><div id=\"panel-20905-2-0-0\" class=\"so-panel widget widget_zrm-separator panel-first-child panel-last-child\" data-index=\"2\" ><div\n\t\t\t\n\t\t\tclass=\"so-widget-zrm-separator so-widget-zrm-separator-default-d75171398898-20905\"\n\t\t\t\n\t\t><div class=\"widget widget--separator widget--show md\">\n\t<div class=\"separator\">\n\t\t<div class=\"separator__line\"><\/div>\n\t\t<span class=\"separator__text\">1. Name und Kontaktdaten der f\u00fcr die Verarbeitung Verantwortlichen <\/span>\t\t<div class=\"separator__line\"><\/div>\n\t<\/div>\n<\/div><\/div><\/div><\/div><\/div><div id=\"pg-20905-3\"  class=\"panel-grid panel-no-style\"  style=\"--mobile-padding:;\" ><div id=\"pgc-20905-3-0\"  class=\"panel-grid-cell panel-grid-cell-empty\" ><\/div><div id=\"pgc-20905-3-1\"  class=\"panel-grid-cell panel-grid-cell-mobile-last\" ><div id=\"panel-20905-3-1-0\" class=\"so-panel widget widget_zrm-editor panel-first-child panel-last-child\" data-index=\"3\" ><div\n\t\t\t\n\t\t\tclass=\"so-widget-zrm-editor so-widget-zrm-editor-default-d75171398898-20905\"\n\t\t\t\n\t\t><div class=\"widget widget--editor widget--show lg\">\n\t<p>Verantwortliche f\u00fcr die Datenverarbeitung im Sinne von Art. 4 Nr. 7 DSGVO ist imc information multimedia communication AG. Gem\u00e4\u00df den gesetzlichen Anforderungen des Hinweisgeberschutzgesetzes hat die imc AG eine zentrale Meldestelle f\u00fcr die gesamte imc Unternehmensgruppe eingerichtet.<\/p>\n<p>&nbsp;<\/p>\n<p><strong>information multimedia communication AG<\/strong><br \/>\nScheer Tower, Uni-Campus Nord<br \/>\n66123 Saarbr\u00fccken<br \/>\nDeutschland\/ Germany<\/p>\n<p>&nbsp;<\/p>\n<p>Tel. +49 681 9476-0<br \/>\nFax +49 681 9476-530<br \/>\ninfo@im-c.de<br \/>\nwww.im-c.de<\/p>\n<\/div><\/div><\/div><\/div><div id=\"pgc-20905-3-2\"  class=\"panel-grid-cell panel-grid-cell-empty\" ><\/div><\/div><div id=\"pg-20905-4\"  class=\"panel-grid panel-no-style\"  style=\"--mobile-padding:;\" ><div id=\"pgc-20905-4-0\"  class=\"panel-grid-cell\" ><div id=\"panel-20905-4-0-0\" class=\"so-panel widget widget_zrm-separator panel-first-child panel-last-child\" data-index=\"4\" ><div\n\t\t\t\n\t\t\tclass=\"so-widget-zrm-separator so-widget-zrm-separator-default-d75171398898-20905\"\n\t\t\t\n\t\t><div class=\"widget widget--separator widget--show md\">\n\t<div class=\"separator\">\n\t\t<div class=\"separator__line\"><\/div>\n\t\t<span class=\"separator__text\">2. Datenschutzbeauftragter<\/span>\t\t<div class=\"separator__line\"><\/div>\n\t<\/div>\n<\/div><\/div><\/div><\/div><\/div><div id=\"pg-20905-5\"  class=\"panel-grid panel-no-style\"  style=\"--mobile-padding:;\" ><div id=\"pgc-20905-5-0\"  class=\"panel-grid-cell panel-grid-cell-empty\" ><\/div><div id=\"pgc-20905-5-1\"  class=\"panel-grid-cell panel-grid-cell-mobile-last\" ><div id=\"panel-20905-5-1-0\" class=\"so-panel widget widget_zrm-editor panel-first-child panel-last-child\" data-index=\"5\" ><div\n\t\t\t\n\t\t\tclass=\"so-widget-zrm-editor so-widget-zrm-editor-default-d75171398898-20905\"\n\t\t\t\n\t\t><div class=\"widget widget--editor widget--show lg\">\n\t<p>Bei Fragen zum Datenschutz wenden Sie sich bitte an das Privacy-Team der imc elektronisch unter:<\/p>\n<p><a href=\"mailto:datenschutz@im-c.de\">datenschutz@im-c.de<\/a><\/p>\n<\/div><\/div><\/div><\/div><div id=\"pgc-20905-5-2\"  class=\"panel-grid-cell panel-grid-cell-empty\" ><\/div><\/div><div id=\"pg-20905-6\"  class=\"panel-grid panel-no-style\"  style=\"--mobile-padding:;\" ><div id=\"pgc-20905-6-0\"  class=\"panel-grid-cell\" ><div id=\"panel-20905-6-0-0\" class=\"so-panel widget widget_zrm-separator panel-first-child panel-last-child\" data-index=\"6\" ><div\n\t\t\t\n\t\t\tclass=\"so-widget-zrm-separator so-widget-zrm-separator-default-d75171398898-20905\"\n\t\t\t\n\t\t><div class=\"widget widget--separator widget--show md\">\n\t<div class=\"separator\">\n\t\t<div class=\"separator__line\"><\/div>\n\t\t<span class=\"separator__text\">3. Art der Datenverarbeitung, Zweck der Verarbeitung und Rechtsgrundlage<\/span>\t\t<div class=\"separator__line\"><\/div>\n\t<\/div>\n<\/div><\/div><\/div><\/div><\/div><div id=\"pg-20905-7\"  class=\"panel-grid panel-no-style\"  style=\"--mobile-padding:;\" ><div id=\"pgc-20905-7-0\"  class=\"panel-grid-cell panel-grid-cell-empty\" ><\/div><div id=\"pgc-20905-7-1\"  class=\"panel-grid-cell panel-grid-cell-mobile-last\" ><div id=\"panel-20905-7-1-0\" class=\"so-panel widget widget_zrm-editor panel-first-child\" data-index=\"7\" ><div\n\t\t\t\n\t\t\tclass=\"so-widget-zrm-editor so-widget-zrm-editor-default-d75171398898-20905\"\n\t\t\t\n\t\t><div class=\"widget widget--editor widget--show lg\">\n\t<h3>3.1 Zu welchen Zwecken verarbeiten wir die Daten?<\/h3>\n<p>Die imc verarbeitet die personenbezogenen Daten der meldenden Person, sofern die Meldung nicht anonym abgegeben wurde, sowie die personenbezogenen Daten der beschuldigten Person(en), wie Name und weitere Kommunikations- und Inhaltsdaten, zum Zwecke der Untersuchung der Meldungen, um Verst\u00f6\u00dfe gegen geltendes Recht oder Unternehmensrichtlinien zu verhindern, aufzudecken und\/oder Folgema\u00dfnahmen (wie Ma\u00dfnahmen zur Pr\u00fcfung der Stichhaltigkeit der in der Meldung erhobenen Behauptungen und gegebenenfalls zum Vorgehen gegen den gemeldeten Versto\u00df, unter anderem durch interne Nachforschungen, Ermittlungen, Strafverfolgungsma\u00dfnahmen, Ma\u00dfnahmen zur (Wieder )Einziehung von Mitteln oder dem Abschluss des Verfahrens) vorzunehmen.<\/p>\n<\/div><\/div><\/div><div id=\"panel-20905-7-1-1\" class=\"so-panel widget widget_zrm-editor\" data-index=\"8\" ><div\n\t\t\t\n\t\t\tclass=\"so-widget-zrm-editor so-widget-zrm-editor-default-d75171398898-20905\"\n\t\t\t\n\t\t><div class=\"widget widget--editor widget--show lg\">\n\t<h3><strong>3.2 Auf welcher Rechtsgrundlage verarbeiten wir die Daten?<\/strong><\/h3>\n<p>Die Erhebung der personenbezogenen Daten der meldenden Person bei einer nicht anonymen Meldung erfolgt auf der Grundlage einer Einwilligung in die Verarbeitung durch die \u00dcbermittlung der Daten (konkludente Einwilligung) (Art. 6 Abs. 1 S. 1 lit. a DS-GVO).<\/p>\n<p>&nbsp;<\/p>\n<p>Die Erhebung, Verarbeitung und Weitergabe personenbezogener Daten der Personen, die in der Meldung genannt werden, dient der Wahrung berechtigter Interessen des o.g. Verantwortlichen (Art. 6 Abs. 1 S. 1 lit. f DS-GVO). Es ist ein berechtigtes Interesse des Unternehmens, Gesetzesverst\u00f6\u00dfe und schwere Pflichtverletzungen von Besch\u00e4ftigten wirksam und mit einem hohen Ma\u00df an Vertraulichkeit aufzudecken, zu bearbeiten, abzustellen und zu sanktionieren und damit verbundene Sch\u00e4den und Haftungsrisiken f\u00fcr Unternehmen (\u00a7\u00a7 30, 130 OWiG) abzuwenden. Auch die Richtlinien (EU) 2019\/1937 (\u201eEU-Whistleblower-RL\u201c) bzw. das Hinweisgeberschutzgesetz in Deutschland fordern die Einrichtung eines Meldesystems, um Besch\u00e4ftigten und Dritten auf geeignete Weise die M\u00f6glichkeit einzur\u00e4umen, gesch\u00fctzt Meldungen auf Rechtsverst\u00f6\u00dfe im Unternehmen zu geben.<\/p>\n<p>&nbsp;<\/p>\n<p>Die Weitergabe von personenbezogenen Daten bei nicht anonymer Meldung an andere Empf\u00e4nger (Art. 4 Nr. 7 DS-GVO) kann aufgrund einer gesetzlichen Verpflichtung erforderlich sein (Art. 6 Abs. 1 S. 1 lit. c DS-GVO).<\/p>\n<\/div><\/div><\/div><div id=\"panel-20905-7-1-2\" class=\"so-panel widget widget_zrm-editor panel-last-child\" data-index=\"9\" ><div\n\t\t\t\n\t\t\tclass=\"so-widget-zrm-editor so-widget-zrm-editor-default-d75171398898-20905\"\n\t\t\t\n\t\t><div class=\"widget widget--editor widget--show lg\">\n\t<h3><strong>3.3 Welche Datenkategorien werden verarbeitet?<\/strong><\/h3>\n<p>Grunds\u00e4tzlich verarbeiten wir personenbezogene Daten, die wir im Rahmen einer Meldung direkt erhalten. Dazu k\u00f6nnen z\u00e4hlen:<\/p>\n<ol>\n<li><strong>Informationen \u00fcber die meldende Person<\/strong> (sofern diese\/r nicht anonym bleiben m\u00f6chte) und den\/die Beschuldigte(n), wie<\/li>\n<\/ol>\n<ul>\n<li>Vor- und Nachname<\/li>\n<li>Kontaktdaten<\/li>\n<li>ggf. andere auf das Arbeitsverh\u00e4ltnis bezogene pers\u00f6nliche Daten<\/li>\n<\/ul>\n<ol start=\"2\">\n<li><strong>Pers\u00f6nliche Informationen<\/strong>, etwa zu betroffenen Personen, die in einer Meldung als eine Person bezeichnet wird, der ein Fehlverhalten anzulasten sei, sowie die im Rahmen der Aufkl\u00e4rung identifiziert wurden, einschlie\u00dflich Details \u00fcber die erhobenen Behauptungen und diese unterst\u00fctzenden Beweise.<\/li>\n<li><strong>Jede andere Information,<\/strong> die in den Untersuchungsergebnissen und in einem m\u00f6glicherweise weiterf\u00fchrenden Verfahren identifiziert wurde, z.B. Informationen \u00fcber strafbares Verhalten oder Daten \u00fcber rechtswidriges oder unzul\u00e4ssiges Verhalten, soweit dies gemeldet wurde.<\/li>\n<li><strong>Informationen \u00fcber Verst\u00f6\u00dfe, die dar\u00fcber hinaus ggf. R\u00fcckschl\u00fcsse auf eine nat\u00fcrliche Person erlauben.<\/strong><\/li>\n<\/ol>\n<\/div><\/div><\/div><\/div><div id=\"pgc-20905-7-2\"  class=\"panel-grid-cell panel-grid-cell-empty\" ><\/div><\/div><div id=\"pg-20905-8\"  class=\"panel-grid panel-no-style\"  style=\"--mobile-padding:;\" ><div id=\"pgc-20905-8-0\"  class=\"panel-grid-cell\" ><div id=\"panel-20905-8-0-0\" class=\"so-panel widget widget_zrm-separator panel-first-child panel-last-child\" data-index=\"10\" ><div\n\t\t\t\n\t\t\tclass=\"so-widget-zrm-separator so-widget-zrm-separator-default-d75171398898-20905\"\n\t\t\t\n\t\t><div class=\"widget widget--separator widget--show md\">\n\t<div class=\"separator\">\n\t\t<div class=\"separator__line\"><\/div>\n\t\t<span class=\"separator__text\">4. Wer erh\u00e4lt Zugriff auf die personenbezogenen Daten?<\/span>\t\t<div class=\"separator__line\"><\/div>\n\t<\/div>\n<\/div><\/div><\/div><\/div><\/div><div id=\"pg-20905-9\"  class=\"panel-grid panel-no-style\"  style=\"--mobile-padding:;\" ><div id=\"pgc-20905-9-0\"  class=\"panel-grid-cell panel-grid-cell-empty\" ><\/div><div id=\"pgc-20905-9-1\"  class=\"panel-grid-cell panel-grid-cell-mobile-last\" ><div id=\"panel-20905-9-1-0\" class=\"so-panel widget widget_zrm-editor panel-first-child panel-last-child\" data-index=\"11\" ><div\n\t\t\t\n\t\t\tclass=\"so-widget-zrm-editor so-widget-zrm-editor-default-d75171398898-20905\"\n\t\t\t\n\t\t><div class=\"widget widget--editor widget--show lg\">\n\t<p>Personenbezogene Daten, die \u00fcber die webbasierte Software erhoben werden, werden nur denjenigen Personen zug\u00e4nglich gemacht, die aufgrund ihrer Funktion eine legitime Notwendigkeit haben, diese Daten zu verarbeiten.<\/p>\n<p>&nbsp;<\/p>\n<p><strong>Zur Entgegennahme und Qualifizierung einer Meldung haben wir zwei Ombudsmann beauftragt:<\/strong><\/p>\n<p>&nbsp;<\/p>\n<p>Diese betreiben unsere interne Meldestelle unter Zuhilfenahme einer webbasierten Applikation, die von der <strong>Firma Gesellschaft f\u00fcr Datenschutz<\/strong> bereitgestellt wird. Der Sitz der Firma ist in Holzweg 9, 38302 Wolfenb\u00fcttel.<\/p>\n<p>&nbsp;<\/p>\n<p>Je nach Zust\u00e4ndigkeitsschwerpunkt der Meldung sowie zur effektiven Einleitung von Folgema\u00dfnahmen, werden die im Rahmen der Meldung erforderlichen personenbezogenen Daten gegebenenfalls an die intern zust\u00e4ndigen Fachabteilungen beim Verantwortlichen weitergegeben.<\/p>\n<p>&nbsp;<\/p>\n<p>Eine Weitergabe an die jeweils zust\u00e4ndige Stelle kann jedoch ggf. in gesetzlich geregelten F\u00e4llen nach \u00a7 9 Abs. 2 und 3 HinSchG erforderlich werden. Dar\u00fcber hinaus kann eine Weitergabe der Informationen erfolgen, wenn dies f\u00fcr Folgema\u00dfnahmen erforderlich ist und die hinweisgebende Person nach \u00a7 9 Abs. 3 HinSchG eingewilligt hat.<\/p>\n<p>&nbsp;<\/p>\n<p>Sofern die meldende Person den eigenen Namen oder andere personenbezogene Daten mitgeteilt hat (nicht anonyme Meldung), wird die Identit\u00e4t \u2013 soweit rechtlich m\u00f6glich \u2013 nicht offengelegt und es wird zus\u00e4tzlich sichergestellt, dass dabei auch keine R\u00fcckschl\u00fcsse auf die Identit\u00e4t als meldenden Person m\u00f6glich werden.<\/p>\n<p>&nbsp;<\/p>\n<p>Gem\u00e4\u00df \u00a7 9 Abs. 1 HinSchG wird die Identit\u00e4t einer hinweisgebenden Person, die vors\u00e4tzlich oder grob fahrl\u00e4ssig unrichtige Informationen \u00fcber Verst\u00f6\u00dfe meldet, nicht nach dem HinSchG gesch\u00fctzt.<\/p>\n<p>&nbsp;<\/p>\n<p>Werden personenbezogene Daten durch externe Dienstleister verarbeitet, so geschieht dies grunds\u00e4tzlich auf Basis von Auftragsverarbeitungsvertr\u00e4gen nach Art. 28 DS-GVO. In diesen F\u00e4llen stellen wir sicher, dass die Verarbeitung von personenbezogenen Daten im Einklang mit den Bestimmungen der DS-GVO erfolgt und alle zur Verarbeitung personenbezogener Daten befugten Personen sich zur Vertraulichkeit verpflichtet haben oder einer angemessenen gesetzlichen Verschwiegenheitspflicht unterliegen.<\/p>\n<p>&nbsp;<\/p>\n<\/div><\/div><\/div><\/div><div id=\"pgc-20905-9-2\"  class=\"panel-grid-cell panel-grid-cell-empty\" ><\/div><\/div><div id=\"pg-20905-10\"  class=\"panel-grid panel-no-style\"  style=\"--mobile-padding:;\" ><div id=\"pgc-20905-10-0\"  class=\"panel-grid-cell\" ><div id=\"panel-20905-10-0-0\" class=\"so-panel widget widget_zrm-separator panel-first-child panel-last-child\" data-index=\"12\" ><div\n\t\t\t\n\t\t\tclass=\"so-widget-zrm-separator so-widget-zrm-separator-default-d75171398898-20905\"\n\t\t\t\n\t\t><div class=\"widget widget--separator widget--show md\">\n\t<div class=\"separator\">\n\t\t<div class=\"separator__line\"><\/div>\n\t\t<span class=\"separator__text\">5. Ihre Rechte als betroffene Person<\/span>\t\t<div class=\"separator__line\"><\/div>\n\t<\/div>\n<\/div><\/div><\/div><\/div><\/div><div id=\"pg-20905-11\"  class=\"panel-grid panel-no-style\"  style=\"--mobile-padding:;\" ><div id=\"pgc-20905-11-0\"  class=\"panel-grid-cell panel-grid-cell-empty\" ><\/div><div id=\"pgc-20905-11-1\"  class=\"panel-grid-cell panel-grid-cell-mobile-last\" ><div id=\"panel-20905-11-1-0\" class=\"so-panel widget widget_zrm-editor panel-first-child panel-last-child\" data-index=\"13\" ><div\n\t\t\t\n\t\t\tclass=\"so-widget-zrm-editor so-widget-zrm-editor-default-d75171398898-20905\"\n\t\t\t\n\t\t><div class=\"widget widget--editor widget--show lg\">\n\t<p>Sie haben im Rahmen der jeweiligen Regelungen (insbesondere Art. 15-21 DS-GVO) vielf\u00e4ltige Rechte in Bezug auf die Verarbeitung Ihrer personenbezogenen Daten:<\/p>\n<ul>\n<li>Recht auf Auskunft,<\/li>\n<li>Recht auf Berichtigung,<\/li>\n<li>Recht auf L\u00f6schung,<\/li>\n<li>Recht auf Einschr\u00e4nkung der Verarbeitung,<\/li>\n<li>Recht auf Daten\u00fcbertragbarkeit,<\/li>\n<li>das Recht, einer nicht ausschlie\u00dflich automatisierten Einzelfallentscheidung zu unterliegen.<\/li>\n<li>das Recht, sich bei einer zust\u00e4ndigen Datenschutzaufsichtsbeh\u00f6rde zu beschweren.<\/li>\n<\/ul>\n<p>&nbsp;<\/p>\n<p>Das Auskunfts- und das L\u00f6schungsrecht unterliegen gesetzlichen Einschr\u00e4nkungen. Verarbeiten wir Ihre Daten zur Wahrung berechtigter Interessen, k\u00f6nnen Sie dieser Verarbeitung widersprechen, wenn sich aus Ihrer besonderen Situation Gr\u00fcnde ergeben, die gegen eine Datenverarbeitung sprechen.<\/p>\n<p>&nbsp;<\/p>\n<p>Gem\u00e4\u00df Art. 7 DS-GVO gilt das Recht, die eigene Einwilligung in die Datenverarbeitung jederzeit zu widerrufen. Durch den Widerruf der Einwilligung wird die Rechtm\u00e4\u00dfigkeit, der aufgrund der Einwilligung bis zum Widerruf erfolgten Verarbeitung, nicht ber\u00fchrt.<\/p>\n<\/div><\/div><\/div><\/div><div id=\"pgc-20905-11-2\"  class=\"panel-grid-cell panel-grid-cell-empty\" ><\/div><\/div><div id=\"pg-20905-12\"  class=\"panel-grid panel-no-style\"  style=\"--mobile-padding:;\" ><div id=\"pgc-20905-12-0\"  class=\"panel-grid-cell\" ><div id=\"panel-20905-12-0-0\" class=\"so-panel widget widget_zrm-separator panel-first-child panel-last-child\" data-index=\"14\" ><div\n\t\t\t\n\t\t\tclass=\"so-widget-zrm-separator so-widget-zrm-separator-default-d75171398898-20905\"\n\t\t\t\n\t\t><div class=\"widget widget--separator widget--show md\">\n\t<div class=\"separator\">\n\t\t<div class=\"separator__line\"><\/div>\n\t\t<span class=\"separator__text\">6. Findet eine ausschlie\u00dfliche automatisierte Entscheidungsfindung statt?<\/span>\t\t<div class=\"separator__line\"><\/div>\n\t<\/div>\n<\/div><\/div><\/div><\/div><\/div><div id=\"pg-20905-13\"  class=\"panel-grid panel-no-style\"  style=\"--mobile-padding:;\" ><div id=\"pgc-20905-13-0\"  class=\"panel-grid-cell panel-grid-cell-empty\" ><\/div><div id=\"pgc-20905-13-1\"  class=\"panel-grid-cell panel-grid-cell-mobile-last\" ><div id=\"panel-20905-13-1-0\" class=\"so-panel widget widget_zrm-editor panel-first-child panel-last-child\" data-index=\"15\" ><div\n\t\t\t\n\t\t\tclass=\"so-widget-zrm-editor so-widget-zrm-editor-default-d75171398898-20905\"\n\t\t\t\n\t\t><div class=\"widget widget--editor widget--show lg\">\n\t<p>Nein.<\/p>\n<\/div><\/div><\/div><\/div><div id=\"pgc-20905-13-2\"  class=\"panel-grid-cell panel-grid-cell-empty\" ><\/div><\/div><div id=\"pg-20905-14\"  class=\"panel-grid panel-no-style\"  style=\"--mobile-padding:;\" ><div id=\"pgc-20905-14-0\"  class=\"panel-grid-cell\" ><div id=\"panel-20905-14-0-0\" class=\"so-panel widget widget_zrm-separator panel-first-child panel-last-child\" data-index=\"16\" ><div\n\t\t\t\n\t\t\tclass=\"so-widget-zrm-separator so-widget-zrm-separator-default-d75171398898-20905\"\n\t\t\t\n\t\t><div class=\"widget widget--separator widget--show md\">\n\t<div class=\"separator\">\n\t\t<div class=\"separator__line\"><\/div>\n\t\t<span class=\"separator__text\">7. Findet Profiling statt?<\/span>\t\t<div class=\"separator__line\"><\/div>\n\t<\/div>\n<\/div><\/div><\/div><\/div><\/div><div id=\"pg-20905-15\"  class=\"panel-grid panel-no-style\"  style=\"--mobile-padding:;\" ><div id=\"pgc-20905-15-0\"  class=\"panel-grid-cell panel-grid-cell-empty\" ><\/div><div id=\"pgc-20905-15-1\"  class=\"panel-grid-cell panel-grid-cell-mobile-last\" ><div id=\"panel-20905-15-1-0\" class=\"so-panel widget widget_zrm-editor panel-first-child panel-last-child\" data-index=\"17\" ><div\n\t\t\t\n\t\t\tclass=\"so-widget-zrm-editor so-widget-zrm-editor-default-d75171398898-20905\"\n\t\t\t\n\t\t><div class=\"widget widget--editor widget--show lg\">\n\t<p>Nein.<\/p>\n<\/div><\/div><\/div><\/div><div id=\"pgc-20905-15-2\"  class=\"panel-grid-cell panel-grid-cell-empty\" ><\/div><\/div><div id=\"pg-20905-16\"  class=\"panel-grid panel-no-style\"  style=\"--mobile-padding:;\" ><div id=\"pgc-20905-16-0\"  class=\"panel-grid-cell\" ><div id=\"panel-20905-16-0-0\" class=\"so-panel widget widget_zrm-separator panel-first-child panel-last-child\" data-index=\"18\" ><div\n\t\t\t\n\t\t\tclass=\"so-widget-zrm-separator so-widget-zrm-separator-default-d75171398898-20905\"\n\t\t\t\n\t\t><div class=\"widget widget--separator widget--show md\">\n\t<div class=\"separator\">\n\t\t<div class=\"separator__line\"><\/div>\n\t\t<span class=\"separator__text\">8. Dauer der Datenspeicherung<\/span>\t\t<div class=\"separator__line\"><\/div>\n\t<\/div>\n<\/div><\/div><\/div><\/div><\/div><div id=\"pg-20905-17\"  class=\"panel-grid panel-no-style\"  style=\"--mobile-padding:;\" ><div id=\"pgc-20905-17-0\"  class=\"panel-grid-cell panel-grid-cell-empty\" ><\/div><div id=\"pgc-20905-17-1\"  class=\"panel-grid-cell panel-grid-cell-mobile-last\" ><div id=\"panel-20905-17-1-0\" class=\"so-panel widget widget_zrm-editor panel-first-child panel-last-child\" data-index=\"19\" ><div\n\t\t\t\n\t\t\tclass=\"so-widget-zrm-editor so-widget-zrm-editor-default-d75171398898-20905\"\n\t\t\t\n\t\t><div class=\"widget widget--editor widget--show lg\">\n\t<p>Die personenbezogenen Daten werden im jeweiligen Verfahren so lange aufbewahrt, wie es die Aufkl\u00e4rung und abschlie\u00dfende Beurteilung erfordert, ein berechtigtes Interesse des Unternehmens oder ein gesetzliches Erfordernis besteht. Danach werden diese Daten entsprechend den gesetzlichen Vorgaben gel\u00f6scht. Die Dauer der Speicherung richtet sich insbesondere nach der Schwere des Verdachts und der gemeldeten eventuellen Pflichtverletzungen.<\/p>\n<p>&nbsp;<\/p>\n<p>Personenbezogene Daten im Zusammenhang mit Meldungen werden vom Compliance-Ombudsmann unverz\u00fcglich gel\u00f6scht, sofern sie durch diesen als offensichtlich sachlich grundlos erachtet werden.<\/p>\n<\/div><\/div><\/div><\/div><div id=\"pgc-20905-17-2\"  class=\"panel-grid-cell panel-grid-cell-empty\" ><\/div><\/div><div id=\"pg-20905-18\"  class=\"panel-grid panel-no-style\"  style=\"--mobile-padding:;\" ><div id=\"pgc-20905-18-0\"  class=\"panel-grid-cell\" ><div id=\"panel-20905-18-0-0\" class=\"so-panel widget widget_zrm-separator panel-first-child panel-last-child\" data-index=\"20\" ><div\n\t\t\t\n\t\t\tclass=\"so-widget-zrm-separator so-widget-zrm-separator-default-d75171398898-20905\"\n\t\t\t\n\t\t><div class=\"widget widget--separator widget--show md\">\n\t<div class=\"separator\">\n\t\t<div class=\"separator__line\"><\/div>\n\t\t<span class=\"separator__text\">9. Widerspruchsrecht nach Art. 21 DS-GVO<\/span>\t\t<div class=\"separator__line\"><\/div>\n\t<\/div>\n<\/div><\/div><\/div><\/div><\/div><div id=\"pg-20905-19\"  class=\"panel-grid panel-no-style\"  style=\"--mobile-padding:;\" ><div id=\"pgc-20905-19-0\"  class=\"panel-grid-cell panel-grid-cell-empty\" ><\/div><div id=\"pgc-20905-19-1\"  class=\"panel-grid-cell panel-grid-cell-mobile-last\" ><div id=\"panel-20905-19-1-0\" class=\"so-panel widget widget_zrm-editor panel-first-child panel-last-child\" data-index=\"21\" ><div\n\t\t\t\n\t\t\tclass=\"so-widget-zrm-editor so-widget-zrm-editor-default-d75171398898-20905\"\n\t\t\t\n\t\t><div class=\"widget widget--editor widget--show lg\">\n\t<p>Gem\u00e4\u00df Art. 21 DS-GVO haben Sie das Recht, Widerspruch gegen die Verarbeitung der eigenen personenbezogenen Daten einzulegen, soweit daf\u00fcr Gr\u00fcnde vorliegen, die sich aus der pers\u00f6nlichen besonderen Situation ergeben. Die eigenen Daten werden dann nicht mehr verarbeitet, es sei denn, dass der Verantwortliche zwingende Gr\u00fcnde f\u00fcr die Verarbeitung nachweisen kann, die die Interessen, Rechte und Freiheiten der betroffenen Person \u00fcberwiegen, oder dass die Verarbeitung der Geltendmachung Aus\u00fcbung oder Verteidigung von Rechtsanspr\u00e4chen dient.<\/p>\n<p>&nbsp;<\/p>\n<p>Der Widerspruch kann formfrei erfolgen und sollte m\u00f6glichst an den o.g. Verantwortlichen bzw. dessen interne Meldestelle gerichtet werden.<\/p>\n<\/div><\/div><\/div><\/div><div id=\"pgc-20905-19-2\"  class=\"panel-grid-cell panel-grid-cell-empty\" ><\/div><\/div><div id=\"pg-20905-20\"  class=\"panel-grid panel-no-style\"  style=\"--mobile-padding:;\" ><div id=\"pgc-20905-20-0\"  class=\"panel-grid-cell\" ><div id=\"panel-20905-20-0-0\" class=\"so-panel widget widget_zrm-separator panel-first-child panel-last-child\" data-index=\"22\" ><div\n\t\t\t\n\t\t\tclass=\"so-widget-zrm-separator so-widget-zrm-separator-default-d75171398898-20905\"\n\t\t\t\n\t\t><div class=\"widget widget--separator widget--show md\">\n\t<div class=\"separator\">\n\t\t<div class=\"separator__line\"><\/div>\n\t\t<span class=\"separator__text\">10. Informationen gem\u00e4\u00df Art. 13 Abs. 2 lit. e DS-GVO<\/span>\t\t<div class=\"separator__line\"><\/div>\n\t<\/div>\n<\/div><\/div><\/div><\/div><\/div><div id=\"pg-20905-21\"  class=\"panel-grid panel-no-style\"  style=\"--mobile-padding:;\" ><div id=\"pgc-20905-21-0\"  class=\"panel-grid-cell panel-grid-cell-empty\" ><\/div><div id=\"pgc-20905-21-1\"  class=\"panel-grid-cell panel-grid-cell-mobile-last\" ><div id=\"panel-20905-21-1-0\" class=\"so-panel widget widget_zrm-editor panel-first-child panel-last-child\" data-index=\"23\" ><div\n\t\t\t\n\t\t\tclass=\"so-widget-zrm-editor so-widget-zrm-editor-default-d75171398898-20905\"\n\t\t\t\n\t\t><div class=\"widget widget--editor widget--show lg\">\n\t<p>Die Bereitstellung der Daten \u00fcber eine Meldung ist weder vertraglich vorgeschrieben noch f\u00fcr einen Vertragsabschluss erforderlich. Unter Umst\u00e4nden bestehen je nach individuellem Einzelfall gesetzliche Pflichten, uns eine Meldung zu erteilen. F\u00fcr eine sinnvolle Bearbeitung und Untersuchung der Meldung ist eine Verarbeitung der Daten jedoch erforderlich.<\/p>\n<\/div><\/div><\/div><\/div><div id=\"pgc-20905-21-2\"  class=\"panel-grid-cell panel-grid-cell-empty\" ><\/div><\/div><div id=\"pg-20905-22\"  class=\"panel-grid panel-no-style\"  style=\"--mobile-padding:;\" ><div id=\"pgc-20905-22-0\"  class=\"panel-grid-cell\" ><div id=\"panel-20905-22-0-0\" class=\"so-panel widget widget_zrm-separator panel-first-child panel-last-child\" data-index=\"24\" ><div\n\t\t\t\n\t\t\tclass=\"so-widget-zrm-separator so-widget-zrm-separator-default-d75171398898-20905\"\n\t\t\t\n\t\t><div class=\"widget widget--separator widget--show md\">\n\t<div class=\"separator\">\n\t\t<div class=\"separator__line\"><\/div>\n\t\t<span class=\"separator__text\">11. Sonstige Hinweise<\/span>\t\t<div class=\"separator__line\"><\/div>\n\t<\/div>\n<\/div><\/div><\/div><\/div><\/div><div id=\"pg-20905-23\"  class=\"panel-grid panel-no-style\"  style=\"--mobile-padding:;\" ><div id=\"pgc-20905-23-0\"  class=\"panel-grid-cell panel-grid-cell-empty\" ><\/div><div id=\"pgc-20905-23-1\"  class=\"panel-grid-cell panel-grid-cell-mobile-last\" ><div id=\"panel-20905-23-1-0\" class=\"so-panel widget widget_zrm-editor panel-first-child panel-last-child\" data-index=\"25\" ><div\n\t\t\t\n\t\t\tclass=\"so-widget-zrm-editor so-widget-zrm-editor-default-d75171398898-20905\"\n\t\t\t\n\t\t><div class=\"widget widget--editor widget--show lg\">\n\t<p>Wir behalten uns vor, diese Datenschutzhinweise bei Bedarf zu aktualisieren.<\/p>\n<\/div><\/div><\/div><\/div><div id=\"pgc-20905-23-2\"  class=\"panel-grid-cell panel-grid-cell-empty\" ><\/div><\/div><\/div>","protected":false},"excerpt":{"rendered":"<p>Datenschutzhinweis f\u00fcr das Hinweisgebersystem Im Folgenden informieren wir gem\u00e4\u00df Art. 13 DS-GVO dar\u00fcber, wie die imc information multimedia communication AG (im Folgenden als \u201eimc\u201c bezeichnet) personenbezogene Daten im Rahmen des Meldesystems verarbeitet sowie \u00fcber die damit verbundenen datenschutzrechtlichen Regelungen, Anspr\u00fcche und Rechte. &nbsp; Die imc setzt eine webbasierte Software ein, eine in Deutschland gehostete Cloud-L\u00f6sung, [&hellip;]<\/p>\n","protected":false},"author":68,"featured_media":13213,"parent":0,"menu_order":29,"comment_status":"closed","ping_status":"closed","template":"","meta":{"_acf_changed":false,"content-type":"","footnotes":""},"class_list":["post-20905","page","type-page","status-publish","has-post-thumbnail","hentry"],"acf":[],"yoast_head":"<!-- This site is optimized with the Yoast SEO plugin v25.5 - https:\/\/yoast.com\/wordpress\/plugins\/seo\/ -->\n<title>Hinweisgeberschutzsystem der imc: Datenschutzhinweis<\/title>\n<meta name=\"description\" content=\"Mit Ihrer Unterst\u00fctzung k\u00f6nnen wir Gesetzesverst\u00f6\u00dfe fr\u00fchzeitig aufdecken und so die Entstehung von Fehlverhalten wirksam bek\u00e4mpfen.\" \/>\n<meta name=\"robots\" content=\"noindex, follow\" \/>\n<meta property=\"og:locale\" content=\"de_DE\" \/>\n<meta property=\"og:type\" content=\"article\" \/>\n<meta property=\"og:title\" content=\"Hinweisgeberschutzsystem der imc: Datenschutzhinweis\" \/>\n<meta property=\"og:description\" content=\"Mit Ihrer Unterst\u00fctzung k\u00f6nnen wir Gesetzesverst\u00f6\u00dfe fr\u00fchzeitig aufdecken und so die Entstehung von Fehlverhalten wirksam bek\u00e4mpfen.\" \/>\n<meta property=\"og:url\" content=\"https:\/\/www.scheer-imc.com\/de\/datenschutzhinweis-fuer-das-hinweisgebersystem\/\" \/>\n<meta property=\"og:site_name\" content=\"Scheer IMC\" \/>\n<meta property=\"article:publisher\" content=\"https:\/\/www.facebook.com\/imcLearning\" \/>\n<meta property=\"article:modified_time\" content=\"2024-01-31T12:49:12+00:00\" \/>\n<meta property=\"og:image\" content=\"https:\/\/images.scheer-imc.com\/wp-content\/uploads\/sites\/8\/2020\/05\/2019-12-04-imc-55777.jpg\" \/>\n\t<meta property=\"og:image:width\" content=\"2000\" \/>\n\t<meta property=\"og:image:height\" content=\"1333\" \/>\n\t<meta property=\"og:image:type\" content=\"image\/jpeg\" \/>\n<meta name=\"twitter:card\" content=\"summary_large_image\" \/>\n<meta name=\"twitter:site\" content=\"@imc_learning\" \/>\n<meta name=\"twitter:label1\" content=\"Gesch\u00e4tzte Lesezeit\" \/>\n\t<meta name=\"twitter:data1\" content=\"8\u00a0Minuten\" \/>\n<script type=\"application\/ld+json\" class=\"yoast-schema-graph\">{\"@context\":\"https:\/\/schema.org\",\"@graph\":[{\"@type\":\"WebPage\",\"@id\":\"https:\/\/www.scheer-imc.com\/de\/datenschutzhinweis-fuer-das-hinweisgebersystem\/\",\"url\":\"https:\/\/www.scheer-imc.com\/de\/datenschutzhinweis-fuer-das-hinweisgebersystem\/\",\"name\":\"Hinweisgeberschutzsystem der imc: Datenschutzhinweis\",\"isPartOf\":{\"@id\":\"https:\/\/www.scheer-imc.com\/de\/#website\"},\"primaryImageOfPage\":{\"@id\":\"https:\/\/www.scheer-imc.com\/de\/datenschutzhinweis-fuer-das-hinweisgebersystem\/#primaryimage\"},\"image\":{\"@id\":\"https:\/\/www.scheer-imc.com\/de\/datenschutzhinweis-fuer-das-hinweisgebersystem\/#primaryimage\"},\"thumbnailUrl\":\"https:\/\/www.scheer-imc.com\/de\/wp-content\/uploads\/sites\/8\/2020\/05\/2019-12-04-imc-55777.jpg\",\"datePublished\":\"2024-01-26T14:33:45+00:00\",\"dateModified\":\"2024-01-31T12:49:12+00:00\",\"description\":\"Mit Ihrer Unterst\u00fctzung k\u00f6nnen wir Gesetzesverst\u00f6\u00dfe fr\u00fchzeitig aufdecken und so die Entstehung von Fehlverhalten wirksam bek\u00e4mpfen.\",\"breadcrumb\":{\"@id\":\"https:\/\/www.scheer-imc.com\/de\/datenschutzhinweis-fuer-das-hinweisgebersystem\/#breadcrumb\"},\"inLanguage\":\"de\",\"potentialAction\":[{\"@type\":\"ReadAction\",\"target\":[\"https:\/\/www.scheer-imc.com\/de\/datenschutzhinweis-fuer-das-hinweisgebersystem\/\"]}]},{\"@type\":\"ImageObject\",\"inLanguage\":\"de\",\"@id\":\"https:\/\/www.scheer-imc.com\/de\/datenschutzhinweis-fuer-das-hinweisgebersystem\/#primaryimage\",\"url\":\"https:\/\/www.scheer-imc.com\/de\/wp-content\/uploads\/sites\/8\/2020\/05\/2019-12-04-imc-55777.jpg\",\"contentUrl\":\"https:\/\/www.scheer-imc.com\/de\/wp-content\/uploads\/sites\/8\/2020\/05\/2019-12-04-imc-55777.jpg\",\"width\":2000,\"height\":1333,\"caption\":\"it infrastructure worker on laptop infront of server rack\"},{\"@type\":\"BreadcrumbList\",\"@id\":\"https:\/\/www.scheer-imc.com\/de\/datenschutzhinweis-fuer-das-hinweisgebersystem\/#breadcrumb\",\"itemListElement\":[{\"@type\":\"ListItem\",\"position\":1,\"name\":\"Startseite\",\"item\":\"https:\/\/www.scheer-imc.com\/de\/\"},{\"@type\":\"ListItem\",\"position\":2,\"name\":\"Datenschutzhinweis f\u00fcr das Hinweisgebersystem\"}]},{\"@type\":\"WebSite\",\"@id\":\"https:\/\/www.scheer-imc.com\/de\/#website\",\"url\":\"https:\/\/www.scheer-imc.com\/de\/\",\"name\":\"Scheer IMC\",\"description\":\"Wir verwandeln Lernstrategien in echten Unternehmens\u00aderfolg\",\"potentialAction\":[{\"@type\":\"SearchAction\",\"target\":{\"@type\":\"EntryPoint\",\"urlTemplate\":\"https:\/\/www.scheer-imc.com\/de\/?s={search_term_string}\"},\"query-input\":{\"@type\":\"PropertyValueSpecification\",\"valueRequired\":true,\"valueName\":\"search_term_string\"}}],\"inLanguage\":\"de\"}]}<\/script>\n<!-- \/ Yoast SEO plugin. -->","yoast_head_json":{"title":"Hinweisgeberschutzsystem der imc: Datenschutzhinweis","description":"Mit Ihrer Unterst\u00fctzung k\u00f6nnen wir Gesetzesverst\u00f6\u00dfe fr\u00fchzeitig aufdecken und so die Entstehung von Fehlverhalten wirksam bek\u00e4mpfen.","robots":{"index":"noindex","follow":"follow"},"og_locale":"de_DE","og_type":"article","og_title":"Hinweisgeberschutzsystem der imc: Datenschutzhinweis","og_description":"Mit Ihrer Unterst\u00fctzung k\u00f6nnen wir Gesetzesverst\u00f6\u00dfe fr\u00fchzeitig aufdecken und so die Entstehung von Fehlverhalten wirksam bek\u00e4mpfen.","og_url":"https:\/\/www.scheer-imc.com\/de\/datenschutzhinweis-fuer-das-hinweisgebersystem\/","og_site_name":"Scheer IMC","article_publisher":"https:\/\/www.facebook.com\/imcLearning","article_modified_time":"2024-01-31T12:49:12+00:00","og_image":[{"width":2000,"height":1333,"url":"https:\/\/images.scheer-imc.com\/wp-content\/uploads\/sites\/8\/2020\/05\/2019-12-04-imc-55777.jpg","type":"image\/jpeg"}],"twitter_card":"summary_large_image","twitter_site":"@imc_learning","twitter_misc":{"Gesch\u00e4tzte Lesezeit":"8\u00a0Minuten"},"schema":{"@context":"https:\/\/schema.org","@graph":[{"@type":"WebPage","@id":"https:\/\/www.scheer-imc.com\/de\/datenschutzhinweis-fuer-das-hinweisgebersystem\/","url":"https:\/\/www.scheer-imc.com\/de\/datenschutzhinweis-fuer-das-hinweisgebersystem\/","name":"Hinweisgeberschutzsystem der imc: Datenschutzhinweis","isPartOf":{"@id":"https:\/\/www.scheer-imc.com\/de\/#website"},"primaryImageOfPage":{"@id":"https:\/\/www.scheer-imc.com\/de\/datenschutzhinweis-fuer-das-hinweisgebersystem\/#primaryimage"},"image":{"@id":"https:\/\/www.scheer-imc.com\/de\/datenschutzhinweis-fuer-das-hinweisgebersystem\/#primaryimage"},"thumbnailUrl":"https:\/\/www.scheer-imc.com\/de\/wp-content\/uploads\/sites\/8\/2020\/05\/2019-12-04-imc-55777.jpg","datePublished":"2024-01-26T14:33:45+00:00","dateModified":"2024-01-31T12:49:12+00:00","description":"Mit Ihrer Unterst\u00fctzung k\u00f6nnen wir Gesetzesverst\u00f6\u00dfe fr\u00fchzeitig aufdecken und so die Entstehung von Fehlverhalten wirksam bek\u00e4mpfen.","breadcrumb":{"@id":"https:\/\/www.scheer-imc.com\/de\/datenschutzhinweis-fuer-das-hinweisgebersystem\/#breadcrumb"},"inLanguage":"de","potentialAction":[{"@type":"ReadAction","target":["https:\/\/www.scheer-imc.com\/de\/datenschutzhinweis-fuer-das-hinweisgebersystem\/"]}]},{"@type":"ImageObject","inLanguage":"de","@id":"https:\/\/www.scheer-imc.com\/de\/datenschutzhinweis-fuer-das-hinweisgebersystem\/#primaryimage","url":"https:\/\/www.scheer-imc.com\/de\/wp-content\/uploads\/sites\/8\/2020\/05\/2019-12-04-imc-55777.jpg","contentUrl":"https:\/\/www.scheer-imc.com\/de\/wp-content\/uploads\/sites\/8\/2020\/05\/2019-12-04-imc-55777.jpg","width":2000,"height":1333,"caption":"it infrastructure worker on laptop infront of server rack"},{"@type":"BreadcrumbList","@id":"https:\/\/www.scheer-imc.com\/de\/datenschutzhinweis-fuer-das-hinweisgebersystem\/#breadcrumb","itemListElement":[{"@type":"ListItem","position":1,"name":"Startseite","item":"https:\/\/www.scheer-imc.com\/de\/"},{"@type":"ListItem","position":2,"name":"Datenschutzhinweis f\u00fcr das Hinweisgebersystem"}]},{"@type":"WebSite","@id":"https:\/\/www.scheer-imc.com\/de\/#website","url":"https:\/\/www.scheer-imc.com\/de\/","name":"Scheer IMC","description":"Wir verwandeln Lernstrategien in echten Unternehmens\u00aderfolg","potentialAction":[{"@type":"SearchAction","target":{"@type":"EntryPoint","urlTemplate":"https:\/\/www.scheer-imc.com\/de\/?s={search_term_string}"},"query-input":{"@type":"PropertyValueSpecification","valueRequired":true,"valueName":"search_term_string"}}],"inLanguage":"de"}]}},"_links":{"self":[{"href":"https:\/\/www.scheer-imc.com\/de\/wp-json\/wp\/v2\/pages\/20905","targetHints":{"allow":["GET"]}}],"collection":[{"href":"https:\/\/www.scheer-imc.com\/de\/wp-json\/wp\/v2\/pages"}],"about":[{"href":"https:\/\/www.scheer-imc.com\/de\/wp-json\/wp\/v2\/types\/page"}],"author":[{"embeddable":true,"href":"https:\/\/www.scheer-imc.com\/de\/wp-json\/wp\/v2\/users\/68"}],"replies":[{"embeddable":true,"href":"https:\/\/www.scheer-imc.com\/de\/wp-json\/wp\/v2\/comments?post=20905"}],"version-history":[{"count":0,"href":"https:\/\/www.scheer-imc.com\/de\/wp-json\/wp\/v2\/pages\/20905\/revisions"}],"wp:featuredmedia":[{"embeddable":true,"href":"https:\/\/www.scheer-imc.com\/de\/wp-json\/wp\/v2\/media\/13213"}],"wp:attachment":[{"href":"https:\/\/www.scheer-imc.com\/de\/wp-json\/wp\/v2\/media?parent=20905"}],"curies":[{"name":"wp","href":"https:\/\/api.w.org\/{rel}","templated":true}]}}