{"id":18734,"date":"2022-09-23T13:43:49","date_gmt":"2022-09-23T11:43:49","guid":{"rendered":"https:\/\/www.scheer-imc.com\/de\/?page_id=18734"},"modified":"2024-04-03T11:20:50","modified_gmt":"2024-04-03T09:20:50","slug":"impressionen-25-jahr-feier","status":"publish","type":"page","link":"https:\/\/www.scheer-imc.com\/de\/events-webinare\/25-jahre-imc\/impressionen-25-jahr-feier\/","title":{"rendered":"25 Jahre imc: Impressionen der Feierlichkeiten"},"content":{"rendered":"<div id=\"pl-18734\"  class=\"panel-layout\" ><div id=\"pg-18734-0\"  class=\"panel-grid panel-no-style\"  style=\"--mobile-padding:;\" ><div id=\"pgc-18734-0-0\"  class=\"panel-grid-cell\" ><div id=\"panel-18734-0-0-0\" class=\"so-panel widget widget_zrm-hero panel-first-child panel-last-child\" data-index=\"0\" ><div\n\t\t\t\n\t\t\tclass=\"so-widget-zrm-hero so-widget-zrm-hero-default-d75171398898-18734\"\n\t\t\t\n\t\t><div class=\"widget widget--hero widget--left widget--show lg\">\n\t\t\t<div class=\"hero__image\">\n\t\t\t<div class=\"hero__darken\"><\/div>\t\t\t<img decoding=\"async\" width=\"1536\" height=\"865\" src=\"https:\/\/www.scheer-imc.com\/de\/wp-content\/uploads\/sites\/8\/2022\/08\/MicrosoftTeams-image-114.png\" class=\"attachment-full size-full\" alt=\"Hero, Firmenjubil\u00e4um 25 Jahre imc\" srcset=\"https:\/\/www.scheer-imc.com\/de\/wp-content\/uploads\/sites\/8\/2022\/08\/MicrosoftTeams-image-114.png 1536w, https:\/\/www.scheer-imc.com\/de\/wp-content\/uploads\/sites\/8\/2022\/08\/MicrosoftTeams-image-114-300x169.png 300w, https:\/\/www.scheer-imc.com\/de\/wp-content\/uploads\/sites\/8\/2022\/08\/MicrosoftTeams-image-114-1024x577.png 1024w, https:\/\/www.scheer-imc.com\/de\/wp-content\/uploads\/sites\/8\/2022\/08\/MicrosoftTeams-image-114-768x433.png 768w\" sizes=\"(max-width: 1536px) 100vw, 1536px\" \/>\t\t<\/div>\n\t\t<div class=\"hero__container\">\n\t\t<div class=\"hero__headline bold\">\n\t\t\t<div class=\"firstline\">Best-Of #25imc<\/div>\n\t\t\t<div class=\"secondline\"><\/div>\n\t\t<\/div>\n\t\t\t\t<div class=\"hero__content hero__content--normal\">\n\t\t\t<div class=\"hero__text\">\n\t\t\t\t\t\t\t\t\t\t\t\t\t\t\t\t\t<div class=\"hero__cta\">\n\t\t\t\t\t\t\t\t\t\t\t\t\t\t\t\t\t<\/div>\n\t\t\t\t\t\t\t<\/div>\n\t\t<\/div>\n\t<\/div>\n<\/div>\n<\/div><\/div><\/div><\/div><div id=\"pg-18734-1\"  class=\"panel-grid panel-no-style\"  style=\"--mobile-padding:;\" ><div id=\"pgc-18734-1-0\"  class=\"panel-grid-cell panel-grid-cell-empty\" ><\/div><div id=\"pgc-18734-1-1\"  class=\"panel-grid-cell panel-grid-cell-mobile-last\" ><div id=\"panel-18734-1-1-0\" class=\"so-panel widget widget_zrm-headline panel-first-child\" data-index=\"1\" ><div\n\t\t\t\n\t\t\tclass=\"so-widget-zrm-headline so-widget-zrm-headline-default-d75171398898-18734\"\n\t\t\t\n\t\t><div class=\"widget widget--headline widget--center widget--show md  \">\n\t<div class=\"preline\"><\/div>\n\t<h1 class=\"headline h1\">25 Jahre imc: Impressionen und Highlights des Tages<\/h1>\t<div class=\"subline\"><\/div>\n<\/div>\n<\/div><\/div><div id=\"panel-18734-1-1-1\" class=\"so-panel widget widget_zrm-editor\" data-index=\"2\" ><div\n\t\t\t\n\t\t\tclass=\"so-widget-zrm-editor so-widget-zrm-editor-default-d75171398898-18734\"\n\t\t\t\n\t\t><div class=\"widget widget--editor widget--show md\">\n\t<p style=\"text-align: center\">25 Jahre imc: Wenn das kein Grund zum Feiern ist!<\/p>\n<p>&nbsp;<\/p>\n<p style=\"text-align: center\">Wir haben einige Impressionen der offiziellen 25-Jahre imc Feierlichkeiten, die am 9. September in Saarbr\u00fccken stattfanden, gesammelt.<\/p>\n<p>&nbsp;<\/p>\n<p style=\"text-align: center\">Weiter Unten finden Sie au\u00dferdem eine Galerie mit den Highlights des Abendevents f\u00fcr unsere Mitarbeitenden.<\/p>\n<p>&nbsp;<\/p>\n<p style=\"text-align: center\">Im YouTube-Video k\u00f6nnen Sie die Aufzeichnung der Feierlichkeiten inklusive Podiumsdiskussion nachschauen.<\/p>\n<p><span data-ccp-props=\"{&quot;201341983&quot;:0,&quot;335559740&quot;:259}\" data-wac-het=\"1\">\u00a0<\/span><\/p>\n<\/div><\/div><\/div><div id=\"panel-18734-1-1-2\" class=\"so-panel widget widget_zrm-video panel-last-child\" data-index=\"3\" ><div\n\t\t\t\n\t\t\tclass=\"so-widget-zrm-video so-widget-zrm-video-default-d75171398898-18734\"\n\t\t\t\n\t\t><div class=\"consentwrapper forbidden\">\n\t\t\t<div class=\"marketing-accept marketing-accept--video-style\">\n\t\t\t<div class=\"marketing-accept__drawer\">\n\t\t\t\t<div class=\"marketing-accept__thumbnail\">\n\t\t\t\t\t<img decoding=\"async\" src=\"https:\/\/www.scheer-imc.com\/de\/wp-content\/themes\/imc\/_assets\/img\/video_thumbnail.jpg\" alt=\"Blurred Video Thumbnail\" \/>\n\t\t\t\t\t<div class=\"marketing-accept__thumbnail-overlay\">\n\t\t\t\t\t<\/div>\n\t\t\t\t<\/div>\n\t\t\t\t<div class=\"marketing-accept__content-desktop\">\n\t\t\t\t\t<p>Um dieses Video sehen zu k\u00f6nnen, m\u00fcssen die Marketing Cookies aktiviert werden. Klicken Sie auf den Playbutton, um diese zu akzeptieren. Mehr Informationen finden Sie in unserem <a class=\"opencookiebot\">Cookie Banner<\/a> und in der <a href=\"https:\/\/www.scheer-imc.com\/de\/datenschutz\/\" target=\"_blank\">Datenschutzerkl\u00e4rung<\/a><\/p>\n\t\t\t\t<\/div>\n\t\t\t\t<div class=\"marketing-accept__full\">\n\t\t\t\t\t<div class=\"marketing-accept__play button\">\n\t\t\t\t\t\t<svg width=\"100\" height=\"118\" viewBox=\"0 0 100 118\" fill=\"none\" xmlns=\"http:\/\/www.w3.org\/2000\/svg\">\n\t\t\t\t\t\t\t<path d=\"M96.98 53.4295L9.79001 1.04945C7.85001 -0.230555 5.37001 -0.350558 3.32001 0.749442C1.27001 1.84944 0 3.98945 0 6.30945V111.059C0 113.379 1.28001 115.519 3.32001 116.619C4.25001 117.119 5.28 117.369 6.31 117.369C7.53 117.369 8.74 117.019 9.8 116.319L96.99 63.9394C98.75 62.7694 99.81 60.7995 99.81 58.6795C99.81 56.5595 98.75 54.5894 96.99 53.4194L96.98 53.4295Z\" fill=\"white\"\/>\n\t\t\t\t\t\t<\/svg>\n\t\t\t\t\t<\/div>\n\t\t\t\t<\/div>\n\t\t\t\t<div class=\"marketing-accept__dummybar\">\n\t\t\t\t\t<div class=\"dummybar-inner\"><\/div>\n\t\t\t\t\t<div class=\"dummybar-marker\"><\/div>\n\t\t\t\t<\/div>\n\t\t\t<\/div>\n\t\t<\/div>\n\t \n\t<div class=\"widget widget--video widget--show lg\">\n\t\t\t\t\t\t\t\t<div class=\"player plyr__video-embed\">\n\t\t\t\t\t\t\t\t\t<iframe data-cookieconsent=\"Marketing\" data-src=\"https:\/\/www.youtube-nocookie.com\/embed\/aUZ4GxCZI_Q?si=fVgYCCJPeqODZxTU\"><\/iframe><div class=\"cookieconsent-optout-marketing\">\t\t\t\t\t\t\t\t\t\t\t\t\t\t\t\t\t\t\t\t\tBitte akzeptiere die <a href=\"javascript:Cookiebot.renew()\">Marketing<\/a> Cookies, um das Video schauen zu k\u00f6nnen.\t\t\t\t\t\t\t\t\t\t\t\t\t\t\t\t\t\t\t\t\t<\/div>\n\t\t\t\t\t\t\t\t<\/div>\n\t\t\t\t<div class=\"video__headline visible h3\"><\/div>\n\t\t<div class=\"seeker seeker--backward visible \"><svg height=\"66\" viewBox=\"0 0 66 66\" width=\"66\" xmlns=\"http:\/\/www.w3.org\/2000\/svg\"><g style=\"stroke:#fff;stroke-width:2;fill:none;fill-rule:evenodd;stroke-linecap:round;stroke-linejoin:round\" transform=\"matrix(-1 0 0 1 65 1)\"><circle cx=\"32\" cy=\"32\" r=\"32\"\/><path d=\"m49.4545455 26.1876364h-26.1818182c-4.8199397 0-8.7272728 3.9073331-8.7272728 8.7272727s3.9073331 8.7272727 8.7272728 8.7272727h4.3636363\"\/><path d=\"m40.7185455 34.9090909 8.7272727-8.7272727-8.7272727-8.7272727\"\/><\/g><\/svg><\/div>\n\t\t<div class=\"seeker seeker--forward visible \"><svg height=\"66\" viewBox=\"0 0 66 66\" width=\"66\" xmlns=\"http:\/\/www.w3.org\/2000\/svg\"><g style=\"stroke:#fff;stroke-width:2;fill:none;fill-rule:evenodd;stroke-linecap:round;stroke-linejoin:round\" transform=\"translate(1 1)\"><circle cx=\"32\" cy=\"32\" r=\"32\"\/><path d=\"m49.4545455 26.1876364h-26.1818182c-4.8199397 0-8.7272728 3.9073331-8.7272728 8.7272727s3.9073331 8.7272727 8.7272728 8.7272727h4.3636363\"\/><path d=\"m40.7185455 34.9090909 8.7272727-8.7272727-8.7272727-8.7272727\"\/><\/g><\/svg><\/div>\n\t<\/div>\n<\/div>\n<\/div><\/div><\/div><div id=\"pgc-18734-1-2\"  class=\"panel-grid-cell panel-grid-cell-empty\" ><\/div><\/div><div id=\"pg-18734-2\"  class=\"panel-grid panel-no-style\"  style=\"--mobile-padding:;\" ><div id=\"pgc-18734-2-0\"  class=\"panel-grid-cell\" ><div id=\"panel-18734-2-0-0\" class=\"so-panel widget widget_zrm-separator panel-first-child panel-last-child\" data-index=\"4\" ><div\n\t\t\t\n\t\t\tclass=\"so-widget-zrm-separator so-widget-zrm-separator-default-d75171398898-18734\"\n\t\t\t\n\t\t><div class=\"widget widget--separator widget--show lg\">\n\t<div class=\"separator\">\n\t\t<div class=\"separator__line\"><\/div>\n\t\t\t\t<div class=\"separator__line\"><\/div>\n\t<\/div>\n<\/div><\/div><\/div><\/div><\/div><div id=\"pg-18734-3\"  class=\"panel-grid panel-no-style\"  style=\"--mobile-padding:;\" ><div id=\"pgc-18734-3-0\"  class=\"panel-grid-cell panel-grid-cell-empty\" ><\/div><div id=\"pgc-18734-3-1\"  class=\"panel-grid-cell panel-grid-cell-mobile-last\" ><div id=\"panel-18734-3-1-0\" class=\"so-panel widget widget_zrm-headline panel-first-child panel-last-child\" data-index=\"5\" ><div\n\t\t\t\n\t\t\tclass=\"so-widget-zrm-headline so-widget-zrm-headline-default-d75171398898-18734\"\n\t\t\t\n\t\t><div class=\"widget widget--headline widget--center widget--show md  \">\n\t<div class=\"preline\"><\/div>\n\t<h3 class=\"headline h3\">Empfang und get-together<\/h3>\t<div class=\"subline\"><\/div>\n<\/div>\n<\/div><\/div><\/div><div id=\"pgc-18734-3-2\"  class=\"panel-grid-cell panel-grid-cell-empty\" ><\/div><\/div><div id=\"pg-18734-4\"  class=\"panel-grid panel-no-style\"  style=\"--mobile-padding:;\" ><div id=\"pgc-18734-4-0\"  class=\"panel-grid-cell\" ><div id=\"panel-18734-4-0-0\" class=\"so-panel widget widget_zrm-image panel-first-child panel-last-child\" data-index=\"6\" ><div\n\t\t\t\n\t\t\tclass=\"so-widget-zrm-image so-widget-zrm-image-default-d75171398898-18734\"\n\t\t\t\n\t\t>\n<div class=\"widget widget--image  widget--center widget--show lg\">\n\t<div class=\"image__file normalsize shadow\"><img decoding=\"async\" width=\"1210\" height=\"1815\" src=\"https:\/\/www.scheer-imc.com\/de\/wp-content\/uploads\/sites\/8\/2022\/09\/imc-25years-08.jpg\" class=\"attachment-full size-full\" alt=\"Vorstand imc und AWS\" srcset=\"https:\/\/www.scheer-imc.com\/de\/wp-content\/uploads\/sites\/8\/2022\/09\/imc-25years-08.jpg 1210w, https:\/\/www.scheer-imc.com\/de\/wp-content\/uploads\/sites\/8\/2022\/09\/imc-25years-08-200x300.jpg 200w, https:\/\/www.scheer-imc.com\/de\/wp-content\/uploads\/sites\/8\/2022\/09\/imc-25years-08-683x1024.jpg 683w, https:\/\/www.scheer-imc.com\/de\/wp-content\/uploads\/sites\/8\/2022\/09\/imc-25years-08-768x1152.jpg 768w, https:\/\/www.scheer-imc.com\/de\/wp-content\/uploads\/sites\/8\/2022\/09\/imc-25years-08-1024x1536.jpg 1024w\" sizes=\"(max-width: 1210px) 100vw, 1210px\" \/><\/div>\n\t\t\t<div class=\"image__caption h6\"><p>v.l.n. Christan Wachter, August-Wilhelm Scheer, Sven R. Becker, Wolfram Jost<\/p>\n<\/div>\n\t<\/div><\/div><\/div><\/div><div id=\"pgc-18734-4-1\"  class=\"panel-grid-cell\" ><div id=\"panel-18734-4-1-0\" class=\"so-panel widget widget_zrm-image panel-first-child panel-last-child\" data-index=\"7\" ><div\n\t\t\t\n\t\t\tclass=\"so-widget-zrm-image so-widget-zrm-image-default-d75171398898-18734\"\n\t\t\t\n\t\t>\n<div class=\"widget widget--image  widget--center widget--show lg\">\n\t<div class=\"image__file normalsize shadow\"><img decoding=\"async\" width=\"1098\" height=\"1646\" src=\"https:\/\/www.scheer-imc.com\/de\/wp-content\/uploads\/sites\/8\/2022\/09\/imc-25years-12.jpg\" class=\"attachment-full size-full\" alt=\"25 years imc\" srcset=\"https:\/\/www.scheer-imc.com\/de\/wp-content\/uploads\/sites\/8\/2022\/09\/imc-25years-12.jpg 1098w, https:\/\/www.scheer-imc.com\/de\/wp-content\/uploads\/sites\/8\/2022\/09\/imc-25years-12-200x300.jpg 200w, https:\/\/www.scheer-imc.com\/de\/wp-content\/uploads\/sites\/8\/2022\/09\/imc-25years-12-683x1024.jpg 683w, https:\/\/www.scheer-imc.com\/de\/wp-content\/uploads\/sites\/8\/2022\/09\/imc-25years-12-768x1151.jpg 768w, https:\/\/www.scheer-imc.com\/de\/wp-content\/uploads\/sites\/8\/2022\/09\/imc-25years-12-1025x1536.jpg 1025w\" sizes=\"(max-width: 1098px) 100vw, 1098px\" \/><\/div>\n\t\t\t<div class=\"image__caption h6\"><p>v.l.n.r: Christian Wachter, Vorstand imc AG; Prof. Manfred Schmitt, Pr\u00e4sident Universit\u00e4t des Saarlandes; Prof. August-Wilhelm Scheer, Gr\u00fcnder und Aufsichtsratsvorsitzender der imc AG<\/p>\n<\/div>\n\t<\/div><\/div><\/div><\/div><div id=\"pgc-18734-4-2\"  class=\"panel-grid-cell\" ><div id=\"panel-18734-4-2-0\" class=\"so-panel widget widget_zrm-image panel-first-child panel-last-child\" data-index=\"8\" ><div\n\t\t\t\n\t\t\tclass=\"so-widget-zrm-image so-widget-zrm-image-default-d75171398898-18734\"\n\t\t\t\n\t\t>\n<div class=\"widget widget--image  widget--center widget--show lg\">\n\t<div class=\"image__file normalsize shadow\"><img decoding=\"async\" width=\"1210\" height=\"1815\" src=\"https:\/\/www.scheer-imc.com\/de\/wp-content\/uploads\/sites\/8\/2022\/09\/imc-25years-07.jpg\" class=\"attachment-full size-full\" alt=\"25 years imc\" srcset=\"https:\/\/www.scheer-imc.com\/de\/wp-content\/uploads\/sites\/8\/2022\/09\/imc-25years-07.jpg 1210w, https:\/\/www.scheer-imc.com\/de\/wp-content\/uploads\/sites\/8\/2022\/09\/imc-25years-07-200x300.jpg 200w, https:\/\/www.scheer-imc.com\/de\/wp-content\/uploads\/sites\/8\/2022\/09\/imc-25years-07-683x1024.jpg 683w, https:\/\/www.scheer-imc.com\/de\/wp-content\/uploads\/sites\/8\/2022\/09\/imc-25years-07-768x1152.jpg 768w, https:\/\/www.scheer-imc.com\/de\/wp-content\/uploads\/sites\/8\/2022\/09\/imc-25years-07-1024x1536.jpg 1024w\" sizes=\"(max-width: 1210px) 100vw, 1210px\" \/><\/div>\n\t\t\t<div class=\"image__caption h6\"><p>Christian Wachter und Prof. August-Wilhelm Scheer<\/p>\n<\/div>\n\t<\/div><\/div><\/div><\/div><\/div><div id=\"pg-18734-5\"  class=\"panel-grid panel-no-style\"  style=\"--mobile-padding:;\" ><div id=\"pgc-18734-5-0\"  class=\"panel-grid-cell\" ><div id=\"panel-18734-5-0-0\" class=\"so-panel widget widget_zrm-image panel-first-child panel-last-child\" data-index=\"9\" ><div\n\t\t\t\n\t\t\tclass=\"so-widget-zrm-image so-widget-zrm-image-default-d75171398898-18734\"\n\t\t\t\n\t\t>\n<div class=\"widget widget--image  widget--center widget--show lg\">\n\t<div class=\"image__file normalsize shadow\"><img decoding=\"async\" width=\"853\" height=\"1280\" src=\"https:\/\/www.scheer-imc.com\/de\/wp-content\/uploads\/sites\/8\/2022\/09\/IMG_7226-min-min_Easy-Resize.com_.jpg\" class=\"attachment-full size-full\" alt=\"25 years imc\" srcset=\"https:\/\/www.scheer-imc.com\/de\/wp-content\/uploads\/sites\/8\/2022\/09\/IMG_7226-min-min_Easy-Resize.com_.jpg 853w, https:\/\/www.scheer-imc.com\/de\/wp-content\/uploads\/sites\/8\/2022\/09\/IMG_7226-min-min_Easy-Resize.com_-200x300.jpg 200w, https:\/\/www.scheer-imc.com\/de\/wp-content\/uploads\/sites\/8\/2022\/09\/IMG_7226-min-min_Easy-Resize.com_-682x1024.jpg 682w, https:\/\/www.scheer-imc.com\/de\/wp-content\/uploads\/sites\/8\/2022\/09\/IMG_7226-min-min_Easy-Resize.com_-768x1152.jpg 768w\" sizes=\"(max-width: 853px) 100vw, 853px\" \/><\/div>\n\t\t\t<div class=\"image__caption h6\"><p>Prof. Scheer; Nina Wamsbach, imc AG; Fritzi Brandt, SR<\/p>\n<\/div>\n\t<\/div><\/div><\/div><\/div><div id=\"pgc-18734-5-1\"  class=\"panel-grid-cell\" ><div id=\"panel-18734-5-1-0\" class=\"so-panel widget widget_zrm-image panel-first-child panel-last-child\" data-index=\"10\" ><div\n\t\t\t\n\t\t\tclass=\"so-widget-zrm-image so-widget-zrm-image-default-d75171398898-18734\"\n\t\t\t\n\t\t>\n<div class=\"widget widget--image  widget--center widget--show lg\">\n\t<div class=\"image__file normalsize shadow\"><img decoding=\"async\" width=\"1210\" height=\"1815\" src=\"https:\/\/www.scheer-imc.com\/de\/wp-content\/uploads\/sites\/8\/2022\/09\/imc-25years-09.jpg\" class=\"attachment-full size-full\" alt=\"25 years imc\" srcset=\"https:\/\/www.scheer-imc.com\/de\/wp-content\/uploads\/sites\/8\/2022\/09\/imc-25years-09.jpg 1210w, https:\/\/www.scheer-imc.com\/de\/wp-content\/uploads\/sites\/8\/2022\/09\/imc-25years-09-200x300.jpg 200w, https:\/\/www.scheer-imc.com\/de\/wp-content\/uploads\/sites\/8\/2022\/09\/imc-25years-09-683x1024.jpg 683w, https:\/\/www.scheer-imc.com\/de\/wp-content\/uploads\/sites\/8\/2022\/09\/imc-25years-09-768x1152.jpg 768w, https:\/\/www.scheer-imc.com\/de\/wp-content\/uploads\/sites\/8\/2022\/09\/imc-25years-09-1024x1536.jpg 1024w\" sizes=\"(max-width: 1210px) 100vw, 1210px\" \/><\/div>\n\t\t\t<div class=\"image__caption h6\"><p>Christian Zimmer, imc AG<\/p>\n<\/div>\n\t<\/div><\/div><\/div><\/div><div id=\"pgc-18734-5-2\"  class=\"panel-grid-cell\" ><div id=\"panel-18734-5-2-0\" class=\"so-panel widget widget_zrm-image panel-first-child panel-last-child\" data-index=\"11\" ><div\n\t\t\t\n\t\t\tclass=\"so-widget-zrm-image so-widget-zrm-image-default-d75171398898-18734\"\n\t\t\t\n\t\t>\n<div class=\"widget widget--image  widget--center widget--show lg\">\n\t<div class=\"image__file normalsize shadow\"><img decoding=\"async\" width=\"1707\" height=\"2560\" src=\"https:\/\/www.scheer-imc.com\/de\/wp-content\/uploads\/sites\/8\/2022\/09\/IMG_7256-scaled.jpg\" class=\"attachment-full size-full\" alt=\"25 years imc\" srcset=\"https:\/\/www.scheer-imc.com\/de\/wp-content\/uploads\/sites\/8\/2022\/09\/IMG_7256-scaled.jpg 1707w, https:\/\/www.scheer-imc.com\/de\/wp-content\/uploads\/sites\/8\/2022\/09\/IMG_7256-200x300.jpg 200w, https:\/\/www.scheer-imc.com\/de\/wp-content\/uploads\/sites\/8\/2022\/09\/IMG_7256-683x1024.jpg 683w, https:\/\/www.scheer-imc.com\/de\/wp-content\/uploads\/sites\/8\/2022\/09\/IMG_7256-768x1152.jpg 768w, https:\/\/www.scheer-imc.com\/de\/wp-content\/uploads\/sites\/8\/2022\/09\/IMG_7256-1024x1536.jpg 1024w, https:\/\/www.scheer-imc.com\/de\/wp-content\/uploads\/sites\/8\/2022\/09\/IMG_7256-1365x2048.jpg 1365w\" sizes=\"(max-width: 1707px) 100vw, 1707px\" \/><\/div>\n\t\t\t<div class=\"image__caption h6\"><p>v.l.n.r: Andreas Schweitzer, Prof. Scheer, Christian Wachter, Russell Donders<\/p>\n<\/div>\n\t<\/div><\/div><\/div><\/div><\/div><div id=\"pg-18734-6\"  class=\"panel-grid panel-no-style\"  style=\"--mobile-padding:;\" ><div id=\"pgc-18734-6-0\"  class=\"panel-grid-cell\" ><div id=\"panel-18734-6-0-0\" class=\"so-panel widget widget_zrm-image panel-first-child panel-last-child\" data-index=\"12\" ><div\n\t\t\t\n\t\t\tclass=\"so-widget-zrm-image so-widget-zrm-image-default-d75171398898-18734\"\n\t\t\t\n\t\t>\n<div class=\"widget widget--image  widget--center widget--show lg\">\n\t<div class=\"image__file normalsize shadow\"><img decoding=\"async\" width=\"2560\" height=\"1440\" src=\"https:\/\/www.scheer-imc.com\/de\/wp-content\/uploads\/sites\/8\/2022\/09\/20220909_125933-min.jpg\" class=\"attachment-full size-full\" alt=\"25 years imc\" srcset=\"https:\/\/www.scheer-imc.com\/de\/wp-content\/uploads\/sites\/8\/2022\/09\/20220909_125933-min.jpg 2560w, https:\/\/www.scheer-imc.com\/de\/wp-content\/uploads\/sites\/8\/2022\/09\/20220909_125933-min-300x169.jpg 300w, https:\/\/www.scheer-imc.com\/de\/wp-content\/uploads\/sites\/8\/2022\/09\/20220909_125933-min-1024x576.jpg 1024w, https:\/\/www.scheer-imc.com\/de\/wp-content\/uploads\/sites\/8\/2022\/09\/20220909_125933-min-768x432.jpg 768w, https:\/\/www.scheer-imc.com\/de\/wp-content\/uploads\/sites\/8\/2022\/09\/20220909_125933-min-1536x864.jpg 1536w, https:\/\/www.scheer-imc.com\/de\/wp-content\/uploads\/sites\/8\/2022\/09\/20220909_125933-min-2048x1152.jpg 2048w\" sizes=\"(max-width: 2560px) 100vw, 2560px\" \/><\/div>\n\t\t\t<div class=\"image__caption h6\"><p>v.l.n.r: Samantha Mathews, Russell Donders, Kerstin Steffen, Daniel Antman<\/p>\n<\/div>\n\t<\/div><\/div><\/div><\/div><div id=\"pgc-18734-6-1\"  class=\"panel-grid-cell\" ><div id=\"panel-18734-6-1-0\" class=\"so-panel widget widget_zrm-image panel-first-child panel-last-child\" data-index=\"13\" ><div\n\t\t\t\n\t\t\tclass=\"so-widget-zrm-image so-widget-zrm-image-default-d75171398898-18734\"\n\t\t\t\n\t\t>\n<div class=\"widget widget--image  widget--center widget--show lg\">\n\t<div class=\"image__file normalsize shadow\"><img decoding=\"async\" width=\"2560\" height=\"1440\" src=\"https:\/\/www.scheer-imc.com\/de\/wp-content\/uploads\/sites\/8\/2022\/09\/20220909_123252-min.jpg\" class=\"attachment-full size-full\" alt=\"25 years imc\" srcset=\"https:\/\/www.scheer-imc.com\/de\/wp-content\/uploads\/sites\/8\/2022\/09\/20220909_123252-min.jpg 2560w, https:\/\/www.scheer-imc.com\/de\/wp-content\/uploads\/sites\/8\/2022\/09\/20220909_123252-min-300x169.jpg 300w, https:\/\/www.scheer-imc.com\/de\/wp-content\/uploads\/sites\/8\/2022\/09\/20220909_123252-min-1024x576.jpg 1024w, https:\/\/www.scheer-imc.com\/de\/wp-content\/uploads\/sites\/8\/2022\/09\/20220909_123252-min-768x432.jpg 768w, https:\/\/www.scheer-imc.com\/de\/wp-content\/uploads\/sites\/8\/2022\/09\/20220909_123252-min-1536x864.jpg 1536w, https:\/\/www.scheer-imc.com\/de\/wp-content\/uploads\/sites\/8\/2022\/09\/20220909_123252-min-2048x1152.jpg 2048w\" sizes=\"(max-width: 2560px) 100vw, 2560px\" \/><\/div>\n\t\t\t<div class=\"image__caption h6\"><p>v.l.n.r: Gajarajan Shanmugalingam,\u00a0Christian Zimmer, Andreas Schweitzer, Christian Wachter<\/p>\n<\/div>\n\t<\/div><\/div><\/div><\/div><div id=\"pgc-18734-6-2\"  class=\"panel-grid-cell\" ><div id=\"panel-18734-6-2-0\" class=\"so-panel widget widget_zrm-image panel-first-child panel-last-child\" data-index=\"14\" ><div\n\t\t\t\n\t\t\tclass=\"so-widget-zrm-image so-widget-zrm-image-default-d75171398898-18734\"\n\t\t\t\n\t\t>\n<div class=\"widget widget--image  widget--center widget--show lg\">\n\t<div class=\"image__file normalsize shadow\"><img decoding=\"async\" width=\"2560\" height=\"1440\" src=\"https:\/\/www.scheer-imc.com\/de\/wp-content\/uploads\/sites\/8\/2022\/09\/20220909_134454-min.jpg\" class=\"attachment-full size-full\" alt=\"25 years imc\" srcset=\"https:\/\/www.scheer-imc.com\/de\/wp-content\/uploads\/sites\/8\/2022\/09\/20220909_134454-min.jpg 2560w, https:\/\/www.scheer-imc.com\/de\/wp-content\/uploads\/sites\/8\/2022\/09\/20220909_134454-min-300x169.jpg 300w, https:\/\/www.scheer-imc.com\/de\/wp-content\/uploads\/sites\/8\/2022\/09\/20220909_134454-min-1024x576.jpg 1024w, https:\/\/www.scheer-imc.com\/de\/wp-content\/uploads\/sites\/8\/2022\/09\/20220909_134454-min-768x432.jpg 768w, https:\/\/www.scheer-imc.com\/de\/wp-content\/uploads\/sites\/8\/2022\/09\/20220909_134454-min-1536x864.jpg 1536w, https:\/\/www.scheer-imc.com\/de\/wp-content\/uploads\/sites\/8\/2022\/09\/20220909_134454-min-2048x1152.jpg 2048w\" sizes=\"(max-width: 2560px) 100vw, 2560px\" \/><\/div>\n\t\t\t<div class=\"image__caption h6\"><p>Roter Teppich<\/p>\n<\/div>\n\t<\/div><\/div><\/div><\/div><\/div><div id=\"pg-18734-7\"  class=\"panel-grid panel-no-style\"  style=\"--mobile-padding:;\" ><div id=\"pgc-18734-7-0\"  class=\"panel-grid-cell\" ><div id=\"panel-18734-7-0-0\" class=\"so-panel widget widget_zrm-image panel-first-child panel-last-child\" data-index=\"15\" ><div\n\t\t\t\n\t\t\tclass=\"so-widget-zrm-image so-widget-zrm-image-default-d75171398898-18734\"\n\t\t\t\n\t\t>\n<div class=\"widget widget--image  widget--center widget--show lg\">\n\t<div class=\"image__file normalsize shadow\"><img decoding=\"async\" width=\"576\" height=\"1024\" src=\"https:\/\/www.scheer-imc.com\/de\/wp-content\/uploads\/sites\/8\/2022\/09\/20220908_134424-min-1.jpg\" class=\"attachment-full size-full\" alt=\"25 years imc\" srcset=\"https:\/\/www.scheer-imc.com\/de\/wp-content\/uploads\/sites\/8\/2022\/09\/20220908_134424-min-1.jpg 576w, https:\/\/www.scheer-imc.com\/de\/wp-content\/uploads\/sites\/8\/2022\/09\/20220908_134424-min-1-169x300.jpg 169w\" sizes=\"(max-width: 576px) 100vw, 576px\" \/><\/div>\n\t\t\t<div class=\"image__caption h6\"><p>Gastgeschenke<\/p>\n<\/div>\n\t<\/div><\/div><\/div><\/div><div id=\"pgc-18734-7-1\"  class=\"panel-grid-cell\" ><div id=\"panel-18734-7-1-0\" class=\"so-panel widget widget_zrm-image panel-first-child panel-last-child\" data-index=\"16\" ><div\n\t\t\t\n\t\t\tclass=\"so-widget-zrm-image so-widget-zrm-image-default-d75171398898-18734\"\n\t\t\t\n\t\t>\n<div class=\"widget widget--image  widget--center widget--show lg\">\n\t<div class=\"image__file normalsize shadow\"><img decoding=\"async\" width=\"768\" height=\"1024\" src=\"https:\/\/www.scheer-imc.com\/de\/wp-content\/uploads\/sites\/8\/2022\/09\/IMG-20220911-WA0046.jpg\" class=\"attachment-full size-full\" alt=\"25 years imc\" srcset=\"https:\/\/www.scheer-imc.com\/de\/wp-content\/uploads\/sites\/8\/2022\/09\/IMG-20220911-WA0046.jpg 768w, https:\/\/www.scheer-imc.com\/de\/wp-content\/uploads\/sites\/8\/2022\/09\/IMG-20220911-WA0046-225x300.jpg 225w\" sizes=\"(max-width: 768px) 100vw, 768px\" \/><\/div>\n\t\t\t<div class=\"image__caption h6\"><p>v.l.n.r: Fritzi Brandt, Nina Wamsbach, Nadine Kreutz<\/p>\n<\/div>\n\t<\/div><\/div><\/div><\/div><div id=\"pgc-18734-7-2\"  class=\"panel-grid-cell\" ><div id=\"panel-18734-7-2-0\" class=\"so-panel widget widget_zrm-image panel-first-child panel-last-child\" data-index=\"17\" ><div\n\t\t\t\n\t\t\tclass=\"so-widget-zrm-image so-widget-zrm-image-default-d75171398898-18734\"\n\t\t\t\n\t\t>\n<div class=\"widget widget--image  widget--center widget--show lg\">\n\t<div class=\"image__file normalsize shadow\"><img decoding=\"async\" width=\"1024\" height=\"768\" src=\"https:\/\/www.scheer-imc.com\/de\/wp-content\/uploads\/sites\/8\/2022\/09\/IMG-20220911-WA0052.jpg\" class=\"attachment-full size-full\" alt=\"25 years imc\" srcset=\"https:\/\/www.scheer-imc.com\/de\/wp-content\/uploads\/sites\/8\/2022\/09\/IMG-20220911-WA0052.jpg 1024w, https:\/\/www.scheer-imc.com\/de\/wp-content\/uploads\/sites\/8\/2022\/09\/IMG-20220911-WA0052-300x225.jpg 300w, https:\/\/www.scheer-imc.com\/de\/wp-content\/uploads\/sites\/8\/2022\/09\/IMG-20220911-WA0052-768x576.jpg 768w\" sizes=\"(max-width: 1024px) 100vw, 1024px\" \/><\/div>\n\t\t\t<div class=\"image__caption h6\"><p>v.l.n.r: Nina Wamsbach, Silke Blumenr\u00f6der, Nadine Kreutz, Kerstin Steffen, Julia Heib, Doreen Hartmann, Fritzi Brandt<\/p>\n<\/div>\n\t<\/div><\/div><\/div><\/div><\/div><div id=\"pg-18734-8\"  class=\"panel-grid panel-no-style\"  style=\"--mobile-padding:;\" ><div id=\"pgc-18734-8-0\"  class=\"panel-grid-cell\" ><div id=\"panel-18734-8-0-0\" class=\"so-panel widget widget_zrm-separator panel-first-child panel-last-child\" data-index=\"18\" ><div\n\t\t\t\n\t\t\tclass=\"so-widget-zrm-separator so-widget-zrm-separator-default-d75171398898-18734\"\n\t\t\t\n\t\t><div class=\"widget widget--separator widget--show lg\">\n\t<div class=\"separator\">\n\t\t<div class=\"separator__line\"><\/div>\n\t\t\t\t<div class=\"separator__line\"><\/div>\n\t<\/div>\n<\/div><\/div><\/div><\/div><\/div><div id=\"pg-18734-9\"  class=\"panel-grid panel-no-style\"  style=\"--mobile-padding:;\" ><div id=\"pgc-18734-9-0\"  class=\"panel-grid-cell panel-grid-cell-empty\" ><\/div><div id=\"pgc-18734-9-1\"  class=\"panel-grid-cell panel-grid-cell-mobile-last\" ><div id=\"panel-18734-9-1-0\" class=\"so-panel widget widget_zrm-headline panel-first-child panel-last-child\" data-index=\"19\" ><div\n\t\t\t\n\t\t\tclass=\"so-widget-zrm-headline so-widget-zrm-headline-default-d75171398898-18734\"\n\t\t\t\n\t\t><div class=\"widget widget--headline widget--center widget--show md  \">\n\t<div class=\"preline\"><\/div>\n\t<h3 class=\"headline h3\">Podiumsdiskussion<\/h3>\t<div class=\"subline\"><\/div>\n<\/div>\n<\/div><\/div><\/div><div id=\"pgc-18734-9-2\"  class=\"panel-grid-cell panel-grid-cell-empty\" ><\/div><\/div><div id=\"pg-18734-10\"  class=\"panel-grid panel-no-style\"  style=\"--mobile-padding:;\" ><div id=\"pgc-18734-10-0\"  class=\"panel-grid-cell panel-grid-cell-empty\" ><\/div><div id=\"pgc-18734-10-1\"  class=\"panel-grid-cell\" ><div id=\"panel-18734-10-1-0\" class=\"so-panel widget widget_zrm-image panel-first-child panel-last-child\" data-index=\"20\" ><div\n\t\t\t\n\t\t\tclass=\"so-widget-zrm-image so-widget-zrm-image-default-d75171398898-18734\"\n\t\t\t\n\t\t>\n<div class=\"widget widget--image  widget--center widget--show lg\">\n\t<div class=\"image__file normalsize shadow\"><img decoding=\"async\" width=\"1815\" height=\"1210\" src=\"https:\/\/www.scheer-imc.com\/de\/wp-content\/uploads\/sites\/8\/2022\/09\/imc-25years-16.jpg\" class=\"attachment-full size-full\" alt=\"Podiumsdiskussion imc 25\" srcset=\"https:\/\/www.scheer-imc.com\/de\/wp-content\/uploads\/sites\/8\/2022\/09\/imc-25years-16.jpg 1815w, https:\/\/www.scheer-imc.com\/de\/wp-content\/uploads\/sites\/8\/2022\/09\/imc-25years-16-300x200.jpg 300w, https:\/\/www.scheer-imc.com\/de\/wp-content\/uploads\/sites\/8\/2022\/09\/imc-25years-16-1024x683.jpg 1024w, https:\/\/www.scheer-imc.com\/de\/wp-content\/uploads\/sites\/8\/2022\/09\/imc-25years-16-768x512.jpg 768w, https:\/\/www.scheer-imc.com\/de\/wp-content\/uploads\/sites\/8\/2022\/09\/imc-25years-16-1536x1024.jpg 1536w\" sizes=\"(max-width: 1815px) 100vw, 1815px\" \/><\/div>\n\t\t\t<div class=\"image__caption h6\"><p>imc Gr\u00fcnder Prof. Dr. August-Wilhelm Scheer<\/p>\n<\/div>\n\t<\/div><\/div><\/div><\/div><div id=\"pgc-18734-10-2\"  class=\"panel-grid-cell panel-grid-cell-mobile-last\" ><div id=\"panel-18734-10-2-0\" class=\"so-panel widget widget_zrm-image panel-first-child panel-last-child\" data-index=\"21\" ><div\n\t\t\t\n\t\t\tclass=\"so-widget-zrm-image so-widget-zrm-image-default-d75171398898-18734\"\n\t\t\t\n\t\t>\n<div class=\"widget widget--image  widget--center widget--show lg\">\n\t<div class=\"image__file normalsize shadow\"><img decoding=\"async\" width=\"1783\" height=\"1189\" src=\"https:\/\/www.scheer-imc.com\/de\/wp-content\/uploads\/sites\/8\/2022\/09\/imc-25years-25.jpg\" class=\"attachment-full size-full\" alt=\"25 years imc\" srcset=\"https:\/\/www.scheer-imc.com\/de\/wp-content\/uploads\/sites\/8\/2022\/09\/imc-25years-25.jpg 1783w, https:\/\/www.scheer-imc.com\/de\/wp-content\/uploads\/sites\/8\/2022\/09\/imc-25years-25-300x200.jpg 300w, https:\/\/www.scheer-imc.com\/de\/wp-content\/uploads\/sites\/8\/2022\/09\/imc-25years-25-1024x683.jpg 1024w, https:\/\/www.scheer-imc.com\/de\/wp-content\/uploads\/sites\/8\/2022\/09\/imc-25years-25-768x512.jpg 768w, https:\/\/www.scheer-imc.com\/de\/wp-content\/uploads\/sites\/8\/2022\/09\/imc-25years-25-1536x1024.jpg 1536w\" sizes=\"(max-width: 1783px) 100vw, 1783px\" \/><\/div>\n\t\t\t<div class=\"image__caption h6\"><p>v.l.n.r: Fritzi Brandt, SR; Sven R. Becker, imc AG; Michael Temme, Mercedes Benz; Marina Thompson, imc AG; Dr. Wolfram Jost, imc AG<\/p>\n<\/div>\n\t<\/div><\/div><\/div><\/div><div id=\"pgc-18734-10-3\"  class=\"panel-grid-cell panel-grid-cell-empty\" ><\/div><\/div><div id=\"pg-18734-11\"  class=\"panel-grid panel-no-style\"  style=\"--mobile-padding:;\" ><div id=\"pgc-18734-11-0\"  class=\"panel-grid-cell panel-grid-cell-empty\" ><\/div><div id=\"pgc-18734-11-1\"  class=\"panel-grid-cell\" ><div id=\"panel-18734-11-1-0\" class=\"so-panel widget widget_zrm-image panel-first-child panel-last-child\" data-index=\"22\" ><div\n\t\t\t\n\t\t\tclass=\"so-widget-zrm-image so-widget-zrm-image-default-d75171398898-18734\"\n\t\t\t\n\t\t>\n<div class=\"widget widget--image  widget--center widget--show lg\">\n\t<div class=\"image__file normalsize shadow\"><img decoding=\"async\" width=\"917\" height=\"1376\" src=\"https:\/\/www.scheer-imc.com\/de\/wp-content\/uploads\/sites\/8\/2022\/09\/imc-25years-17.jpg\" class=\"attachment-full size-full\" alt=\"25 years imc\" srcset=\"https:\/\/www.scheer-imc.com\/de\/wp-content\/uploads\/sites\/8\/2022\/09\/imc-25years-17.jpg 917w, https:\/\/www.scheer-imc.com\/de\/wp-content\/uploads\/sites\/8\/2022\/09\/imc-25years-17-200x300.jpg 200w, https:\/\/www.scheer-imc.com\/de\/wp-content\/uploads\/sites\/8\/2022\/09\/imc-25years-17-682x1024.jpg 682w, https:\/\/www.scheer-imc.com\/de\/wp-content\/uploads\/sites\/8\/2022\/09\/imc-25years-17-768x1152.jpg 768w\" sizes=\"(max-width: 917px) 100vw, 917px\" \/><\/div>\n\t\t\t<div class=\"image__caption h6\"><p>Moderatorin Fritzi Brandt, SR<\/p>\n<\/div>\n\t<\/div><\/div><\/div><\/div><div id=\"pgc-18734-11-2\"  class=\"panel-grid-cell panel-grid-cell-mobile-last\" ><div id=\"panel-18734-11-2-0\" class=\"so-panel widget widget_zrm-image panel-first-child panel-last-child\" data-index=\"23\" ><div\n\t\t\t\n\t\t\tclass=\"so-widget-zrm-image so-widget-zrm-image-default-d75171398898-18734\"\n\t\t\t\n\t\t>\n<div class=\"widget widget--image  widget--center widget--show lg\">\n\t<div class=\"image__file normalsize shadow\"><img decoding=\"async\" width=\"1017\" height=\"1525\" src=\"https:\/\/www.scheer-imc.com\/de\/wp-content\/uploads\/sites\/8\/2022\/09\/imc-25years-18.jpg\" class=\"attachment-full size-full\" alt=\"25 years imc\" srcset=\"https:\/\/www.scheer-imc.com\/de\/wp-content\/uploads\/sites\/8\/2022\/09\/imc-25years-18.jpg 1017w, https:\/\/www.scheer-imc.com\/de\/wp-content\/uploads\/sites\/8\/2022\/09\/imc-25years-18-200x300.jpg 200w, https:\/\/www.scheer-imc.com\/de\/wp-content\/uploads\/sites\/8\/2022\/09\/imc-25years-18-683x1024.jpg 683w, https:\/\/www.scheer-imc.com\/de\/wp-content\/uploads\/sites\/8\/2022\/09\/imc-25years-18-768x1152.jpg 768w\" sizes=\"(max-width: 1017px) 100vw, 1017px\" \/><\/div>\n\t\t\t<div class=\"image__caption h6\"><p>Prof. Manfred Schmitt, Pr\u00e4sident der Universit\u00e4t des Saarlandes, h\u00e4lt das Gru\u00dfwort<\/p>\n<\/div>\n\t<\/div><\/div><\/div><\/div><div id=\"pgc-18734-11-3\"  class=\"panel-grid-cell panel-grid-cell-empty\" ><\/div><\/div><div id=\"pg-18734-12\"  class=\"panel-grid panel-no-style\"  style=\"--mobile-padding:;\" ><div id=\"pgc-18734-12-0\"  class=\"panel-grid-cell panel-grid-cell-empty\" ><\/div><div id=\"pgc-18734-12-1\"  class=\"panel-grid-cell\" ><div id=\"panel-18734-12-1-0\" class=\"so-panel widget widget_zrm-image panel-first-child panel-last-child\" data-index=\"24\" ><div\n\t\t\t\n\t\t\tclass=\"so-widget-zrm-image so-widget-zrm-image-default-d75171398898-18734\"\n\t\t\t\n\t\t>\n<div class=\"widget widget--image  widget--center widget--show lg\">\n\t<div class=\"image__file normalsize shadow\"><img decoding=\"async\" width=\"1210\" height=\"1815\" src=\"https:\/\/www.scheer-imc.com\/de\/wp-content\/uploads\/sites\/8\/2022\/09\/imc-25years-15.jpg\" class=\"attachment-full size-full\" alt=\"25 years imc\" srcset=\"https:\/\/www.scheer-imc.com\/de\/wp-content\/uploads\/sites\/8\/2022\/09\/imc-25years-15.jpg 1210w, https:\/\/www.scheer-imc.com\/de\/wp-content\/uploads\/sites\/8\/2022\/09\/imc-25years-15-200x300.jpg 200w, https:\/\/www.scheer-imc.com\/de\/wp-content\/uploads\/sites\/8\/2022\/09\/imc-25years-15-683x1024.jpg 683w, https:\/\/www.scheer-imc.com\/de\/wp-content\/uploads\/sites\/8\/2022\/09\/imc-25years-15-768x1152.jpg 768w, https:\/\/www.scheer-imc.com\/de\/wp-content\/uploads\/sites\/8\/2022\/09\/imc-25years-15-1024x1536.jpg 1024w\" sizes=\"(max-width: 1210px) 100vw, 1210px\" \/><\/div>\n\t\t\t<div class=\"image__caption h6\"><p>imc Gr\u00fcnder Prof. Dr. August-Wilhelm Scheer<\/p>\n<\/div>\n\t<\/div><\/div><\/div><\/div><div id=\"pgc-18734-12-2\"  class=\"panel-grid-cell panel-grid-cell-mobile-last\" ><div id=\"panel-18734-12-2-0\" class=\"so-panel widget widget_zrm-image panel-first-child panel-last-child\" data-index=\"25\" ><div\n\t\t\t\n\t\t\tclass=\"so-widget-zrm-image so-widget-zrm-image-default-d75171398898-18734\"\n\t\t\t\n\t\t>\n<div class=\"widget widget--image  widget--center widget--show lg\">\n\t<div class=\"image__file normalsize shadow\"><img decoding=\"async\" width=\"1210\" height=\"1815\" src=\"https:\/\/www.scheer-imc.com\/de\/wp-content\/uploads\/sites\/8\/2022\/09\/imc-25years-19.jpg\" class=\"attachment-full size-full\" alt=\"25 years imc\" srcset=\"https:\/\/www.scheer-imc.com\/de\/wp-content\/uploads\/sites\/8\/2022\/09\/imc-25years-19.jpg 1210w, https:\/\/www.scheer-imc.com\/de\/wp-content\/uploads\/sites\/8\/2022\/09\/imc-25years-19-200x300.jpg 200w, https:\/\/www.scheer-imc.com\/de\/wp-content\/uploads\/sites\/8\/2022\/09\/imc-25years-19-683x1024.jpg 683w, https:\/\/www.scheer-imc.com\/de\/wp-content\/uploads\/sites\/8\/2022\/09\/imc-25years-19-768x1152.jpg 768w, https:\/\/www.scheer-imc.com\/de\/wp-content\/uploads\/sites\/8\/2022\/09\/imc-25years-19-1024x1536.jpg 1024w\" sizes=\"(max-width: 1210px) 100vw, 1210px\" \/><\/div>\n\t\t\t<div class=\"image__caption h6\"><p>Christian Wachter, imc AG und Peter Nagel, IHK: Gru\u00dfwortredner<\/p>\n<\/div>\n\t<\/div><\/div><\/div><\/div><div id=\"pgc-18734-12-3\"  class=\"panel-grid-cell panel-grid-cell-empty\" ><\/div><\/div><div id=\"pg-18734-13\"  class=\"panel-grid panel-no-style\"  style=\"--mobile-padding:;\" ><div id=\"pgc-18734-13-0\"  class=\"panel-grid-cell panel-grid-cell-empty\" ><\/div><div id=\"pgc-18734-13-1\"  class=\"panel-grid-cell\" ><div id=\"panel-18734-13-1-0\" class=\"so-panel widget widget_zrm-image panel-first-child panel-last-child\" data-index=\"26\" ><div\n\t\t\t\n\t\t\tclass=\"so-widget-zrm-image so-widget-zrm-image-default-d75171398898-18734\"\n\t\t\t\n\t\t>\n<div class=\"widget widget--image  widget--center widget--show lg\">\n\t<div class=\"image__file normalsize shadow\"><img decoding=\"async\" width=\"1815\" height=\"1210\" src=\"https:\/\/www.scheer-imc.com\/de\/wp-content\/uploads\/sites\/8\/2022\/09\/imc-25years-26.jpg\" class=\"attachment-full size-full\" alt=\"imc 25 Jahre\" srcset=\"https:\/\/www.scheer-imc.com\/de\/wp-content\/uploads\/sites\/8\/2022\/09\/imc-25years-26.jpg 1815w, https:\/\/www.scheer-imc.com\/de\/wp-content\/uploads\/sites\/8\/2022\/09\/imc-25years-26-300x200.jpg 300w, https:\/\/www.scheer-imc.com\/de\/wp-content\/uploads\/sites\/8\/2022\/09\/imc-25years-26-1024x683.jpg 1024w, https:\/\/www.scheer-imc.com\/de\/wp-content\/uploads\/sites\/8\/2022\/09\/imc-25years-26-768x512.jpg 768w, https:\/\/www.scheer-imc.com\/de\/wp-content\/uploads\/sites\/8\/2022\/09\/imc-25years-26-1536x1024.jpg 1536w\" sizes=\"(max-width: 1815px) 100vw, 1815px\" \/><\/div>\n\t\t\t<div class=\"image__caption h6\"><p>Kerstin Steffen, Christian Wachter und Prof. August-Wilhelm Scheer<\/p>\n<\/div>\n\t<\/div><\/div><\/div><\/div><div id=\"pgc-18734-13-2\"  class=\"panel-grid-cell panel-grid-cell-mobile-last\" ><div id=\"panel-18734-13-2-0\" class=\"so-panel widget widget_zrm-image panel-first-child panel-last-child\" data-index=\"27\" ><div\n\t\t\t\n\t\t\tclass=\"so-widget-zrm-image so-widget-zrm-image-default-d75171398898-18734\"\n\t\t\t\n\t\t>\n<div class=\"widget widget--image  widget--center widget--show lg\">\n\t<div class=\"image__file normalsize shadow\"><img decoding=\"async\" width=\"1809\" height=\"1206\" src=\"https:\/\/www.scheer-imc.com\/de\/wp-content\/uploads\/sites\/8\/2022\/09\/imc-25years-27.jpg\" class=\"attachment-full size-full\" alt=\"25 years imc\" srcset=\"https:\/\/www.scheer-imc.com\/de\/wp-content\/uploads\/sites\/8\/2022\/09\/imc-25years-27.jpg 1809w, https:\/\/www.scheer-imc.com\/de\/wp-content\/uploads\/sites\/8\/2022\/09\/imc-25years-27-300x200.jpg 300w, https:\/\/www.scheer-imc.com\/de\/wp-content\/uploads\/sites\/8\/2022\/09\/imc-25years-27-1024x683.jpg 1024w, https:\/\/www.scheer-imc.com\/de\/wp-content\/uploads\/sites\/8\/2022\/09\/imc-25years-27-768x512.jpg 768w, https:\/\/www.scheer-imc.com\/de\/wp-content\/uploads\/sites\/8\/2022\/09\/imc-25years-27-1536x1024.jpg 1536w\" sizes=\"(max-width: 1809px) 100vw, 1809px\" \/><\/div>\n\t\t\t<div class=\"image__caption h6\"><p>Christian Wachter und Prof. August-Wilhelm Scheer<\/p>\n<\/div>\n\t<\/div><\/div><\/div><\/div><div id=\"pgc-18734-13-3\"  class=\"panel-grid-cell panel-grid-cell-empty\" ><\/div><\/div><div id=\"pg-18734-14\"  class=\"panel-grid panel-no-style\"  style=\"--mobile-padding:;\" ><div id=\"pgc-18734-14-0\"  class=\"panel-grid-cell panel-grid-cell-empty\" ><\/div><div id=\"pgc-18734-14-1\"  class=\"panel-grid-cell\" ><div id=\"panel-18734-14-1-0\" class=\"so-panel widget widget_zrm-image panel-first-child panel-last-child\" data-index=\"28\" ><div\n\t\t\t\n\t\t\tclass=\"so-widget-zrm-image so-widget-zrm-image-default-d75171398898-18734\"\n\t\t\t\n\t\t>\n<div class=\"widget widget--image  widget--center widget--show lg\">\n\t<div class=\"image__file normalsize shadow\"><img decoding=\"async\" width=\"2560\" height=\"1440\" src=\"https:\/\/www.scheer-imc.com\/de\/wp-content\/uploads\/sites\/8\/2022\/09\/20220909_100148-min.jpg\" class=\"attachment-full size-full\" alt=\"25 years imc\" srcset=\"https:\/\/www.scheer-imc.com\/de\/wp-content\/uploads\/sites\/8\/2022\/09\/20220909_100148-min.jpg 2560w, https:\/\/www.scheer-imc.com\/de\/wp-content\/uploads\/sites\/8\/2022\/09\/20220909_100148-min-300x169.jpg 300w, https:\/\/www.scheer-imc.com\/de\/wp-content\/uploads\/sites\/8\/2022\/09\/20220909_100148-min-1024x576.jpg 1024w, https:\/\/www.scheer-imc.com\/de\/wp-content\/uploads\/sites\/8\/2022\/09\/20220909_100148-min-768x432.jpg 768w, https:\/\/www.scheer-imc.com\/de\/wp-content\/uploads\/sites\/8\/2022\/09\/20220909_100148-min-1536x864.jpg 1536w, https:\/\/www.scheer-imc.com\/de\/wp-content\/uploads\/sites\/8\/2022\/09\/20220909_100148-min-2048x1152.jpg 2048w\" sizes=\"(max-width: 2560px) 100vw, 2560px\" \/><\/div>\n\t\t\t<div class=\"image__caption h6\"><p>Livestream<\/p>\n<\/div>\n\t<\/div><\/div><\/div><\/div><div id=\"pgc-18734-14-2\"  class=\"panel-grid-cell panel-grid-cell-empty panel-grid-cell-mobile-last\" ><\/div><div id=\"pgc-18734-14-3\"  class=\"panel-grid-cell panel-grid-cell-empty\" ><\/div><\/div><div id=\"pg-18734-15\"  class=\"panel-grid panel-no-style\"  style=\"--mobile-padding:;\" ><div id=\"pgc-18734-15-0\"  class=\"panel-grid-cell\" ><div id=\"panel-18734-15-0-0\" class=\"so-panel widget widget_zrm-separator panel-first-child panel-last-child\" data-index=\"29\" ><div\n\t\t\t\n\t\t\tclass=\"so-widget-zrm-separator so-widget-zrm-separator-default-d75171398898-18734\"\n\t\t\t\n\t\t><div class=\"widget widget--separator widget--show lg\">\n\t<div class=\"separator\">\n\t\t<div class=\"separator__line\"><\/div>\n\t\t\t\t<div class=\"separator__line\"><\/div>\n\t<\/div>\n<\/div><\/div><\/div><\/div><\/div><div id=\"pg-18734-16\"  class=\"panel-grid panel-no-style\"  style=\"--mobile-padding:;\" ><div id=\"pgc-18734-16-0\"  class=\"panel-grid-cell panel-grid-cell-empty\" ><\/div><div id=\"pgc-18734-16-1\"  class=\"panel-grid-cell panel-grid-cell-mobile-last\" ><div id=\"panel-18734-16-1-0\" class=\"so-panel widget widget_zrm-headline panel-first-child\" data-index=\"30\" ><div\n\t\t\t\n\t\t\tclass=\"so-widget-zrm-headline so-widget-zrm-headline-default-d75171398898-18734\"\n\t\t\t\n\t\t><div class=\"widget widget--headline widget--center widget--show md  \">\n\t<div class=\"preline\"><\/div>\n\t<h3 class=\"headline h3\">Abendevent: Party f\u00fcr unsere Mitarbeitenden aus aller Welt<\/h3>\t<div class=\"subline\"><\/div>\n<\/div>\n<\/div><\/div><div id=\"panel-18734-16-1-1\" class=\"so-panel widget widget_zrm-gallery panel-last-child\" data-index=\"31\" ><div\n\t\t\t\n\t\t\tclass=\"so-widget-zrm-gallery so-widget-zrm-gallery-default-d75171398898-18734\"\n\t\t\t\n\t\t><div class=\"widget widget--gallery shadow widget--show lg\">\n\t<div class=\"gallery__slider\">\n\t\t<div class=\"glide\">\n\t\t\t<div data-glide-el=\"track\" class=\"glide__track\">\n\t\t\t\t<div class=\"glide__slides\">\n\t\t\t\t\t\t\t\t\t\t\t<div class=\"glide__slide\">\n\t\t\t\t\t\t\t\t\t\t\t\t\t\t<img decoding=\"async\" width=\"2560\" height=\"1707\" src=\"https:\/\/www.scheer-imc.com\/de\/wp-content\/uploads\/sites\/8\/2022\/09\/IMG_7867-scaled.jpg\" class=\"attachment-full size-full\" alt=\"25 years imc\" srcset=\"https:\/\/www.scheer-imc.com\/de\/wp-content\/uploads\/sites\/8\/2022\/09\/IMG_7867-scaled.jpg 2560w, https:\/\/www.scheer-imc.com\/de\/wp-content\/uploads\/sites\/8\/2022\/09\/IMG_7867-300x200.jpg 300w, https:\/\/www.scheer-imc.com\/de\/wp-content\/uploads\/sites\/8\/2022\/09\/IMG_7867-1024x683.jpg 1024w, https:\/\/www.scheer-imc.com\/de\/wp-content\/uploads\/sites\/8\/2022\/09\/IMG_7867-768x512.jpg 768w, https:\/\/www.scheer-imc.com\/de\/wp-content\/uploads\/sites\/8\/2022\/09\/IMG_7867-1536x1024.jpg 1536w, https:\/\/www.scheer-imc.com\/de\/wp-content\/uploads\/sites\/8\/2022\/09\/IMG_7867-2048x1365.jpg 2048w\" sizes=\"(max-width: 2560px) 100vw, 2560px\" \/>\t\t\t\t\t\t<\/div>\n\t\t\t\t\t\t\t\t\t\t\t<div class=\"glide__slide\">\n\t\t\t\t\t\t\t\t\t\t\t\t\t\t<img decoding=\"async\" width=\"1280\" height=\"853\" src=\"https:\/\/www.scheer-imc.com\/de\/wp-content\/uploads\/sites\/8\/2022\/09\/IMG_8404-min-min_Easy-Resize.com_.jpg\" class=\"attachment-full size-full\" alt=\"25 years imc\" srcset=\"https:\/\/www.scheer-imc.com\/de\/wp-content\/uploads\/sites\/8\/2022\/09\/IMG_8404-min-min_Easy-Resize.com_.jpg 1280w, https:\/\/www.scheer-imc.com\/de\/wp-content\/uploads\/sites\/8\/2022\/09\/IMG_8404-min-min_Easy-Resize.com_-300x200.jpg 300w, https:\/\/www.scheer-imc.com\/de\/wp-content\/uploads\/sites\/8\/2022\/09\/IMG_8404-min-min_Easy-Resize.com_-1024x682.jpg 1024w, https:\/\/www.scheer-imc.com\/de\/wp-content\/uploads\/sites\/8\/2022\/09\/IMG_8404-min-min_Easy-Resize.com_-768x512.jpg 768w\" sizes=\"(max-width: 1280px) 100vw, 1280px\" \/>\t\t\t\t\t\t<\/div>\n\t\t\t\t\t\t\t\t\t\t\t<div class=\"glide__slide\">\n\t\t\t\t\t\t\t\t\t\t\t\t\t\t<img decoding=\"async\" width=\"2560\" height=\"1706\" src=\"https:\/\/www.scheer-imc.com\/de\/wp-content\/uploads\/sites\/8\/2022\/09\/IMG_7752-scaled.jpg\" class=\"attachment-full size-full\" alt=\"25 years imc\" srcset=\"https:\/\/www.scheer-imc.com\/de\/wp-content\/uploads\/sites\/8\/2022\/09\/IMG_7752-scaled.jpg 2560w, https:\/\/www.scheer-imc.com\/de\/wp-content\/uploads\/sites\/8\/2022\/09\/IMG_7752-300x200.jpg 300w, https:\/\/www.scheer-imc.com\/de\/wp-content\/uploads\/sites\/8\/2022\/09\/IMG_7752-1024x683.jpg 1024w, https:\/\/www.scheer-imc.com\/de\/wp-content\/uploads\/sites\/8\/2022\/09\/IMG_7752-768x512.jpg 768w, https:\/\/www.scheer-imc.com\/de\/wp-content\/uploads\/sites\/8\/2022\/09\/IMG_7752-1536x1024.jpg 1536w, https:\/\/www.scheer-imc.com\/de\/wp-content\/uploads\/sites\/8\/2022\/09\/IMG_7752-2048x1365.jpg 2048w\" sizes=\"(max-width: 2560px) 100vw, 2560px\" \/>\t\t\t\t\t\t<\/div>\n\t\t\t\t\t\t\t\t\t\t\t<div class=\"glide__slide\">\n\t\t\t\t\t\t\t\t\t\t\t\t\t\t<img decoding=\"async\" width=\"2560\" height=\"1706\" src=\"https:\/\/www.scheer-imc.com\/de\/wp-content\/uploads\/sites\/8\/2022\/09\/IMG_7762-scaled.jpg\" class=\"attachment-full size-full\" alt=\"25 years imc\" srcset=\"https:\/\/www.scheer-imc.com\/de\/wp-content\/uploads\/sites\/8\/2022\/09\/IMG_7762-scaled.jpg 2560w, https:\/\/www.scheer-imc.com\/de\/wp-content\/uploads\/sites\/8\/2022\/09\/IMG_7762-300x200.jpg 300w, https:\/\/www.scheer-imc.com\/de\/wp-content\/uploads\/sites\/8\/2022\/09\/IMG_7762-1024x683.jpg 1024w, https:\/\/www.scheer-imc.com\/de\/wp-content\/uploads\/sites\/8\/2022\/09\/IMG_7762-768x512.jpg 768w, https:\/\/www.scheer-imc.com\/de\/wp-content\/uploads\/sites\/8\/2022\/09\/IMG_7762-1536x1024.jpg 1536w, https:\/\/www.scheer-imc.com\/de\/wp-content\/uploads\/sites\/8\/2022\/09\/IMG_7762-2048x1365.jpg 2048w\" sizes=\"(max-width: 2560px) 100vw, 2560px\" \/>\t\t\t\t\t\t<\/div>\n\t\t\t\t\t\t\t\t\t\t\t<div class=\"glide__slide\">\n\t\t\t\t\t\t\t\t\t\t\t\t\t\t<img decoding=\"async\" width=\"2560\" height=\"1706\" src=\"https:\/\/www.scheer-imc.com\/de\/wp-content\/uploads\/sites\/8\/2022\/09\/IMG_7775-scaled.jpg\" class=\"attachment-full size-full\" alt=\"25 years imc\" srcset=\"https:\/\/www.scheer-imc.com\/de\/wp-content\/uploads\/sites\/8\/2022\/09\/IMG_7775-scaled.jpg 2560w, https:\/\/www.scheer-imc.com\/de\/wp-content\/uploads\/sites\/8\/2022\/09\/IMG_7775-300x200.jpg 300w, https:\/\/www.scheer-imc.com\/de\/wp-content\/uploads\/sites\/8\/2022\/09\/IMG_7775-1024x683.jpg 1024w, https:\/\/www.scheer-imc.com\/de\/wp-content\/uploads\/sites\/8\/2022\/09\/IMG_7775-768x512.jpg 768w, https:\/\/www.scheer-imc.com\/de\/wp-content\/uploads\/sites\/8\/2022\/09\/IMG_7775-1536x1024.jpg 1536w, https:\/\/www.scheer-imc.com\/de\/wp-content\/uploads\/sites\/8\/2022\/09\/IMG_7775-2048x1365.jpg 2048w\" sizes=\"(max-width: 2560px) 100vw, 2560px\" \/>\t\t\t\t\t\t<\/div>\n\t\t\t\t\t\t\t\t\t\t\t<div class=\"glide__slide\">\n\t\t\t\t\t\t\t\t\t\t\t\t\t\t<img decoding=\"async\" width=\"2560\" height=\"1707\" src=\"https:\/\/www.scheer-imc.com\/de\/wp-content\/uploads\/sites\/8\/2022\/09\/IMG_7724-scaled.jpg\" class=\"attachment-full size-full\" alt=\"25 years imc\" srcset=\"https:\/\/www.scheer-imc.com\/de\/wp-content\/uploads\/sites\/8\/2022\/09\/IMG_7724-scaled.jpg 2560w, https:\/\/www.scheer-imc.com\/de\/wp-content\/uploads\/sites\/8\/2022\/09\/IMG_7724-300x200.jpg 300w, https:\/\/www.scheer-imc.com\/de\/wp-content\/uploads\/sites\/8\/2022\/09\/IMG_7724-1024x683.jpg 1024w, https:\/\/www.scheer-imc.com\/de\/wp-content\/uploads\/sites\/8\/2022\/09\/IMG_7724-768x512.jpg 768w, https:\/\/www.scheer-imc.com\/de\/wp-content\/uploads\/sites\/8\/2022\/09\/IMG_7724-1536x1024.jpg 1536w, https:\/\/www.scheer-imc.com\/de\/wp-content\/uploads\/sites\/8\/2022\/09\/IMG_7724-2048x1365.jpg 2048w\" sizes=\"(max-width: 2560px) 100vw, 2560px\" \/>\t\t\t\t\t\t<\/div>\n\t\t\t\t\t\t\t\t\t\t\t<div class=\"glide__slide\">\n\t\t\t\t\t\t\t\t\t\t\t\t\t\t<img decoding=\"async\" width=\"2560\" height=\"1706\" src=\"https:\/\/www.scheer-imc.com\/de\/wp-content\/uploads\/sites\/8\/2022\/09\/IMG_7688-scaled.jpg\" class=\"attachment-full size-full\" alt=\"25 years imc\" srcset=\"https:\/\/www.scheer-imc.com\/de\/wp-content\/uploads\/sites\/8\/2022\/09\/IMG_7688-scaled.jpg 2560w, https:\/\/www.scheer-imc.com\/de\/wp-content\/uploads\/sites\/8\/2022\/09\/IMG_7688-300x200.jpg 300w, https:\/\/www.scheer-imc.com\/de\/wp-content\/uploads\/sites\/8\/2022\/09\/IMG_7688-1024x683.jpg 1024w, https:\/\/www.scheer-imc.com\/de\/wp-content\/uploads\/sites\/8\/2022\/09\/IMG_7688-768x512.jpg 768w, https:\/\/www.scheer-imc.com\/de\/wp-content\/uploads\/sites\/8\/2022\/09\/IMG_7688-1536x1024.jpg 1536w, https:\/\/www.scheer-imc.com\/de\/wp-content\/uploads\/sites\/8\/2022\/09\/IMG_7688-2048x1365.jpg 2048w\" sizes=\"(max-width: 2560px) 100vw, 2560px\" \/>\t\t\t\t\t\t<\/div>\n\t\t\t\t\t\t\t\t\t\t\t<div class=\"glide__slide\">\n\t\t\t\t\t\t\t\t\t\t\t\t\t\t<img decoding=\"async\" width=\"1280\" height=\"853\" src=\"https:\/\/www.scheer-imc.com\/de\/wp-content\/uploads\/sites\/8\/2022\/09\/IMG_8055-min-min_Easy-Resize.com_.jpg\" class=\"attachment-full size-full\" alt=\"25 years imc\" srcset=\"https:\/\/www.scheer-imc.com\/de\/wp-content\/uploads\/sites\/8\/2022\/09\/IMG_8055-min-min_Easy-Resize.com_.jpg 1280w, https:\/\/www.scheer-imc.com\/de\/wp-content\/uploads\/sites\/8\/2022\/09\/IMG_8055-min-min_Easy-Resize.com_-300x200.jpg 300w, https:\/\/www.scheer-imc.com\/de\/wp-content\/uploads\/sites\/8\/2022\/09\/IMG_8055-min-min_Easy-Resize.com_-1024x682.jpg 1024w, https:\/\/www.scheer-imc.com\/de\/wp-content\/uploads\/sites\/8\/2022\/09\/IMG_8055-min-min_Easy-Resize.com_-768x512.jpg 768w\" sizes=\"(max-width: 1280px) 100vw, 1280px\" \/>\t\t\t\t\t\t<\/div>\n\t\t\t\t\t\t\t\t\t\t\t<div class=\"glide__slide\">\n\t\t\t\t\t\t\t\t\t\t\t\t\t\t<img decoding=\"async\" width=\"2560\" height=\"1707\" src=\"https:\/\/www.scheer-imc.com\/de\/wp-content\/uploads\/sites\/8\/2022\/09\/IMG_7950-scaled.jpg\" class=\"attachment-full size-full\" alt=\"25 years imc\" srcset=\"https:\/\/www.scheer-imc.com\/de\/wp-content\/uploads\/sites\/8\/2022\/09\/IMG_7950-scaled.jpg 2560w, https:\/\/www.scheer-imc.com\/de\/wp-content\/uploads\/sites\/8\/2022\/09\/IMG_7950-300x200.jpg 300w, https:\/\/www.scheer-imc.com\/de\/wp-content\/uploads\/sites\/8\/2022\/09\/IMG_7950-1024x683.jpg 1024w, https:\/\/www.scheer-imc.com\/de\/wp-content\/uploads\/sites\/8\/2022\/09\/IMG_7950-768x512.jpg 768w, https:\/\/www.scheer-imc.com\/de\/wp-content\/uploads\/sites\/8\/2022\/09\/IMG_7950-1536x1024.jpg 1536w, https:\/\/www.scheer-imc.com\/de\/wp-content\/uploads\/sites\/8\/2022\/09\/IMG_7950-2048x1365.jpg 2048w\" sizes=\"(max-width: 2560px) 100vw, 2560px\" \/>\t\t\t\t\t\t<\/div>\n\t\t\t\t\t\t\t\t\t\t\t<div class=\"glide__slide\">\n\t\t\t\t\t\t\t\t\t\t\t\t\t\t<img decoding=\"async\" width=\"2560\" height=\"1707\" src=\"https:\/\/www.scheer-imc.com\/de\/wp-content\/uploads\/sites\/8\/2022\/09\/IMG_7883-scaled.jpg\" class=\"attachment-full size-full\" alt=\"25 years imc\" srcset=\"https:\/\/www.scheer-imc.com\/de\/wp-content\/uploads\/sites\/8\/2022\/09\/IMG_7883-scaled.jpg 2560w, https:\/\/www.scheer-imc.com\/de\/wp-content\/uploads\/sites\/8\/2022\/09\/IMG_7883-300x200.jpg 300w, https:\/\/www.scheer-imc.com\/de\/wp-content\/uploads\/sites\/8\/2022\/09\/IMG_7883-1024x683.jpg 1024w, https:\/\/www.scheer-imc.com\/de\/wp-content\/uploads\/sites\/8\/2022\/09\/IMG_7883-768x512.jpg 768w, https:\/\/www.scheer-imc.com\/de\/wp-content\/uploads\/sites\/8\/2022\/09\/IMG_7883-1536x1024.jpg 1536w, https:\/\/www.scheer-imc.com\/de\/wp-content\/uploads\/sites\/8\/2022\/09\/IMG_7883-2048x1365.jpg 2048w\" sizes=\"(max-width: 2560px) 100vw, 2560px\" \/>\t\t\t\t\t\t<\/div>\n\t\t\t\t\t\t\t\t\t\t\t<div class=\"glide__slide\">\n\t\t\t\t\t\t\t\t\t\t\t\t\t\t<img decoding=\"async\" width=\"2560\" height=\"1707\" src=\"https:\/\/www.scheer-imc.com\/de\/wp-content\/uploads\/sites\/8\/2022\/09\/IMG_7586-scaled.jpg\" class=\"attachment-full size-full\" alt=\"25 years imc\" srcset=\"https:\/\/www.scheer-imc.com\/de\/wp-content\/uploads\/sites\/8\/2022\/09\/IMG_7586-scaled.jpg 2560w, https:\/\/www.scheer-imc.com\/de\/wp-content\/uploads\/sites\/8\/2022\/09\/IMG_7586-300x200.jpg 300w, https:\/\/www.scheer-imc.com\/de\/wp-content\/uploads\/sites\/8\/2022\/09\/IMG_7586-1024x683.jpg 1024w, https:\/\/www.scheer-imc.com\/de\/wp-content\/uploads\/sites\/8\/2022\/09\/IMG_7586-768x512.jpg 768w, https:\/\/www.scheer-imc.com\/de\/wp-content\/uploads\/sites\/8\/2022\/09\/IMG_7586-1536x1024.jpg 1536w, https:\/\/www.scheer-imc.com\/de\/wp-content\/uploads\/sites\/8\/2022\/09\/IMG_7586-2048x1365.jpg 2048w\" sizes=\"(max-width: 2560px) 100vw, 2560px\" \/>\t\t\t\t\t\t<\/div>\n\t\t\t\t\t\t\t\t\t\t\t<div class=\"glide__slide\">\n\t\t\t\t\t\t\t\t\t\t\t\t\t\t<img decoding=\"async\" width=\"1280\" height=\"853\" src=\"https:\/\/www.scheer-imc.com\/de\/wp-content\/uploads\/sites\/8\/2022\/09\/IMG_7572-min-min_Easy-Resize.com_-1.jpg\" class=\"attachment-full size-full\" alt=\"25 years imc\" srcset=\"https:\/\/www.scheer-imc.com\/de\/wp-content\/uploads\/sites\/8\/2022\/09\/IMG_7572-min-min_Easy-Resize.com_-1.jpg 1280w, https:\/\/www.scheer-imc.com\/de\/wp-content\/uploads\/sites\/8\/2022\/09\/IMG_7572-min-min_Easy-Resize.com_-1-300x200.jpg 300w, https:\/\/www.scheer-imc.com\/de\/wp-content\/uploads\/sites\/8\/2022\/09\/IMG_7572-min-min_Easy-Resize.com_-1-1024x682.jpg 1024w, https:\/\/www.scheer-imc.com\/de\/wp-content\/uploads\/sites\/8\/2022\/09\/IMG_7572-min-min_Easy-Resize.com_-1-768x512.jpg 768w\" sizes=\"(max-width: 1280px) 100vw, 1280px\" \/>\t\t\t\t\t\t<\/div>\n\t\t\t\t\t\t\t\t\t\t\t<div class=\"glide__slide\">\n\t\t\t\t\t\t\t\t\t\t\t\t\t\t<img decoding=\"async\" width=\"2560\" height=\"1707\" src=\"https:\/\/www.scheer-imc.com\/de\/wp-content\/uploads\/sites\/8\/2022\/09\/IMG_8139-scaled.jpg\" class=\"attachment-full size-full\" alt=\"25 years imc\" srcset=\"https:\/\/www.scheer-imc.com\/de\/wp-content\/uploads\/sites\/8\/2022\/09\/IMG_8139-scaled.jpg 2560w, https:\/\/www.scheer-imc.com\/de\/wp-content\/uploads\/sites\/8\/2022\/09\/IMG_8139-300x200.jpg 300w, https:\/\/www.scheer-imc.com\/de\/wp-content\/uploads\/sites\/8\/2022\/09\/IMG_8139-1024x683.jpg 1024w, https:\/\/www.scheer-imc.com\/de\/wp-content\/uploads\/sites\/8\/2022\/09\/IMG_8139-768x512.jpg 768w, https:\/\/www.scheer-imc.com\/de\/wp-content\/uploads\/sites\/8\/2022\/09\/IMG_8139-1536x1024.jpg 1536w, https:\/\/www.scheer-imc.com\/de\/wp-content\/uploads\/sites\/8\/2022\/09\/IMG_8139-2048x1365.jpg 2048w\" sizes=\"(max-width: 2560px) 100vw, 2560px\" \/>\t\t\t\t\t\t<\/div>\n\t\t\t\t\t\t\t\t\t\t\t<div class=\"glide__slide\">\n\t\t\t\t\t\t\t\t\t\t\t\t\t\t<img decoding=\"async\" width=\"1280\" height=\"853\" src=\"https:\/\/www.scheer-imc.com\/de\/wp-content\/uploads\/sites\/8\/2022\/09\/IMG_8476-min-min_Easy-Resize.com_-1.jpg\" class=\"attachment-full size-full\" alt=\"25 years imc\" srcset=\"https:\/\/www.scheer-imc.com\/de\/wp-content\/uploads\/sites\/8\/2022\/09\/IMG_8476-min-min_Easy-Resize.com_-1.jpg 1280w, https:\/\/www.scheer-imc.com\/de\/wp-content\/uploads\/sites\/8\/2022\/09\/IMG_8476-min-min_Easy-Resize.com_-1-300x200.jpg 300w, https:\/\/www.scheer-imc.com\/de\/wp-content\/uploads\/sites\/8\/2022\/09\/IMG_8476-min-min_Easy-Resize.com_-1-1024x682.jpg 1024w, https:\/\/www.scheer-imc.com\/de\/wp-content\/uploads\/sites\/8\/2022\/09\/IMG_8476-min-min_Easy-Resize.com_-1-768x512.jpg 768w\" sizes=\"(max-width: 1280px) 100vw, 1280px\" \/>\t\t\t\t\t\t<\/div>\n\t\t\t\t\t\t\t\t\t\t\t<div class=\"glide__slide\">\n\t\t\t\t\t\t\t\t\t\t\t\t\t\t<img decoding=\"async\" width=\"1280\" height=\"853\" src=\"https:\/\/www.scheer-imc.com\/de\/wp-content\/uploads\/sites\/8\/2022\/09\/IMG_7986-min-min_Easy-Resize.com_.jpg\" class=\"attachment-full size-full\" alt=\"25 years imc\" srcset=\"https:\/\/www.scheer-imc.com\/de\/wp-content\/uploads\/sites\/8\/2022\/09\/IMG_7986-min-min_Easy-Resize.com_.jpg 1280w, https:\/\/www.scheer-imc.com\/de\/wp-content\/uploads\/sites\/8\/2022\/09\/IMG_7986-min-min_Easy-Resize.com_-300x200.jpg 300w, https:\/\/www.scheer-imc.com\/de\/wp-content\/uploads\/sites\/8\/2022\/09\/IMG_7986-min-min_Easy-Resize.com_-1024x682.jpg 1024w, https:\/\/www.scheer-imc.com\/de\/wp-content\/uploads\/sites\/8\/2022\/09\/IMG_7986-min-min_Easy-Resize.com_-768x512.jpg 768w\" sizes=\"(max-width: 1280px) 100vw, 1280px\" \/>\t\t\t\t\t\t<\/div>\n\t\t\t\t\t\t\t\t\t\t\t<div class=\"glide__slide\">\n\t\t\t\t\t\t\t\t\t\t\t\t\t\t<img decoding=\"async\" width=\"2560\" height=\"1707\" src=\"https:\/\/www.scheer-imc.com\/de\/wp-content\/uploads\/sites\/8\/2022\/09\/IMG_7824-scaled.jpg\" class=\"attachment-full size-full\" alt=\"25 years imc\" srcset=\"https:\/\/www.scheer-imc.com\/de\/wp-content\/uploads\/sites\/8\/2022\/09\/IMG_7824-scaled.jpg 2560w, https:\/\/www.scheer-imc.com\/de\/wp-content\/uploads\/sites\/8\/2022\/09\/IMG_7824-300x200.jpg 300w, https:\/\/www.scheer-imc.com\/de\/wp-content\/uploads\/sites\/8\/2022\/09\/IMG_7824-1024x683.jpg 1024w, https:\/\/www.scheer-imc.com\/de\/wp-content\/uploads\/sites\/8\/2022\/09\/IMG_7824-768x512.jpg 768w, https:\/\/www.scheer-imc.com\/de\/wp-content\/uploads\/sites\/8\/2022\/09\/IMG_7824-1536x1024.jpg 1536w, https:\/\/www.scheer-imc.com\/de\/wp-content\/uploads\/sites\/8\/2022\/09\/IMG_7824-2048x1366.jpg 2048w\" sizes=\"(max-width: 2560px) 100vw, 2560px\" \/>\t\t\t\t\t\t<\/div>\n\t\t\t\t\t\t\t\t\t\t\t<div class=\"glide__slide\">\n\t\t\t\t\t\t\t\t\t\t\t\t\t\t<img decoding=\"async\" width=\"2560\" height=\"1707\" src=\"https:\/\/www.scheer-imc.com\/de\/wp-content\/uploads\/sites\/8\/2022\/09\/IMG_7880-scaled.jpg\" class=\"attachment-full size-full\" alt=\"25 years imc\" srcset=\"https:\/\/www.scheer-imc.com\/de\/wp-content\/uploads\/sites\/8\/2022\/09\/IMG_7880-scaled.jpg 2560w, https:\/\/www.scheer-imc.com\/de\/wp-content\/uploads\/sites\/8\/2022\/09\/IMG_7880-300x200.jpg 300w, https:\/\/www.scheer-imc.com\/de\/wp-content\/uploads\/sites\/8\/2022\/09\/IMG_7880-1024x683.jpg 1024w, https:\/\/www.scheer-imc.com\/de\/wp-content\/uploads\/sites\/8\/2022\/09\/IMG_7880-768x512.jpg 768w, https:\/\/www.scheer-imc.com\/de\/wp-content\/uploads\/sites\/8\/2022\/09\/IMG_7880-1536x1024.jpg 1536w, https:\/\/www.scheer-imc.com\/de\/wp-content\/uploads\/sites\/8\/2022\/09\/IMG_7880-2048x1365.jpg 2048w\" sizes=\"(max-width: 2560px) 100vw, 2560px\" \/>\t\t\t\t\t\t<\/div>\n\t\t\t\t\t\t\t\t\t\t\t<div class=\"glide__slide\">\n\t\t\t\t\t\t\t\t\t\t\t\t\t\t<img decoding=\"async\" width=\"2560\" height=\"1707\" src=\"https:\/\/www.scheer-imc.com\/de\/wp-content\/uploads\/sites\/8\/2022\/09\/IMG_7922-scaled.jpg\" class=\"attachment-full size-full\" alt=\"25 years imc\" srcset=\"https:\/\/www.scheer-imc.com\/de\/wp-content\/uploads\/sites\/8\/2022\/09\/IMG_7922-scaled.jpg 2560w, https:\/\/www.scheer-imc.com\/de\/wp-content\/uploads\/sites\/8\/2022\/09\/IMG_7922-300x200.jpg 300w, https:\/\/www.scheer-imc.com\/de\/wp-content\/uploads\/sites\/8\/2022\/09\/IMG_7922-1024x683.jpg 1024w, https:\/\/www.scheer-imc.com\/de\/wp-content\/uploads\/sites\/8\/2022\/09\/IMG_7922-768x512.jpg 768w, https:\/\/www.scheer-imc.com\/de\/wp-content\/uploads\/sites\/8\/2022\/09\/IMG_7922-1536x1024.jpg 1536w, https:\/\/www.scheer-imc.com\/de\/wp-content\/uploads\/sites\/8\/2022\/09\/IMG_7922-2048x1365.jpg 2048w\" sizes=\"(max-width: 2560px) 100vw, 2560px\" \/>\t\t\t\t\t\t<\/div>\n\t\t\t\t\t\t\t\t\t\t\t<div class=\"glide__slide\">\n\t\t\t\t\t\t\t\t\t\t\t\t\t\t<img decoding=\"async\" width=\"1280\" height=\"853\" src=\"https:\/\/www.scheer-imc.com\/de\/wp-content\/uploads\/sites\/8\/2022\/09\/IMG_7645-min-min_Easy-Resize.com_-1.jpg\" class=\"attachment-full size-full\" alt=\"25 years imc\" srcset=\"https:\/\/www.scheer-imc.com\/de\/wp-content\/uploads\/sites\/8\/2022\/09\/IMG_7645-min-min_Easy-Resize.com_-1.jpg 1280w, https:\/\/www.scheer-imc.com\/de\/wp-content\/uploads\/sites\/8\/2022\/09\/IMG_7645-min-min_Easy-Resize.com_-1-300x200.jpg 300w, https:\/\/www.scheer-imc.com\/de\/wp-content\/uploads\/sites\/8\/2022\/09\/IMG_7645-min-min_Easy-Resize.com_-1-1024x682.jpg 1024w, https:\/\/www.scheer-imc.com\/de\/wp-content\/uploads\/sites\/8\/2022\/09\/IMG_7645-min-min_Easy-Resize.com_-1-768x512.jpg 768w\" sizes=\"(max-width: 1280px) 100vw, 1280px\" \/>\t\t\t\t\t\t<\/div>\n\t\t\t\t\t\t\t\t\t\t\t<div class=\"glide__slide\">\n\t\t\t\t\t\t\t\t\t\t\t\t\t\t<img decoding=\"async\" width=\"2560\" height=\"1706\" src=\"https:\/\/www.scheer-imc.com\/de\/wp-content\/uploads\/sites\/8\/2022\/09\/IMG_7690-scaled.jpg\" class=\"attachment-full size-full\" alt=\"25 years imc\" srcset=\"https:\/\/www.scheer-imc.com\/de\/wp-content\/uploads\/sites\/8\/2022\/09\/IMG_7690-scaled.jpg 2560w, https:\/\/www.scheer-imc.com\/de\/wp-content\/uploads\/sites\/8\/2022\/09\/IMG_7690-300x200.jpg 300w, https:\/\/www.scheer-imc.com\/de\/wp-content\/uploads\/sites\/8\/2022\/09\/IMG_7690-1024x683.jpg 1024w, https:\/\/www.scheer-imc.com\/de\/wp-content\/uploads\/sites\/8\/2022\/09\/IMG_7690-768x512.jpg 768w, https:\/\/www.scheer-imc.com\/de\/wp-content\/uploads\/sites\/8\/2022\/09\/IMG_7690-1536x1024.jpg 1536w, https:\/\/www.scheer-imc.com\/de\/wp-content\/uploads\/sites\/8\/2022\/09\/IMG_7690-2048x1365.jpg 2048w\" sizes=\"(max-width: 2560px) 100vw, 2560px\" \/>\t\t\t\t\t\t<\/div>\n\t\t\t\t\t\t\t\t\t<\/div>\n\t\t\t<\/div>\n\t\t<\/div>\n\t<\/div>\n\t<div class=\"gallery__controls\">\n\t\t<div class=\"gallery__thumbnails\">\n\t\t\t\t\t\t\t<div class=\"thumb active\">\n\t\t\t\t\t<img decoding=\"async\" width=\"150\" height=\"150\" src=\"https:\/\/www.scheer-imc.com\/de\/wp-content\/uploads\/sites\/8\/2022\/09\/IMG_7867-150x150.jpg\" class=\"attachment-thumbnail size-thumbnail\" alt=\"25 years imc\" \/>\t\t\t\t<\/div>\n\t\t\t\t\t\t\t<div class=\"thumb\">\n\t\t\t\t\t<img decoding=\"async\" width=\"150\" height=\"150\" src=\"https:\/\/www.scheer-imc.com\/de\/wp-content\/uploads\/sites\/8\/2022\/09\/IMG_8404-min-min_Easy-Resize.com_-150x150.jpg\" class=\"attachment-thumbnail size-thumbnail\" alt=\"25 years imc\" \/>\t\t\t\t<\/div>\n\t\t\t\t\t\t\t<div class=\"thumb\">\n\t\t\t\t\t<img decoding=\"async\" width=\"150\" height=\"150\" src=\"https:\/\/www.scheer-imc.com\/de\/wp-content\/uploads\/sites\/8\/2022\/09\/IMG_7752-150x150.jpg\" class=\"attachment-thumbnail size-thumbnail\" alt=\"25 years imc\" \/>\t\t\t\t<\/div>\n\t\t\t\t\t\t\t<div class=\"thumb\">\n\t\t\t\t\t<img decoding=\"async\" width=\"150\" height=\"150\" src=\"https:\/\/www.scheer-imc.com\/de\/wp-content\/uploads\/sites\/8\/2022\/09\/IMG_7762-150x150.jpg\" class=\"attachment-thumbnail size-thumbnail\" alt=\"25 years imc\" \/>\t\t\t\t<\/div>\n\t\t\t\t\t\t\t<div class=\"thumb\">\n\t\t\t\t\t<img decoding=\"async\" width=\"150\" height=\"150\" src=\"https:\/\/www.scheer-imc.com\/de\/wp-content\/uploads\/sites\/8\/2022\/09\/IMG_7775-150x150.jpg\" class=\"attachment-thumbnail size-thumbnail\" alt=\"25 years imc\" \/>\t\t\t\t<\/div>\n\t\t\t\t\t\t\t<div class=\"thumb\">\n\t\t\t\t\t<img decoding=\"async\" width=\"150\" height=\"150\" src=\"https:\/\/www.scheer-imc.com\/de\/wp-content\/uploads\/sites\/8\/2022\/09\/IMG_7724-150x150.jpg\" class=\"attachment-thumbnail size-thumbnail\" alt=\"25 years imc\" \/>\t\t\t\t<\/div>\n\t\t\t\t\t\t\t<div class=\"thumb\">\n\t\t\t\t\t<img decoding=\"async\" width=\"150\" height=\"150\" src=\"https:\/\/www.scheer-imc.com\/de\/wp-content\/uploads\/sites\/8\/2022\/09\/IMG_7688-150x150.jpg\" class=\"attachment-thumbnail size-thumbnail\" alt=\"25 years imc\" \/>\t\t\t\t<\/div>\n\t\t\t\t\t\t\t<div class=\"thumb\">\n\t\t\t\t\t<img decoding=\"async\" width=\"150\" height=\"150\" src=\"https:\/\/www.scheer-imc.com\/de\/wp-content\/uploads\/sites\/8\/2022\/09\/IMG_8055-min-min_Easy-Resize.com_-150x150.jpg\" class=\"attachment-thumbnail size-thumbnail\" alt=\"25 years imc\" \/>\t\t\t\t<\/div>\n\t\t\t\t\t\t\t<div class=\"thumb\">\n\t\t\t\t\t<img decoding=\"async\" width=\"150\" height=\"150\" src=\"https:\/\/www.scheer-imc.com\/de\/wp-content\/uploads\/sites\/8\/2022\/09\/IMG_7950-150x150.jpg\" class=\"attachment-thumbnail size-thumbnail\" alt=\"25 years imc\" \/>\t\t\t\t<\/div>\n\t\t\t\t\t\t\t<div class=\"thumb\">\n\t\t\t\t\t<img decoding=\"async\" width=\"150\" height=\"150\" src=\"https:\/\/www.scheer-imc.com\/de\/wp-content\/uploads\/sites\/8\/2022\/09\/IMG_7883-150x150.jpg\" class=\"attachment-thumbnail size-thumbnail\" alt=\"25 years imc\" \/>\t\t\t\t<\/div>\n\t\t\t\t\t\t\t<div class=\"thumb\">\n\t\t\t\t\t<img decoding=\"async\" width=\"150\" height=\"150\" src=\"https:\/\/www.scheer-imc.com\/de\/wp-content\/uploads\/sites\/8\/2022\/09\/IMG_7586-150x150.jpg\" class=\"attachment-thumbnail size-thumbnail\" alt=\"25 years imc\" \/>\t\t\t\t<\/div>\n\t\t\t\t\t\t\t<div class=\"thumb\">\n\t\t\t\t\t<img decoding=\"async\" width=\"150\" height=\"150\" src=\"https:\/\/www.scheer-imc.com\/de\/wp-content\/uploads\/sites\/8\/2022\/09\/IMG_7572-min-min_Easy-Resize.com_-1-150x150.jpg\" class=\"attachment-thumbnail size-thumbnail\" alt=\"25 years imc\" \/>\t\t\t\t<\/div>\n\t\t\t\t\t\t\t<div class=\"thumb\">\n\t\t\t\t\t<img decoding=\"async\" width=\"150\" height=\"150\" src=\"https:\/\/www.scheer-imc.com\/de\/wp-content\/uploads\/sites\/8\/2022\/09\/IMG_8139-150x150.jpg\" class=\"attachment-thumbnail size-thumbnail\" alt=\"25 years imc\" \/>\t\t\t\t<\/div>\n\t\t\t\t\t\t\t<div class=\"thumb\">\n\t\t\t\t\t<img decoding=\"async\" width=\"150\" height=\"150\" src=\"https:\/\/www.scheer-imc.com\/de\/wp-content\/uploads\/sites\/8\/2022\/09\/IMG_8476-min-min_Easy-Resize.com_-1-150x150.jpg\" class=\"attachment-thumbnail size-thumbnail\" alt=\"25 years imc\" \/>\t\t\t\t<\/div>\n\t\t\t\t\t\t\t<div class=\"thumb\">\n\t\t\t\t\t<img decoding=\"async\" width=\"150\" height=\"150\" src=\"https:\/\/www.scheer-imc.com\/de\/wp-content\/uploads\/sites\/8\/2022\/09\/IMG_7986-min-min_Easy-Resize.com_-150x150.jpg\" class=\"attachment-thumbnail size-thumbnail\" alt=\"25 years imc\" \/>\t\t\t\t<\/div>\n\t\t\t\t\t\t\t<div class=\"thumb\">\n\t\t\t\t\t<img decoding=\"async\" width=\"150\" height=\"150\" src=\"https:\/\/www.scheer-imc.com\/de\/wp-content\/uploads\/sites\/8\/2022\/09\/IMG_7824-150x150.jpg\" class=\"attachment-thumbnail size-thumbnail\" alt=\"25 years imc\" \/>\t\t\t\t<\/div>\n\t\t\t\t\t\t\t<div class=\"thumb\">\n\t\t\t\t\t<img decoding=\"async\" width=\"150\" height=\"150\" src=\"https:\/\/www.scheer-imc.com\/de\/wp-content\/uploads\/sites\/8\/2022\/09\/IMG_7880-150x150.jpg\" class=\"attachment-thumbnail size-thumbnail\" alt=\"25 years imc\" \/>\t\t\t\t<\/div>\n\t\t\t\t\t\t\t<div class=\"thumb\">\n\t\t\t\t\t<img decoding=\"async\" width=\"150\" height=\"150\" src=\"https:\/\/www.scheer-imc.com\/de\/wp-content\/uploads\/sites\/8\/2022\/09\/IMG_7922-150x150.jpg\" class=\"attachment-thumbnail size-thumbnail\" alt=\"25 years imc\" \/>\t\t\t\t<\/div>\n\t\t\t\t\t\t\t<div class=\"thumb\">\n\t\t\t\t\t<img decoding=\"async\" width=\"150\" height=\"150\" src=\"https:\/\/www.scheer-imc.com\/de\/wp-content\/uploads\/sites\/8\/2022\/09\/IMG_7645-min-min_Easy-Resize.com_-1-150x150.jpg\" class=\"attachment-thumbnail size-thumbnail\" alt=\"25 years imc\" \/>\t\t\t\t<\/div>\n\t\t\t\t\t\t\t<div class=\"thumb\">\n\t\t\t\t\t<img decoding=\"async\" width=\"150\" height=\"150\" src=\"https:\/\/www.scheer-imc.com\/de\/wp-content\/uploads\/sites\/8\/2022\/09\/IMG_7690-150x150.jpg\" class=\"attachment-thumbnail size-thumbnail\" alt=\"25 years imc\" \/>\t\t\t\t<\/div>\n\t\t\t\t\t\t<div class=\"indicator\"><\/div>\n\t\t<\/div>\n\t\t<div class=\"gallery__arrows\">\n\t\t\t<div class=\"gallery__arrow gallery__arrow--short\"><svg height=\"17\" viewBox=\"0 0 19 17\" width=\"19\" xmlns=\"http:\/\/www.w3.org\/2000\/svg\"><g fill=\"none\" fill-rule=\"evenodd\" stroke=\"#fff\" stroke-linecap=\"round\" stroke-linejoin=\"round\" transform=\"matrix(-1 0 0 1 19 1)\"><path d=\"m17.505376 7.5h-17.005376\"\/><path d=\"m10.5806452 15c4.9462365-4.8690906 7.4193548-7.36886337 7.4193548-7.49931818s-2.4731183-2.63068208-7.4193548-7.50068182\"\/><\/g><\/svg><\/div>\n\t\t\t<div class=\"gallery__count h5\">\n\t\t\t\t<span class=\"current\">01<\/span>\/<span class=\"total\">??<\/span>\n\t\t\t<\/div>\n\t\t\t<div class=\"gallery__arrow gallery__arrow--long\"><svg height=\"17\" viewBox=\"0 0 48 17\" width=\"48\" xmlns=\"http:\/\/www.w3.org\/2000\/svg\"><g fill=\"none\" fill-rule=\"evenodd\" stroke=\"#fff\" stroke-linecap=\"round\" stroke-linejoin=\"round\" transform=\"translate(1 1.104625)\"><path d=\"m45.505376 7.5h-45.505376\"\/><path d=\"m38.5806452 15c4.9462365-4.8690906 7.4193548-7.36886337 7.4193548-7.49931818s-2.4731183-2.63068208-7.4193548-7.50068182\"\/><\/g><\/svg><\/div>\n\t\t<\/div>\n\t<\/div>\n<\/div><\/div><\/div><\/div><div id=\"pgc-18734-16-2\"  class=\"panel-grid-cell panel-grid-cell-empty\" ><\/div><\/div><div id=\"pg-18734-17\"  class=\"panel-grid panel-no-style\"  style=\"--mobile-padding:;\" ><div id=\"pgc-18734-17-0\"  class=\"panel-grid-cell panel-grid-cell-empty\" ><\/div><div id=\"pgc-18734-17-1\"  class=\"panel-grid-cell panel-grid-cell-mobile-last\" ><div id=\"panel-18734-17-1-0\" class=\"so-panel widget widget_zrm-share panel-first-child panel-last-child\" data-index=\"32\" ><div\n\t\t\t\n\t\t\tclass=\"so-widget-zrm-share so-widget-zrm-share-default-d75171398898-18734\"\n\t\t\t\n\t\t><div class=\"widget widget--share noshadow widget--show lg\">\n        <div class=\"share__button-group\">\n        <div class=\"shariff\"><ul class=\"shariff-buttons theme-default orientation-horizontal buttonsize-medium\"><li class=\"shariff-button twitter shariff-nocustomcolor\" style=\"background-color:#32bbf5\"><a href=\"https:\/\/twitter.com\/share?url=https%3A%2F%2Fwww.scheer-imc.com%2Fde%2Fevents-webinare%2F25-jahre-imc%2Fimpressionen-25-jahr-feier%2F&text=25%20Jahre%20imc%3A%20Impressionen%20der%20Feierlichkeiten\" title=\"Bei Twitter teilen\" aria-label=\"Bei Twitter teilen\" role=\"button\" rel=\"noopener nofollow\" class=\"shariff-link\" style=\"; background-color:#55acee; color:#fff\" target=\"_blank\"><span class=\"shariff-icon\" style=\"\"><svg width=\"32px\" height=\"20px\" xmlns=\"http:\/\/www.w3.org\/2000\/svg\" viewBox=\"0 0 30 32\"><path fill=\"#55acee\" d=\"M29.7 6.8q-1.2 1.8-3 3.1 0 0.3 0 0.8 0 2.5-0.7 4.9t-2.2 4.7-3.5 4-4.9 2.8-6.1 1q-5.1 0-9.3-2.7 0.6 0.1 1.5 0.1 4.3 0 7.6-2.6-2-0.1-3.5-1.2t-2.2-3q0.6 0.1 1.1 0.1 0.8 0 1.6-0.2-2.1-0.4-3.5-2.1t-1.4-3.9v-0.1q1.3 0.7 2.8 0.8-1.2-0.8-2-2.2t-0.7-2.9q0-1.7 0.8-3.1 2.3 2.8 5.5 4.5t7 1.9q-0.2-0.7-0.2-1.4 0-2.5 1.8-4.3t4.3-1.8q2.7 0 4.5 1.9 2.1-0.4 3.9-1.5-0.7 2.2-2.7 3.4 1.8-0.2 3.5-0.9z\"\/><\/svg><\/span><span class=\"shariff-text\">twittern<\/span>&nbsp;<\/a><\/li><li class=\"shariff-button facebook shariff-nocustomcolor\" style=\"background-color:#4273c8\"><a href=\"https:\/\/www.facebook.com\/sharer\/sharer.php?u=https%3A%2F%2Fwww.scheer-imc.com%2Fde%2Fevents-webinare%2F25-jahre-imc%2Fimpressionen-25-jahr-feier%2F\" title=\"Bei Facebook teilen\" aria-label=\"Bei Facebook teilen\" role=\"button\" rel=\"nofollow\" class=\"shariff-link\" style=\"; background-color:#3b5998; color:#fff\" target=\"_blank\"><span class=\"shariff-icon\" style=\"\"><svg width=\"32px\" height=\"20px\" xmlns=\"http:\/\/www.w3.org\/2000\/svg\" viewBox=\"0 0 18 32\"><path fill=\"#3b5998\" d=\"M17.1 0.2v4.7h-2.8q-1.5 0-2.1 0.6t-0.5 1.9v3.4h5.2l-0.7 5.3h-4.5v13.6h-5.5v-13.6h-4.5v-5.3h4.5v-3.9q0-3.3 1.9-5.2t5-1.8q2.6 0 4.1 0.2z\"\/><\/svg><\/span><span class=\"shariff-text\">teilen<\/span>&nbsp;<\/a><\/li><li class=\"shariff-button linkedin shariff-nocustomcolor\" style=\"background-color:#1488bf\"><a href=\"https:\/\/www.linkedin.com\/shareArticle?mini=true&url=https%3A%2F%2Fwww.scheer-imc.com%2Fde%2Fevents-webinare%2F25-jahre-imc%2Fimpressionen-25-jahr-feier%2F&title=25%20Jahre%20imc%3A%20Impressionen%20der%20Feierlichkeiten\" title=\"Bei LinkedIn teilen\" aria-label=\"Bei LinkedIn teilen\" role=\"button\" rel=\"noopener nofollow\" class=\"shariff-link\" style=\"; background-color:#0077b5; color:#fff\" target=\"_blank\"><span class=\"shariff-icon\" style=\"\"><svg width=\"32px\" height=\"20px\" xmlns=\"http:\/\/www.w3.org\/2000\/svg\" viewBox=\"0 0 27 32\"><path fill=\"#0077b5\" d=\"M6.2 11.2v17.7h-5.9v-17.7h5.9zM6.6 5.7q0 1.3-0.9 2.2t-2.4 0.9h0q-1.5 0-2.4-0.9t-0.9-2.2 0.9-2.2 2.4-0.9 2.4 0.9 0.9 2.2zM27.4 18.7v10.1h-5.9v-9.5q0-1.9-0.7-2.9t-2.3-1.1q-1.1 0-1.9 0.6t-1.2 1.5q-0.2 0.5-0.2 1.4v9.9h-5.9q0-7.1 0-11.6t0-5.3l0-0.9h5.9v2.6h0q0.4-0.6 0.7-1t1-0.9 1.6-0.8 2-0.3q3 0 4.9 2t1.9 6z\"\/><\/svg><\/span><span class=\"shariff-text\">mitteilen<\/span>&nbsp;<\/a><\/li><li class=\"shariff-button xing shariff-nocustomcolor\" style=\"background-color:#29888a\"><a href=\"https:\/\/www.xing.com\/spi\/shares\/new?url=https%3A%2F%2Fwww.scheer-imc.com%2Fde%2Fevents-webinare%2F25-jahre-imc%2Fimpressionen-25-jahr-feier%2F\" title=\"Bei XING teilen\" aria-label=\"Bei XING teilen\" role=\"button\" rel=\"noopener nofollow\" class=\"shariff-link\" style=\"; background-color:#126567; color:#fff\" target=\"_blank\"><span class=\"shariff-icon\" style=\"\"><svg width=\"32px\" height=\"20px\" xmlns=\"http:\/\/www.w3.org\/2000\/svg\" viewBox=\"0 0 25 32\"><path fill=\"#126567\" d=\"M10.7 11.9q-0.2 0.3-4.6 8.2-0.5 0.8-1.2 0.8h-4.3q-0.4 0-0.5-0.3t0-0.6l4.5-8q0 0 0 0l-2.9-5q-0.2-0.4 0-0.7 0.2-0.3 0.5-0.3h4.3q0.7 0 1.2 0.8zM25.1 0.4q0.2 0.3 0 0.7l-9.4 16.7 6 11q0.2 0.4 0 0.6-0.2 0.3-0.6 0.3h-4.3q-0.7 0-1.2-0.8l-6-11.1q0.3-0.6 9.5-16.8 0.4-0.8 1.2-0.8h4.3q0.4 0 0.5 0.3z\"\/><\/svg><\/span><span class=\"shariff-text\">teilen<\/span>&nbsp;<\/a><\/li><\/ul><\/div>    <\/div>\n<\/div><\/div><\/div><\/div><div id=\"pgc-18734-17-2\"  class=\"panel-grid-cell panel-grid-cell-empty\" ><\/div><\/div><\/div>","protected":false},"excerpt":{"rendered":"<p>Best-Of #25imc 25 Jahre imc: Impressionen und Highlights des Tages 25 Jahre imc: Wenn das kein Grund zum Feiern ist! &nbsp; Wir haben einige Impressionen der offiziellen 25-Jahre imc Feierlichkeiten, die am 9. September in Saarbr\u00fccken stattfanden, gesammelt. &nbsp; Weiter Unten finden Sie au\u00dferdem eine Galerie mit den Highlights des Abendevents f\u00fcr unsere Mitarbeitenden. &nbsp; [&hellip;]<\/p>\n","protected":false},"author":10,"featured_media":0,"parent":18614,"menu_order":0,"comment_status":"closed","ping_status":"closed","template":"","meta":{"_acf_changed":false,"content-type":"","footnotes":""},"class_list":["post-18734","page","type-page","status-publish","hentry"],"acf":[],"yoast_head":"<!-- This site is optimized with the Yoast SEO plugin v25.5 - https:\/\/yoast.com\/wordpress\/plugins\/seo\/ -->\n<title>25 Jahre imc: Impressionen der Feierlichkeiten - Scheer IMC<\/title>\n<meta name=\"description\" content=\"Wir haben die sch\u00f6nsten Impressionen der offiziellen 25-Jahrfeierlichkeiten der imc AG zusammengestellt. Bilder anschauen...\" \/>\n<meta name=\"robots\" content=\"index, follow, max-snippet:-1, max-image-preview:large, max-video-preview:-1\" \/>\n<link rel=\"canonical\" href=\"https:\/\/www.scheer-imc.com\/de\/events-webinare\/25-jahre-imc\/impressionen-25-jahr-feier\/\" \/>\n<meta property=\"og:locale\" content=\"de_DE\" \/>\n<meta property=\"og:type\" content=\"article\" \/>\n<meta property=\"og:title\" content=\"25 Jahre imc: Impressionen der Feierlichkeiten - Scheer IMC\" \/>\n<meta property=\"og:description\" content=\"Wir haben die sch\u00f6nsten Impressionen der offiziellen 25-Jahrfeierlichkeiten der imc AG zusammengestellt. Bilder anschauen...\" \/>\n<meta property=\"og:url\" content=\"https:\/\/www.scheer-imc.com\/de\/events-webinare\/25-jahre-imc\/impressionen-25-jahr-feier\/\" \/>\n<meta property=\"og:site_name\" content=\"Scheer IMC\" \/>\n<meta property=\"article:publisher\" content=\"https:\/\/www.facebook.com\/imcLearning\" \/>\n<meta property=\"article:modified_time\" content=\"2024-04-03T09:20:50+00:00\" \/>\n<meta name=\"twitter:card\" content=\"summary_large_image\" \/>\n<meta name=\"twitter:site\" content=\"@imc_learning\" \/>\n<meta name=\"twitter:label1\" content=\"Gesch\u00e4tzte Lesezeit\" \/>\n\t<meta name=\"twitter:data1\" content=\"15\u00a0Minuten\" \/>\n<script type=\"application\/ld+json\" class=\"yoast-schema-graph\">{\"@context\":\"https:\/\/schema.org\",\"@graph\":[{\"@type\":\"WebPage\",\"@id\":\"https:\/\/www.scheer-imc.com\/de\/events-webinare\/25-jahre-imc\/impressionen-25-jahr-feier\/\",\"url\":\"https:\/\/www.scheer-imc.com\/de\/events-webinare\/25-jahre-imc\/impressionen-25-jahr-feier\/\",\"name\":\"25 Jahre imc: Impressionen der Feierlichkeiten - Scheer IMC\",\"isPartOf\":{\"@id\":\"https:\/\/www.scheer-imc.com\/de\/#website\"},\"datePublished\":\"2022-09-23T11:43:49+00:00\",\"dateModified\":\"2024-04-03T09:20:50+00:00\",\"description\":\"Wir haben die sch\u00f6nsten Impressionen der offiziellen 25-Jahrfeierlichkeiten der imc AG zusammengestellt. Bilder anschauen...\",\"breadcrumb\":{\"@id\":\"https:\/\/www.scheer-imc.com\/de\/events-webinare\/25-jahre-imc\/impressionen-25-jahr-feier\/#breadcrumb\"},\"inLanguage\":\"de\",\"potentialAction\":[{\"@type\":\"ReadAction\",\"target\":[\"https:\/\/www.scheer-imc.com\/de\/events-webinare\/25-jahre-imc\/impressionen-25-jahr-feier\/\"]}]},{\"@type\":\"BreadcrumbList\",\"@id\":\"https:\/\/www.scheer-imc.com\/de\/events-webinare\/25-jahre-imc\/impressionen-25-jahr-feier\/#breadcrumb\",\"itemListElement\":[{\"@type\":\"ListItem\",\"position\":1,\"name\":\"Startseite\",\"item\":\"https:\/\/www.scheer-imc.com\/de\/\"},{\"@type\":\"ListItem\",\"position\":2,\"name\":\"Events und Webinare\",\"item\":\"https:\/\/www.scheer-imc.com\/de\/events-webinare\/\"},{\"@type\":\"ListItem\",\"position\":3,\"name\":\"25 Jahre imc\",\"item\":\"https:\/\/www.scheer-imc.com\/de\/?page_id=18614\"},{\"@type\":\"ListItem\",\"position\":4,\"name\":\"25 Jahre imc: Impressionen der Feierlichkeiten\"}]},{\"@type\":\"WebSite\",\"@id\":\"https:\/\/www.scheer-imc.com\/de\/#website\",\"url\":\"https:\/\/www.scheer-imc.com\/de\/\",\"name\":\"Scheer IMC\",\"description\":\"Wir verwandeln Lernstrategien in echten Unternehmens\u00aderfolg\",\"potentialAction\":[{\"@type\":\"SearchAction\",\"target\":{\"@type\":\"EntryPoint\",\"urlTemplate\":\"https:\/\/www.scheer-imc.com\/de\/?s={search_term_string}\"},\"query-input\":{\"@type\":\"PropertyValueSpecification\",\"valueRequired\":true,\"valueName\":\"search_term_string\"}}],\"inLanguage\":\"de\"}]}<\/script>\n<!-- \/ Yoast SEO plugin. -->","yoast_head_json":{"title":"25 Jahre imc: Impressionen der Feierlichkeiten - Scheer IMC","description":"Wir haben die sch\u00f6nsten Impressionen der offiziellen 25-Jahrfeierlichkeiten der imc AG zusammengestellt. Bilder anschauen...","robots":{"index":"index","follow":"follow","max-snippet":"max-snippet:-1","max-image-preview":"max-image-preview:large","max-video-preview":"max-video-preview:-1"},"canonical":"https:\/\/www.scheer-imc.com\/de\/events-webinare\/25-jahre-imc\/impressionen-25-jahr-feier\/","og_locale":"de_DE","og_type":"article","og_title":"25 Jahre imc: Impressionen der Feierlichkeiten - Scheer IMC","og_description":"Wir haben die sch\u00f6nsten Impressionen der offiziellen 25-Jahrfeierlichkeiten der imc AG zusammengestellt. Bilder anschauen...","og_url":"https:\/\/www.scheer-imc.com\/de\/events-webinare\/25-jahre-imc\/impressionen-25-jahr-feier\/","og_site_name":"Scheer IMC","article_publisher":"https:\/\/www.facebook.com\/imcLearning","article_modified_time":"2024-04-03T09:20:50+00:00","twitter_card":"summary_large_image","twitter_site":"@imc_learning","twitter_misc":{"Gesch\u00e4tzte Lesezeit":"15\u00a0Minuten"},"schema":{"@context":"https:\/\/schema.org","@graph":[{"@type":"WebPage","@id":"https:\/\/www.scheer-imc.com\/de\/events-webinare\/25-jahre-imc\/impressionen-25-jahr-feier\/","url":"https:\/\/www.scheer-imc.com\/de\/events-webinare\/25-jahre-imc\/impressionen-25-jahr-feier\/","name":"25 Jahre imc: Impressionen der Feierlichkeiten - Scheer IMC","isPartOf":{"@id":"https:\/\/www.scheer-imc.com\/de\/#website"},"datePublished":"2022-09-23T11:43:49+00:00","dateModified":"2024-04-03T09:20:50+00:00","description":"Wir haben die sch\u00f6nsten Impressionen der offiziellen 25-Jahrfeierlichkeiten der imc AG zusammengestellt. Bilder anschauen...","breadcrumb":{"@id":"https:\/\/www.scheer-imc.com\/de\/events-webinare\/25-jahre-imc\/impressionen-25-jahr-feier\/#breadcrumb"},"inLanguage":"de","potentialAction":[{"@type":"ReadAction","target":["https:\/\/www.scheer-imc.com\/de\/events-webinare\/25-jahre-imc\/impressionen-25-jahr-feier\/"]}]},{"@type":"BreadcrumbList","@id":"https:\/\/www.scheer-imc.com\/de\/events-webinare\/25-jahre-imc\/impressionen-25-jahr-feier\/#breadcrumb","itemListElement":[{"@type":"ListItem","position":1,"name":"Startseite","item":"https:\/\/www.scheer-imc.com\/de\/"},{"@type":"ListItem","position":2,"name":"Events und Webinare","item":"https:\/\/www.scheer-imc.com\/de\/events-webinare\/"},{"@type":"ListItem","position":3,"name":"25 Jahre imc","item":"https:\/\/www.scheer-imc.com\/de\/?page_id=18614"},{"@type":"ListItem","position":4,"name":"25 Jahre imc: Impressionen der Feierlichkeiten"}]},{"@type":"WebSite","@id":"https:\/\/www.scheer-imc.com\/de\/#website","url":"https:\/\/www.scheer-imc.com\/de\/","name":"Scheer IMC","description":"Wir verwandeln Lernstrategien in echten Unternehmens\u00aderfolg","potentialAction":[{"@type":"SearchAction","target":{"@type":"EntryPoint","urlTemplate":"https:\/\/www.scheer-imc.com\/de\/?s={search_term_string}"},"query-input":{"@type":"PropertyValueSpecification","valueRequired":true,"valueName":"search_term_string"}}],"inLanguage":"de"}]}},"_links":{"self":[{"href":"https:\/\/www.scheer-imc.com\/de\/wp-json\/wp\/v2\/pages\/18734","targetHints":{"allow":["GET"]}}],"collection":[{"href":"https:\/\/www.scheer-imc.com\/de\/wp-json\/wp\/v2\/pages"}],"about":[{"href":"https:\/\/www.scheer-imc.com\/de\/wp-json\/wp\/v2\/types\/page"}],"author":[{"embeddable":true,"href":"https:\/\/www.scheer-imc.com\/de\/wp-json\/wp\/v2\/users\/10"}],"replies":[{"embeddable":true,"href":"https:\/\/www.scheer-imc.com\/de\/wp-json\/wp\/v2\/comments?post=18734"}],"version-history":[{"count":0,"href":"https:\/\/www.scheer-imc.com\/de\/wp-json\/wp\/v2\/pages\/18734\/revisions"}],"up":[{"embeddable":true,"href":"https:\/\/www.scheer-imc.com\/de\/wp-json\/wp\/v2\/pages\/18614"}],"wp:attachment":[{"href":"https:\/\/www.scheer-imc.com\/de\/wp-json\/wp\/v2\/media?parent=18734"}],"curies":[{"name":"wp","href":"https:\/\/api.w.org\/{rel}","templated":true}]}}