{"id":15394,"date":"2020-12-16T13:35:45","date_gmt":"2020-12-16T12:35:45","guid":{"rendered":"https:\/\/www.scheer-imc.com\/de\/?page_id=15394"},"modified":"2020-12-18T10:40:37","modified_gmt":"2020-12-18T09:40:37","slug":"soziale-nachhaltigkeit","status":"publish","type":"page","link":"https:\/\/www.scheer-imc.com\/de\/unternehmen\/corporate-social-responsibility\/soziale-nachhaltigkeit\/","title":{"rendered":"Soziale Nachhaltigkeit"},"content":{"rendered":"<div id=\"pl-15394\"  class=\"panel-layout\" ><div id=\"pg-15394-0\"  class=\"panel-grid panel-no-style\"  style=\"--mobile-padding:;\" ><div id=\"pgc-15394-0-0\"  class=\"panel-grid-cell\" ><div id=\"panel-15394-0-0-0\" class=\"so-panel widget widget_zrm-hero panel-first-child panel-last-child\" data-index=\"0\" ><div\n\t\t\t\n\t\t\tclass=\"so-widget-zrm-hero so-widget-zrm-hero-default-d75171398898-15394\"\n\t\t\t\n\t\t><div class=\"widget widget--hero widget--left widget--show lg\">\n\t\t\t<div class=\"hero__image\">\n\t\t\t<div class=\"hero__darken\"><\/div>\t\t\t<img decoding=\"async\" width=\"1600\" height=\"900\" src=\"https:\/\/www.scheer-imc.com\/de\/wp-content\/uploads\/sites\/8\/2020\/12\/imc_image_csr-sozial_header.jpg\" class=\"attachment-full size-full\" alt=\"Soziale Nachhaltigkeit\" srcset=\"https:\/\/www.scheer-imc.com\/de\/wp-content\/uploads\/sites\/8\/2020\/12\/imc_image_csr-sozial_header.jpg 1600w, https:\/\/www.scheer-imc.com\/de\/wp-content\/uploads\/sites\/8\/2020\/12\/imc_image_csr-sozial_header-300x169.jpg 300w, https:\/\/www.scheer-imc.com\/de\/wp-content\/uploads\/sites\/8\/2020\/12\/imc_image_csr-sozial_header-1024x576.jpg 1024w, https:\/\/www.scheer-imc.com\/de\/wp-content\/uploads\/sites\/8\/2020\/12\/imc_image_csr-sozial_header-768x432.jpg 768w, https:\/\/www.scheer-imc.com\/de\/wp-content\/uploads\/sites\/8\/2020\/12\/imc_image_csr-sozial_header-1536x864.jpg 1536w\" sizes=\"(max-width: 1600px) 100vw, 1600px\" \/>\t\t<\/div>\n\t\t<div class=\"hero__container\">\n\t\t<div class=\"hero__headline bold\">\n\t\t\t<div class=\"firstline\">Die Zukunft ist das,<\/div>\n\t\t\t<div class=\"secondline\">was wir daraus machen.<\/div>\n\t\t<\/div>\n\t\t\t\t<div class=\"hero__content hero__content--normal\">\n\t\t\t<div class=\"hero__text\">\n\t\t\t\t\t\t\t\t\t\t\t\t\t\t\t\t\t<div class=\"hero__cta\">\n\t\t\t\t\t\t\t\t\t\t\t\t\t\t\t\t\t<\/div>\n\t\t\t\t\t\t\t<\/div>\n\t\t<\/div>\n\t<\/div>\n<\/div>\n<\/div><\/div><\/div><\/div><div id=\"pg-15394-1\"  class=\"panel-grid panel-no-style\"  style=\"--mobile-padding:;\" ><div id=\"pgc-15394-1-0\"  class=\"panel-grid-cell panel-grid-cell-empty\" ><\/div><div id=\"pgc-15394-1-1\"  class=\"panel-grid-cell panel-grid-cell-mobile-last\" ><div id=\"panel-15394-1-1-0\" class=\"so-panel widget widget_zrm-headline panel-first-child\" data-index=\"1\" ><div\n\t\t\t\n\t\t\tclass=\"so-widget-zrm-headline so-widget-zrm-headline-default-d75171398898-15394\"\n\t\t\t\n\t\t><div class=\"widget widget--headline widget--center widget--show md  \">\n\t<div class=\"preline\"><\/div>\n\t<h1 class=\"headline h1\">Soziale Nachhaltigkeit<\/h1>\t<div class=\"subline\"><\/div>\n<\/div>\n<\/div><\/div><div id=\"panel-15394-1-1-1\" class=\"so-panel widget widget_zrm-editor panel-last-child\" data-index=\"2\" ><div\n\t\t\t\n\t\t\tclass=\"so-widget-zrm-editor so-widget-zrm-editor-default-d75171398898-15394\"\n\t\t\t\n\t\t><div class=\"widget widget--editor widget--show lg\">\n\t<p style=\"text-align: center\">Wir m\u00f6chten Verantwortung f\u00fcr die eigenen Mitarbeiter sowie f\u00fcr die Gesellschaft, in der wir leben, \u00fcbernehmen. Insbesondere in Zeiten der Pandemie ist schnelles und entschlossenes Handeln gefragt.<\/p>\n<\/div><\/div><\/div><\/div><div id=\"pgc-15394-1-2\"  class=\"panel-grid-cell panel-grid-cell-empty\" ><\/div><\/div><div id=\"pg-15394-2\"  class=\"panel-grid panel-no-style\"  style=\"--mobile-padding:;\" ><div id=\"pgc-15394-2-0\"  class=\"panel-grid-cell panel-grid-cell-empty\" ><\/div><div id=\"pgc-15394-2-1\"  class=\"panel-grid-cell panel-grid-cell-mobile-last\" ><div id=\"panel-15394-2-1-0\" class=\"so-panel widget widget_zrm-separator panel-first-child panel-last-child\" data-index=\"3\" ><div\n\t\t\t\n\t\t\tclass=\"so-widget-zrm-separator so-widget-zrm-separator-default-d75171398898-15394\"\n\t\t\t\n\t\t><div class=\"widget widget--separator widget--show md\">\n\t<div class=\"separator\">\n\t\t<div class=\"separator__line\"><\/div>\n\t\t<span class=\"separator__text\">SCHULENGAGEMENT<\/span>\t\t<div class=\"separator__line\"><\/div>\n\t<\/div>\n<\/div><\/div><\/div><\/div><div id=\"pgc-15394-2-2\"  class=\"panel-grid-cell panel-grid-cell-empty\" ><\/div><\/div><div id=\"pg-15394-3\"  class=\"panel-grid panel-no-style\"  style=\"--mobile-padding:;\" ><div id=\"pgc-15394-3-0\"  class=\"panel-grid-cell panel-grid-cell-empty\" ><\/div><div id=\"pgc-15394-3-1\"  class=\"panel-grid-cell panel-grid-cell-mobile-last\" ><div id=\"panel-15394-3-1-0\" class=\"so-panel widget widget_zrm-editor panel-first-child panel-last-child\" data-index=\"4\" ><div\n\t\t\t\n\t\t\tclass=\"so-widget-zrm-editor so-widget-zrm-editor-default-d75171398898-15394\"\n\t\t\t\n\t\t><div class=\"widget widget--editor widget--show lg\">\n\t<p style=\"text-align: left\">Bereits zu Beginn der Corona-Krise stellte die imc Schulen, Hochschulen und Bildungseinrichtungen eine <a href=\"https:\/\/www.scheer-imc.com\/de\/newsroom\/pressemeldungen\/lernplattform-kostenfrei-fuer-schulen\/\">kostenlose digitale Lernplattform<\/a> zur Verf\u00fcgung. Weiterhin setzen wir uns im Rahmen von <a href=\"https:\/\/www.scheer-imc.com\/de\/newsroom\/pressemeldungen\/schulkooperation-saarland-digitale-bildung\/\">Schulkooperationen<\/a> f\u00fcr die F\u00f6rderung digitaler Bildung und eine nachhaltige Nachwuchssicherung ein. So f\u00fchren wir Vortr\u00e4ge und Workshops zu Themen wie Berufsorientierung und Bewerbung an unterschiedlichen Schulen durch und sind stets offen f\u00fcr neue Kooperationspartner und Ideen. Zudem ist imc offizieller Kooperationspartner im <a href=\"https:\/\/www.scheer-imc.com\/de\/newsroom\/news\/imc-ag-offizieller-kooperationspartner-im-it-buendnis-fuer-digitale-grundschule\/\">IT-B\u00fcndnis f\u00fcr \u201eDigitale Grundschule\u201c<\/a>.<\/p>\n<\/div><\/div><\/div><\/div><div id=\"pgc-15394-3-2\"  class=\"panel-grid-cell panel-grid-cell-empty\" ><\/div><\/div><div id=\"pg-15394-4\"  class=\"panel-grid panel-no-style\"  style=\"--mobile-padding:;\" ><div id=\"pgc-15394-4-0\"  class=\"panel-grid-cell panel-grid-cell-empty\" ><\/div><div id=\"pgc-15394-4-1\"  class=\"panel-grid-cell\" ><div id=\"panel-15394-4-1-0\" class=\"so-panel widget widget_zrm-collage panel-first-child panel-last-child\" data-index=\"5\" ><div\n\t\t\t\n\t\t\tclass=\"so-widget-zrm-collage so-widget-zrm-collage-default-d75171398898-15394\"\n\t\t\t\n\t\t>\n<div class=\"widget widget--collage widget--imagefirst widget--left widget--animate widget--show lg\">\n\t<div class=\"collage collage--withoutcontent\">\n\t\t<div class=\"collage__image\"><img decoding=\"async\" width=\"1200\" height=\"1303\" src=\"https:\/\/www.scheer-imc.com\/de\/wp-content\/uploads\/sites\/8\/2020\/12\/imc_image_csr_christian.png\" class=\"attachment-full size-full\" alt=\"Christian Wachter\" srcset=\"https:\/\/www.scheer-imc.com\/de\/wp-content\/uploads\/sites\/8\/2020\/12\/imc_image_csr_christian.png 1200w, https:\/\/www.scheer-imc.com\/de\/wp-content\/uploads\/sites\/8\/2020\/12\/imc_image_csr_christian-276x300.png 276w, https:\/\/www.scheer-imc.com\/de\/wp-content\/uploads\/sites\/8\/2020\/12\/imc_image_csr_christian-943x1024.png 943w, https:\/\/www.scheer-imc.com\/de\/wp-content\/uploads\/sites\/8\/2020\/12\/imc_image_csr_christian-768x834.png 768w\" sizes=\"(max-width: 1200px) 100vw, 1200px\" \/><\/div>\n\t\t<div class=\"collage__content\">\n\t\t\t<div class=\"collage__headline h1\"><\/div>\n\t\t\t<div class=\"collage__copy\"><\/div>\n\t\t\t<div class=\"collage__cta\">\n\t\t\t\t\t\t\t\t\t\t\t\t\t\t\t\t\t\t\t\t\t<\/div>\n\t\t<\/div>\n\t<\/div> \n<\/div><\/div><\/div><\/div><div id=\"pgc-15394-4-2\"  class=\"panel-grid-cell panel-grid-cell-mobile-last\" ><div id=\"panel-15394-4-2-0\" class=\"so-panel widget widget_zrm-editor panel-first-child panel-last-child\" data-index=\"6\" ><div\n\t\t\t\n\t\t\tclass=\"so-widget-zrm-editor so-widget-zrm-editor-default-d75171398898-15394\"\n\t\t\t\n\t\t><div class=\"widget widget--editor widget--show lg\">\n\t<p>\u201eDie imc f\u00fchlt sich gerade in diesen schwierigen Zeiten und als ehemaliges Universit\u00e4ts-Spin-Off verpflichtet, Bildungseinrichtungen und Organisationen dabei zu helfen, miteinander verbunden und produktiv zu bleiben.\"<\/p>\n<p>&nbsp;<\/p>\n<p>Christian Wachter<\/p>\n<p>Vorstandssprecher bei imc<\/p>\n<\/div><\/div><\/div><\/div><div id=\"pgc-15394-4-3\"  class=\"panel-grid-cell panel-grid-cell-empty\" ><\/div><\/div><div id=\"pg-15394-5\"  class=\"panel-grid panel-no-style\"  style=\"--mobile-padding:;\" ><div id=\"pgc-15394-5-0\"  class=\"panel-grid-cell panel-grid-cell-empty\" ><\/div><div id=\"pgc-15394-5-1\"  class=\"panel-grid-cell panel-grid-cell-mobile-last\" ><div id=\"panel-15394-5-1-0\" class=\"so-panel widget widget_zrm-separator panel-first-child panel-last-child\" data-index=\"7\" ><div\n\t\t\t\n\t\t\tclass=\"so-widget-zrm-separator so-widget-zrm-separator-default-d75171398898-15394\"\n\t\t\t\n\t\t><div class=\"widget widget--separator widget--show md\">\n\t<div class=\"separator\">\n\t\t<div class=\"separator__line\"><\/div>\n\t\t<span class=\"separator__text\">DIVERSITY<\/span>\t\t<div class=\"separator__line\"><\/div>\n\t<\/div>\n<\/div><\/div><\/div><\/div><div id=\"pgc-15394-5-2\"  class=\"panel-grid-cell panel-grid-cell-empty\" ><\/div><\/div><div id=\"pg-15394-6\"  class=\"panel-grid panel-no-style\"  style=\"--mobile-padding:;\" ><div id=\"pgc-15394-6-0\"  class=\"panel-grid-cell panel-grid-cell-empty\" ><\/div><div id=\"pgc-15394-6-1\"  class=\"panel-grid-cell panel-grid-cell-mobile-last\" ><div id=\"panel-15394-6-1-0\" class=\"so-panel widget widget_zrm-editor panel-first-child\" data-index=\"8\" ><div\n\t\t\t\n\t\t\tclass=\"so-widget-zrm-editor so-widget-zrm-editor-default-d75171398898-15394\"\n\t\t\t\n\t\t><div class=\"widget widget--editor widget--show md\">\n\t<p style=\"text-align: left\">Innerhalb des Unternehmens setzen wir uns f\u00fcr Diversity ein. Wir glauben, dass die Vielfalt unserer Mitarbeiter es uns erm\u00f6glicht, kreativer zu sein, uns besser auf ver\u00e4nderte Rahmenbedingungen einzustellen und letztlich erfolgreicher zu sein. Seit 2019 bekennt sich die imc offiziell zur Charta der Vielfalt und betreibt ein internes Diversity Programm, dessen j\u00e4hrliches Highlight die Feier des Welttags der kulturellen Vielfalt f\u00fcr Dialog und Entwicklung darstellt.<\/p>\n<\/div><\/div><\/div><div id=\"panel-15394-6-1-1\" class=\"so-panel widget widget_zrm-button panel-last-child\" data-index=\"9\" ><div\n\t\t\t\n\t\t\tclass=\"so-widget-zrm-button so-widget-zrm-button-default-d75171398898-15394\"\n\t\t\t\n\t\t>\n\n<div class=\"widget widget--button center widget--show lg\">\n\t\t\t\t\t\t\t\t\t\t\t\t\t\t\t\t<a class=\"button button--red button--normal button--solid\" target=\"_self\" title=\"Diversity bei imc\" href=\"https:\/\/www.scheer-imc.com\/de\/karriere\/wir-als-arbeitgeber\/diversity\/\">\n\t\t\t\t<span class=\"bold\">Diversity bei imc<\/span>\n\t\t\t<\/a>\n\t\t\t<\/div>\n<\/div><\/div><\/div><div id=\"pgc-15394-6-2\"  class=\"panel-grid-cell panel-grid-cell-empty\" ><\/div><\/div><div id=\"pg-15394-7\"  class=\"panel-grid panel-no-style\"  style=\"--mobile-padding:;\" ><div id=\"pgc-15394-7-0\"  class=\"panel-grid-cell panel-grid-cell-empty\" ><\/div><div id=\"pgc-15394-7-1\"  class=\"panel-grid-cell panel-grid-cell-mobile-last\" ><div id=\"panel-15394-7-1-0\" class=\"so-panel widget widget_zrm-gallery panel-first-child panel-last-child\" data-index=\"10\" ><div\n\t\t\t\n\t\t\tclass=\"so-widget-zrm-gallery so-widget-zrm-gallery-default-d75171398898-15394\"\n\t\t\t\n\t\t><div class=\"widget widget--gallery shadow widget--show lg\">\n\t<div class=\"gallery__slider\">\n\t\t<div class=\"glide\">\n\t\t\t<div data-glide-el=\"track\" class=\"glide__track\">\n\t\t\t\t<div class=\"glide__slides\">\n\t\t\t\t\t\t\t\t\t\t\t<div class=\"glide__slide\">\n\t\t\t\t\t\t\t\t\t\t\t\t\t\t<img decoding=\"async\" width=\"1824\" height=\"1368\" src=\"https:\/\/www.scheer-imc.com\/de\/wp-content\/uploads\/sites\/8\/2020\/05\/MicrosoftTeams-image-1.jpg\" class=\"attachment-full size-full\" alt=\"imc Diversity Day\" srcset=\"https:\/\/www.scheer-imc.com\/de\/wp-content\/uploads\/sites\/8\/2020\/05\/MicrosoftTeams-image-1.jpg 1824w, https:\/\/www.scheer-imc.com\/de\/wp-content\/uploads\/sites\/8\/2020\/05\/MicrosoftTeams-image-1-300x225.jpg 300w, https:\/\/www.scheer-imc.com\/de\/wp-content\/uploads\/sites\/8\/2020\/05\/MicrosoftTeams-image-1-1024x768.jpg 1024w, https:\/\/www.scheer-imc.com\/de\/wp-content\/uploads\/sites\/8\/2020\/05\/MicrosoftTeams-image-1-768x576.jpg 768w, https:\/\/www.scheer-imc.com\/de\/wp-content\/uploads\/sites\/8\/2020\/05\/MicrosoftTeams-image-1-1536x1152.jpg 1536w\" sizes=\"(max-width: 1824px) 100vw, 1824px\" \/>\t\t\t\t\t\t<\/div>\n\t\t\t\t\t\t\t\t\t\t\t<div class=\"glide__slide\">\n\t\t\t\t\t\t\t\t\t\t\t\t\t\t<img decoding=\"async\" width=\"2560\" height=\"1920\" src=\"https:\/\/www.scheer-imc.com\/de\/wp-content\/uploads\/sites\/8\/2020\/05\/20190528_085755-scaled.jpg\" class=\"attachment-full size-full\" alt=\"imc Diversity Day\" srcset=\"https:\/\/www.scheer-imc.com\/de\/wp-content\/uploads\/sites\/8\/2020\/05\/20190528_085755-scaled.jpg 2560w, https:\/\/www.scheer-imc.com\/de\/wp-content\/uploads\/sites\/8\/2020\/05\/20190528_085755-300x225.jpg 300w, https:\/\/www.scheer-imc.com\/de\/wp-content\/uploads\/sites\/8\/2020\/05\/20190528_085755-1024x768.jpg 1024w, https:\/\/www.scheer-imc.com\/de\/wp-content\/uploads\/sites\/8\/2020\/05\/20190528_085755-768x576.jpg 768w, https:\/\/www.scheer-imc.com\/de\/wp-content\/uploads\/sites\/8\/2020\/05\/20190528_085755-1536x1152.jpg 1536w, https:\/\/www.scheer-imc.com\/de\/wp-content\/uploads\/sites\/8\/2020\/05\/20190528_085755-2048x1536.jpg 2048w\" sizes=\"(max-width: 2560px) 100vw, 2560px\" \/>\t\t\t\t\t\t<\/div>\n\t\t\t\t\t\t\t\t\t\t\t<div class=\"glide__slide\">\n\t\t\t\t\t\t\t\t\t\t\t\t\t\t<img decoding=\"async\" width=\"2560\" height=\"1920\" src=\"https:\/\/www.scheer-imc.com\/de\/wp-content\/uploads\/sites\/8\/2020\/12\/20190528_084559-scaled.jpg\" class=\"attachment-full size-full\" alt=\"Diversity Day\" srcset=\"https:\/\/www.scheer-imc.com\/de\/wp-content\/uploads\/sites\/8\/2020\/12\/20190528_084559-scaled.jpg 2560w, https:\/\/www.scheer-imc.com\/de\/wp-content\/uploads\/sites\/8\/2020\/12\/20190528_084559-300x225.jpg 300w, https:\/\/www.scheer-imc.com\/de\/wp-content\/uploads\/sites\/8\/2020\/12\/20190528_084559-1024x768.jpg 1024w, https:\/\/www.scheer-imc.com\/de\/wp-content\/uploads\/sites\/8\/2020\/12\/20190528_084559-768x576.jpg 768w, https:\/\/www.scheer-imc.com\/de\/wp-content\/uploads\/sites\/8\/2020\/12\/20190528_084559-1536x1152.jpg 1536w, https:\/\/www.scheer-imc.com\/de\/wp-content\/uploads\/sites\/8\/2020\/12\/20190528_084559-2048x1536.jpg 2048w\" sizes=\"(max-width: 2560px) 100vw, 2560px\" \/>\t\t\t\t\t\t<\/div>\n\t\t\t\t\t\t\t\t\t\t\t<div class=\"glide__slide\">\n\t\t\t\t\t\t\t\t\t\t\t\t\t\t<img decoding=\"async\" width=\"2560\" height=\"1920\" src=\"https:\/\/www.scheer-imc.com\/de\/wp-content\/uploads\/sites\/8\/2020\/12\/20190528_084819-scaled.jpg\" class=\"attachment-full size-full\" alt=\"Diversity Day\" srcset=\"https:\/\/www.scheer-imc.com\/de\/wp-content\/uploads\/sites\/8\/2020\/12\/20190528_084819-scaled.jpg 2560w, https:\/\/www.scheer-imc.com\/de\/wp-content\/uploads\/sites\/8\/2020\/12\/20190528_084819-300x225.jpg 300w, https:\/\/www.scheer-imc.com\/de\/wp-content\/uploads\/sites\/8\/2020\/12\/20190528_084819-1024x768.jpg 1024w, https:\/\/www.scheer-imc.com\/de\/wp-content\/uploads\/sites\/8\/2020\/12\/20190528_084819-768x576.jpg 768w, https:\/\/www.scheer-imc.com\/de\/wp-content\/uploads\/sites\/8\/2020\/12\/20190528_084819-1536x1152.jpg 1536w, https:\/\/www.scheer-imc.com\/de\/wp-content\/uploads\/sites\/8\/2020\/12\/20190528_084819-2048x1536.jpg 2048w\" sizes=\"(max-width: 2560px) 100vw, 2560px\" \/>\t\t\t\t\t\t<\/div>\n\t\t\t\t\t\t\t\t\t\t\t<div class=\"glide__slide\">\n\t\t\t\t\t\t\t\t\t\t\t\t\t\t<img decoding=\"async\" width=\"2560\" height=\"1920\" src=\"https:\/\/www.scheer-imc.com\/de\/wp-content\/uploads\/sites\/8\/2020\/12\/20190528_101137-scaled.jpg\" class=\"attachment-full size-full\" alt=\"Diversity Day\" srcset=\"https:\/\/www.scheer-imc.com\/de\/wp-content\/uploads\/sites\/8\/2020\/12\/20190528_101137-scaled.jpg 2560w, https:\/\/www.scheer-imc.com\/de\/wp-content\/uploads\/sites\/8\/2020\/12\/20190528_101137-300x225.jpg 300w, https:\/\/www.scheer-imc.com\/de\/wp-content\/uploads\/sites\/8\/2020\/12\/20190528_101137-1024x768.jpg 1024w, https:\/\/www.scheer-imc.com\/de\/wp-content\/uploads\/sites\/8\/2020\/12\/20190528_101137-768x576.jpg 768w, https:\/\/www.scheer-imc.com\/de\/wp-content\/uploads\/sites\/8\/2020\/12\/20190528_101137-1536x1152.jpg 1536w, https:\/\/www.scheer-imc.com\/de\/wp-content\/uploads\/sites\/8\/2020\/12\/20190528_101137-2048x1536.jpg 2048w\" sizes=\"(max-width: 2560px) 100vw, 2560px\" \/>\t\t\t\t\t\t<\/div>\n\t\t\t\t\t\t\t\t\t<\/div>\n\t\t\t<\/div>\n\t\t<\/div>\n\t<\/div>\n\t<div class=\"gallery__controls\">\n\t\t<div class=\"gallery__thumbnails\">\n\t\t\t\t\t\t\t<div class=\"thumb active\">\n\t\t\t\t\t<img decoding=\"async\" width=\"150\" height=\"150\" src=\"https:\/\/www.scheer-imc.com\/de\/wp-content\/uploads\/sites\/8\/2020\/05\/MicrosoftTeams-image-1-150x150.jpg\" class=\"attachment-thumbnail size-thumbnail\" alt=\"imc Diversity Day\" \/>\t\t\t\t<\/div>\n\t\t\t\t\t\t\t<div class=\"thumb\">\n\t\t\t\t\t<img decoding=\"async\" width=\"150\" height=\"150\" src=\"https:\/\/www.scheer-imc.com\/de\/wp-content\/uploads\/sites\/8\/2020\/05\/20190528_085755-150x150.jpg\" class=\"attachment-thumbnail size-thumbnail\" alt=\"imc Diversity Day\" \/>\t\t\t\t<\/div>\n\t\t\t\t\t\t\t<div class=\"thumb\">\n\t\t\t\t\t<img decoding=\"async\" width=\"150\" height=\"150\" src=\"https:\/\/www.scheer-imc.com\/de\/wp-content\/uploads\/sites\/8\/2020\/12\/20190528_084559-150x150.jpg\" class=\"attachment-thumbnail size-thumbnail\" alt=\"Diversity Day\" \/>\t\t\t\t<\/div>\n\t\t\t\t\t\t\t<div class=\"thumb\">\n\t\t\t\t\t<img decoding=\"async\" width=\"150\" height=\"150\" src=\"https:\/\/www.scheer-imc.com\/de\/wp-content\/uploads\/sites\/8\/2020\/12\/20190528_084819-150x150.jpg\" class=\"attachment-thumbnail size-thumbnail\" alt=\"Diversity Day\" \/>\t\t\t\t<\/div>\n\t\t\t\t\t\t\t<div class=\"thumb\">\n\t\t\t\t\t<img decoding=\"async\" width=\"150\" height=\"150\" src=\"https:\/\/www.scheer-imc.com\/de\/wp-content\/uploads\/sites\/8\/2020\/12\/20190528_101137-150x150.jpg\" class=\"attachment-thumbnail size-thumbnail\" alt=\"Diversity Day\" \/>\t\t\t\t<\/div>\n\t\t\t\t\t\t<div class=\"indicator\"><\/div>\n\t\t<\/div>\n\t\t<div class=\"gallery__arrows\">\n\t\t\t<div class=\"gallery__arrow gallery__arrow--short\"><svg height=\"17\" viewBox=\"0 0 19 17\" width=\"19\" xmlns=\"http:\/\/www.w3.org\/2000\/svg\"><g fill=\"none\" fill-rule=\"evenodd\" stroke=\"#fff\" stroke-linecap=\"round\" stroke-linejoin=\"round\" transform=\"matrix(-1 0 0 1 19 1)\"><path d=\"m17.505376 7.5h-17.005376\"\/><path d=\"m10.5806452 15c4.9462365-4.8690906 7.4193548-7.36886337 7.4193548-7.49931818s-2.4731183-2.63068208-7.4193548-7.50068182\"\/><\/g><\/svg><\/div>\n\t\t\t<div class=\"gallery__count h5\">\n\t\t\t\t<span class=\"current\">01<\/span>\/<span class=\"total\">??<\/span>\n\t\t\t<\/div>\n\t\t\t<div class=\"gallery__arrow gallery__arrow--long\"><svg height=\"17\" viewBox=\"0 0 48 17\" width=\"48\" xmlns=\"http:\/\/www.w3.org\/2000\/svg\"><g fill=\"none\" fill-rule=\"evenodd\" stroke=\"#fff\" stroke-linecap=\"round\" stroke-linejoin=\"round\" transform=\"translate(1 1.104625)\"><path d=\"m45.505376 7.5h-45.505376\"\/><path d=\"m38.5806452 15c4.9462365-4.8690906 7.4193548-7.36886337 7.4193548-7.49931818s-2.4731183-2.63068208-7.4193548-7.50068182\"\/><\/g><\/svg><\/div>\n\t\t<\/div>\n\t<\/div>\n<\/div><\/div><\/div><\/div><div id=\"pgc-15394-7-2\"  class=\"panel-grid-cell panel-grid-cell-empty\" ><\/div><\/div><div id=\"pg-15394-8\"  class=\"panel-grid panel-no-style\"  style=\"--mobile-padding:;\" ><div id=\"pgc-15394-8-0\"  class=\"panel-grid-cell panel-grid-cell-empty\" ><\/div><div id=\"pgc-15394-8-1\"  class=\"panel-grid-cell panel-grid-cell-mobile-last\" ><div id=\"panel-15394-8-1-0\" class=\"so-panel widget widget_zrm-separator panel-first-child panel-last-child\" data-index=\"11\" ><div\n\t\t\t\n\t\t\tclass=\"so-widget-zrm-separator so-widget-zrm-separator-default-d75171398898-15394\"\n\t\t\t\n\t\t><div class=\"widget widget--separator widget--show md\">\n\t<div class=\"separator\">\n\t\t<div class=\"separator__line\"><\/div>\n\t\t<span class=\"separator__text\">MEHR ZUM THEMA SOZIALE NACHHALTIGKEIT<\/span>\t\t<div class=\"separator__line\"><\/div>\n\t<\/div>\n<\/div><\/div><\/div><\/div><div id=\"pgc-15394-8-2\"  class=\"panel-grid-cell panel-grid-cell-empty\" ><\/div><\/div><div id=\"pg-15394-9\"  class=\"panel-grid panel-no-style\"  style=\"--mobile-padding:;\" ><div id=\"pgc-15394-9-0\"  class=\"panel-grid-cell panel-grid-cell-empty\" ><\/div><div id=\"pgc-15394-9-1\"  class=\"panel-grid-cell\" ><div id=\"panel-15394-9-1-0\" class=\"so-panel widget widget_zrm-forward panel-first-child panel-last-child\" data-index=\"12\" ><div\n\t\t\t\n\t\t\tclass=\"so-widget-zrm-forward so-widget-zrm-forward-default-d75171398898-15394\"\n\t\t\t\n\t\t>\n\n<div class=\"widget widget--forward widget--show lg\">\n\t<img decoding=\"async\" class=\"forward__image\" src=\"https:\/\/www.scheer-imc.com\/de\/wp-content\/uploads\/sites\/8\/2020\/12\/imc_image_lernweltsaar_thumbnail-300x300.jpg\" \/>\n\t<div class=\"forward__darken\"><\/div>\n\t<div class=\"square\">\n\t\t<div class=\"square__inner forward__content\">\n\t\t\t<div class=\"forward__headline bold\">Lernwelt Saar<\/div>\n\t\t\t<div class=\"forward__copy\"><p>Innovative Digitalpartnerschaft der Unternehmen der Scheer Group mit Lernwelt Saar.<\/p>\n<\/div>\n\t\t\t<div class=\"forward__link\">\n\t\t\t\t\t\t\t\t\t\t\t\t\t\t\t\t\t\t<a class=\"button button--red button--normal button--solid\" target=\"_self\" title=\"Mehr erfahren\" href=\"https:\/\/www.scheer-imc.com\/de\/newsroom\/pressemeldungen\/innovative-digitalpartnerschaft-der-unternehmen-der-scheer-group-mit-lernwelt-saar\/\">\n\t\t\t\t<span class=\"bold\">Mehr erfahren<\/span>\n\t\t\t<\/a>\n\t\t\t\t\t\t<\/div>\n\t\t<\/div>\n\t<\/div>\n<\/div>\n<\/div><\/div><\/div><div id=\"pgc-15394-9-2\"  class=\"panel-grid-cell\" ><div id=\"panel-15394-9-2-0\" class=\"so-panel widget widget_zrm-forward panel-first-child panel-last-child\" data-index=\"13\" ><div\n\t\t\t\n\t\t\tclass=\"so-widget-zrm-forward so-widget-zrm-forward-default-d75171398898-15394\"\n\t\t\t\n\t\t>\n\n<div class=\"widget widget--forward widget--show lg\">\n\t<img decoding=\"async\" class=\"forward__image\" src=\"https:\/\/www.scheer-imc.com\/de\/wp-content\/uploads\/sites\/8\/2020\/12\/imc_image_chartadervielfalt_thumbnail-300x300.jpg\" \/>\n\t<div class=\"forward__darken\"><\/div>\n\t<div class=\"square\">\n\t\t<div class=\"square__inner forward__content\">\n\t\t\t<div class=\"forward__headline bold\">Charta der Vielfalt<\/div>\n\t\t\t<div class=\"forward__copy\"><p>imc verpflichtet sich zu Organisationskultur von Gleichheit, Vielfalt, Akzeptanz und Respekt.<\/p>\n<\/div>\n\t\t\t<div class=\"forward__link\">\n\t\t\t\t\t\t\t\t\t\t\t\t\t\t\t\t\t\t<a class=\"button button--red button--normal button--solid\" target=\"_self\" title=\"Mehr erfahren\" href=\"https:\/\/www.scheer-imc.com\/de\/newsroom\/pressemeldungen\/diversitaet-leben-imc-ag-unterzeichnet-charta-der-vielfalt\/\">\n\t\t\t\t<span class=\"bold\">Mehr erfahren<\/span>\n\t\t\t<\/a>\n\t\t\t\t\t\t<\/div>\n\t\t<\/div>\n\t<\/div>\n<\/div>\n<\/div><\/div><\/div><div id=\"pgc-15394-9-3\"  class=\"panel-grid-cell panel-grid-cell-mobile-last\" ><div id=\"panel-15394-9-3-0\" class=\"so-panel widget widget_zrm-forward panel-first-child panel-last-child\" data-index=\"14\" ><div\n\t\t\t\n\t\t\tclass=\"so-widget-zrm-forward so-widget-zrm-forward-default-d75171398898-15394\"\n\t\t\t\n\t\t>\n\n<div class=\"widget widget--forward widget--show lg\">\n\t<img decoding=\"async\" class=\"forward__image\" src=\"https:\/\/www.scheer-imc.com\/de\/wp-content\/uploads\/sites\/8\/2020\/12\/imc_image_golab_thumbnail-300x300.jpg\" \/>\n\t<div class=\"forward__darken\"><\/div>\n\t<div class=\"square\">\n\t\t<div class=\"square__inner forward__content\">\n\t\t\t<div class=\"forward__headline bold\">Go-Lab<\/div>\n\t\t\t<div class=\"forward__copy\"><p>imc stellt Portal f\u00fcr Online-Labore und virtuelle Lernumgebungen kostenlos zur Verf\u00fcgung<\/p>\n<\/div>\n\t\t\t<div class=\"forward__link\">\n\t\t\t\t\t\t\t\t\t\t\t\t\t\t\t\t\t\t<a class=\"button button--red button--normal button--solid\" target=\"_self\" title=\"Mehr erfahren\" href=\"https:\/\/www.scheer-imc.com\/de\/newsroom\/news\/kostenlose-online-labore-fuer-schulen\/\">\n\t\t\t\t<span class=\"bold\">Mehr erfahren<\/span>\n\t\t\t<\/a>\n\t\t\t\t\t\t<\/div>\n\t\t<\/div>\n\t<\/div>\n<\/div>\n<\/div><\/div><\/div><div id=\"pgc-15394-9-4\"  class=\"panel-grid-cell panel-grid-cell-empty\" ><\/div><\/div><div id=\"pg-15394-10\"  class=\"panel-grid panel-no-style\"  style=\"--mobile-padding:;\" ><div id=\"pgc-15394-10-0\"  class=\"panel-grid-cell\" ><div id=\"panel-15394-10-0-0\" class=\"so-panel widget panel-first-child panel-last-child\" data-index=\"15\" ><\/div><\/div><\/div><div id=\"pg-15394-11\"  class=\"panel-grid panel-no-style\"  style=\"--mobile-padding:;\" ><div id=\"pgc-15394-11-0\"  class=\"panel-grid-cell panel-grid-cell-empty\" ><\/div><div id=\"pgc-15394-11-1\"  class=\"panel-grid-cell panel-grid-cell-mobile-last\" ><div id=\"panel-15394-11-1-0\" class=\"so-panel widget widget_zrm-share panel-first-child panel-last-child\" data-index=\"16\" ><div\n\t\t\t\n\t\t\tclass=\"so-widget-zrm-share so-widget-zrm-share-default-d75171398898-15394\"\n\t\t\t\n\t\t><div class=\"widget widget--share noshadow widget--show lg\">\n        <div class=\"share__button-group\">\n        <div class=\"shariff\"><ul class=\"shariff-buttons theme-default orientation-horizontal buttonsize-medium\"><li class=\"shariff-button twitter shariff-nocustomcolor\" style=\"background-color:#32bbf5\"><a href=\"https:\/\/twitter.com\/share?url=https%3A%2F%2Fwww.scheer-imc.com%2Fde%2Funternehmen%2Fcorporate-social-responsibility%2Fsoziale-nachhaltigkeit%2F&text=Soziale%20Nachhaltigkeit\" title=\"Bei Twitter teilen\" aria-label=\"Bei Twitter teilen\" role=\"button\" rel=\"noopener nofollow\" class=\"shariff-link\" style=\"; background-color:#55acee; color:#fff\" target=\"_blank\"><span class=\"shariff-icon\" style=\"\"><svg width=\"32px\" height=\"20px\" xmlns=\"http:\/\/www.w3.org\/2000\/svg\" viewBox=\"0 0 30 32\"><path fill=\"#55acee\" d=\"M29.7 6.8q-1.2 1.8-3 3.1 0 0.3 0 0.8 0 2.5-0.7 4.9t-2.2 4.7-3.5 4-4.9 2.8-6.1 1q-5.1 0-9.3-2.7 0.6 0.1 1.5 0.1 4.3 0 7.6-2.6-2-0.1-3.5-1.2t-2.2-3q0.6 0.1 1.1 0.1 0.8 0 1.6-0.2-2.1-0.4-3.5-2.1t-1.4-3.9v-0.1q1.3 0.7 2.8 0.8-1.2-0.8-2-2.2t-0.7-2.9q0-1.7 0.8-3.1 2.3 2.8 5.5 4.5t7 1.9q-0.2-0.7-0.2-1.4 0-2.5 1.8-4.3t4.3-1.8q2.7 0 4.5 1.9 2.1-0.4 3.9-1.5-0.7 2.2-2.7 3.4 1.8-0.2 3.5-0.9z\"\/><\/svg><\/span><span class=\"shariff-text\">twittern<\/span>&nbsp;<\/a><\/li><li class=\"shariff-button facebook shariff-nocustomcolor\" style=\"background-color:#4273c8\"><a href=\"https:\/\/www.facebook.com\/sharer\/sharer.php?u=https%3A%2F%2Fwww.scheer-imc.com%2Fde%2Funternehmen%2Fcorporate-social-responsibility%2Fsoziale-nachhaltigkeit%2F\" title=\"Bei Facebook teilen\" aria-label=\"Bei Facebook teilen\" role=\"button\" rel=\"nofollow\" class=\"shariff-link\" style=\"; background-color:#3b5998; color:#fff\" target=\"_blank\"><span class=\"shariff-icon\" style=\"\"><svg width=\"32px\" height=\"20px\" xmlns=\"http:\/\/www.w3.org\/2000\/svg\" viewBox=\"0 0 18 32\"><path fill=\"#3b5998\" d=\"M17.1 0.2v4.7h-2.8q-1.5 0-2.1 0.6t-0.5 1.9v3.4h5.2l-0.7 5.3h-4.5v13.6h-5.5v-13.6h-4.5v-5.3h4.5v-3.9q0-3.3 1.9-5.2t5-1.8q2.6 0 4.1 0.2z\"\/><\/svg><\/span><span class=\"shariff-text\">teilen<\/span>&nbsp;<\/a><\/li><li class=\"shariff-button linkedin shariff-nocustomcolor\" style=\"background-color:#1488bf\"><a href=\"https:\/\/www.linkedin.com\/shareArticle?mini=true&url=https%3A%2F%2Fwww.scheer-imc.com%2Fde%2Funternehmen%2Fcorporate-social-responsibility%2Fsoziale-nachhaltigkeit%2F&title=Soziale%20Nachhaltigkeit\" title=\"Bei LinkedIn teilen\" aria-label=\"Bei LinkedIn teilen\" role=\"button\" rel=\"noopener nofollow\" class=\"shariff-link\" style=\"; background-color:#0077b5; color:#fff\" target=\"_blank\"><span class=\"shariff-icon\" style=\"\"><svg width=\"32px\" height=\"20px\" xmlns=\"http:\/\/www.w3.org\/2000\/svg\" viewBox=\"0 0 27 32\"><path fill=\"#0077b5\" d=\"M6.2 11.2v17.7h-5.9v-17.7h5.9zM6.6 5.7q0 1.3-0.9 2.2t-2.4 0.9h0q-1.5 0-2.4-0.9t-0.9-2.2 0.9-2.2 2.4-0.9 2.4 0.9 0.9 2.2zM27.4 18.7v10.1h-5.9v-9.5q0-1.9-0.7-2.9t-2.3-1.1q-1.1 0-1.9 0.6t-1.2 1.5q-0.2 0.5-0.2 1.4v9.9h-5.9q0-7.1 0-11.6t0-5.3l0-0.9h5.9v2.6h0q0.4-0.6 0.7-1t1-0.9 1.6-0.8 2-0.3q3 0 4.9 2t1.9 6z\"\/><\/svg><\/span><span class=\"shariff-text\">mitteilen<\/span>&nbsp;<\/a><\/li><li class=\"shariff-button xing shariff-nocustomcolor\" style=\"background-color:#29888a\"><a href=\"https:\/\/www.xing.com\/spi\/shares\/new?url=https%3A%2F%2Fwww.scheer-imc.com%2Fde%2Funternehmen%2Fcorporate-social-responsibility%2Fsoziale-nachhaltigkeit%2F\" title=\"Bei XING teilen\" aria-label=\"Bei XING teilen\" role=\"button\" rel=\"noopener nofollow\" class=\"shariff-link\" style=\"; background-color:#126567; color:#fff\" target=\"_blank\"><span class=\"shariff-icon\" style=\"\"><svg width=\"32px\" height=\"20px\" xmlns=\"http:\/\/www.w3.org\/2000\/svg\" viewBox=\"0 0 25 32\"><path fill=\"#126567\" d=\"M10.7 11.9q-0.2 0.3-4.6 8.2-0.5 0.8-1.2 0.8h-4.3q-0.4 0-0.5-0.3t0-0.6l4.5-8q0 0 0 0l-2.9-5q-0.2-0.4 0-0.7 0.2-0.3 0.5-0.3h4.3q0.7 0 1.2 0.8zM25.1 0.4q0.2 0.3 0 0.7l-9.4 16.7 6 11q0.2 0.4 0 0.6-0.2 0.3-0.6 0.3h-4.3q-0.7 0-1.2-0.8l-6-11.1q0.3-0.6 9.5-16.8 0.4-0.8 1.2-0.8h4.3q0.4 0 0.5 0.3z\"\/><\/svg><\/span><span class=\"shariff-text\">teilen<\/span>&nbsp;<\/a><\/li><\/ul><\/div>    <\/div>\n<\/div><\/div><\/div><\/div><div id=\"pgc-15394-11-2\"  class=\"panel-grid-cell panel-grid-cell-empty\" ><\/div><\/div><\/div>","protected":false},"excerpt":{"rendered":"<p>Die Zukunft ist das, was wir daraus machen. Soziale Nachhaltigkeit Wir m\u00f6chten Verantwortung f\u00fcr die eigenen Mitarbeiter sowie f\u00fcr die Gesellschaft, in der wir leben, \u00fcbernehmen. Insbesondere in Zeiten der Pandemie ist schnelles und entschlossenes Handeln gefragt. SCHULENGAGEMENT Bereits zu Beginn der Corona-Krise stellte die imc Schulen, Hochschulen und Bildungseinrichtungen eine kostenlose digitale Lernplattform zur [&hellip;]<\/p>\n","protected":false},"author":8,"featured_media":15381,"parent":15368,"menu_order":1,"comment_status":"closed","ping_status":"closed","template":"","meta":{"_acf_changed":false,"content-type":"","footnotes":""},"class_list":["post-15394","page","type-page","status-publish","has-post-thumbnail","hentry"],"acf":[],"yoast_head":"<!-- This site is optimized with the Yoast SEO plugin v25.5 - https:\/\/yoast.com\/wordpress\/plugins\/seo\/ -->\n<title>Soziale Nachhaltigkeit bei imc<\/title>\n<meta name=\"description\" content=\"imc engagiert sich f\u00fcr digitale Bildung an Schulen und f\u00fcr Vielfalt im Unternehmen. Mehr \u00fcber soziale Nachhaltigkeit bei imc erfahren\" \/>\n<meta name=\"robots\" content=\"index, follow, max-snippet:-1, max-image-preview:large, max-video-preview:-1\" \/>\n<link rel=\"canonical\" href=\"https:\/\/www.scheer-imc.com\/de\/unternehmen\/corporate-social-responsibility\/soziale-nachhaltigkeit\/\" \/>\n<meta property=\"og:locale\" content=\"de_DE\" \/>\n<meta property=\"og:type\" content=\"article\" \/>\n<meta property=\"og:title\" content=\"Soziale Nachhaltigkeit bei imc\" \/>\n<meta property=\"og:description\" content=\"imc engagiert sich f\u00fcr digitale Bildung an Schulen und f\u00fcr Vielfalt im Unternehmen. Mehr \u00fcber soziale Nachhaltigkeit bei imc erfahren\" \/>\n<meta property=\"og:url\" content=\"https:\/\/www.scheer-imc.com\/de\/unternehmen\/corporate-social-responsibility\/soziale-nachhaltigkeit\/\" \/>\n<meta property=\"og:site_name\" content=\"Scheer IMC\" \/>\n<meta property=\"article:publisher\" content=\"https:\/\/www.facebook.com\/imcLearning\" \/>\n<meta property=\"article:modified_time\" content=\"2020-12-18T09:40:37+00:00\" \/>\n<meta property=\"og:image\" content=\"https:\/\/imc-website-content.s3.eu-central-1.amazonaws.com\/wp-content\/uploads\/sites\/8\/2020\/12\/02154158\/imc_image_csr_featuredimage.png\" \/>\n\t<meta property=\"og:image:width\" content=\"1200\" \/>\n\t<meta property=\"og:image:height\" content=\"630\" \/>\n\t<meta property=\"og:image:type\" content=\"image\/png\" \/>\n<meta name=\"twitter:card\" content=\"summary_large_image\" \/>\n<meta name=\"twitter:site\" content=\"@imc_learning\" \/>\n<meta name=\"twitter:label1\" content=\"Gesch\u00e4tzte Lesezeit\" \/>\n\t<meta name=\"twitter:data1\" content=\"1\u00a0Minute\" \/>\n<script type=\"application\/ld+json\" class=\"yoast-schema-graph\">{\"@context\":\"https:\/\/schema.org\",\"@graph\":[{\"@type\":\"WebPage\",\"@id\":\"https:\/\/www.scheer-imc.com\/de\/unternehmen\/corporate-social-responsibility\/soziale-nachhaltigkeit\/\",\"url\":\"https:\/\/www.scheer-imc.com\/de\/unternehmen\/corporate-social-responsibility\/soziale-nachhaltigkeit\/\",\"name\":\"Soziale Nachhaltigkeit bei imc\",\"isPartOf\":{\"@id\":\"https:\/\/www.scheer-imc.com\/de\/#website\"},\"primaryImageOfPage\":{\"@id\":\"https:\/\/www.scheer-imc.com\/de\/unternehmen\/corporate-social-responsibility\/soziale-nachhaltigkeit\/#primaryimage\"},\"image\":{\"@id\":\"https:\/\/www.scheer-imc.com\/de\/unternehmen\/corporate-social-responsibility\/soziale-nachhaltigkeit\/#primaryimage\"},\"thumbnailUrl\":\"https:\/\/www.scheer-imc.com\/de\/wp-content\/uploads\/sites\/8\/2020\/12\/imc_image_csr_featuredimage.png\",\"datePublished\":\"2020-12-16T12:35:45+00:00\",\"dateModified\":\"2020-12-18T09:40:37+00:00\",\"description\":\"imc engagiert sich f\u00fcr digitale Bildung an Schulen und f\u00fcr Vielfalt im Unternehmen. Mehr \u00fcber soziale Nachhaltigkeit bei imc erfahren\",\"breadcrumb\":{\"@id\":\"https:\/\/www.scheer-imc.com\/de\/unternehmen\/corporate-social-responsibility\/soziale-nachhaltigkeit\/#breadcrumb\"},\"inLanguage\":\"de\",\"potentialAction\":[{\"@type\":\"ReadAction\",\"target\":[\"https:\/\/www.scheer-imc.com\/de\/unternehmen\/corporate-social-responsibility\/soziale-nachhaltigkeit\/\"]}]},{\"@type\":\"ImageObject\",\"inLanguage\":\"de\",\"@id\":\"https:\/\/www.scheer-imc.com\/de\/unternehmen\/corporate-social-responsibility\/soziale-nachhaltigkeit\/#primaryimage\",\"url\":\"https:\/\/www.scheer-imc.com\/de\/wp-content\/uploads\/sites\/8\/2020\/12\/imc_image_csr_featuredimage.png\",\"contentUrl\":\"https:\/\/www.scheer-imc.com\/de\/wp-content\/uploads\/sites\/8\/2020\/12\/imc_image_csr_featuredimage.png\",\"width\":1200,\"height\":630,\"caption\":\"Corporate Social Responsibility\"},{\"@type\":\"BreadcrumbList\",\"@id\":\"https:\/\/www.scheer-imc.com\/de\/unternehmen\/corporate-social-responsibility\/soziale-nachhaltigkeit\/#breadcrumb\",\"itemListElement\":[{\"@type\":\"ListItem\",\"position\":1,\"name\":\"Startseite\",\"item\":\"https:\/\/www.scheer-imc.com\/de\/\"},{\"@type\":\"ListItem\",\"position\":2,\"name\":\"Unternehmen\",\"item\":\"https:\/\/www.scheer-imc.com\/de\/unternehmen\/\"},{\"@type\":\"ListItem\",\"position\":3,\"name\":\"Corporate Social Responsibility\",\"item\":\"https:\/\/www.scheer-imc.com\/de\/unternehmen\/corporate-social-responsibility\/\"},{\"@type\":\"ListItem\",\"position\":4,\"name\":\"Soziale Nachhaltigkeit\"}]},{\"@type\":\"WebSite\",\"@id\":\"https:\/\/www.scheer-imc.com\/de\/#website\",\"url\":\"https:\/\/www.scheer-imc.com\/de\/\",\"name\":\"Scheer IMC\",\"description\":\"Wir verwandeln Lernstrategien in echten Unternehmens\u00aderfolg\",\"potentialAction\":[{\"@type\":\"SearchAction\",\"target\":{\"@type\":\"EntryPoint\",\"urlTemplate\":\"https:\/\/www.scheer-imc.com\/de\/?s={search_term_string}\"},\"query-input\":{\"@type\":\"PropertyValueSpecification\",\"valueRequired\":true,\"valueName\":\"search_term_string\"}}],\"inLanguage\":\"de\"}]}<\/script>\n<!-- \/ Yoast SEO plugin. -->","yoast_head_json":{"title":"Soziale Nachhaltigkeit bei imc","description":"imc engagiert sich f\u00fcr digitale Bildung an Schulen und f\u00fcr Vielfalt im Unternehmen. Mehr \u00fcber soziale Nachhaltigkeit bei imc erfahren","robots":{"index":"index","follow":"follow","max-snippet":"max-snippet:-1","max-image-preview":"max-image-preview:large","max-video-preview":"max-video-preview:-1"},"canonical":"https:\/\/www.scheer-imc.com\/de\/unternehmen\/corporate-social-responsibility\/soziale-nachhaltigkeit\/","og_locale":"de_DE","og_type":"article","og_title":"Soziale Nachhaltigkeit bei imc","og_description":"imc engagiert sich f\u00fcr digitale Bildung an Schulen und f\u00fcr Vielfalt im Unternehmen. Mehr \u00fcber soziale Nachhaltigkeit bei imc erfahren","og_url":"https:\/\/www.scheer-imc.com\/de\/unternehmen\/corporate-social-responsibility\/soziale-nachhaltigkeit\/","og_site_name":"Scheer IMC","article_publisher":"https:\/\/www.facebook.com\/imcLearning","article_modified_time":"2020-12-18T09:40:37+00:00","og_image":[{"width":1200,"height":630,"url":"https:\/\/imc-website-content.s3.eu-central-1.amazonaws.com\/wp-content\/uploads\/sites\/8\/2020\/12\/02154158\/imc_image_csr_featuredimage.png","type":"image\/png"}],"twitter_card":"summary_large_image","twitter_site":"@imc_learning","twitter_misc":{"Gesch\u00e4tzte Lesezeit":"1\u00a0Minute"},"schema":{"@context":"https:\/\/schema.org","@graph":[{"@type":"WebPage","@id":"https:\/\/www.scheer-imc.com\/de\/unternehmen\/corporate-social-responsibility\/soziale-nachhaltigkeit\/","url":"https:\/\/www.scheer-imc.com\/de\/unternehmen\/corporate-social-responsibility\/soziale-nachhaltigkeit\/","name":"Soziale Nachhaltigkeit bei imc","isPartOf":{"@id":"https:\/\/www.scheer-imc.com\/de\/#website"},"primaryImageOfPage":{"@id":"https:\/\/www.scheer-imc.com\/de\/unternehmen\/corporate-social-responsibility\/soziale-nachhaltigkeit\/#primaryimage"},"image":{"@id":"https:\/\/www.scheer-imc.com\/de\/unternehmen\/corporate-social-responsibility\/soziale-nachhaltigkeit\/#primaryimage"},"thumbnailUrl":"https:\/\/www.scheer-imc.com\/de\/wp-content\/uploads\/sites\/8\/2020\/12\/imc_image_csr_featuredimage.png","datePublished":"2020-12-16T12:35:45+00:00","dateModified":"2020-12-18T09:40:37+00:00","description":"imc engagiert sich f\u00fcr digitale Bildung an Schulen und f\u00fcr Vielfalt im Unternehmen. Mehr \u00fcber soziale Nachhaltigkeit bei imc erfahren","breadcrumb":{"@id":"https:\/\/www.scheer-imc.com\/de\/unternehmen\/corporate-social-responsibility\/soziale-nachhaltigkeit\/#breadcrumb"},"inLanguage":"de","potentialAction":[{"@type":"ReadAction","target":["https:\/\/www.scheer-imc.com\/de\/unternehmen\/corporate-social-responsibility\/soziale-nachhaltigkeit\/"]}]},{"@type":"ImageObject","inLanguage":"de","@id":"https:\/\/www.scheer-imc.com\/de\/unternehmen\/corporate-social-responsibility\/soziale-nachhaltigkeit\/#primaryimage","url":"https:\/\/www.scheer-imc.com\/de\/wp-content\/uploads\/sites\/8\/2020\/12\/imc_image_csr_featuredimage.png","contentUrl":"https:\/\/www.scheer-imc.com\/de\/wp-content\/uploads\/sites\/8\/2020\/12\/imc_image_csr_featuredimage.png","width":1200,"height":630,"caption":"Corporate Social Responsibility"},{"@type":"BreadcrumbList","@id":"https:\/\/www.scheer-imc.com\/de\/unternehmen\/corporate-social-responsibility\/soziale-nachhaltigkeit\/#breadcrumb","itemListElement":[{"@type":"ListItem","position":1,"name":"Startseite","item":"https:\/\/www.scheer-imc.com\/de\/"},{"@type":"ListItem","position":2,"name":"Unternehmen","item":"https:\/\/www.scheer-imc.com\/de\/unternehmen\/"},{"@type":"ListItem","position":3,"name":"Corporate Social Responsibility","item":"https:\/\/www.scheer-imc.com\/de\/unternehmen\/corporate-social-responsibility\/"},{"@type":"ListItem","position":4,"name":"Soziale Nachhaltigkeit"}]},{"@type":"WebSite","@id":"https:\/\/www.scheer-imc.com\/de\/#website","url":"https:\/\/www.scheer-imc.com\/de\/","name":"Scheer IMC","description":"Wir verwandeln Lernstrategien in echten Unternehmens\u00aderfolg","potentialAction":[{"@type":"SearchAction","target":{"@type":"EntryPoint","urlTemplate":"https:\/\/www.scheer-imc.com\/de\/?s={search_term_string}"},"query-input":{"@type":"PropertyValueSpecification","valueRequired":true,"valueName":"search_term_string"}}],"inLanguage":"de"}]}},"_links":{"self":[{"href":"https:\/\/www.scheer-imc.com\/de\/wp-json\/wp\/v2\/pages\/15394","targetHints":{"allow":["GET"]}}],"collection":[{"href":"https:\/\/www.scheer-imc.com\/de\/wp-json\/wp\/v2\/pages"}],"about":[{"href":"https:\/\/www.scheer-imc.com\/de\/wp-json\/wp\/v2\/types\/page"}],"author":[{"embeddable":true,"href":"https:\/\/www.scheer-imc.com\/de\/wp-json\/wp\/v2\/users\/8"}],"replies":[{"embeddable":true,"href":"https:\/\/www.scheer-imc.com\/de\/wp-json\/wp\/v2\/comments?post=15394"}],"version-history":[{"count":1,"href":"https:\/\/www.scheer-imc.com\/de\/wp-json\/wp\/v2\/pages\/15394\/revisions"}],"predecessor-version":[{"id":15520,"href":"https:\/\/www.scheer-imc.com\/de\/wp-json\/wp\/v2\/pages\/15394\/revisions\/15520"}],"up":[{"embeddable":true,"href":"https:\/\/www.scheer-imc.com\/de\/wp-json\/wp\/v2\/pages\/15368"}],"wp:featuredmedia":[{"embeddable":true,"href":"https:\/\/www.scheer-imc.com\/de\/wp-json\/wp\/v2\/media\/15381"}],"wp:attachment":[{"href":"https:\/\/www.scheer-imc.com\/de\/wp-json\/wp\/v2\/media?parent=15394"}],"curies":[{"name":"wp","href":"https:\/\/api.w.org\/{rel}","templated":true}]}}