{"id":15380,"date":"2020-12-16T13:34:23","date_gmt":"2020-12-16T12:34:23","guid":{"rendered":"https:\/\/www.scheer-imc.com\/de\/?page_id=15380"},"modified":"2020-12-18T10:39:37","modified_gmt":"2020-12-18T09:39:37","slug":"oekologische-nachhaltigkeit","status":"publish","type":"page","link":"https:\/\/www.scheer-imc.com\/de\/unternehmen\/corporate-social-responsibility\/oekologische-nachhaltigkeit\/","title":{"rendered":"\u00d6kologische Nachhaltigkeit"},"content":{"rendered":"<div id=\"pl-15380\"  class=\"panel-layout\" ><div id=\"pg-15380-0\"  class=\"panel-grid panel-no-style\"  style=\"--mobile-padding:;\" ><div id=\"pgc-15380-0-0\"  class=\"panel-grid-cell\" ><div id=\"panel-15380-0-0-0\" class=\"so-panel widget widget_zrm-hero panel-first-child panel-last-child\" data-index=\"0\" ><div\n\t\t\t\n\t\t\tclass=\"so-widget-zrm-hero so-widget-zrm-hero-default-d75171398898-15380\"\n\t\t\t\n\t\t><div class=\"widget widget--hero widget--left widget--show lg\">\n\t\t\t<div class=\"hero__image\">\n\t\t\t<div class=\"hero__darken\"><\/div>\t\t\t<img decoding=\"async\" width=\"1600\" height=\"900\" src=\"https:\/\/www.scheer-imc.com\/de\/wp-content\/uploads\/sites\/8\/2020\/12\/imc_image_csr-oeko_header.jpg\" class=\"attachment-full size-full\" alt=\"\u00d6kologische Nachhaltigkeit\" srcset=\"https:\/\/www.scheer-imc.com\/de\/wp-content\/uploads\/sites\/8\/2020\/12\/imc_image_csr-oeko_header.jpg 1600w, https:\/\/www.scheer-imc.com\/de\/wp-content\/uploads\/sites\/8\/2020\/12\/imc_image_csr-oeko_header-300x169.jpg 300w, https:\/\/www.scheer-imc.com\/de\/wp-content\/uploads\/sites\/8\/2020\/12\/imc_image_csr-oeko_header-1024x576.jpg 1024w, https:\/\/www.scheer-imc.com\/de\/wp-content\/uploads\/sites\/8\/2020\/12\/imc_image_csr-oeko_header-768x432.jpg 768w, https:\/\/www.scheer-imc.com\/de\/wp-content\/uploads\/sites\/8\/2020\/12\/imc_image_csr-oeko_header-1536x864.jpg 1536w\" sizes=\"(max-width: 1600px) 100vw, 1600px\" \/>\t\t<\/div>\n\t\t<div class=\"hero__container\">\n\t\t<div class=\"hero__headline bold\">\n\t\t\t<div class=\"firstline\">Die Zukunft ist das,<\/div>\n\t\t\t<div class=\"secondline\">was wir daraus machen.<\/div>\n\t\t<\/div>\n\t\t\t\t<div class=\"hero__content hero__content--normal\">\n\t\t\t<div class=\"hero__text\">\n\t\t\t\t\t\t\t\t\t\t\t\t\t\t\t\t\t<div class=\"hero__cta\">\n\t\t\t\t\t\t\t\t\t\t\t\t\t\t\t\t\t<\/div>\n\t\t\t\t\t\t\t<\/div>\n\t\t<\/div>\n\t<\/div>\n<\/div>\n<\/div><\/div><\/div><\/div><div id=\"pg-15380-1\"  class=\"panel-grid panel-no-style\"  style=\"--mobile-padding:;\" ><div id=\"pgc-15380-1-0\"  class=\"panel-grid-cell panel-grid-cell-empty\" ><\/div><div id=\"pgc-15380-1-1\"  class=\"panel-grid-cell panel-grid-cell-mobile-last\" ><div id=\"panel-15380-1-1-0\" class=\"so-panel widget widget_zrm-headline panel-first-child\" data-index=\"1\" ><div\n\t\t\t\n\t\t\tclass=\"so-widget-zrm-headline so-widget-zrm-headline-default-d75171398898-15380\"\n\t\t\t\n\t\t><div class=\"widget widget--headline widget--center widget--show md  \">\n\t<div class=\"preline\"><\/div>\n\t<h1 class=\"headline h1\">\u00d6kologische Nachhaltigkeit<\/h1>\t<div class=\"subline\"><\/div>\n<\/div>\n<\/div><\/div><div id=\"panel-15380-1-1-1\" class=\"so-panel widget widget_zrm-editor panel-last-child\" data-index=\"2\" ><div\n\t\t\t\n\t\t\tclass=\"so-widget-zrm-editor so-widget-zrm-editor-default-d75171398898-15380\"\n\t\t\t\n\t\t><div class=\"widget widget--editor widget--show lg\">\n\t<p style=\"text-align: center\">Wir sind bestrebt, die Auswirkungen unserer Gesch\u00e4ftst\u00e4tigkeit auf die Umwelt so gering wie m\u00f6glich zu halten. Als IT-Unternehmen arbeiten wir cloudbasiert. Da E-Learning per se hilft, Papier sowie Reiset\u00e4tigkeiten zu reduzieren, haben wir dar\u00fcber hinaus einen positiven Einfluss auf die Umweltfreundlichkeit unserer Kunden. Zudem achten wir beispielsweise auf ein nachhaltiges Eventmanagement und arbeiten wo immer m\u00f6glich mit regionalen Anbietern zusammen. Mit Jobrad und Jobticket an mehreren Standorten versuchen wir, unsere Mitarbeiter f\u00fcr Umweltschutz zu begeistern und dabei zu helfen, die CO\u00b2 Emissionen zu reduzieren.<\/p>\n<\/div><\/div><\/div><\/div><div id=\"pgc-15380-1-2\"  class=\"panel-grid-cell panel-grid-cell-empty\" ><\/div><\/div><div id=\"pg-15380-2\"  class=\"panel-grid panel-no-style\"  style=\"--mobile-padding:;\" ><div id=\"pgc-15380-2-0\"  class=\"panel-grid-cell panel-grid-cell-empty\" ><\/div><div id=\"pgc-15380-2-1\"  class=\"panel-grid-cell\" ><div id=\"panel-15380-2-1-0\" class=\"so-panel widget widget_zrm-collage panel-first-child panel-last-child\" data-index=\"3\" ><div\n\t\t\t\n\t\t\tclass=\"so-widget-zrm-collage so-widget-zrm-collage-default-d75171398898-15380\"\n\t\t\t\n\t\t>\n<div class=\"widget widget--collage widget--imagefirst widget--left widget--animate widget--show lg\">\n\t<div class=\"collage collage--withoutcontent\">\n\t\t<div class=\"collage__image\"><img decoding=\"async\" width=\"1200\" height=\"1303\" src=\"https:\/\/www.scheer-imc.com\/de\/wp-content\/uploads\/sites\/8\/2020\/12\/imc_image_csr_kerstin.png\" class=\"attachment-full size-full\" alt=\"Kerstin Steffen\" srcset=\"https:\/\/www.scheer-imc.com\/de\/wp-content\/uploads\/sites\/8\/2020\/12\/imc_image_csr_kerstin.png 1200w, https:\/\/www.scheer-imc.com\/de\/wp-content\/uploads\/sites\/8\/2020\/12\/imc_image_csr_kerstin-276x300.png 276w, https:\/\/www.scheer-imc.com\/de\/wp-content\/uploads\/sites\/8\/2020\/12\/imc_image_csr_kerstin-943x1024.png 943w, https:\/\/www.scheer-imc.com\/de\/wp-content\/uploads\/sites\/8\/2020\/12\/imc_image_csr_kerstin-768x834.png 768w\" sizes=\"(max-width: 1200px) 100vw, 1200px\" \/><\/div>\n\t\t<div class=\"collage__content\">\n\t\t\t<div class=\"collage__headline h1\"><\/div>\n\t\t\t<div class=\"collage__copy\"><\/div>\n\t\t\t<div class=\"collage__cta\">\n\t\t\t\t\t\t\t\t\t\t\t\t\t\t\t\t\t\t\t\t\t<\/div>\n\t\t<\/div>\n\t<\/div> \n<\/div><\/div><\/div><\/div><div id=\"pgc-15380-2-2\"  class=\"panel-grid-cell panel-grid-cell-mobile-last\" ><div id=\"panel-15380-2-2-0\" class=\"so-panel widget widget_zrm-editor panel-first-child panel-last-child\" data-index=\"4\" ><div\n\t\t\t\n\t\t\tclass=\"so-widget-zrm-editor so-widget-zrm-editor-default-d75171398898-15380\"\n\t\t\t\n\t\t><div class=\"widget widget--editor widget--show lg\">\n\t<p>\u201eNachhaltiges Handeln hei\u00dft f\u00fcr die imc, neben den unmittelbaren auch die langfristigen Folgen ihrer Entscheidungen zu ber\u00fccksichtigen.\u201c<\/p>\n<p>&nbsp;<\/p>\n<p>Kerstin Steffen<\/p>\n<p>Head of Corporate Communications bei imc<\/p>\n<\/div><\/div><\/div><\/div><div id=\"pgc-15380-2-3\"  class=\"panel-grid-cell panel-grid-cell-empty\" ><\/div><\/div><div id=\"pg-15380-3\"  class=\"panel-grid panel-no-style\"  style=\"--mobile-padding:;\" ><div id=\"pgc-15380-3-0\"  class=\"panel-grid-cell panel-grid-cell-empty\" ><\/div><div id=\"pgc-15380-3-1\"  class=\"panel-grid-cell panel-grid-cell-mobile-last\" ><div id=\"panel-15380-3-1-0\" class=\"so-panel widget widget_zrm-separator panel-first-child panel-last-child\" data-index=\"5\" ><div\n\t\t\t\n\t\t\tclass=\"so-widget-zrm-separator so-widget-zrm-separator-default-d75171398898-15380\"\n\t\t\t\n\t\t><div class=\"widget widget--separator widget--show md\">\n\t<div class=\"separator\">\n\t\t<div class=\"separator__line\"><\/div>\n\t\t<span class=\"separator__text\">MEHR ZUM THEMA NACHHALTIGKEIT<\/span>\t\t<div class=\"separator__line\"><\/div>\n\t<\/div>\n<\/div><\/div><\/div><\/div><div id=\"pgc-15380-3-2\"  class=\"panel-grid-cell panel-grid-cell-empty\" ><\/div><\/div><div id=\"pg-15380-4\"  class=\"panel-grid panel-no-style\"  style=\"--mobile-padding:;\" ><div id=\"pgc-15380-4-0\"  class=\"panel-grid-cell panel-grid-cell-empty\" ><\/div><div id=\"pgc-15380-4-1\"  class=\"panel-grid-cell\" ><div id=\"panel-15380-4-1-0\" class=\"so-panel widget widget_zrm-forward panel-first-child panel-last-child\" data-index=\"6\" ><div\n\t\t\t\n\t\t\tclass=\"so-widget-zrm-forward so-widget-zrm-forward-default-d75171398898-15380\"\n\t\t\t\n\t\t>\n\n<div class=\"widget widget--forward widget--show lg\">\n\t<img decoding=\"async\" class=\"forward__image\" src=\"https:\/\/www.scheer-imc.com\/de\/wp-content\/uploads\/sites\/8\/2020\/12\/imc_image_jobrad_thumbnail-300x300.jpg\" \/>\n\t<div class=\"forward__darken\"><\/div>\n\t<div class=\"square\">\n\t\t<div class=\"square__inner forward__content\">\n\t\t\t<div class=\"forward__headline bold\">Jobrad<\/div>\n\t\t\t<div class=\"forward__copy\"><p>imc Mitarbeiter*innen treten f\u00fcr Klimaschutz und Gesundheit in die Pedale.<\/p>\n<\/div>\n\t\t\t<div class=\"forward__link\">\n\t\t\t\t\t\t\t\t\t\t\t\t\t\t\t\t\t\t<a class=\"button button--red button--normal button--solid\" target=\"_self\" title=\"Mehr erfahren\" href=\"https:\/\/www.scheer-imc.com\/de\/newsroom\/pressemeldungen\/imc-mitarbeiterinnen-treten-fuer-klima-schutz-und-gesundheit-in-die-pedale\/\">\n\t\t\t\t<span class=\"bold\">Mehr erfahren<\/span>\n\t\t\t<\/a>\n\t\t\t\t\t\t<\/div>\n\t\t<\/div>\n\t<\/div>\n<\/div>\n<\/div><\/div><\/div><div id=\"pgc-15380-4-2\"  class=\"panel-grid-cell\" ><div id=\"panel-15380-4-2-0\" class=\"so-panel widget widget_zrm-forward panel-first-child panel-last-child\" data-index=\"7\" ><div\n\t\t\t\n\t\t\tclass=\"so-widget-zrm-forward so-widget-zrm-forward-default-d75171398898-15380\"\n\t\t\t\n\t\t>\n\n<div class=\"widget widget--forward widget--show lg\">\n\t<img decoding=\"async\" class=\"forward__image\" src=\"https:\/\/www.scheer-imc.com\/de\/wp-content\/uploads\/sites\/8\/2020\/12\/imc_image_fosway_thumbnail-300x300.jpg\" \/>\n\t<div class=\"forward__darken\"><\/div>\n\t<div class=\"square\">\n\t\t<div class=\"square__inner forward__content\">\n\t\t\t<div class=\"forward__headline bold\">Auszeichnung<\/div>\n\t\t\t<div class=\"forward__copy\"><p>imc wird von Analysten Fosway als bester europ\u00e4ischer E-Learning Anbieter ausgezeichnet.<\/p>\n<\/div>\n\t\t\t<div class=\"forward__link\">\n\t\t\t\t\t\t\t\t\t\t\t\t\t\t\t\t\t\t<a class=\"button button--red button--normal button--solid\" target=\"_self\" title=\"Mehr erfahren\" href=\"https:\/\/www.scheer-imc.com\/de\/newsroom\/news\/imc-wird-von-analysten-fosway-als-bester-europaeischer-e-learning-anbieter-ausgezeichnet\/\">\n\t\t\t\t<span class=\"bold\">Mehr erfahren<\/span>\n\t\t\t<\/a>\n\t\t\t\t\t\t<\/div>\n\t\t<\/div>\n\t<\/div>\n<\/div>\n<\/div><\/div><\/div><div id=\"pgc-15380-4-3\"  class=\"panel-grid-cell panel-grid-cell-mobile-last\" ><div id=\"panel-15380-4-3-0\" class=\"so-panel widget widget_zrm-forward panel-first-child panel-last-child\" data-index=\"8\" ><div\n\t\t\t\n\t\t\tclass=\"so-widget-zrm-forward so-widget-zrm-forward-default-d75171398898-15380\"\n\t\t\t\n\t\t>\n\n<div class=\"widget widget--forward widget--show lg\">\n\t<img decoding=\"async\" class=\"forward__image\" src=\"https:\/\/www.scheer-imc.com\/de\/wp-content\/uploads\/sites\/8\/2020\/12\/imc_image_diversity_thumbnail-300x300.jpg\" \/>\n\t<div class=\"forward__darken\"><\/div>\n\t<div class=\"square\">\n\t\t<div class=\"square__inner forward__content\">\n\t\t\t<div class=\"forward__headline bold\">Diversity<\/div>\n\t\t\t<div class=\"forward__copy\"><p>Die Vielfalt unserer MitarbeiterInnen macht uns zu dem, was wir sind.<\/p>\n<\/div>\n\t\t\t<div class=\"forward__link\">\n\t\t\t\t\t\t\t\t\t\t\t\t\t\t\t\t\t\t<a class=\"button button--red button--normal button--solid\" target=\"_self\" title=\"Mehr erfahren\" href=\"https:\/\/www.scheer-imc.com\/de\/karriere\/wir-als-arbeitgeber\/diversity\/\">\n\t\t\t\t<span class=\"bold\">Mehr erfahren<\/span>\n\t\t\t<\/a>\n\t\t\t\t\t\t<\/div>\n\t\t<\/div>\n\t<\/div>\n<\/div>\n<\/div><\/div><\/div><div id=\"pgc-15380-4-4\"  class=\"panel-grid-cell panel-grid-cell-empty\" ><\/div><\/div><div id=\"pg-15380-5\"  class=\"panel-grid panel-no-style\"  style=\"--mobile-padding:;\" ><div id=\"pgc-15380-5-0\"  class=\"panel-grid-cell\" ><div id=\"panel-15380-5-0-0\" class=\"so-panel widget panel-first-child panel-last-child\" data-index=\"9\" ><\/div><\/div><\/div><div id=\"pg-15380-6\"  class=\"panel-grid panel-no-style\"  style=\"--mobile-padding:;\" ><div id=\"pgc-15380-6-0\"  class=\"panel-grid-cell panel-grid-cell-empty\" ><\/div><div id=\"pgc-15380-6-1\"  class=\"panel-grid-cell panel-grid-cell-mobile-last\" ><div id=\"panel-15380-6-1-0\" class=\"so-panel widget widget_zrm-share panel-first-child panel-last-child\" data-index=\"10\" ><div\n\t\t\t\n\t\t\tclass=\"so-widget-zrm-share so-widget-zrm-share-default-d75171398898-15380\"\n\t\t\t\n\t\t><div class=\"widget widget--share noshadow widget--show lg\">\n        <div class=\"share__button-group\">\n        <div class=\"shariff\"><ul class=\"shariff-buttons theme-default orientation-horizontal buttonsize-medium\"><li class=\"shariff-button twitter shariff-nocustomcolor\" style=\"background-color:#32bbf5\"><a href=\"https:\/\/twitter.com\/share?url=https%3A%2F%2Fwww.scheer-imc.com%2Fde%2Funternehmen%2Fcorporate-social-responsibility%2Foekologische-nachhaltigkeit%2F&text=%C3%96kologische%20Nachhaltigkeit\" title=\"Bei Twitter teilen\" aria-label=\"Bei Twitter teilen\" role=\"button\" rel=\"noopener nofollow\" class=\"shariff-link\" style=\"; background-color:#55acee; color:#fff\" target=\"_blank\"><span class=\"shariff-icon\" style=\"\"><svg width=\"32px\" height=\"20px\" xmlns=\"http:\/\/www.w3.org\/2000\/svg\" viewBox=\"0 0 30 32\"><path fill=\"#55acee\" d=\"M29.7 6.8q-1.2 1.8-3 3.1 0 0.3 0 0.8 0 2.5-0.7 4.9t-2.2 4.7-3.5 4-4.9 2.8-6.1 1q-5.1 0-9.3-2.7 0.6 0.1 1.5 0.1 4.3 0 7.6-2.6-2-0.1-3.5-1.2t-2.2-3q0.6 0.1 1.1 0.1 0.8 0 1.6-0.2-2.1-0.4-3.5-2.1t-1.4-3.9v-0.1q1.3 0.7 2.8 0.8-1.2-0.8-2-2.2t-0.7-2.9q0-1.7 0.8-3.1 2.3 2.8 5.5 4.5t7 1.9q-0.2-0.7-0.2-1.4 0-2.5 1.8-4.3t4.3-1.8q2.7 0 4.5 1.9 2.1-0.4 3.9-1.5-0.7 2.2-2.7 3.4 1.8-0.2 3.5-0.9z\"\/><\/svg><\/span><span class=\"shariff-text\">twittern<\/span>&nbsp;<\/a><\/li><li class=\"shariff-button facebook shariff-nocustomcolor\" style=\"background-color:#4273c8\"><a href=\"https:\/\/www.facebook.com\/sharer\/sharer.php?u=https%3A%2F%2Fwww.scheer-imc.com%2Fde%2Funternehmen%2Fcorporate-social-responsibility%2Foekologische-nachhaltigkeit%2F\" title=\"Bei Facebook teilen\" aria-label=\"Bei Facebook teilen\" role=\"button\" rel=\"nofollow\" class=\"shariff-link\" style=\"; background-color:#3b5998; color:#fff\" target=\"_blank\"><span class=\"shariff-icon\" style=\"\"><svg width=\"32px\" height=\"20px\" xmlns=\"http:\/\/www.w3.org\/2000\/svg\" viewBox=\"0 0 18 32\"><path fill=\"#3b5998\" d=\"M17.1 0.2v4.7h-2.8q-1.5 0-2.1 0.6t-0.5 1.9v3.4h5.2l-0.7 5.3h-4.5v13.6h-5.5v-13.6h-4.5v-5.3h4.5v-3.9q0-3.3 1.9-5.2t5-1.8q2.6 0 4.1 0.2z\"\/><\/svg><\/span><span class=\"shariff-text\">teilen<\/span>&nbsp;<\/a><\/li><li class=\"shariff-button linkedin shariff-nocustomcolor\" style=\"background-color:#1488bf\"><a href=\"https:\/\/www.linkedin.com\/shareArticle?mini=true&url=https%3A%2F%2Fwww.scheer-imc.com%2Fde%2Funternehmen%2Fcorporate-social-responsibility%2Foekologische-nachhaltigkeit%2F&title=%C3%96kologische%20Nachhaltigkeit\" title=\"Bei LinkedIn teilen\" aria-label=\"Bei LinkedIn teilen\" role=\"button\" rel=\"noopener nofollow\" class=\"shariff-link\" style=\"; background-color:#0077b5; color:#fff\" target=\"_blank\"><span class=\"shariff-icon\" style=\"\"><svg width=\"32px\" height=\"20px\" xmlns=\"http:\/\/www.w3.org\/2000\/svg\" viewBox=\"0 0 27 32\"><path fill=\"#0077b5\" d=\"M6.2 11.2v17.7h-5.9v-17.7h5.9zM6.6 5.7q0 1.3-0.9 2.2t-2.4 0.9h0q-1.5 0-2.4-0.9t-0.9-2.2 0.9-2.2 2.4-0.9 2.4 0.9 0.9 2.2zM27.4 18.7v10.1h-5.9v-9.5q0-1.9-0.7-2.9t-2.3-1.1q-1.1 0-1.9 0.6t-1.2 1.5q-0.2 0.5-0.2 1.4v9.9h-5.9q0-7.1 0-11.6t0-5.3l0-0.9h5.9v2.6h0q0.4-0.6 0.7-1t1-0.9 1.6-0.8 2-0.3q3 0 4.9 2t1.9 6z\"\/><\/svg><\/span><span class=\"shariff-text\">mitteilen<\/span>&nbsp;<\/a><\/li><li class=\"shariff-button xing shariff-nocustomcolor\" style=\"background-color:#29888a\"><a href=\"https:\/\/www.xing.com\/spi\/shares\/new?url=https%3A%2F%2Fwww.scheer-imc.com%2Fde%2Funternehmen%2Fcorporate-social-responsibility%2Foekologische-nachhaltigkeit%2F\" title=\"Bei XING teilen\" aria-label=\"Bei XING teilen\" role=\"button\" rel=\"noopener nofollow\" class=\"shariff-link\" style=\"; background-color:#126567; color:#fff\" target=\"_blank\"><span class=\"shariff-icon\" style=\"\"><svg width=\"32px\" height=\"20px\" xmlns=\"http:\/\/www.w3.org\/2000\/svg\" viewBox=\"0 0 25 32\"><path fill=\"#126567\" d=\"M10.7 11.9q-0.2 0.3-4.6 8.2-0.5 0.8-1.2 0.8h-4.3q-0.4 0-0.5-0.3t0-0.6l4.5-8q0 0 0 0l-2.9-5q-0.2-0.4 0-0.7 0.2-0.3 0.5-0.3h4.3q0.7 0 1.2 0.8zM25.1 0.4q0.2 0.3 0 0.7l-9.4 16.7 6 11q0.2 0.4 0 0.6-0.2 0.3-0.6 0.3h-4.3q-0.7 0-1.2-0.8l-6-11.1q0.3-0.6 9.5-16.8 0.4-0.8 1.2-0.8h4.3q0.4 0 0.5 0.3z\"\/><\/svg><\/span><span class=\"shariff-text\">teilen<\/span>&nbsp;<\/a><\/li><\/ul><\/div>    <\/div>\n<\/div><\/div><\/div><\/div><div id=\"pgc-15380-6-2\"  class=\"panel-grid-cell panel-grid-cell-empty\" ><\/div><\/div><\/div>","protected":false},"excerpt":{"rendered":"<p>Die Zukunft ist das, was wir daraus machen. \u00d6kologische Nachhaltigkeit Wir sind bestrebt, die Auswirkungen unserer Gesch\u00e4ftst\u00e4tigkeit auf die Umwelt so gering wie m\u00f6glich zu halten. Als IT-Unternehmen arbeiten wir cloudbasiert. Da E-Learning per se hilft, Papier sowie Reiset\u00e4tigkeiten zu reduzieren, haben wir dar\u00fcber hinaus einen positiven Einfluss auf die Umweltfreundlichkeit unserer Kunden. Zudem achten [&hellip;]<\/p>\n","protected":false},"author":8,"featured_media":15381,"parent":15368,"menu_order":0,"comment_status":"closed","ping_status":"closed","template":"","meta":{"_acf_changed":false,"content-type":"","footnotes":""},"class_list":["post-15380","page","type-page","status-publish","has-post-thumbnail","hentry"],"acf":[],"yoast_head":"<!-- This site is optimized with the Yoast SEO plugin v25.5 - https:\/\/yoast.com\/wordpress\/plugins\/seo\/ -->\n<title>\u00d6kologische Nachhaltigkeit bei imc<\/title>\n<meta name=\"description\" content=\"Wir sind bestrebt, die Auswirkungen unserer Gesch\u00e4ftst\u00e4tigkeit auf die Umwelt so gering wie m\u00f6glich zu halten. Mehr erfahren\" \/>\n<meta name=\"robots\" content=\"index, follow, max-snippet:-1, max-image-preview:large, max-video-preview:-1\" \/>\n<link rel=\"canonical\" href=\"https:\/\/www.scheer-imc.com\/de\/unternehmen\/corporate-social-responsibility\/oekologische-nachhaltigkeit\/\" \/>\n<meta property=\"og:locale\" content=\"de_DE\" \/>\n<meta property=\"og:type\" content=\"article\" \/>\n<meta property=\"og:title\" content=\"\u00d6kologische Nachhaltigkeit bei imc\" \/>\n<meta property=\"og:description\" content=\"Wir sind bestrebt, die Auswirkungen unserer Gesch\u00e4ftst\u00e4tigkeit auf die Umwelt so gering wie m\u00f6glich zu halten. Mehr erfahren\" \/>\n<meta property=\"og:url\" content=\"https:\/\/www.scheer-imc.com\/de\/unternehmen\/corporate-social-responsibility\/oekologische-nachhaltigkeit\/\" \/>\n<meta property=\"og:site_name\" content=\"Scheer IMC\" \/>\n<meta property=\"article:publisher\" content=\"https:\/\/www.facebook.com\/imcLearning\" \/>\n<meta property=\"article:modified_time\" content=\"2020-12-18T09:39:37+00:00\" \/>\n<meta property=\"og:image\" content=\"https:\/\/imc-website-content.s3.eu-central-1.amazonaws.com\/wp-content\/uploads\/sites\/8\/2020\/12\/02154158\/imc_image_csr_featuredimage.png\" \/>\n\t<meta property=\"og:image:width\" content=\"1200\" \/>\n\t<meta property=\"og:image:height\" content=\"630\" \/>\n\t<meta property=\"og:image:type\" content=\"image\/png\" \/>\n<meta name=\"twitter:card\" content=\"summary_large_image\" \/>\n<meta name=\"twitter:site\" content=\"@imc_learning\" \/>\n<script type=\"application\/ld+json\" class=\"yoast-schema-graph\">{\"@context\":\"https:\/\/schema.org\",\"@graph\":[{\"@type\":\"WebPage\",\"@id\":\"https:\/\/www.scheer-imc.com\/de\/unternehmen\/corporate-social-responsibility\/oekologische-nachhaltigkeit\/\",\"url\":\"https:\/\/www.scheer-imc.com\/de\/unternehmen\/corporate-social-responsibility\/oekologische-nachhaltigkeit\/\",\"name\":\"\u00d6kologische Nachhaltigkeit bei imc\",\"isPartOf\":{\"@id\":\"https:\/\/www.scheer-imc.com\/de\/#website\"},\"primaryImageOfPage\":{\"@id\":\"https:\/\/www.scheer-imc.com\/de\/unternehmen\/corporate-social-responsibility\/oekologische-nachhaltigkeit\/#primaryimage\"},\"image\":{\"@id\":\"https:\/\/www.scheer-imc.com\/de\/unternehmen\/corporate-social-responsibility\/oekologische-nachhaltigkeit\/#primaryimage\"},\"thumbnailUrl\":\"https:\/\/www.scheer-imc.com\/de\/wp-content\/uploads\/sites\/8\/2020\/12\/imc_image_csr_featuredimage.png\",\"datePublished\":\"2020-12-16T12:34:23+00:00\",\"dateModified\":\"2020-12-18T09:39:37+00:00\",\"description\":\"Wir sind bestrebt, die Auswirkungen unserer Gesch\u00e4ftst\u00e4tigkeit auf die Umwelt so gering wie m\u00f6glich zu halten. Mehr erfahren\",\"breadcrumb\":{\"@id\":\"https:\/\/www.scheer-imc.com\/de\/unternehmen\/corporate-social-responsibility\/oekologische-nachhaltigkeit\/#breadcrumb\"},\"inLanguage\":\"de\",\"potentialAction\":[{\"@type\":\"ReadAction\",\"target\":[\"https:\/\/www.scheer-imc.com\/de\/unternehmen\/corporate-social-responsibility\/oekologische-nachhaltigkeit\/\"]}]},{\"@type\":\"ImageObject\",\"inLanguage\":\"de\",\"@id\":\"https:\/\/www.scheer-imc.com\/de\/unternehmen\/corporate-social-responsibility\/oekologische-nachhaltigkeit\/#primaryimage\",\"url\":\"https:\/\/www.scheer-imc.com\/de\/wp-content\/uploads\/sites\/8\/2020\/12\/imc_image_csr_featuredimage.png\",\"contentUrl\":\"https:\/\/www.scheer-imc.com\/de\/wp-content\/uploads\/sites\/8\/2020\/12\/imc_image_csr_featuredimage.png\",\"width\":1200,\"height\":630,\"caption\":\"Corporate Social Responsibility\"},{\"@type\":\"BreadcrumbList\",\"@id\":\"https:\/\/www.scheer-imc.com\/de\/unternehmen\/corporate-social-responsibility\/oekologische-nachhaltigkeit\/#breadcrumb\",\"itemListElement\":[{\"@type\":\"ListItem\",\"position\":1,\"name\":\"Startseite\",\"item\":\"https:\/\/www.scheer-imc.com\/de\/\"},{\"@type\":\"ListItem\",\"position\":2,\"name\":\"Unternehmen\",\"item\":\"https:\/\/www.scheer-imc.com\/de\/unternehmen\/\"},{\"@type\":\"ListItem\",\"position\":3,\"name\":\"Corporate Social Responsibility\",\"item\":\"https:\/\/www.scheer-imc.com\/de\/unternehmen\/corporate-social-responsibility\/\"},{\"@type\":\"ListItem\",\"position\":4,\"name\":\"\u00d6kologische Nachhaltigkeit\"}]},{\"@type\":\"WebSite\",\"@id\":\"https:\/\/www.scheer-imc.com\/de\/#website\",\"url\":\"https:\/\/www.scheer-imc.com\/de\/\",\"name\":\"Scheer IMC\",\"description\":\"Wir verwandeln Lernstrategien in echten Unternehmens\u00aderfolg\",\"potentialAction\":[{\"@type\":\"SearchAction\",\"target\":{\"@type\":\"EntryPoint\",\"urlTemplate\":\"https:\/\/www.scheer-imc.com\/de\/?s={search_term_string}\"},\"query-input\":{\"@type\":\"PropertyValueSpecification\",\"valueRequired\":true,\"valueName\":\"search_term_string\"}}],\"inLanguage\":\"de\"}]}<\/script>\n<!-- \/ Yoast SEO plugin. -->","yoast_head_json":{"title":"\u00d6kologische Nachhaltigkeit bei imc","description":"Wir sind bestrebt, die Auswirkungen unserer Gesch\u00e4ftst\u00e4tigkeit auf die Umwelt so gering wie m\u00f6glich zu halten. Mehr erfahren","robots":{"index":"index","follow":"follow","max-snippet":"max-snippet:-1","max-image-preview":"max-image-preview:large","max-video-preview":"max-video-preview:-1"},"canonical":"https:\/\/www.scheer-imc.com\/de\/unternehmen\/corporate-social-responsibility\/oekologische-nachhaltigkeit\/","og_locale":"de_DE","og_type":"article","og_title":"\u00d6kologische Nachhaltigkeit bei imc","og_description":"Wir sind bestrebt, die Auswirkungen unserer Gesch\u00e4ftst\u00e4tigkeit auf die Umwelt so gering wie m\u00f6glich zu halten. Mehr erfahren","og_url":"https:\/\/www.scheer-imc.com\/de\/unternehmen\/corporate-social-responsibility\/oekologische-nachhaltigkeit\/","og_site_name":"Scheer IMC","article_publisher":"https:\/\/www.facebook.com\/imcLearning","article_modified_time":"2020-12-18T09:39:37+00:00","og_image":[{"width":1200,"height":630,"url":"https:\/\/imc-website-content.s3.eu-central-1.amazonaws.com\/wp-content\/uploads\/sites\/8\/2020\/12\/02154158\/imc_image_csr_featuredimage.png","type":"image\/png"}],"twitter_card":"summary_large_image","twitter_site":"@imc_learning","schema":{"@context":"https:\/\/schema.org","@graph":[{"@type":"WebPage","@id":"https:\/\/www.scheer-imc.com\/de\/unternehmen\/corporate-social-responsibility\/oekologische-nachhaltigkeit\/","url":"https:\/\/www.scheer-imc.com\/de\/unternehmen\/corporate-social-responsibility\/oekologische-nachhaltigkeit\/","name":"\u00d6kologische Nachhaltigkeit bei imc","isPartOf":{"@id":"https:\/\/www.scheer-imc.com\/de\/#website"},"primaryImageOfPage":{"@id":"https:\/\/www.scheer-imc.com\/de\/unternehmen\/corporate-social-responsibility\/oekologische-nachhaltigkeit\/#primaryimage"},"image":{"@id":"https:\/\/www.scheer-imc.com\/de\/unternehmen\/corporate-social-responsibility\/oekologische-nachhaltigkeit\/#primaryimage"},"thumbnailUrl":"https:\/\/www.scheer-imc.com\/de\/wp-content\/uploads\/sites\/8\/2020\/12\/imc_image_csr_featuredimage.png","datePublished":"2020-12-16T12:34:23+00:00","dateModified":"2020-12-18T09:39:37+00:00","description":"Wir sind bestrebt, die Auswirkungen unserer Gesch\u00e4ftst\u00e4tigkeit auf die Umwelt so gering wie m\u00f6glich zu halten. Mehr erfahren","breadcrumb":{"@id":"https:\/\/www.scheer-imc.com\/de\/unternehmen\/corporate-social-responsibility\/oekologische-nachhaltigkeit\/#breadcrumb"},"inLanguage":"de","potentialAction":[{"@type":"ReadAction","target":["https:\/\/www.scheer-imc.com\/de\/unternehmen\/corporate-social-responsibility\/oekologische-nachhaltigkeit\/"]}]},{"@type":"ImageObject","inLanguage":"de","@id":"https:\/\/www.scheer-imc.com\/de\/unternehmen\/corporate-social-responsibility\/oekologische-nachhaltigkeit\/#primaryimage","url":"https:\/\/www.scheer-imc.com\/de\/wp-content\/uploads\/sites\/8\/2020\/12\/imc_image_csr_featuredimage.png","contentUrl":"https:\/\/www.scheer-imc.com\/de\/wp-content\/uploads\/sites\/8\/2020\/12\/imc_image_csr_featuredimage.png","width":1200,"height":630,"caption":"Corporate Social Responsibility"},{"@type":"BreadcrumbList","@id":"https:\/\/www.scheer-imc.com\/de\/unternehmen\/corporate-social-responsibility\/oekologische-nachhaltigkeit\/#breadcrumb","itemListElement":[{"@type":"ListItem","position":1,"name":"Startseite","item":"https:\/\/www.scheer-imc.com\/de\/"},{"@type":"ListItem","position":2,"name":"Unternehmen","item":"https:\/\/www.scheer-imc.com\/de\/unternehmen\/"},{"@type":"ListItem","position":3,"name":"Corporate Social Responsibility","item":"https:\/\/www.scheer-imc.com\/de\/unternehmen\/corporate-social-responsibility\/"},{"@type":"ListItem","position":4,"name":"\u00d6kologische Nachhaltigkeit"}]},{"@type":"WebSite","@id":"https:\/\/www.scheer-imc.com\/de\/#website","url":"https:\/\/www.scheer-imc.com\/de\/","name":"Scheer IMC","description":"Wir verwandeln Lernstrategien in echten Unternehmens\u00aderfolg","potentialAction":[{"@type":"SearchAction","target":{"@type":"EntryPoint","urlTemplate":"https:\/\/www.scheer-imc.com\/de\/?s={search_term_string}"},"query-input":{"@type":"PropertyValueSpecification","valueRequired":true,"valueName":"search_term_string"}}],"inLanguage":"de"}]}},"_links":{"self":[{"href":"https:\/\/www.scheer-imc.com\/de\/wp-json\/wp\/v2\/pages\/15380","targetHints":{"allow":["GET"]}}],"collection":[{"href":"https:\/\/www.scheer-imc.com\/de\/wp-json\/wp\/v2\/pages"}],"about":[{"href":"https:\/\/www.scheer-imc.com\/de\/wp-json\/wp\/v2\/types\/page"}],"author":[{"embeddable":true,"href":"https:\/\/www.scheer-imc.com\/de\/wp-json\/wp\/v2\/users\/8"}],"replies":[{"embeddable":true,"href":"https:\/\/www.scheer-imc.com\/de\/wp-json\/wp\/v2\/comments?post=15380"}],"version-history":[{"count":1,"href":"https:\/\/www.scheer-imc.com\/de\/wp-json\/wp\/v2\/pages\/15380\/revisions"}],"predecessor-version":[{"id":15519,"href":"https:\/\/www.scheer-imc.com\/de\/wp-json\/wp\/v2\/pages\/15380\/revisions\/15519"}],"up":[{"embeddable":true,"href":"https:\/\/www.scheer-imc.com\/de\/wp-json\/wp\/v2\/pages\/15368"}],"wp:featuredmedia":[{"embeddable":true,"href":"https:\/\/www.scheer-imc.com\/de\/wp-json\/wp\/v2\/media\/15381"}],"wp:attachment":[{"href":"https:\/\/www.scheer-imc.com\/de\/wp-json\/wp\/v2\/media?parent=15380"}],"curies":[{"name":"wp","href":"https:\/\/api.w.org\/{rel}","templated":true}]}}