{"id":15368,"date":"2020-12-16T13:33:43","date_gmt":"2020-12-16T12:33:43","guid":{"rendered":"https:\/\/www.scheer-imc.com\/de\/?page_id=15368"},"modified":"2021-05-21T18:42:55","modified_gmt":"2021-05-21T16:42:55","slug":"corporate-social-responsibility","status":"publish","type":"page","link":"https:\/\/www.scheer-imc.com\/de\/unternehmen\/corporate-social-responsibility\/","title":{"rendered":"Corporate Social Responsibility"},"content":{"rendered":"<div id=\"pl-15368\"  class=\"panel-layout\" ><div id=\"pg-15368-0\"  class=\"panel-grid panel-no-style\"  style=\"--mobile-padding:;\" ><div id=\"pgc-15368-0-0\"  class=\"panel-grid-cell\" ><div id=\"panel-15368-0-0-0\" class=\"so-panel widget widget_zrm-hero panel-first-child panel-last-child\" data-index=\"0\" ><div\n\t\t\t\n\t\t\tclass=\"so-widget-zrm-hero so-widget-zrm-hero-default-d75171398898-15368\"\n\t\t\t\n\t\t><div class=\"widget widget--hero widget--left widget--show lg\">\n\t\t\t<div class=\"hero__image\">\n\t\t\t<div class=\"hero__darken\"><\/div>\t\t\t<img decoding=\"async\" width=\"1600\" height=\"900\" src=\"https:\/\/www.scheer-imc.com\/de\/wp-content\/uploads\/sites\/8\/2020\/12\/imc_image_csr_header-1.jpg\" class=\"attachment-full size-full\" alt=\"Corporate Social Responsibility\" srcset=\"https:\/\/www.scheer-imc.com\/de\/wp-content\/uploads\/sites\/8\/2020\/12\/imc_image_csr_header-1.jpg 1600w, https:\/\/www.scheer-imc.com\/de\/wp-content\/uploads\/sites\/8\/2020\/12\/imc_image_csr_header-1-300x169.jpg 300w, https:\/\/www.scheer-imc.com\/de\/wp-content\/uploads\/sites\/8\/2020\/12\/imc_image_csr_header-1-1024x576.jpg 1024w, https:\/\/www.scheer-imc.com\/de\/wp-content\/uploads\/sites\/8\/2020\/12\/imc_image_csr_header-1-768x432.jpg 768w, https:\/\/www.scheer-imc.com\/de\/wp-content\/uploads\/sites\/8\/2020\/12\/imc_image_csr_header-1-1536x864.jpg 1536w\" sizes=\"(max-width: 1600px) 100vw, 1600px\" \/>\t\t<\/div>\n\t\t<div class=\"hero__container\">\n\t\t<div class=\"hero__headline bold\">\n\t\t\t<div class=\"firstline\">Die Zukunft ist das, <\/div>\n\t\t\t<div class=\"secondline\">was wir daraus machen.<\/div>\n\t\t<\/div>\n\t\t\t\t<div class=\"hero__content hero__content--normal\">\n\t\t\t<div class=\"hero__text\">\n\t\t\t\t\t\t\t\t\t\t\t\t\t\t\t\t\t<div class=\"hero__cta\">\n\t\t\t\t\t\t\t\t\t\t\t\t\t\t\t\t\t<\/div>\n\t\t\t\t\t\t\t<\/div>\n\t\t<\/div>\n\t<\/div>\n<\/div>\n<\/div><\/div><\/div><\/div><div id=\"pg-15368-1\"  class=\"panel-grid panel-no-style\"  style=\"--mobile-padding:;\" ><div id=\"pgc-15368-1-0\"  class=\"panel-grid-cell panel-grid-cell-empty\" ><\/div><div id=\"pgc-15368-1-1\"  class=\"panel-grid-cell panel-grid-cell-mobile-last\" ><div id=\"panel-15368-1-1-0\" class=\"so-panel widget widget_zrm-headline panel-first-child\" data-index=\"1\" ><div\n\t\t\t\n\t\t\tclass=\"so-widget-zrm-headline so-widget-zrm-headline-default-d75171398898-15368\"\n\t\t\t\n\t\t><div class=\"widget widget--headline widget--center widget--show md  \">\n\t<div class=\"preline\"><\/div>\n\t<h1 class=\"headline h1\">Corporate Social Responsibility<\/h1>\t<div class=\"subline\"><\/div>\n<\/div>\n<\/div><\/div><div id=\"panel-15368-1-1-1\" class=\"so-panel widget widget_zrm-editor panel-last-child\" data-index=\"2\" ><div\n\t\t\t\n\t\t\tclass=\"so-widget-zrm-editor so-widget-zrm-editor-default-d75171398898-15368\"\n\t\t\t\n\t\t><div class=\"widget widget--editor widget--show lg\">\n\t<p style=\"text-align: center\">Wir machen uns nichts vor. Ob generell oder speziell mit Blick auf Nachhaltigkeit und gesellschaftliche Verantwortung: Kein Unternehmen kann es sich leisten, stehen zu bleiben. Auch wir nicht. Verantwortungsbewusstsein und Handeln sind gefragt, wenn wir unser Unternehmen, die Gesellschaft und den Planeten langfristig erhalten m\u00f6chten. Wir nehmen unsere Verantwortung an. Unser Ziel ist es, nachhaltig zu wirtschaften und ebenso einen positiven sozialen sowie \u00f6kologischen Einfluss auf das Leben auf unserem Planeten zu nehmen.<\/p>\n<\/div><\/div><\/div><\/div><div id=\"pgc-15368-1-2\"  class=\"panel-grid-cell panel-grid-cell-empty\" ><\/div><\/div><div id=\"pg-15368-2\"  class=\"panel-grid panel-no-style\"  style=\"--mobile-padding:;\" ><div id=\"pgc-15368-2-0\"  class=\"panel-grid-cell panel-grid-cell-empty\" ><\/div><div id=\"pgc-15368-2-1\"  class=\"panel-grid-cell panel-grid-cell-mobile-last\" ><div id=\"panel-15368-2-1-0\" class=\"so-panel widget widget_zrm-separator panel-first-child panel-last-child\" data-index=\"3\" ><div\n\t\t\t\n\t\t\tclass=\"so-widget-zrm-separator so-widget-zrm-separator-default-d75171398898-15368\"\n\t\t\t\n\t\t><div class=\"widget widget--separator widget--show md\">\n\t<div class=\"separator\">\n\t\t<div class=\"separator__line\"><\/div>\n\t\t<span class=\"separator__text\">REASON WHY<\/span>\t\t<div class=\"separator__line\"><\/div>\n\t<\/div>\n<\/div><\/div><\/div><\/div><div id=\"pgc-15368-2-2\"  class=\"panel-grid-cell panel-grid-cell-empty\" ><\/div><\/div><div id=\"pg-15368-3\"  class=\"panel-grid panel-no-style\"  style=\"--mobile-padding:;\" ><div id=\"pgc-15368-3-0\"  class=\"panel-grid-cell panel-grid-cell-empty\" ><\/div><div id=\"pgc-15368-3-1\"  class=\"panel-grid-cell panel-grid-cell-mobile-last\" ><div id=\"panel-15368-3-1-0\" class=\"so-panel widget widget_zrm-headline panel-first-child\" data-index=\"4\" ><div\n\t\t\t\n\t\t\tclass=\"so-widget-zrm-headline so-widget-zrm-headline-default-d75171398898-15368\"\n\t\t\t\n\t\t><div class=\"widget widget--headline widget--left widget--show sm  \">\n\t<div class=\"preline\"><\/div>\n\t<h4 class=\"headline h4\">Warum Nachhaltigkeit, soziales Engagement und Vielfalt f\u00fcr uns wichtig sind<\/h4>\t<div class=\"subline\"><\/div>\n<\/div>\n<\/div><\/div><div id=\"panel-15368-3-1-1\" class=\"so-panel widget widget_zrm-editor panel-last-child\" data-index=\"5\" ><div\n\t\t\t\n\t\t\tclass=\"so-widget-zrm-editor so-widget-zrm-editor-default-d75171398898-15368\"\n\t\t\t\n\t\t><div class=\"widget widget--editor widget--show lg\">\n\t<p>Unser Unternehmen wurde vor \u00fcber 20 Jahren mit der Vision gegr\u00fcndet, Menschen das Lernen zu erleichtern \u2013 basierend auf Technik und Fortschritt. Schon damals wollten wir die Zukunft mitgestalten. Daran hat sich bis heute nichts ge\u00e4ndert. Auch heute haben wir f\u00fcr die Zukunft auf unserem Planten noch viele Pl\u00e4ne. Wir wollen das Leben von Menschen weltweit verbessern und jedem den Zugang zu Bildung erm\u00f6glichen.<\/p>\n<\/div><\/div><\/div><\/div><div id=\"pgc-15368-3-2\"  class=\"panel-grid-cell panel-grid-cell-empty\" ><\/div><\/div><div id=\"pg-15368-4\"  class=\"panel-grid panel-no-style\"  style=\"--mobile-padding:;\" ><div id=\"pgc-15368-4-0\"  class=\"panel-grid-cell panel-grid-cell-empty\" ><\/div><div id=\"pgc-15368-4-1\"  class=\"panel-grid-cell\" ><div id=\"panel-15368-4-1-0\" class=\"so-panel widget widget_zrm-collage panel-first-child panel-last-child\" data-index=\"6\" ><div\n\t\t\t\n\t\t\tclass=\"so-widget-zrm-collage so-widget-zrm-collage-default-d75171398898-15368\"\n\t\t\t\n\t\t>\n<div class=\"widget widget--collage widget--imagefirst widget--left widget--animate widget--show lg\">\n\t<div class=\"collage collage--withoutcontent\">\n\t\t<div class=\"collage__image\"><img decoding=\"async\" width=\"1200\" height=\"1303\" src=\"https:\/\/www.scheer-imc.com\/de\/wp-content\/uploads\/sites\/8\/2020\/12\/imc_image_csr_elke.png\" class=\"attachment-full size-full\" alt=\"Elke Zastrau\" srcset=\"https:\/\/www.scheer-imc.com\/de\/wp-content\/uploads\/sites\/8\/2020\/12\/imc_image_csr_elke.png 1200w, https:\/\/www.scheer-imc.com\/de\/wp-content\/uploads\/sites\/8\/2020\/12\/imc_image_csr_elke-276x300.png 276w, https:\/\/www.scheer-imc.com\/de\/wp-content\/uploads\/sites\/8\/2020\/12\/imc_image_csr_elke-943x1024.png 943w, https:\/\/www.scheer-imc.com\/de\/wp-content\/uploads\/sites\/8\/2020\/12\/imc_image_csr_elke-768x834.png 768w\" sizes=\"(max-width: 1200px) 100vw, 1200px\" \/><\/div>\n\t\t<div class=\"collage__content\">\n\t\t\t<div class=\"collage__headline h1\"><\/div>\n\t\t\t<div class=\"collage__copy\"><\/div>\n\t\t\t<div class=\"collage__cta\">\n\t\t\t\t\t\t\t\t\t\t\t\t\t\t\t\t\t\t\t\t\t<\/div>\n\t\t<\/div>\n\t<\/div> \n<\/div><\/div><\/div><\/div><div id=\"pgc-15368-4-2\"  class=\"panel-grid-cell panel-grid-cell-mobile-last\" ><div id=\"panel-15368-4-2-0\" class=\"so-panel widget widget_zrm-editor panel-first-child panel-last-child\" data-index=\"7\" ><div\n\t\t\t\n\t\t\tclass=\"so-widget-zrm-editor so-widget-zrm-editor-default-d75171398898-15368\"\n\t\t\t\n\t\t><div class=\"widget widget--editor widget--show lg\">\n\t<p>\u201eWir haben erfahren, dass unser Engagement nach au\u00dfen auch nach innen wirkt und umgekehrt. Kleine Ver\u00e4nderungen in der Wahrnehmung und im Verhalten von Einzelnen erzielen in ihrer Summe, langfristig, einen ma\u00dfgeblichen Unterschied.\u201c<\/p>\n<p>&nbsp;<\/p>\n<p>Elke Zastrau<\/p>\n<p>Head of HR bei imc<\/p>\n<\/div><\/div><\/div><\/div><div id=\"pgc-15368-4-3\"  class=\"panel-grid-cell panel-grid-cell-empty\" ><\/div><\/div><div id=\"pg-15368-5\"  class=\"panel-grid panel-no-style\"  style=\"--mobile-padding:;\" ><div id=\"pgc-15368-5-0\"  class=\"panel-grid-cell panel-grid-cell-empty\" ><\/div><div id=\"pgc-15368-5-1\"  class=\"panel-grid-cell panel-grid-cell-mobile-last\" ><div id=\"panel-15368-5-1-0\" class=\"so-panel widget widget_zrm-separator panel-first-child panel-last-child\" data-index=\"8\" ><div\n\t\t\t\n\t\t\tclass=\"so-widget-zrm-separator so-widget-zrm-separator-default-d75171398898-15368\"\n\t\t\t\n\t\t><div class=\"widget widget--separator widget--show md\">\n\t<div class=\"separator\">\n\t\t<div class=\"separator__line\"><\/div>\n\t\t<span class=\"separator__text\">3 S\u00c4ULEN<\/span>\t\t<div class=\"separator__line\"><\/div>\n\t<\/div>\n<\/div><\/div><\/div><\/div><div id=\"pgc-15368-5-2\"  class=\"panel-grid-cell panel-grid-cell-empty\" ><\/div><\/div><div id=\"pg-15368-6\"  class=\"panel-grid panel-no-style\"  style=\"--mobile-padding:;\" ><div id=\"pgc-15368-6-0\"  class=\"panel-grid-cell panel-grid-cell-empty\" ><\/div><div id=\"pgc-15368-6-1\"  class=\"panel-grid-cell panel-grid-cell-mobile-last\" ><div id=\"panel-15368-6-1-0\" class=\"so-panel widget widget_zrm-headline panel-first-child\" data-index=\"9\" ><div\n\t\t\t\n\t\t\tclass=\"so-widget-zrm-headline so-widget-zrm-headline-default-d75171398898-15368\"\n\t\t\t\n\t\t><div class=\"widget widget--headline widget--left widget--show sm  \">\n\t<div class=\"preline\"><\/div>\n\t<h4 class=\"headline h4\">Die drei S\u00e4ulen der Nachhaltigkeit bei imc<\/h4>\t<div class=\"subline\"><\/div>\n<\/div>\n<\/div><\/div><div id=\"panel-15368-6-1-1\" class=\"so-panel widget widget_zrm-editor panel-last-child\" data-index=\"10\" ><div\n\t\t\t\n\t\t\tclass=\"so-widget-zrm-editor so-widget-zrm-editor-default-d75171398898-15368\"\n\t\t\t\n\t\t><div class=\"widget widget--editor widget--show lg\">\n\t<p>Wir glauben, dass eine nachhaltige Entwicklung nur zu erreichen ist, wenn umweltbezogene, wirtschaftliche und soziale Ziele gleichzeitig und gleichberechtigt umgesetzt werden. Daher versuchen wir, in allen drei Bereichen \u2013 \u00f6kologischer, wirtschaftlicher und sozialer Nachhaltigkeit \u2013 voran zu kommen. Dabei sind wir nicht perfekt, streben aber stets nach Optimierung.<\/p>\n<\/div><\/div><\/div><\/div><div id=\"pgc-15368-6-2\"  class=\"panel-grid-cell panel-grid-cell-empty\" ><\/div><\/div><div id=\"pg-15368-7\"  class=\"panel-grid panel-no-style\"  style=\"--mobile-padding:;\" ><div id=\"pgc-15368-7-0\"  class=\"panel-grid-cell panel-grid-cell-empty\" ><\/div><div id=\"pgc-15368-7-1\"  class=\"panel-grid-cell panel-grid-cell-mobile-last\" ><div id=\"panel-15368-7-1-0\" class=\"so-panel widget widget_zrm-paragraph panel-first-child\" data-index=\"11\" ><div\n\t\t\t\n\t\t\tclass=\"so-widget-zrm-paragraph so-widget-zrm-paragraph-default-d75171398898-15368\"\n\t\t\t\n\t\t><div class=\"widget widget--paragraph  paragraph-alignment--center shadow imgleft widget--show sm\">\n\t\t\t<div class=\"paragraph__image\">\n\t\t\t<img decoding=\"async\" width=\"800\" height=\"380\" src=\"https:\/\/www.scheer-imc.com\/de\/wp-content\/uploads\/sites\/8\/2020\/12\/imc_image_csr-oeko_thumbnail.jpg\" class=\"attachment-full size-full\" alt=\"\u00d6kologische Nachhaltigkeit\" srcset=\"https:\/\/www.scheer-imc.com\/de\/wp-content\/uploads\/sites\/8\/2020\/12\/imc_image_csr-oeko_thumbnail.jpg 800w, https:\/\/www.scheer-imc.com\/de\/wp-content\/uploads\/sites\/8\/2020\/12\/imc_image_csr-oeko_thumbnail-300x143.jpg 300w, https:\/\/www.scheer-imc.com\/de\/wp-content\/uploads\/sites\/8\/2020\/12\/imc_image_csr-oeko_thumbnail-768x365.jpg 768w\" sizes=\"(max-width: 800px) 100vw, 800px\" \/>\t\t<\/div>\n\t\t<div class=\"paragraph__content\">\n\t\t<div class=\"paragraph__wrapper\">\n\t\t\t<h4 class=\"paragraph__headline h3\">\u00d6kologische Nachhaltigkeit<\/h4>\n\t\t\t<div class=\"paragraph__copy\"><p><span class=\"EOP SCXW61699823 BCX0\" data-ccp-props=\"{&quot;201341983&quot;:0,&quot;335559740&quot;:259}\" data-wac-het=\"1\">Wir sind bestrebt, die Auswirkungen unserer Gesch\u00e4ftst\u00e4tigkeit auf die Umwelt so gering wie m\u00f6glich zu halten.<br \/>\n<\/span><\/p>\n<\/div>\n\t\t\t\t\t\t\t\t\t<div class=\"paragraph__cta\">\n\t\t\t\t\t\t\t\t\t\t\t\t\t\t\t\t\t\t<a class=\"button button--red button--normal button--solid\" target=\"_self\" title=\"Mehr erfahren\" href=\"https:\/\/www.scheer-imc.com\/de\/unternehmen\/corporate-social-responsibility\/oekologische-nachhaltigkeit\/\">\n\t\t\t\t<span class=\"bold\">Mehr erfahren<\/span>\n\t\t\t<\/a>\n\t\t\t\t\t\t<\/div>\n\t\t\t\t\t<\/div>\n\t<\/div>\n<\/div>\n<\/div><\/div><div id=\"panel-15368-7-1-1\" class=\"so-panel widget widget_zrm-paragraph\" data-index=\"12\" ><div\n\t\t\t\n\t\t\tclass=\"so-widget-zrm-paragraph so-widget-zrm-paragraph-default-d75171398898-15368\"\n\t\t\t\n\t\t><div class=\"widget widget--paragraph  paragraph-alignment--center shadow imgright widget--show sm\">\n\t\t\t<div class=\"paragraph__image\">\n\t\t\t<img decoding=\"async\" width=\"800\" height=\"380\" src=\"https:\/\/www.scheer-imc.com\/de\/wp-content\/uploads\/sites\/8\/2020\/12\/imc_image_csr-sozial_thumbnail.jpg\" class=\"attachment-full size-full\" alt=\"Soziale Nachhaltigkeit\" srcset=\"https:\/\/www.scheer-imc.com\/de\/wp-content\/uploads\/sites\/8\/2020\/12\/imc_image_csr-sozial_thumbnail.jpg 800w, https:\/\/www.scheer-imc.com\/de\/wp-content\/uploads\/sites\/8\/2020\/12\/imc_image_csr-sozial_thumbnail-300x143.jpg 300w, https:\/\/www.scheer-imc.com\/de\/wp-content\/uploads\/sites\/8\/2020\/12\/imc_image_csr-sozial_thumbnail-768x365.jpg 768w\" sizes=\"(max-width: 800px) 100vw, 800px\" \/>\t\t<\/div>\n\t\t<div class=\"paragraph__content\">\n\t\t<div class=\"paragraph__wrapper\">\n\t\t\t<h4 class=\"paragraph__headline h3\">Soziale Nachhaltigkeit<\/h4>\n\t\t\t<div class=\"paragraph__copy\"><p>Wir m\u00f6chten Verantwortung f\u00fcr die eigenen Mitarbeiter sowie f\u00fcr die Gesellschaft, in der wir leben, \u00fcbernehmen.<\/p>\n<\/div>\n\t\t\t\t\t\t\t\t\t<div class=\"paragraph__cta\">\n\t\t\t\t\t\t\t\t\t\t\t\t\t\t\t\t\t\t<a class=\"button button--red button--normal button--solid\" target=\"_self\" title=\"Mehr erfahren\" href=\"https:\/\/www.scheer-imc.com\/de\/unternehmen\/corporate-social-responsibility\/soziale-nachhaltigkeit\/\">\n\t\t\t\t<span class=\"bold\">Mehr erfahren<\/span>\n\t\t\t<\/a>\n\t\t\t\t\t\t<\/div>\n\t\t\t\t\t<\/div>\n\t<\/div>\n<\/div>\n<\/div><\/div><div id=\"panel-15368-7-1-2\" class=\"so-panel widget widget_zrm-paragraph panel-last-child\" data-index=\"13\" ><div\n\t\t\t\n\t\t\tclass=\"so-widget-zrm-paragraph so-widget-zrm-paragraph-default-d75171398898-15368\"\n\t\t\t\n\t\t><div class=\"widget widget--paragraph  paragraph-alignment--center shadow imgleft widget--show lg\">\n\t\t\t<div class=\"paragraph__image\">\n\t\t\t<img decoding=\"async\" width=\"800\" height=\"380\" src=\"https:\/\/www.scheer-imc.com\/de\/wp-content\/uploads\/sites\/8\/2020\/12\/imc_image_csr-wirtschaft_thumbnail.jpg\" class=\"attachment-full size-full\" alt=\"\u00d6kologische Nachhaltigkeit\" srcset=\"https:\/\/www.scheer-imc.com\/de\/wp-content\/uploads\/sites\/8\/2020\/12\/imc_image_csr-wirtschaft_thumbnail.jpg 800w, https:\/\/www.scheer-imc.com\/de\/wp-content\/uploads\/sites\/8\/2020\/12\/imc_image_csr-wirtschaft_thumbnail-300x143.jpg 300w, https:\/\/www.scheer-imc.com\/de\/wp-content\/uploads\/sites\/8\/2020\/12\/imc_image_csr-wirtschaft_thumbnail-768x365.jpg 768w\" sizes=\"(max-width: 800px) 100vw, 800px\" \/>\t\t<\/div>\n\t\t<div class=\"paragraph__content\">\n\t\t<div class=\"paragraph__wrapper\">\n\t\t\t<h4 class=\"paragraph__headline h3\">\u00d6konomische Nachhaltigkeit<\/h4>\n\t\t\t<div class=\"paragraph__copy\"><p>Eine Wirtschaftsweise gilt dann als nachhaltig, wenn sie dauerhaft betrieben werden kann. Seit unserer Gr\u00fcndung 1997 haben wir uns kontinuierlich weiterentwickelt.<\/p>\n<\/div>\n\t\t\t\t\t\t\t\t\t<div class=\"paragraph__cta\">\n\t\t\t\t\t\t\t\t\t\t\t\t\t\t\t\t\t\t<a class=\"button button--red button--normal button--solid\" target=\"_self\" title=\"Mehr erfahren\" href=\"https:\/\/www.scheer-imc.com\/de\/unternehmen\/corporate-social-responsibility\/wirtschaftliche-nachhaltigkeit\/\">\n\t\t\t\t<span class=\"bold\">Mehr erfahren<\/span>\n\t\t\t<\/a>\n\t\t\t\t\t\t<\/div>\n\t\t\t\t\t<\/div>\n\t<\/div>\n<\/div>\n<\/div><\/div><\/div><div id=\"pgc-15368-7-2\"  class=\"panel-grid-cell panel-grid-cell-empty\" ><\/div><\/div><div id=\"pg-15368-8\"  class=\"panel-grid panel-no-style\"  style=\"--mobile-padding:;\" ><div id=\"pgc-15368-8-0\"  class=\"panel-grid-cell panel-grid-cell-empty\" ><\/div><div id=\"pgc-15368-8-1\"  class=\"panel-grid-cell panel-grid-cell-mobile-last\" ><div id=\"panel-15368-8-1-0\" class=\"so-panel widget widget_zrm-share panel-first-child panel-last-child\" data-index=\"14\" ><div\n\t\t\t\n\t\t\tclass=\"so-widget-zrm-share so-widget-zrm-share-default-d75171398898-15368\"\n\t\t\t\n\t\t><div class=\"widget widget--share noshadow widget--show lg\">\n        <div class=\"share__button-group\">\n        <div class=\"shariff\"><ul class=\"shariff-buttons theme-default orientation-horizontal buttonsize-medium\"><li class=\"shariff-button twitter shariff-nocustomcolor\" style=\"background-color:#32bbf5\"><a href=\"https:\/\/twitter.com\/share?url=https%3A%2F%2Fwww.scheer-imc.com%2Fde%2Funternehmen%2Fcorporate-social-responsibility%2F&text=Corporate%20Social%20Responsibility\" title=\"Bei Twitter teilen\" aria-label=\"Bei Twitter teilen\" role=\"button\" rel=\"noopener nofollow\" class=\"shariff-link\" style=\"; background-color:#55acee; color:#fff\" target=\"_blank\"><span class=\"shariff-icon\" style=\"\"><svg width=\"32px\" height=\"20px\" xmlns=\"http:\/\/www.w3.org\/2000\/svg\" viewBox=\"0 0 30 32\"><path fill=\"#55acee\" d=\"M29.7 6.8q-1.2 1.8-3 3.1 0 0.3 0 0.8 0 2.5-0.7 4.9t-2.2 4.7-3.5 4-4.9 2.8-6.1 1q-5.1 0-9.3-2.7 0.6 0.1 1.5 0.1 4.3 0 7.6-2.6-2-0.1-3.5-1.2t-2.2-3q0.6 0.1 1.1 0.1 0.8 0 1.6-0.2-2.1-0.4-3.5-2.1t-1.4-3.9v-0.1q1.3 0.7 2.8 0.8-1.2-0.8-2-2.2t-0.7-2.9q0-1.7 0.8-3.1 2.3 2.8 5.5 4.5t7 1.9q-0.2-0.7-0.2-1.4 0-2.5 1.8-4.3t4.3-1.8q2.7 0 4.5 1.9 2.1-0.4 3.9-1.5-0.7 2.2-2.7 3.4 1.8-0.2 3.5-0.9z\"\/><\/svg><\/span><span class=\"shariff-text\">twittern<\/span>&nbsp;<\/a><\/li><li class=\"shariff-button facebook shariff-nocustomcolor\" style=\"background-color:#4273c8\"><a href=\"https:\/\/www.facebook.com\/sharer\/sharer.php?u=https%3A%2F%2Fwww.scheer-imc.com%2Fde%2Funternehmen%2Fcorporate-social-responsibility%2F\" title=\"Bei Facebook teilen\" aria-label=\"Bei Facebook teilen\" role=\"button\" rel=\"nofollow\" class=\"shariff-link\" style=\"; background-color:#3b5998; color:#fff\" target=\"_blank\"><span class=\"shariff-icon\" style=\"\"><svg width=\"32px\" height=\"20px\" xmlns=\"http:\/\/www.w3.org\/2000\/svg\" viewBox=\"0 0 18 32\"><path fill=\"#3b5998\" d=\"M17.1 0.2v4.7h-2.8q-1.5 0-2.1 0.6t-0.5 1.9v3.4h5.2l-0.7 5.3h-4.5v13.6h-5.5v-13.6h-4.5v-5.3h4.5v-3.9q0-3.3 1.9-5.2t5-1.8q2.6 0 4.1 0.2z\"\/><\/svg><\/span><span class=\"shariff-text\">teilen<\/span>&nbsp;<\/a><\/li><li class=\"shariff-button linkedin shariff-nocustomcolor\" style=\"background-color:#1488bf\"><a href=\"https:\/\/www.linkedin.com\/shareArticle?mini=true&url=https%3A%2F%2Fwww.scheer-imc.com%2Fde%2Funternehmen%2Fcorporate-social-responsibility%2F&title=Corporate%20Social%20Responsibility\" title=\"Bei LinkedIn teilen\" aria-label=\"Bei LinkedIn teilen\" role=\"button\" rel=\"noopener nofollow\" class=\"shariff-link\" style=\"; background-color:#0077b5; color:#fff\" target=\"_blank\"><span class=\"shariff-icon\" style=\"\"><svg width=\"32px\" height=\"20px\" xmlns=\"http:\/\/www.w3.org\/2000\/svg\" viewBox=\"0 0 27 32\"><path fill=\"#0077b5\" d=\"M6.2 11.2v17.7h-5.9v-17.7h5.9zM6.6 5.7q0 1.3-0.9 2.2t-2.4 0.9h0q-1.5 0-2.4-0.9t-0.9-2.2 0.9-2.2 2.4-0.9 2.4 0.9 0.9 2.2zM27.4 18.7v10.1h-5.9v-9.5q0-1.9-0.7-2.9t-2.3-1.1q-1.1 0-1.9 0.6t-1.2 1.5q-0.2 0.5-0.2 1.4v9.9h-5.9q0-7.1 0-11.6t0-5.3l0-0.9h5.9v2.6h0q0.4-0.6 0.7-1t1-0.9 1.6-0.8 2-0.3q3 0 4.9 2t1.9 6z\"\/><\/svg><\/span><span class=\"shariff-text\">mitteilen<\/span>&nbsp;<\/a><\/li><li class=\"shariff-button xing shariff-nocustomcolor\" style=\"background-color:#29888a\"><a href=\"https:\/\/www.xing.com\/spi\/shares\/new?url=https%3A%2F%2Fwww.scheer-imc.com%2Fde%2Funternehmen%2Fcorporate-social-responsibility%2F\" title=\"Bei XING teilen\" aria-label=\"Bei XING teilen\" role=\"button\" rel=\"noopener nofollow\" class=\"shariff-link\" style=\"; background-color:#126567; color:#fff\" target=\"_blank\"><span class=\"shariff-icon\" style=\"\"><svg width=\"32px\" height=\"20px\" xmlns=\"http:\/\/www.w3.org\/2000\/svg\" viewBox=\"0 0 25 32\"><path fill=\"#126567\" d=\"M10.7 11.9q-0.2 0.3-4.6 8.2-0.5 0.8-1.2 0.8h-4.3q-0.4 0-0.5-0.3t0-0.6l4.5-8q0 0 0 0l-2.9-5q-0.2-0.4 0-0.7 0.2-0.3 0.5-0.3h4.3q0.7 0 1.2 0.8zM25.1 0.4q0.2 0.3 0 0.7l-9.4 16.7 6 11q0.2 0.4 0 0.6-0.2 0.3-0.6 0.3h-4.3q-0.7 0-1.2-0.8l-6-11.1q0.3-0.6 9.5-16.8 0.4-0.8 1.2-0.8h4.3q0.4 0 0.5 0.3z\"\/><\/svg><\/span><span class=\"shariff-text\">teilen<\/span>&nbsp;<\/a><\/li><\/ul><\/div>    <\/div>\n<\/div><\/div><\/div><\/div><div id=\"pgc-15368-8-2\"  class=\"panel-grid-cell panel-grid-cell-empty\" ><\/div><\/div><\/div>","protected":false},"excerpt":{"rendered":"<p>Die Zukunft ist das, was wir daraus machen. Corporate Social Responsibility Wir machen uns nichts vor. Ob generell oder speziell mit Blick auf Nachhaltigkeit und gesellschaftliche Verantwortung: Kein Unternehmen kann es sich leisten, stehen zu bleiben. Auch wir nicht. Verantwortungsbewusstsein und Handeln sind gefragt, wenn wir unser Unternehmen, die Gesellschaft und den Planeten langfristig erhalten [&hellip;]<\/p>\n","protected":false},"author":8,"featured_media":15381,"parent":1156,"menu_order":1,"comment_status":"closed","ping_status":"closed","template":"","meta":{"_acf_changed":false,"content-type":"","footnotes":""},"class_list":["post-15368","page","type-page","status-publish","has-post-thumbnail","hentry"],"acf":[],"yoast_head":"<!-- This site is optimized with the Yoast SEO plugin v25.5 - https:\/\/yoast.com\/wordpress\/plugins\/seo\/ -->\n<title>CSR: Die Zukunft ist das, was wir daraus machen.<\/title>\n<meta name=\"description\" content=\"Corporate Social Responsibility (CSR) bei imc. Warum Nachhaltigkeit, soziales Engagement und Vielfalt f\u00fcr uns wichtig sind. Mehr erfahren\" \/>\n<meta name=\"robots\" content=\"index, follow, max-snippet:-1, max-image-preview:large, max-video-preview:-1\" \/>\n<link rel=\"canonical\" href=\"https:\/\/www.scheer-imc.com\/de\/unternehmen\/corporate-social-responsibility\/\" \/>\n<meta property=\"og:locale\" content=\"de_DE\" \/>\n<meta property=\"og:type\" content=\"article\" \/>\n<meta property=\"og:title\" content=\"CSR: Die Zukunft ist das, was wir daraus machen.\" \/>\n<meta property=\"og:description\" content=\"Corporate Social Responsibility (CSR) bei imc. Warum Nachhaltigkeit, soziales Engagement und Vielfalt f\u00fcr uns wichtig sind. Mehr erfahren\" \/>\n<meta property=\"og:url\" content=\"https:\/\/www.scheer-imc.com\/de\/unternehmen\/corporate-social-responsibility\/\" \/>\n<meta property=\"og:site_name\" content=\"Scheer IMC\" \/>\n<meta property=\"article:publisher\" content=\"https:\/\/www.facebook.com\/imcLearning\" \/>\n<meta property=\"article:modified_time\" content=\"2021-05-21T16:42:55+00:00\" \/>\n<meta property=\"og:image\" content=\"https:\/\/imc-website-content.s3.eu-central-1.amazonaws.com\/wp-content\/uploads\/sites\/8\/2020\/12\/02154158\/imc_image_csr_featuredimage.png\" \/>\n\t<meta property=\"og:image:width\" content=\"1200\" \/>\n\t<meta property=\"og:image:height\" content=\"630\" \/>\n\t<meta property=\"og:image:type\" content=\"image\/png\" \/>\n<meta name=\"twitter:card\" content=\"summary_large_image\" \/>\n<meta name=\"twitter:site\" content=\"@imc_learning\" \/>\n<script type=\"application\/ld+json\" class=\"yoast-schema-graph\">{\"@context\":\"https:\/\/schema.org\",\"@graph\":[{\"@type\":\"WebPage\",\"@id\":\"https:\/\/www.scheer-imc.com\/de\/unternehmen\/corporate-social-responsibility\/\",\"url\":\"https:\/\/www.scheer-imc.com\/de\/unternehmen\/corporate-social-responsibility\/\",\"name\":\"CSR: Die Zukunft ist das, was wir daraus machen.\",\"isPartOf\":{\"@id\":\"https:\/\/www.scheer-imc.com\/de\/#website\"},\"primaryImageOfPage\":{\"@id\":\"https:\/\/www.scheer-imc.com\/de\/unternehmen\/corporate-social-responsibility\/#primaryimage\"},\"image\":{\"@id\":\"https:\/\/www.scheer-imc.com\/de\/unternehmen\/corporate-social-responsibility\/#primaryimage\"},\"thumbnailUrl\":\"https:\/\/www.scheer-imc.com\/de\/wp-content\/uploads\/sites\/8\/2020\/12\/imc_image_csr_featuredimage.png\",\"datePublished\":\"2020-12-16T12:33:43+00:00\",\"dateModified\":\"2021-05-21T16:42:55+00:00\",\"description\":\"Corporate Social Responsibility (CSR) bei imc. Warum Nachhaltigkeit, soziales Engagement und Vielfalt f\u00fcr uns wichtig sind. Mehr erfahren\",\"breadcrumb\":{\"@id\":\"https:\/\/www.scheer-imc.com\/de\/unternehmen\/corporate-social-responsibility\/#breadcrumb\"},\"inLanguage\":\"de\",\"potentialAction\":[{\"@type\":\"ReadAction\",\"target\":[\"https:\/\/www.scheer-imc.com\/de\/unternehmen\/corporate-social-responsibility\/\"]}]},{\"@type\":\"ImageObject\",\"inLanguage\":\"de\",\"@id\":\"https:\/\/www.scheer-imc.com\/de\/unternehmen\/corporate-social-responsibility\/#primaryimage\",\"url\":\"https:\/\/www.scheer-imc.com\/de\/wp-content\/uploads\/sites\/8\/2020\/12\/imc_image_csr_featuredimage.png\",\"contentUrl\":\"https:\/\/www.scheer-imc.com\/de\/wp-content\/uploads\/sites\/8\/2020\/12\/imc_image_csr_featuredimage.png\",\"width\":1200,\"height\":630,\"caption\":\"Corporate Social Responsibility\"},{\"@type\":\"BreadcrumbList\",\"@id\":\"https:\/\/www.scheer-imc.com\/de\/unternehmen\/corporate-social-responsibility\/#breadcrumb\",\"itemListElement\":[{\"@type\":\"ListItem\",\"position\":1,\"name\":\"Startseite\",\"item\":\"https:\/\/www.scheer-imc.com\/de\/\"},{\"@type\":\"ListItem\",\"position\":2,\"name\":\"Unternehmen\",\"item\":\"https:\/\/www.scheer-imc.com\/de\/unternehmen\/\"},{\"@type\":\"ListItem\",\"position\":3,\"name\":\"Corporate Social Responsibility\"}]},{\"@type\":\"WebSite\",\"@id\":\"https:\/\/www.scheer-imc.com\/de\/#website\",\"url\":\"https:\/\/www.scheer-imc.com\/de\/\",\"name\":\"Scheer IMC\",\"description\":\"Wir verwandeln Lernstrategien in echten Unternehmens\u00aderfolg\",\"potentialAction\":[{\"@type\":\"SearchAction\",\"target\":{\"@type\":\"EntryPoint\",\"urlTemplate\":\"https:\/\/www.scheer-imc.com\/de\/?s={search_term_string}\"},\"query-input\":{\"@type\":\"PropertyValueSpecification\",\"valueRequired\":true,\"valueName\":\"search_term_string\"}}],\"inLanguage\":\"de\"}]}<\/script>\n<!-- \/ Yoast SEO plugin. -->","yoast_head_json":{"title":"CSR: Die Zukunft ist das, was wir daraus machen.","description":"Corporate Social Responsibility (CSR) bei imc. Warum Nachhaltigkeit, soziales Engagement und Vielfalt f\u00fcr uns wichtig sind. Mehr erfahren","robots":{"index":"index","follow":"follow","max-snippet":"max-snippet:-1","max-image-preview":"max-image-preview:large","max-video-preview":"max-video-preview:-1"},"canonical":"https:\/\/www.scheer-imc.com\/de\/unternehmen\/corporate-social-responsibility\/","og_locale":"de_DE","og_type":"article","og_title":"CSR: Die Zukunft ist das, was wir daraus machen.","og_description":"Corporate Social Responsibility (CSR) bei imc. Warum Nachhaltigkeit, soziales Engagement und Vielfalt f\u00fcr uns wichtig sind. Mehr erfahren","og_url":"https:\/\/www.scheer-imc.com\/de\/unternehmen\/corporate-social-responsibility\/","og_site_name":"Scheer IMC","article_publisher":"https:\/\/www.facebook.com\/imcLearning","article_modified_time":"2021-05-21T16:42:55+00:00","og_image":[{"width":1200,"height":630,"url":"https:\/\/imc-website-content.s3.eu-central-1.amazonaws.com\/wp-content\/uploads\/sites\/8\/2020\/12\/02154158\/imc_image_csr_featuredimage.png","type":"image\/png"}],"twitter_card":"summary_large_image","twitter_site":"@imc_learning","schema":{"@context":"https:\/\/schema.org","@graph":[{"@type":"WebPage","@id":"https:\/\/www.scheer-imc.com\/de\/unternehmen\/corporate-social-responsibility\/","url":"https:\/\/www.scheer-imc.com\/de\/unternehmen\/corporate-social-responsibility\/","name":"CSR: Die Zukunft ist das, was wir daraus machen.","isPartOf":{"@id":"https:\/\/www.scheer-imc.com\/de\/#website"},"primaryImageOfPage":{"@id":"https:\/\/www.scheer-imc.com\/de\/unternehmen\/corporate-social-responsibility\/#primaryimage"},"image":{"@id":"https:\/\/www.scheer-imc.com\/de\/unternehmen\/corporate-social-responsibility\/#primaryimage"},"thumbnailUrl":"https:\/\/www.scheer-imc.com\/de\/wp-content\/uploads\/sites\/8\/2020\/12\/imc_image_csr_featuredimage.png","datePublished":"2020-12-16T12:33:43+00:00","dateModified":"2021-05-21T16:42:55+00:00","description":"Corporate Social Responsibility (CSR) bei imc. Warum Nachhaltigkeit, soziales Engagement und Vielfalt f\u00fcr uns wichtig sind. Mehr erfahren","breadcrumb":{"@id":"https:\/\/www.scheer-imc.com\/de\/unternehmen\/corporate-social-responsibility\/#breadcrumb"},"inLanguage":"de","potentialAction":[{"@type":"ReadAction","target":["https:\/\/www.scheer-imc.com\/de\/unternehmen\/corporate-social-responsibility\/"]}]},{"@type":"ImageObject","inLanguage":"de","@id":"https:\/\/www.scheer-imc.com\/de\/unternehmen\/corporate-social-responsibility\/#primaryimage","url":"https:\/\/www.scheer-imc.com\/de\/wp-content\/uploads\/sites\/8\/2020\/12\/imc_image_csr_featuredimage.png","contentUrl":"https:\/\/www.scheer-imc.com\/de\/wp-content\/uploads\/sites\/8\/2020\/12\/imc_image_csr_featuredimage.png","width":1200,"height":630,"caption":"Corporate Social Responsibility"},{"@type":"BreadcrumbList","@id":"https:\/\/www.scheer-imc.com\/de\/unternehmen\/corporate-social-responsibility\/#breadcrumb","itemListElement":[{"@type":"ListItem","position":1,"name":"Startseite","item":"https:\/\/www.scheer-imc.com\/de\/"},{"@type":"ListItem","position":2,"name":"Unternehmen","item":"https:\/\/www.scheer-imc.com\/de\/unternehmen\/"},{"@type":"ListItem","position":3,"name":"Corporate Social Responsibility"}]},{"@type":"WebSite","@id":"https:\/\/www.scheer-imc.com\/de\/#website","url":"https:\/\/www.scheer-imc.com\/de\/","name":"Scheer IMC","description":"Wir verwandeln Lernstrategien in echten Unternehmens\u00aderfolg","potentialAction":[{"@type":"SearchAction","target":{"@type":"EntryPoint","urlTemplate":"https:\/\/www.scheer-imc.com\/de\/?s={search_term_string}"},"query-input":{"@type":"PropertyValueSpecification","valueRequired":true,"valueName":"search_term_string"}}],"inLanguage":"de"}]}},"_links":{"self":[{"href":"https:\/\/www.scheer-imc.com\/de\/wp-json\/wp\/v2\/pages\/15368","targetHints":{"allow":["GET"]}}],"collection":[{"href":"https:\/\/www.scheer-imc.com\/de\/wp-json\/wp\/v2\/pages"}],"about":[{"href":"https:\/\/www.scheer-imc.com\/de\/wp-json\/wp\/v2\/types\/page"}],"author":[{"embeddable":true,"href":"https:\/\/www.scheer-imc.com\/de\/wp-json\/wp\/v2\/users\/8"}],"replies":[{"embeddable":true,"href":"https:\/\/www.scheer-imc.com\/de\/wp-json\/wp\/v2\/comments?post=15368"}],"version-history":[{"count":1,"href":"https:\/\/www.scheer-imc.com\/de\/wp-json\/wp\/v2\/pages\/15368\/revisions"}],"predecessor-version":[{"id":15518,"href":"https:\/\/www.scheer-imc.com\/de\/wp-json\/wp\/v2\/pages\/15368\/revisions\/15518"}],"up":[{"embeddable":true,"href":"https:\/\/www.scheer-imc.com\/de\/wp-json\/wp\/v2\/pages\/1156"}],"wp:featuredmedia":[{"embeddable":true,"href":"https:\/\/www.scheer-imc.com\/de\/wp-json\/wp\/v2\/media\/15381"}],"wp:attachment":[{"href":"https:\/\/www.scheer-imc.com\/de\/wp-json\/wp\/v2\/media?parent=15368"}],"curies":[{"name":"wp","href":"https:\/\/api.w.org\/{rel}","templated":true}]}}